{"id":2661,"date":"2024-08-02T13:33:45","date_gmt":"2024-08-02T13:33:45","guid":{"rendered":"https:\/\/montataire.mentalworks.me\/?page_id=2661"},"modified":"2024-09-03T08:49:15","modified_gmt":"2024-09-03T08:49:15","slug":"%d9%85%d9%83%d8%a7%d9%81%d8%ad%d8%a9-%d8%a7%d9%84%d8%aa%d9%85%d9%8a%d9%8a%d8%b2","status":"publish","type":"page","link":"https:\/\/mairie-montataire.fr\/ar\/s-informer\/les-valeurs\/lutte-contre-les-discriminations\/","title":{"rendered":"\u0645\u0643\u0627\u0641\u062d\u0629 \u0627\u0644\u062a\u0645\u064a\u064a\u0632"},"content":{"rendered":"<p><strong>\u062a\u0634\u0627\u0631\u0643 \u0645\u062f\u064a\u0646\u0629 \u0645\u0648\u0646\u062a\u0627\u062a\u064a\u0631 \u0628\u0646\u0634\u0627\u0637 \u0641\u064a \u0645\u0643\u0627\u0641\u062d\u0629 \u062c\u0645\u064a\u0639 \u0623\u0634\u0643\u0627\u0644 \u0627\u0644\u062a\u0645\u064a\u064a\u0632. \u0648\u0647\u064a \u0645\u0644\u062a\u0632\u0645\u0629 \u0628\u0645\u0627 \u064a\u0644\u064a.<a href=\"https:\/\/www.creilsudoise.fr\/mon-quotidien\/cohesion-sociale\/plan-de-lutte\/\" data-type=\"link\" data-id=\"https:\/\/www.creilsudoise.fr\/mon-quotidien\/cohesion-sociale\/plan-de-lutte\/\">\u0627\u0644\u062e\u0637\u0629 \u0627\u0644\u0625\u0642\u0644\u064a\u0645\u064a\u0629 \u0644\u0627\u062a\u062d\u0627\u062f \u0643\u0631\u064a\u0644 \u0633\u0648\u062f \u0623\u0648\u0632 (ACSO) \u0644\u0645\u0643\u0627\u0641\u062d\u0629 \u0627\u0644\u062a\u0645\u064a\u064a\u0632<\/a>. \u0648\u0647\u062f\u0641\u0647\u0627 \u0647\u0648 \u062a\u0646\u0641\u064a\u0630 \u0625\u062c\u0631\u0627\u0621\u0627\u062a \u0645\u0644\u0645\u0648\u0633\u0629 \u0644\u0645\u0646\u0639 \u0648\u0645\u0643\u0627\u0641\u062d\u0629 \u0627\u0644\u062a\u0645\u064a\u064a\u0632\u060c \u0633\u0648\u0627\u0621 \u0643\u0627\u0646 \u0645\u0631\u062a\u0628\u0637\u0627\u064b \u0628\u0627\u0644\u0623\u0635\u0644 \u0623\u0648 \u0627\u0644\u062c\u0646\u0633 \u0623\u0648 \u0627\u0644\u0625\u0639\u0627\u0642\u0629 \u0623\u0648 \u0627\u0644\u0633\u0646 \u0623\u0648 \u0623\u064a \u062e\u0627\u0635\u064a\u0629 \u0623\u062e\u0631\u0649. \u0628\u0627\u0646\u0636\u0645\u0627\u0645\u0647\u0627 \u0625\u0644\u0649 \u0647\u0630\u0647 \u0627\u0644\u0645\u0628\u0627\u062f\u0631\u0629\u060c \u062a\u0624\u0643\u062f \u0645\u0648\u0646\u062a\u0627\u062a\u064a\u0631 \u0645\u0646 \u062c\u062f\u064a\u062f \u0627\u0644\u062a\u0632\u0627\u0645\u0647\u0627 \u0628\u062a\u0639\u0632\u064a\u0632 \u062a\u0643\u0627\u0641\u0624 \u0627\u0644\u0641\u0631\u0635 \u0648\u0636\u0645\u0627\u0646 \u0628\u064a\u0626\u0629 \u0645\u062d\u062a\u0631\u0645\u0629 \u0648\u0634\u0627\u0645\u0644\u0629 \u0644\u062c\u0645\u064a\u0639 \u0627\u0644\u0645\u0642\u064a\u0645\u064a\u0646 \u0641\u064a\u0647\u0627.<\/strong><\/p>","protected":false},"excerpt":{"rendered":"<p>La ville de Montataire s&rsquo;engage activement dans la lutte contre toutes formes de discriminations. Forte de sa diversit\u00e9 et de ses valeurs de solidarit\u00e9, elle s&rsquo;inscrit dansLe Plan Territorial de Lutte Contre les Discriminations de l\u2019Agglom\u00e9ration Creil Sud Oise (ACSO). Celui-ci vise \u00e0 mettre en \u0153uvre des actions concr\u00e8tes pour pr\u00e9venir et combattre les discriminations, [&hellip;]<\/p>\n","protected":false},"author":1,"featured_media":4196,"parent":72,"menu_order":59,"comment_status":"closed","ping_status":"closed","template":"","meta":{"_acf_changed":false,"_uag_custom_page_level_css":"","footnotes":""},"class_list":["post-2661","page","type-page","status-publish","has-post-thumbnail","hentry"],"acf":[],"uagb_featured_image_src":{"full":["https:\/\/mairie-montataire.fr\/app\/uploads\/2024\/09\/3.2.2_LutteDiscrimination.jpg",500,350,false],"thumbnail":["https:\/\/mairie-montataire.fr\/app\/uploads\/2024\/09\/3.2.2_LutteDiscrimination-150x150.jpg",150,150,true],"medium":["https:\/\/mairie-montataire.fr\/app\/uploads\/2024\/09\/3.2.2_LutteDiscrimination-300x210.jpg",300,210,true],"medium_large":["https:\/\/mairie-montataire.fr\/app\/uploads\/2024\/09\/3.2.2_LutteDiscrimination.jpg",500,350,false],"large":["https:\/\/mairie-montataire.fr\/app\/uploads\/2024\/09\/3.2.2_LutteDiscrimination.jpg",500,350,false],"1536x1536":["https:\/\/mairie-montataire.fr\/app\/uploads\/2024\/09\/3.2.2_LutteDiscrimination.jpg",500,350,false],"2048x2048":["https:\/\/mairie-montataire.fr\/app\/uploads\/2024\/09\/3.2.2_LutteDiscrimination.jpg",500,350,false],"trp-custom-language-flag":["https:\/\/mairie-montataire.fr\/app\/uploads\/2024\/09\/3.2.2_LutteDiscrimination-18x12.jpg",18,12,true],"gform-image-choice-sm":["https:\/\/mairie-montataire.fr\/app\/uploads\/2024\/09\/3.2.2_LutteDiscrimination.jpg",300,210,false],"gform-image-choice-md":["https:\/\/mairie-montataire.fr\/app\/uploads\/2024\/09\/3.2.2_LutteDiscrimination.jpg",400,280,false],"gform-image-choice-lg":["https:\/\/mairie-montataire.fr\/app\/uploads\/2024\/09\/3.2.2_LutteDiscrimination.jpg",500,350,false]},"uagb_author_info":{"display_name":"mentalworks","author_link":"https:\/\/mairie-montataire.fr\/ar\/actualites\/author\/mentalworks\/"},"uagb_comment_info":0,"uagb_excerpt":"La ville de Montataire s&rsquo;engage activement dans la lutte contre toutes formes de discriminations. Forte de sa diversit\u00e9 et de ses valeurs de solidarit\u00e9, elle s&rsquo;inscrit dansLe Plan Territorial de Lutte Contre les Discriminations de l\u2019Agglom\u00e9ration Creil Sud Oise (ACSO). Celui-ci vise \u00e0 mettre en \u0153uvre des actions concr\u00e8tes pour pr\u00e9venir et combattre les discriminations,&hellip;","_links":{"self":[{"href":"https:\/\/mairie-montataire.fr\/ar\/wp-json\/wp\/v2\/pages\/2661","targetHints":{"allow":["GET"]}}],"collection":[{"href":"https:\/\/mairie-montataire.fr\/ar\/wp-json\/wp\/v2\/pages"}],"about":[{"href":"https:\/\/mairie-montataire.fr\/ar\/wp-json\/wp\/v2\/types\/page"}],"author":[{"embeddable":true,"href":"https:\/\/mairie-montataire.fr\/ar\/wp-json\/wp\/v2\/users\/1"}],"replies":[{"embeddable":true,"href":"https:\/\/mairie-montataire.fr\/ar\/wp-json\/wp\/v2\/comments?post=2661"}],"version-history":[{"count":3,"href":"https:\/\/mairie-montataire.fr\/ar\/wp-json\/wp\/v2\/pages\/2661\/revisions"}],"predecessor-version":[{"id":3614,"href":"https:\/\/mairie-montataire.fr\/ar\/wp-json\/wp\/v2\/pages\/2661\/revisions\/3614"}],"up":[{"embeddable":true,"href":"https:\/\/mairie-montataire.fr\/ar\/wp-json\/wp\/v2\/pages\/72"}],"wp:featuredmedia":[{"embeddable":true,"href":"https:\/\/mairie-montataire.fr\/ar\/wp-json\/wp\/v2\/media\/4196"}],"wp:attachment":[{"href":"https:\/\/mairie-montataire.fr\/ar\/wp-json\/wp\/v2\/media?parent=2661"}],"curies":[{"name":"\u062f\u0628\u0644\u064a\u0648 \u0628\u064a","href":"https:\/\/api.w.org\/{rel}","templated":true}]}}