{"id":166,"date":"2024-05-03T09:32:21","date_gmt":"2024-05-03T09:32:21","guid":{"rendered":"https:\/\/montataire.local\/?page_id=166"},"modified":"2026-04-02T07:52:24","modified_gmt":"2026-04-02T07:52:24","slug":"%d8%ac%d9%85%d8%b9-%d8%a7%d9%84%d9%86%d9%81%d8%a7%d9%8a%d8%a7%d8%aa","status":"publish","type":"page","link":"https:\/\/mairie-montataire.fr\/ar\/habiter\/cadre-de-vie\/collecte-des-dechets\/","title":{"rendered":"\u062c\u0645\u0639 \u0627\u0644\u0646\u0641\u0627\u064a\u0627\u062a"},"content":{"rendered":"<p><strong>\u064a\u062a\u0645 \u062c\u0645\u0639 \u0627\u0644\u0642\u0645\u0627\u0645\u0629 (\u0627\u0644\u0646\u0641\u0627\u064a\u0627\u062a \u0627\u0644\u0645\u0646\u0632\u0644\u064a\u0629 \u0648\u0627\u0644\u0635\u0646\u0627\u062f\u064a\u0642 \u0627\u0644\u0635\u0641\u0631\u0627\u0621 \u0648\u0627\u0644\u0646\u0641\u0627\u064a\u0627\u062a \u0627\u0644\u062e\u0636\u0631\u0627\u0621 \u0648\u0627\u0644\u0645\u0648\u0627\u062f \u0627\u0644\u0636\u062e\u0645\u0629) \u0645\u0646 \u0642\u0628\u0644 \u0634\u0631\u0643\u0629 Agglom\u00e9ration Creil Sud Oise :<\/strong> <a href=\"https:\/\/www.creilsudoise.fr\/mon-quotidien\/dechets\/\" target=\"_blank\" rel=\"noreferrer noopener\">creilsudoise.fr\/my-daily\/waste\/<\/a><\/p>\n\n\n\t\t\t\t\t<div\n\t\t\t\t\t\tclass=\"wp-block-uagb-image-gallery uagb-block-886b6c35\"\n\t\t\t\t\t\tstyle=\"\"\n\t\t\t\t\t>\n\t\t\t\t\t\t\t\t\t\t\t<div class=\"spectra-image-gallery spectra-image-gallery__layout--carousel\">\n\t\t\t\t\t\t\t\t<div class=\"uagb-slick-carousel uagb-block-886b6c35\">\n\t\t\t\t\t\t\t\t\t\t\t\t<div class='spectra-image-gallery__media-wrapper' data-spectra-gallery-image-id='7405'>\n\t\t\t\t\t\t\t<div class=\"spectra-image-gallery__media spectra-image-gallery__media--carousel\">\n\t\t\t\t<picture>\n\t\t\t\t\t<source media=\"(min-width: 1024px)\" srcset=\"https:\/\/mairie-montataire.fr\/app\/uploads\/2026\/01\/Calendrier-de-collecte-ACSO-2026-STC_compressed_Page_1-1024x824.jpg\">\n\t\t\t\t\t<source media=\"(min-width: 768px)\" srcset=\"https:\/\/mairie-montataire.fr\/app\/uploads\/2026\/01\/Calendrier-de-collecte-ACSO-2026-STC_compressed_Page_1-1024x824.jpg\">\n\t\t\t\t\t<img decoding=\"async\" class=\"spectra-image-gallery__media-thumbnail spectra-image-gallery__media-thumbnail--carousel\" src=\"https:\/\/mairie-montataire.fr\/app\/uploads\/2026\/01\/Calendrier-de-collecte-ACSO-2026-STC_compressed_Page_1-300x241.jpg\" alt=\"\u062c\u062f\u0648\u0644 \u062c\u0645\u0639 \u0627\u0644\u0646\u0641\u0627\u064a\u0627\u062a \u0641\u064a \u0645\u0648\u0646\u062a\u0627\u062a\u064a\u0631: - \u0635\u0646\u0627\u062f\u064a\u0642 \u0627\u0644\u0642\u0645\u0627\u0645\u0629 \u0627\u0644\u0633\u0648\u062f\u0627\u0621 \u0648\u0627\u0644\u0635\u0641\u0631\u0627\u0621 \u0645\u0633\u0627\u0621 \u0627\u0644\u062b\u0644\u0627\u062b\u0627\u0621 - \u0627\u0644\u0646\u0641\u0627\u064a\u0627\u062a \u0627\u0644\u062e\u0636\u0631\u0627\u0621 \u064a\u0648\u0645 \u0627\u0644\u0623\u0631\u0628\u0639\u0627\u0621 \u0645\u0646 6 \u0623\u0628\u0631\u064a\u0644 \u0625\u0644\u0649 \u0646\u0647\u0627\u064a\u0629 \u0646\u0648\u0641\u0645\u0628\u0631. \u0644\u0646 \u064a\u062a\u0645 \u062c\u0645\u0639 \u0627\u0644\u0646\u0641\u0627\u064a\u0627\u062a \u0641\u064a 25 \u062f\u064a\u0633\u0645\u0628\u0631 2026 \u0648\u0644\u0627 \u0641\u064a 1 \u064a\u0646\u0627\u064a\u0631 2027. \u0633\u064a\u062a\u0645 \u062a\u0623\u062c\u064a\u0644\u0647\u0627 \u0625\u0644\u0649 23\/12 \u0648 30\/12 2026.\" loading=\"lazy\" \/>\n\t\t\t\t<\/picture>\n\t\t\t\t<div class=\"spectra-image-gallery__media-thumbnail-blurrer\"><\/div>\n\t\t\t\t\t\t\t\t\t\t\t<div class=\"spectra-image-gallery__media-thumbnail-caption-wrapper spectra-image-gallery__media-thumbnail-caption-wrapper--overlay\"><\/div>\n\t\t\t\t\t\t\t\t<\/div>\n\t\t\t\t\t\t<\/div>\n\t\t\t\t\t\t<div class='spectra-image-gallery__media-wrapper' data-spectra-gallery-image-id='7406'>\n\t\t\t\t\t\t\t<div class=\"spectra-image-gallery__media spectra-image-gallery__media--carousel\">\n\t\t\t\t<picture>\n\t\t\t\t\t<source media=\"(min-width: 1024px)\" srcset=\"https:\/\/mairie-montataire.fr\/app\/uploads\/2026\/01\/Calendrier-de-collecte-ACSO-2026-STC_compressed_Page_2-1024x724.jpg\">\n\t\t\t\t\t<source media=\"(min-width: 768px)\" srcset=\"https:\/\/mairie-montataire.fr\/app\/uploads\/2026\/01\/Calendrier-de-collecte-ACSO-2026-STC_compressed_Page_2-1024x724.jpg\">\n\t\t\t\t\t<img decoding=\"async\" class=\"spectra-image-gallery__media-thumbnail spectra-image-gallery__media-thumbnail--carousel\" src=\"https:\/\/mairie-montataire.fr\/app\/uploads\/2026\/01\/Calendrier-de-collecte-ACSO-2026-STC_compressed_Page_2-300x212.jpg\" alt=\"\u062a\u0630\u0643\u064a\u0631 \u0628\u0648\u062c\u0648\u062f \u0635\u0646\u0627\u062f\u064a\u0642 \u0644\u062c\u0645\u0639 \u0627\u0644\u0646\u0641\u0627\u064a\u0627\u062a \u0627\u0644\u063a\u0630\u0627\u0626\u064a\u0629.\" loading=\"lazy\" \/>\n\t\t\t\t<\/picture>\n\t\t\t\t<div class=\"spectra-image-gallery__media-thumbnail-blurrer\"><\/div>\n\t\t\t\t\t\t\t\t\t\t\t<div class=\"spectra-image-gallery__media-thumbnail-caption-wrapper spectra-image-gallery__media-thumbnail-caption-wrapper--overlay\"><\/div>\n\t\t\t\t\t\t\t\t<\/div>\n\t\t\t\t\t\t<\/div>\n\t\t\t\t\t\t\t\t\t\t\t<\/div>\n\t\t\t\t\t\t\t<\/div>\n\t\t\t\t\t\t\t\t\t\t\t<\/div>\n\t\t\t\t\t\t\t\t\t\t\t<div class='spectra-image-gallery__control-lightbox' tabindex='0'>\n\t\t\t\t\t\t\t\t\t\t\t<div class=\"swiper spectra-image-gallery__control-lightbox--main\" dir=\"\">\n\t\t\t\t\t<div class=\"swiper-wrapper\">\n\t\t\t\t\t\t\t\t\t\t\t\t\t\n\t\t\t\t\t\t\t<div class=\"swiper-slide\">\n\t\t\t\t\t\t\t\t<img class=\"swiper-lazy\" data-src=\"https:\/\/mairie-montataire.fr\/app\/uploads\/2026\/01\/Calendrier-de-collecte-ACSO-2026-STC_compressed_Page_1.jpg\" alt=\"\u062c\u062f\u0648\u0644 \u062c\u0645\u0639 \u0627\u0644\u0646\u0641\u0627\u064a\u0627\u062a \u0641\u064a \u0645\u0648\u0646\u062a\u0627\u062a\u064a\u0631: - \u0635\u0646\u0627\u062f\u064a\u0642 \u0627\u0644\u0642\u0645\u0627\u0645\u0629 \u0627\u0644\u0633\u0648\u062f\u0627\u0621 \u0648\u0627\u0644\u0635\u0641\u0631\u0627\u0621 \u0645\u0633\u0627\u0621 \u0627\u0644\u062b\u0644\u0627\u062b\u0627\u0621 - \u0627\u0644\u0646\u0641\u0627\u064a\u0627\u062a \u0627\u0644\u062e\u0636\u0631\u0627\u0621 \u064a\u0648\u0645 \u0627\u0644\u0623\u0631\u0628\u0639\u0627\u0621 \u0645\u0646 6 \u0623\u0628\u0631\u064a\u0644 \u0625\u0644\u0649 \u0646\u0647\u0627\u064a\u0629 \u0646\u0648\u0641\u0645\u0628\u0631. \u0644\u0646 \u064a\u062a\u0645 \u062c\u0645\u0639 \u0627\u0644\u0646\u0641\u0627\u064a\u0627\u062a \u0641\u064a 25 \u062f\u064a\u0633\u0645\u0628\u0631 2026 \u0648\u0644\u0627 \u0641\u064a 1 \u064a\u0646\u0627\u064a\u0631 2027. \u0633\u064a\u062a\u0645 \u062a\u0623\u062c\u064a\u0644\u0647\u0627 \u0625\u0644\u0649 23\/12 \u0648 30\/12 2026.\"\/>\n\t\t\t\t\t\t\t\t<div class=\"swiper-lazy-preloader swiper-lazy-preloader-white\"><\/div>\n\t\t\t\t\t\t\t\t\t\t\t\t\t\t\t<\/div>\n\t\t\t\t\t\t\t\t\t\t\t\t\t\n\t\t\t\t\t\t\t<div class=\"swiper-slide\">\n\t\t\t\t\t\t\t\t<img class=\"swiper-lazy\" data-src=\"https:\/\/mairie-montataire.fr\/app\/uploads\/2026\/01\/Calendrier-de-collecte-ACSO-2026-STC_compressed_Page_2.jpg\" alt=\"\u062a\u0630\u0643\u064a\u0631 \u0628\u0648\u062c\u0648\u062f \u0635\u0646\u0627\u062f\u064a\u0642 \u0644\u062c\u0645\u0639 \u0627\u0644\u0646\u0641\u0627\u064a\u0627\u062a \u0627\u0644\u063a\u0630\u0627\u0626\u064a\u0629.\"\/>\n\t\t\t\t\t\t\t\t<div class=\"swiper-lazy-preloader swiper-lazy-preloader-white\"><\/div>\n\t\t\t\t\t\t\t\t\t\t\t\t\t\t\t<\/div>\n\t\t\t\t\t\t\t\t\t\t\t<\/div>\n\t\t\t\t\t<div class=\"swiper-button-next\"><\/div>\n\t\t\t\t\t<div class=\"swiper-button-prev\"><\/div>\n\t\t\t\t<\/div>\t\t\t\n\t\t\t\t\t\t\t\t\t\t\t\t\t\t\t\t\t\t\t\t\t\t\t\t\t\t\t\t\t\t\t\t<button class='spectra-image-gallery__control-lightbox--close' aria-label=\"\u0625\u063a\u0644\u0627\u0642\">\n\t\t\t\t\t\t\t\t\t\t\t\t\t<svg xmlns=\"https:\/\/www.w3.org\/2000\/svg\" viewbox= \"0 0 320 512\"><path d=\"M310.6 361.4c12.5 12.5 12.5 32.75 0 45.25C304.4 412.9 296.2 416 288 416s-16.38-3.125-22.62-9.375L160 301.3L54.63 406.6C48.38 412.9 40.19 416 32 416S15.63 412.9 9.375 406.6c-12.5-12.5-12.5-32.75 0-45.25l105.4-105.4L9.375 150.6c-12.5-12.5-12.5-32.75 0-45.25s32.75-12.5 45.25 0L160 210.8l105.4-105.4c12.5-12.5 32.75-12.5 45.25 0s12.5 32.75 0 45.25l-105.4 105.4L310.6 361.4z\"><\/path><\/svg>\n\t\t\t\t\t\t\t\t\t\t\t\t<\/button>\n\t\t\t\t\t\t\t\t\t\t\t\t\t<\/div>\n\t\t\t\t\t\t\t\t\t\n\n\n<h2 class=\"wp-block-heading\">\u0646\u0641\u0627\u064a\u0627\u062a \u0627\u0644\u0637\u0639\u0627\u0645<\/h2>\n\n\n\n<h3 class=\"wp-block-heading\">\u0643\u064a\u0641 \u064a\u0645\u0643\u0646\u0643 \u0627\u0644\u0645\u0634\u0627\u0631\u0643\u0629\u061f<\/h3>\n\n\n\n<p>\u064a\u0645\u0643\u0646 \u0644\u0633\u0643\u0627\u0646 \u0645\u0648\u0646\u062a\u0627\u062a\u064a\u0631 \u0627\u0633\u062a\u0644\u0627\u0645 \u0633\u0644\u0627\u0644\u0647\u0645 \u0627\u0644\u0628\u064a\u0648\u0644\u0648\u062c\u064a\u0629 \u0641\u064a <a href=\"https:\/\/mairie-montataire.fr\/ar\/%d8%a7%d9%84%d8%af%d9%84%d8%a7%d8%a6%d9%84\/%d8%a7%d9%84%d8%ae%d8%af%d9%85%d8%a7%d8%aa-%d8%a7%d9%84%d8%a8%d9%84%d8%af%d9%8a%d8%a9\/%d8%af%d8%a7%d8%b1-%d8%a7%d9%84%d8%a8%d9%84%d8%af%d9%8a%d8%a9\/%d9%85%d8%a7%d8%b1%d9%8a-%d8%b3%d9%86%d8%aa%d8%b1%d8%a7%d9%84\/\"><strong>\u0645\u0628\u0646\u0649 \u0627\u0644\u0628\u0644\u062f\u064a\u0629 \u0627\u0644\u0631\u0626\u064a\u0633\u064a<\/strong><\/a> \u0648 <strong><a href=\"https:\/\/mairie-montataire.fr\/ar\/%d8%a7%d9%84%d8%af%d9%84%d8%a7%d8%a6%d9%84\/%d8%a7%d9%84%d8%ae%d8%af%d9%85%d8%a7%d8%aa-%d8%a7%d9%84%d8%a8%d9%84%d8%af%d9%8a%d8%a9\/%d8%af%d8%b3%d8%aa\/%d8%a7%d9%84%d8%ae%d8%af%d9%85%d8%a7%d8%aa-%d8%a7%d9%84%d9%81%d9%86%d9%8a%d8%a9\/\">\u0642\u0633\u0645 \u0627\u0644\u062e\u062f\u0645\u0627\u062a \u0627\u0644\u0641\u0646\u064a\u0629<\/a><\/strong> \u062e\u0644\u0627\u0644 \u0633\u0627\u0639\u0627\u062a \u0627\u0644\u0639\u0645\u0644 \u0627\u0644\u0645\u0639\u062a\u0627\u062f\u0629. \u0648\u0647\u0648 \u0636\u0631\u0648\u0631\u064a \u0644\u062a\u0633\u0647\u064a\u0644 \u0641\u0631\u0632 \u0627\u0644\u0646\u0641\u0627\u064a\u0627\u062a \u0627\u0644\u063a\u0630\u0627\u0626\u064a\u0629.<\/p>\n\n\n\n<h3 class=\"wp-block-heading\">\u0644\u0645\u0627\u0630\u0627 \u062a\u0641\u0631\u0632 \u0645\u062e\u0644\u0641\u0627\u062a \u0627\u0644\u0637\u0639\u0627\u0645\u061f<\/h3>\n\n\n\n<p>\u064a\u0639\u062f \u0641\u0631\u0632 \u0645\u062e\u0644\u0641\u0627\u062a \u0627\u0644\u0637\u0639\u0627\u0645 \u0637\u0631\u064a\u0642\u0629 \u0639\u0645\u0644\u064a\u0629 \u0648\u0641\u0639\u0627\u0644\u0629 \u0644\u062a\u0642\u0644\u064a\u0644 \u0643\u0645\u064a\u0629 \u0627\u0644\u0646\u0641\u0627\u064a\u0627\u062a \u0627\u0644\u062a\u064a \u064a\u062a\u0645 \u062d\u0631\u0642\u0647\u0627. \u0641\u0647\u064a \u062a\u0646\u062a\u062c \u0633\u0645\u0627\u062f\u0627\u064b \u0637\u0628\u064a\u0639\u064a\u0627\u064b \u064a\u0645\u0643\u0646 \u0627\u0633\u062a\u062e\u062f\u0627\u0645\u0647 \u0641\u064a \u0627\u0644\u0632\u0631\u0627\u0639\u0629 \u0648\u0627\u0644\u0628\u0633\u062a\u0646\u0629\u060c \u0641\u0636\u0644\u0627\u064b \u0639\u0646 \u0627\u0644\u063a\u0627\u0632 \u0627\u0644\u062d\u064a\u0648\u064a\u060c \u0648\u0647\u0648 \u0645\u0635\u062f\u0631 \u0645\u062a\u062c\u062f\u062f \u0644\u0644\u0637\u0627\u0642\u0629.<\/p>\n\n\n\n<p><strong>\u0633\u0643\u0627\u0646 \u0645\u0648\u0646\u062a\u0627\u062a\u064a\u0631\u060c \u0627\u0644\u0627\u0644\u062a\u0632\u0627\u0645 \u0628\u0625\u062f\u0627\u0631\u0629 \u0623\u0643\u062b\u0631 \u0645\u0633\u0624\u0648\u0644\u064a\u0629 \u0644\u0644\u0628\u064a\u0626\u0629. <strong>\u0646\u0641\u0627\u064a\u0627\u062a\u0643 \u0648\u0634\u0627\u0631\u0643 \u0641\u064a \u0647\u0630\u0647 \u0627\u0644\u0645\u0628\u0627\u062f\u0631\u0629 \u0627\u0644\u0628\u064a\u0626\u064a\u0629!<\/strong><\/strong><\/p>\n\n\n\n<div class=\"wp-block-uagb-buttons uagb-buttons__outer-wrap uagb-btn__default-btn uagb-btn-tablet__default-btn uagb-btn-mobile__default-btn uagb-block-e902c961\"><div class=\"uagb-buttons__wrap uagb-buttons-layout-wrap\">\n<div class=\"wp-block-uagb-buttons-child uagb-buttons__outer-wrap uagb-block-00bf05e1 wp-block-button\"><div class=\"uagb-button__wrapper\"><a class=\"uagb-buttons-repeater wp-block-button__link\" aria-label=\"\" href=\"https:\/\/www.creilsudoise.fr\/lacso-met-en-place-un-nouveau-service-pour-reduire-le-volume-des-ordures-menageres-la-collecte-des-dechets-alimentaires-et-organiques\/?section=points-dapport-volontaire-pav&amp;fbclid=IwY2xjawKiTeBleHRuA2FlbQIxMABicmlkETBUZnJxVjBxQnRobjZ3YVpFAR7RKCoRryhjcAOKzFGxu2eLCVQgpv80ZtRBWd-fdmqTiZmBIHlCEfIMUH3X-w_aem_wXoh7Y7IJxbkVav-ZPLMYA\" rel=\"follow noopener\" target=\"_blank\" role=\"button\"><div class=\"uagb-button__link\">\u0634\u0627\u0647\u062f \u062e\u0631\u064a\u0637\u0629 \u0645\u062d\u0637\u0627\u062a \u0645\u0648\u0646\u062a\u0627\u062a\u064a\u0631 \u0627\u0644\u0637\u0631\u0641\u064a\u0629<\/div><span class=\"uagb-button__icon uagb-button__icon-position-after\"><svg xmlns=\"https:\/\/www.w3.org\/2000\/svg\" viewbox=\"0 0 448 512\" aria-hidden=\"true\" focussable=\"false\"><path d=\"M438.6 278.6l-160 160C272.4 444.9 264.2 448 256 448s-16.38-3.125-22.62-9.375c-12.5-12.5-12.5-32.75 0-45.25L338.8 288H32C14.33 288 .0016 273.7 .0016 256S14.33 224 32 224h306.8l-105.4-105.4c-12.5-12.5-12.5-32.75 0-45.25s32.75-12.5 45.25 0l160 160C451.1 245.9 451.1 266.1 438.6 278.6z\"><\/path><\/svg><\/span><\/a><\/div><\/div>\n<\/div><\/div>\n\n\n\n<h2 class=\"wp-block-heading\">\u0645\u0631\u0627\u0643\u0632 \u062a\u062c\u0645\u064a\u0639 \u0627\u0644\u0646\u0641\u0627\u064a\u0627\u062a<\/h2>\n\n\n\n<p>\u0627\u0644\u062f\u062e\u0648\u0644 \u0645\u062c\u0627\u0646\u064a \u0644\u062c\u0645\u064a\u0639 \u0627\u0644\u0623\u0641\u0631\u0627\u062f \u0627\u0644\u0645\u0642\u064a\u0645\u064a\u0646 \u0641\u064a \u0645\u0646\u0637\u0642\u0629 \u062a\u062c\u0645\u0639 \u0643\u0631\u064a\u0644 \u0633\u0648\u062f \u0623\u0648\u064a\u0632.<\/p>\n\n\n\n<p>A&nbsp;<a href=\"https:\/\/www.smdoise.fr\/\" target=\"_blank\" rel=\"noreferrer noopener\"><strong>\u0628\u0637\u0627\u0642\u0629 \u0627\u0644\u062f\u062e\u0648\u0644<\/strong><\/a>&nbsp;\u0645\u062a\u0627\u062d\u0629 \u0645\u062c\u0627\u0646\u0627\u064b \u0644\u0644\u0645\u0642\u064a\u0645\u064a\u0646 \u0641\u064a&nbsp;<strong>SMDO<\/strong>&nbsp;<em>(\u0628\u0637\u0627\u0642\u0629 \u0648\u0627\u062d\u062f\u0629 \u0644\u0643\u0644 \u0623\u0633\u0631\u0629)<\/em>&nbsp;\u0648\u064a\u062a\u064a\u062d \u0627\u0644\u0648\u0635\u0648\u0644 \u0625\u0644\u0649 \u062c\u0645\u064a\u0639 \u0645\u0631\u0627\u0643\u0632 \u062a\u062c\u0645\u064a\u0639 \u0627\u0644\u0646\u0641\u0627\u064a\u0627\u062a \u0641\u064a \u0634\u0628\u0643\u0629 Verdi.<br>\u0648\u0644\u0644\u062d\u0635\u0648\u0644 \u0639\u0644\u064a\u0647\u0627\u060c \u0643\u0644 \u0645\u0627 \u0639\u0644\u064a\u0643 \u0641\u0639\u0644\u0647 \u0647\u0648 <a href=\"https:\/\/www.smdoise.fr\/demande-de-carte\/\" target=\"_blank\" rel=\"noreferrer noopener\">\u0645\u0644\u0621 \u0627\u0633\u062a\u0645\u0627\u0631\u0629 \u0627\u0644\u0637\u0644\u0628 \u0639\u0644\u0649 \u0645\u0648\u0642\u0639 SMDO<\/a>.<\/p>\n\n\n\n<div class=\"wp-block-uagb-buttons uagb-buttons__outer-wrap uagb-btn__default-btn uagb-btn-tablet__default-btn uagb-btn-mobile__default-btn uagb-block-fda1e3f6\"><div class=\"uagb-buttons__wrap uagb-buttons-layout-wrap\">\n<div class=\"wp-block-uagb-buttons-child uagb-buttons__outer-wrap uagb-block-c41137f2 wp-block-button\"><div class=\"uagb-button__wrapper\"><a class=\"uagb-buttons-repeater wp-block-button__link\" aria-label=\"\" href=\"https:\/\/www.creilsudoise.fr\/lacso-met-en-place-un-nouveau-service-pour-reduire-le-volume-des-ordures-menageres-la-collecte-des-dechets-alimentaires-et-organiques\/?section=points-dapport-volontaire-pav&amp;fbclid=IwY2xjawKiTeBleHRuA2FlbQIxMABicmlkETBUZnJxVjBxQnRobjZ3YVpFAR7RKCoRryhjcAOKzFGxu2eLCVQgpv80ZtRBWd-fdmqTiZmBIHlCEfIMUH3X-w_aem_wXoh7Y7IJxbkVav-ZPLMYA\" rel=\"follow noopener\" target=\"_blank\" role=\"button\"><div class=\"uagb-button__link\">\u0645\u0627 \u0627\u0644\u0630\u064a \u064a\u0645\u0643\u0646\u0643 \u0623\u062e\u0630\u0647 \u0625\u0644\u0649 \u0645\u0631\u0643\u0632 \u062a\u062c\u0645\u064a\u0639 \u0627\u0644\u0646\u0641\u0627\u064a\u0627\u062a\u061f<\/div><span class=\"uagb-button__icon uagb-button__icon-position-after\"><svg xmlns=\"https:\/\/www.w3.org\/2000\/svg\" viewbox=\"0 0 448 512\" aria-hidden=\"true\" focussable=\"false\"><path d=\"M438.6 278.6l-160 160C272.4 444.9 264.2 448 256 448s-16.38-3.125-22.62-9.375c-12.5-12.5-12.5-32.75 0-45.25L338.8 288H32C14.33 288 .0016 273.7 .0016 256S14.33 224 32 224h306.8l-105.4-105.4c-12.5-12.5-12.5-32.75 0-45.25s32.75-12.5 45.25 0l160 160C451.1 245.9 451.1 266.1 438.6 278.6z\"><\/path><\/svg><\/span><\/a><\/div><\/div>\n<\/div><\/div>\n\n\n\n<h2 class=\"wp-block-heading\">\u0623\u064a\u0646 \u062a\u0630\u0647\u0628 \u0627\u0644\u0646\u0641\u0627\u064a\u0627\u062a\u061f<\/h2>\n\n\n\n<p>\u062a\u0645 \u0646\u0642\u0644\u0647\u0645 \u0625\u0644\u0649 \u0645\u0631\u0643\u0632 \u0627\u0644\u062a\u0639\u0627\u0641\u064a \u0641\u064a \u0641\u064a\u0644\u064a\u0631 \u0633\u0627\u0646 \u0628\u0648\u0644 \u062d\u064a\u062b <strong>\u064a\u062a\u0645 \u0625\u0639\u0627\u062f\u0629 \u062a\u062f\u0648\u064a\u0631 100 % \u0645\u0646 \u0627\u0644\u0639\u0628\u0648\u0627\u062a \u0627\u0644\u0628\u0644\u0627\u0633\u062a\u064a\u0643\u064a\u0629<\/strong>. \u062b\u0645 \u062a\u062a\u0645 \u0625\u0639\u0627\u062f\u0629 \u0645\u0639\u0627\u0644\u062c\u062a\u0647\u0627 \u0645\u0646 \u0642\u0628\u0644 \u0646\u0642\u0627\u0628\u0629 \u0645\u0642\u0627\u0637\u0639\u0629 \u0644\u0648\u064a\u0632 (<a href=\"http:\/\/www.smvo.fr\/\" target=\"_blank\" rel=\"noreferrer noopener\">SMDO<\/a>) \u0644\u0645\u0648\u0627\u0635\u0644\u0629 \u0639\u0645\u0644\u064a\u0629 \u0627\u0644\u0641\u0631\u0632. \u0648\u064a\u0645\u0643\u0646 \u0628\u0639\u062f \u0630\u0644\u0643 \u062a\u062d\u0648\u064a\u0644 \u0627\u0644\u0646\u0641\u0627\u064a\u0627\u062a \u0625\u0644\u0649 \u0645\u0648\u0627\u062f \u062e\u0627\u0645 \u062b\u0627\u0646\u0648\u064a\u0629 \u0648\u0637\u0627\u0642\u0629 \u062d\u0631\u0627\u0631\u064a\u0629 \u0648\u0643\u0647\u0631\u0628\u0627\u0626\u064a\u0629 \u0648\u0639\u0636\u0648\u064a\u0629...<\/p>\n\n\n\n<p><\/p>","protected":false},"excerpt":{"rendered":"<p>Le ramassage des&nbsp;d\u00e9chets (ordures m\u00e9nag\u00e8res,&nbsp;poubelles jaunes, d\u00e9chets verts et encombrants)&nbsp;est r\u00e9alis\u00e9 par l\u2019Agglom\u00e9ration Creil Sud Oise&nbsp;: creilsudoise.fr\/mon-quotidien\/dechets\/ Les d\u00e9chets alimentaires Comment participer ? Les habitants de Montataire peuvent r\u00e9cup\u00e9rer leur bio-seau en mairie principale et \u00e0 la Direction des Services Techniques aux horaires d&rsquo;ouverture habituels. Il est indispensable pour faciliter le tri des d\u00e9chets alimentaires. [&hellip;]<\/p>\n","protected":false},"author":1,"featured_media":3230,"parent":120,"menu_order":39,"comment_status":"closed","ping_status":"closed","template":"","meta":{"_acf_changed":false,"_uag_custom_page_level_css":"","footnotes":""},"class_list":["post-166","page","type-page","status-publish","has-post-thumbnail","hentry"],"acf":[],"uagb_featured_image_src":{"full":["https:\/\/mairie-montataire.fr\/app\/uploads\/2024\/08\/1.6.6_CollecteDechets.jpg",500,350,false],"thumbnail":["https:\/\/mairie-montataire.fr\/app\/uploads\/2024\/08\/1.6.6_CollecteDechets-150x150.jpg",150,150,true],"medium":["https:\/\/mairie-montataire.fr\/app\/uploads\/2024\/08\/1.6.6_CollecteDechets-300x210.jpg",300,210,true],"medium_large":["https:\/\/mairie-montataire.fr\/app\/uploads\/2024\/08\/1.6.6_CollecteDechets.jpg",500,350,false],"large":["https:\/\/mairie-montataire.fr\/app\/uploads\/2024\/08\/1.6.6_CollecteDechets.jpg",500,350,false],"1536x1536":["https:\/\/mairie-montataire.fr\/app\/uploads\/2024\/08\/1.6.6_CollecteDechets.jpg",500,350,false],"2048x2048":["https:\/\/mairie-montataire.fr\/app\/uploads\/2024\/08\/1.6.6_CollecteDechets.jpg",500,350,false],"trp-custom-language-flag":["https:\/\/mairie-montataire.fr\/app\/uploads\/2024\/08\/1.6.6_CollecteDechets-18x12.jpg",18,12,true],"gform-image-choice-sm":["https:\/\/mairie-montataire.fr\/app\/uploads\/2024\/08\/1.6.6_CollecteDechets.jpg",300,210,false],"gform-image-choice-md":["https:\/\/mairie-montataire.fr\/app\/uploads\/2024\/08\/1.6.6_CollecteDechets.jpg",400,280,false],"gform-image-choice-lg":["https:\/\/mairie-montataire.fr\/app\/uploads\/2024\/08\/1.6.6_CollecteDechets.jpg",500,350,false]},"uagb_author_info":{"display_name":"mentalworks","author_link":"https:\/\/mairie-montataire.fr\/ar\/actualites\/author\/mentalworks\/"},"uagb_comment_info":0,"uagb_excerpt":"Le ramassage des&nbsp;d\u00e9chets (ordures m\u00e9nag\u00e8res,&nbsp;poubelles jaunes, d\u00e9chets verts et encombrants)&nbsp;est r\u00e9alis\u00e9 par l\u2019Agglom\u00e9ration Creil Sud Oise&nbsp;: creilsudoise.fr\/mon-quotidien\/dechets\/ Les d\u00e9chets alimentaires Comment participer ? Les habitants de Montataire peuvent r\u00e9cup\u00e9rer leur bio-seau en mairie principale et \u00e0 la Direction des Services Techniques aux horaires d&rsquo;ouverture habituels. Il est indispensable pour faciliter le tri des d\u00e9chets alimentaires.&hellip;","_links":{"self":[{"href":"https:\/\/mairie-montataire.fr\/ar\/wp-json\/wp\/v2\/pages\/166","targetHints":{"allow":["GET"]}}],"collection":[{"href":"https:\/\/mairie-montataire.fr\/ar\/wp-json\/wp\/v2\/pages"}],"about":[{"href":"https:\/\/mairie-montataire.fr\/ar\/wp-json\/wp\/v2\/types\/page"}],"author":[{"embeddable":true,"href":"https:\/\/mairie-montataire.fr\/ar\/wp-json\/wp\/v2\/users\/1"}],"replies":[{"embeddable":true,"href":"https:\/\/mairie-montataire.fr\/ar\/wp-json\/wp\/v2\/comments?post=166"}],"version-history":[{"count":29,"href":"https:\/\/mairie-montataire.fr\/ar\/wp-json\/wp\/v2\/pages\/166\/revisions"}],"predecessor-version":[{"id":7767,"href":"https:\/\/mairie-montataire.fr\/ar\/wp-json\/wp\/v2\/pages\/166\/revisions\/7767"}],"up":[{"embeddable":true,"href":"https:\/\/mairie-montataire.fr\/ar\/wp-json\/wp\/v2\/pages\/120"}],"wp:featuredmedia":[{"embeddable":true,"href":"https:\/\/mairie-montataire.fr\/ar\/wp-json\/wp\/v2\/media\/3230"}],"wp:attachment":[{"href":"https:\/\/mairie-montataire.fr\/ar\/wp-json\/wp\/v2\/media?parent=166"}],"curies":[{"name":"\u062f\u0628\u0644\u064a\u0648 \u0628\u064a","href":"https:\/\/api.w.org\/{rel}","templated":true}]}}