{"id":164,"date":"2024-05-03T09:32:06","date_gmt":"2024-05-03T09:32:06","guid":{"rendered":"https:\/\/montataire.local\/?page_id=164"},"modified":"2025-11-21T10:48:15","modified_gmt":"2025-11-21T10:48:15","slug":"%d8%a7%d9%84%d9%86%d9%82%d9%84","status":"publish","type":"page","link":"https:\/\/mairie-montataire.fr\/ar\/habiter\/cadre-de-vie\/transport\/","title":{"rendered":"\u0627\u0644\u0646\u0642\u0644 \u0648\u0627\u0644\u0645\u0648\u0627\u0635\u0644\u0627\u062a"},"content":{"rendered":"<p><strong>\u0643\u0644 \u0645\u0627 \u062a\u062d\u062a\u0627\u062c \u0625\u0644\u0649 \u0645\u0639\u0631\u0641\u062a\u0647 \u0639\u0646 \u0627\u0644\u062a\u062c\u0648\u0644 \u0641\u064a \u0645\u0648\u0646\u062a\u0627\u062a\u064a\u0631.<\/strong><\/p>\n\n\n\n<div style=\"height:46px\" aria-hidden=\"true\" class=\"wp-block-spacer\"><\/div>\n\n\n\n<div class=\"wp-block-columns are-vertically-aligned-top is-not-stacked-on-mobile is-layout-flex wp-container-core-columns-is-layout-a31ce547 wp-block-columns-is-layout-flex\" style=\"margin-top:0;margin-bottom:0;padding-top:0;padding-right:0;padding-bottom:0;padding-left:0\">\n<div class=\"wp-block-column is-vertically-aligned-top is-layout-constrained wp-container-core-column-is-layout-dbf2e5f7 wp-block-column-is-layout-constrained\" style=\"flex-basis:3%\">\t\t\t\t\t<div\n\t\t\t\t\t\tclass=\"wp-block-uagb-image-gallery uagb-block-20b0b701\"\n\t\t\t\t\t\tstyle=\"\"\n\t\t\t\t\t>\n\t\t\t\t\t\t\t\t\t\t\t<div class=\"spectra-image-gallery spectra-image-gallery__layout--grid spectra-image-gallery__layout--grid-col-1 spectra-image-gallery__layout--grid-col-tab-1 spectra-image-gallery__layout--grid-col-mob-1\">\n\t\t\t\t\t\t\t\t\t\t\t<div class='spectra-image-gallery__media-wrapper' data-spectra-gallery-image-id='3202' tabindex=\"0\">\n\t\t\t\t\t\t\t<div class=\"spectra-image-gallery__media spectra-image-gallery__media--grid\">\n\t\t\t\t<picture>\n\t\t\t\t\t<source media=\"(min-width: 1024px)\" srcset=\"https:\/\/mairie-montataire.fr\/app\/uploads\/2024\/08\/bus_jaune.png\">\n\t\t\t\t\t<source media=\"(min-width: 768px)\" srcset=\"https:\/\/mairie-montataire.fr\/app\/uploads\/2024\/08\/bus_jaune.png\">\n\t\t\t\t\t<img decoding=\"async\" class=\"spectra-image-gallery__media-thumbnail spectra-image-gallery__media-thumbnail--grid\" src=\"https:\/\/mairie-montataire.fr\/app\/uploads\/2024\/08\/bus_jaune-296x300.png\" alt=\"\" loading=\"lazy\" \/>\n\t\t\t\t<\/picture>\n\t\t\t\t<div class=\"spectra-image-gallery__media-thumbnail-blurrer\"><\/div>\n\t\t\t\t\t\t\t\t\t\t\t<div class=\"spectra-image-gallery__media-thumbnail-caption-wrapper spectra-image-gallery__media-thumbnail-caption-wrapper--overlay\"><\/div>\n\t\t\t\t\t\t\t\t<\/div>\n\t\t\t\t\t\t<\/div>\n\t\t\t\t\t\t\t\t\t\t<\/div>\n\t\t\t\t\t\t\t\t\t\t\t\t\t\t\t\t\t\t<\/div>\n\t\t\t\t\t\t\t\t\t<\/div>\n\n\n\n<div class=\"wp-block-column is-vertically-aligned-top is-layout-flow wp-block-column-is-layout-flow\" style=\"flex-basis:66.66%\">\n<h2 class=\"wp-block-heading\">\u0628\u0627\u0644\u062d\u0627\u0641\u0644\u0629<\/h2>\n<\/div>\n<\/div>\n\n\n\n<p><a href=\"https:\/\/www.creilsudoise.fr\/mon-quotidien\/deplacements\/transports-urbains-axo\/\" data-type=\"link\" data-id=\"https:\/\/www.creilsudoise.fr\/mon-quotidien\/deplacements\/transports-urbains-axo\/\" target=\"_blank\" rel=\"noreferrer noopener\">\u0634\u0628\u0643\u0629 \u0627\u0644\u0646\u0642\u0644 AXO<\/a>\u0627\u0644\u062a\u064a \u062a\u062f\u064a\u0631\u0647\u0627 \u0634\u0631\u0643\u0629 Agglom\u00e9ration Creil Sud Oise\u060c \u062a\u062e\u062f\u0645 11 \u0628\u0644\u062f\u064a\u0629 \u0641\u064a \u0627\u0644\u0645\u0646\u0637\u0642\u0629. \u062a\u062e\u062f\u0645 \u0645\u0648\u0646\u062a\u0627\u062a\u064a\u0631 \u0633\u0628\u0639\u0629 \u062e\u0637\u0648\u0637 \u062d\u0627\u0641\u0644\u0627\u062a \u0645\u0646 \u0627\u0644\u0627\u062b\u0646\u064a\u0646 \u0625\u0644\u0649 \u0627\u0644\u0623\u062d\u062f\u060c \u0645\u0646 \u0627\u0644\u0635\u0628\u0627\u062d \u0625\u0644\u0649 \u0627\u0644\u0645\u0633\u0627\u0621.<\/p>\n\n\n\n<p>\u064a\u0645\u0643\u0646\u0643 \u0627\u0633\u062a\u0634\u0627\u0631\u0629 <a href=\"https:\/\/www.creilsudoise.fr\/mon-quotidien\/deplacements\/transports-urbains-axo\/horaires-et-carte-du-reseau-axo\/\" data-type=\"link\" data-id=\"https:\/\/www.creilsudoise.fr\/mon-quotidien\/deplacements\/transports-urbains-axo\/horaires-et-carte-du-reseau-axo\/\" target=\"_blank\" rel=\"noreferrer noopener\">\u062c\u062f\u0627\u0648\u0644 \u0645\u0648\u0627\u0639\u064a\u062f \u0648\u062e\u0631\u0627\u0626\u0637 \u0634\u0628\u0643\u0629 \u0627\u0644\u0646\u0642\u0644 \u0627\u0644\u062d\u0636\u0631\u064a \u0639\u0644\u0649 \u0627\u0644\u0625\u0646\u062a\u0631\u0646\u062a.<\/a><\/p>\n\n\n\n<p>\u064a\u0645\u0643\u0646\u0643 \u0623\u064a\u0636\u0627\u064b \u0639\u0645\u0644 <a href=\"https:\/\/www.creilsudoise.fr\/recherche-ditineraire\/\" data-type=\"link\" data-id=\"https:\/\/www.creilsudoise.fr\/recherche-ditineraire\/\" target=\"_blank\" rel=\"noreferrer noopener\">\u0645\u062e\u0637\u0637 \u0627\u0644\u0645\u0633\u0627\u0631 \u0647\u0646\u0627<\/a>. <\/p>\n\n\n\n<p>\u064a\u0648\u062c\u062f \u0623\u064a\u0636\u064b\u0627 <a href=\"https:\/\/www.creilsudoise.fr\/mon-quotidien\/deplacements\/transports-urbains-axo\/transport-a-la-demande-tad-axo\/\">\u0627\u0644\u0646\u0642\u0644 \u0639\u0646\u062f \u0627\u0644\u0637\u0644\u0628 (TAD) AXO+<\/a>  \u0627\u0644\u0630\u064a \u064a\u0645\u062a\u062f \u0645\u0646 \u0627\u0644\u0633\u0627\u0639\u0629 4 \u0635\u0628\u0627\u062d\u0627\u064b \u062d\u062a\u0649 1 \u0635\u0628\u0627\u062d\u0627\u064b \u0625\u0644\u0649 \u0645\u062d\u0637\u0627\u062a \u0641\u064a \u062c\u0645\u064a\u0639 \u0623\u0646\u062d\u0627\u0621 \u0643\u0631\u064a\u0644 \u0633\u0648\u062f \u0623\u0648\u0632.<\/p>\n\n\n\n<div style=\"height:46px\" aria-hidden=\"true\" class=\"wp-block-spacer\"><\/div>\n\n\n\n<div class=\"wp-block-columns are-vertically-aligned-top is-not-stacked-on-mobile is-layout-flex wp-container-core-columns-is-layout-2edb0647 wp-block-columns-is-layout-flex\" style=\"margin-top:0;margin-bottom:0\">\n<div class=\"wp-block-column is-vertically-aligned-top is-layout-constrained wp-container-core-column-is-layout-dbf2e5f7 wp-block-column-is-layout-constrained\" style=\"flex-basis:3%\">\t\t\t\t\t<div\n\t\t\t\t\t\tclass=\"wp-block-uagb-image-gallery uagb-block-57a27d11\"\n\t\t\t\t\t\tstyle=\"\"\n\t\t\t\t\t>\n\t\t\t\t\t\t\t\t\t\t\t<div class=\"spectra-image-gallery spectra-image-gallery__layout--grid spectra-image-gallery__layout--grid-col-1 spectra-image-gallery__layout--grid-col-tab-1 spectra-image-gallery__layout--grid-col-mob-1\">\n\t\t\t\t\t\t\t\t\t\t\t<div class='spectra-image-gallery__media-wrapper' data-spectra-gallery-image-id='3204' tabindex=\"0\">\n\t\t\t\t\t\t\t<div class=\"spectra-image-gallery__media spectra-image-gallery__media--grid\">\n\t\t\t\t<picture>\n\t\t\t\t\t<source media=\"(min-width: 1024px)\" srcset=\"https:\/\/mairie-montataire.fr\/app\/uploads\/2024\/08\/cycliste_jaune.png\">\n\t\t\t\t\t<source media=\"(min-width: 768px)\" srcset=\"https:\/\/mairie-montataire.fr\/app\/uploads\/2024\/08\/cycliste_jaune.png\">\n\t\t\t\t\t<img decoding=\"async\" class=\"spectra-image-gallery__media-thumbnail spectra-image-gallery__media-thumbnail--grid\" src=\"https:\/\/mairie-montataire.fr\/app\/uploads\/2024\/08\/cycliste_jaune-295x300.png\" alt=\"\" loading=\"lazy\" \/>\n\t\t\t\t<\/picture>\n\t\t\t\t<div class=\"spectra-image-gallery__media-thumbnail-blurrer\"><\/div>\n\t\t\t\t\t\t\t\t\t\t\t<div class=\"spectra-image-gallery__media-thumbnail-caption-wrapper spectra-image-gallery__media-thumbnail-caption-wrapper--overlay\"><\/div>\n\t\t\t\t\t\t\t\t<\/div>\n\t\t\t\t\t\t<\/div>\n\t\t\t\t\t\t\t\t\t\t<\/div>\n\t\t\t\t\t\t\t\t\t\t\t\t\t\t\t\t\t\t<\/div>\n\t\t\t\t\t\t\t\t\t<\/div>\n\n\n\n<div class=\"wp-block-column is-vertically-aligned-top is-layout-flow wp-block-column-is-layout-flow\" style=\"flex-basis:66.66%\">\n<h2 class=\"wp-block-heading has-text-align-left\">\u0628\u0627\u0644\u062f\u0631\u0627\u062c\u0629<\/h2>\n<\/div>\n<\/div>\n\n\n\n<p class=\"has-text-align-left\">\u064a\u064f\u0639\u062f \u0631\u0643\u0648\u0628 \u0627\u0644\u062f\u0631\u0627\u062c\u0629 \u0641\u064a \u062a\u0646\u0642\u0644\u0627\u062a\u0643 \u0627\u0644\u064a\u0648\u0645\u064a\u0629 \u062e\u064a\u0627\u0631\u0627\u064b \u0635\u062d\u064a\u0627\u064b \u0648\u0635\u062f\u064a\u0642\u0627\u064b \u0644\u0644\u0628\u064a\u0626\u0629. \u0645\u0646 \u062e\u0644\u0627\u0644 \u062a\u0634\u062c\u064a\u0639 \u0627\u0644\u0646\u0634\u0627\u0637 \u0627\u0644\u0628\u062f\u0646\u064a \u0645\u0639 \u0627\u0644\u062d\u062f \u0645\u0646 \u0627\u0644\u062a\u0644\u0648\u062b \u0648\u0627\u0646\u0628\u0639\u0627\u062b\u0627\u062a \u062b\u0627\u0646\u064a \u0623\u0643\u0633\u064a\u062f \u0627\u0644\u0643\u0631\u0628\u0648\u0646\u060c \u064a\u0648\u0641\u0631 \u0631\u0643\u0648\u0628 \u0627\u0644\u062f\u0631\u0627\u062c\u0627\u062a \u0628\u062f\u064a\u0644\u0627\u064b \u0639\u0645\u0644\u064a\u0627\u064b \u0648\u0645\u0631\u0646\u0627\u064b \u0644\u0644\u0633\u064a\u0627\u0631\u0629.&nbsp;<\/p>\n\n\n\n<p class=\"has-text-align-left\">\u064a\u0645\u0643\u0646\u0643 \u0627\u0633\u062a\u0626\u062c\u0627\u0631 \u062f\u0631\u0627\u062c\u0629 \u0645\u0646 <a href=\"https:\/\/www.creilsudoise.fr\/service-de-location-de-velos-a-assistance-electrique\/\" target=\"_blank\" rel=\"noreferrer noopener\">\u0627\u0644\u0645\u0633\u0627\u0639\u062f\u0629 \u0627\u0644\u0643\u0647\u0631\u0628\u0627\u0626\u064a\u0629 AXO<\/a>&nbsp;! <\/p>\n\n\n\n<div style=\"height:46px\" aria-hidden=\"true\" class=\"wp-block-spacer\"><\/div>\n\n\n\n<div class=\"wp-block-columns are-vertically-aligned-top is-not-stacked-on-mobile is-layout-flex wp-container-core-columns-is-layout-2edb0647 wp-block-columns-is-layout-flex\" style=\"margin-top:0;margin-bottom:0\">\n<div class=\"wp-block-column is-vertically-aligned-top is-layout-constrained wp-container-core-column-is-layout-dbf2e5f7 wp-block-column-is-layout-constrained\" style=\"flex-basis:3%\">\t\t\t\t\t<div\n\t\t\t\t\t\tclass=\"wp-block-uagb-image-gallery uagb-block-33df4f46\"\n\t\t\t\t\t\tstyle=\"\"\n\t\t\t\t\t>\n\t\t\t\t\t\t\t\t\t\t\t<div class=\"spectra-image-gallery spectra-image-gallery__layout--grid spectra-image-gallery__layout--grid-col-1 spectra-image-gallery__layout--grid-col-tab-1 spectra-image-gallery__layout--grid-col-mob-1\">\n\t\t\t\t\t\t\t\t\t\t\t<div class='spectra-image-gallery__media-wrapper' data-spectra-gallery-image-id='3214' tabindex=\"0\">\n\t\t\t\t\t\t\t<div class=\"spectra-image-gallery__media spectra-image-gallery__media--grid\">\n\t\t\t\t<picture>\n\t\t\t\t\t<source media=\"(min-width: 1024px)\" srcset=\"https:\/\/mairie-montataire.fr\/app\/uploads\/2024\/08\/pieton_jaune-2.png\">\n\t\t\t\t\t<source media=\"(min-width: 768px)\" srcset=\"https:\/\/mairie-montataire.fr\/app\/uploads\/2024\/08\/pieton_jaune-2.png\">\n\t\t\t\t\t<img decoding=\"async\" class=\"spectra-image-gallery__media-thumbnail spectra-image-gallery__media-thumbnail--grid\" src=\"https:\/\/mairie-montataire.fr\/app\/uploads\/2024\/08\/pieton_jaune-2-295x300.png\" alt=\"\" loading=\"lazy\" \/>\n\t\t\t\t<\/picture>\n\t\t\t\t<div class=\"spectra-image-gallery__media-thumbnail-blurrer\"><\/div>\n\t\t\t\t\t\t\t\t\t\t\t<div class=\"spectra-image-gallery__media-thumbnail-caption-wrapper spectra-image-gallery__media-thumbnail-caption-wrapper--overlay\"><\/div>\n\t\t\t\t\t\t\t\t<\/div>\n\t\t\t\t\t\t<\/div>\n\t\t\t\t\t\t\t\t\t\t<\/div>\n\t\t\t\t\t\t\t\t\t\t\t\t\t\t\t\t\t\t<\/div>\n\t\t\t\t\t\t\t\t\t<\/div>\n\n\n\n<div class=\"wp-block-column is-vertically-aligned-top is-layout-flow wp-block-column-is-layout-flow\" style=\"flex-basis:66.66%\">\n<h2 class=\"wp-block-heading\">\u0633\u064a\u0631\u0627\u064b \u0639\u0644\u0649 \u0627\u0644\u0623\u0642\u062f\u0627\u0645<\/h2>\n<\/div>\n<\/div>\n\n\n\n<p>\u064a\u064f\u0639\u062f \u0627\u0644\u0645\u0634\u064a \u0646\u0634\u0627\u0637\u0627\u064b \u0628\u0633\u064a\u0637\u0627\u064b \u0648\u0633\u0647\u0644 \u0627\u0644\u0645\u0646\u0627\u0644 \u064a\u0648\u0641\u0631 \u0627\u0644\u0639\u062f\u064a\u062f \u0645\u0646 \u0627\u0644\u0641\u0648\u0627\u0626\u062f \u0627\u0644\u0635\u062d\u064a\u0629 \u0627\u0644\u0628\u062f\u0646\u064a\u0629 \u0648\u0627\u0644\u0639\u0642\u0644\u064a\u0629. \u064a\u064f\u0639\u062f\u0651 \u062c\u0639\u0644\u0647 \u062c\u0632\u0621\u0627\u064b \u0645\u0646 \u0631\u0648\u062a\u064a\u0646\u0643 \u0627\u0644\u064a\u0648\u0645\u064a \u0637\u0631\u064a\u0642\u0629 \u0641\u0639\u0651\u0627\u0644\u0629 \u0648\u0645\u0645\u062a\u0639\u0629 \u0644\u0644\u0627\u0639\u062a\u0646\u0627\u0621 \u0628\u0635\u062d\u062a\u0643.<br><\/p>","protected":false},"excerpt":{"rendered":"<p>Tout savoir pour se d\u00e9placer \u00e0 Montataire. En bus Le r\u00e9seau de transport AXO, g\u00e9r\u00e9 par l\u2019Agglom\u00e9ration Creil Sud Oise, dessert les 11 communes de la r\u00e9gion. Sept lignes de bus desservent Montataire du lundi au dimanche, du matin au soir. Vous pouvez consulter les horaires et le plan du r\u00e9seau de transports urbains en [&hellip;]<\/p>\n","protected":false},"author":1,"featured_media":1037,"parent":120,"menu_order":38,"comment_status":"closed","ping_status":"closed","template":"","meta":{"_acf_changed":false,"_uag_custom_page_level_css":"","footnotes":""},"class_list":["post-164","page","type-page","status-publish","has-post-thumbnail","hentry"],"acf":[],"uagb_featured_image_src":{"full":["https:\/\/mairie-montataire.fr\/app\/uploads\/2024\/07\/1.6.5_transports.jpg",495,330,false],"thumbnail":["https:\/\/mairie-montataire.fr\/app\/uploads\/2024\/07\/1.6.5_transports-150x150.jpg",150,150,true],"medium":["https:\/\/mairie-montataire.fr\/app\/uploads\/2024\/07\/1.6.5_transports-300x200.jpg",300,200,true],"medium_large":["https:\/\/mairie-montataire.fr\/app\/uploads\/2024\/07\/1.6.5_transports.jpg",495,330,false],"large":["https:\/\/mairie-montataire.fr\/app\/uploads\/2024\/07\/1.6.5_transports.jpg",495,330,false],"1536x1536":["https:\/\/mairie-montataire.fr\/app\/uploads\/2024\/07\/1.6.5_transports.jpg",495,330,false],"2048x2048":["https:\/\/mairie-montataire.fr\/app\/uploads\/2024\/07\/1.6.5_transports.jpg",495,330,false],"trp-custom-language-flag":["https:\/\/mairie-montataire.fr\/app\/uploads\/2024\/07\/1.6.5_transports.jpg",18,12,false],"gform-image-choice-sm":["https:\/\/mairie-montataire.fr\/app\/uploads\/2024\/07\/1.6.5_transports.jpg",300,200,false],"gform-image-choice-md":["https:\/\/mairie-montataire.fr\/app\/uploads\/2024\/07\/1.6.5_transports.jpg",400,267,false],"gform-image-choice-lg":["https:\/\/mairie-montataire.fr\/app\/uploads\/2024\/07\/1.6.5_transports.jpg",495,330,false]},"uagb_author_info":{"display_name":"mentalworks","author_link":"https:\/\/mairie-montataire.fr\/ar\/actualites\/author\/mentalworks\/"},"uagb_comment_info":0,"uagb_excerpt":"Tout savoir pour se d\u00e9placer \u00e0 Montataire. En bus Le r\u00e9seau de transport AXO, g\u00e9r\u00e9 par l\u2019Agglom\u00e9ration Creil Sud Oise, dessert les 11 communes de la r\u00e9gion. Sept lignes de bus desservent Montataire du lundi au dimanche, du matin au soir. Vous pouvez consulter les horaires et le plan du r\u00e9seau de transports urbains en&hellip;","_links":{"self":[{"href":"https:\/\/mairie-montataire.fr\/ar\/wp-json\/wp\/v2\/pages\/164","targetHints":{"allow":["GET"]}}],"collection":[{"href":"https:\/\/mairie-montataire.fr\/ar\/wp-json\/wp\/v2\/pages"}],"about":[{"href":"https:\/\/mairie-montataire.fr\/ar\/wp-json\/wp\/v2\/types\/page"}],"author":[{"embeddable":true,"href":"https:\/\/mairie-montataire.fr\/ar\/wp-json\/wp\/v2\/users\/1"}],"replies":[{"embeddable":true,"href":"https:\/\/mairie-montataire.fr\/ar\/wp-json\/wp\/v2\/comments?post=164"}],"version-history":[{"count":32,"href":"https:\/\/mairie-montataire.fr\/ar\/wp-json\/wp\/v2\/pages\/164\/revisions"}],"predecessor-version":[{"id":7224,"href":"https:\/\/mairie-montataire.fr\/ar\/wp-json\/wp\/v2\/pages\/164\/revisions\/7224"}],"up":[{"embeddable":true,"href":"https:\/\/mairie-montataire.fr\/ar\/wp-json\/wp\/v2\/pages\/120"}],"wp:featuredmedia":[{"embeddable":true,"href":"https:\/\/mairie-montataire.fr\/ar\/wp-json\/wp\/v2\/media\/1037"}],"wp:attachment":[{"href":"https:\/\/mairie-montataire.fr\/ar\/wp-json\/wp\/v2\/media?parent=164"}],"curies":[{"name":"\u062f\u0628\u0644\u064a\u0648 \u0628\u064a","href":"https:\/\/api.w.org\/{rel}","templated":true}]}}