{"id":158,"date":"2024-05-03T09:30:57","date_gmt":"2024-05-03T09:30:57","guid":{"rendered":"https:\/\/montataire.local\/?page_id=158"},"modified":"2025-12-16T10:49:33","modified_gmt":"2025-12-16T10:49:33","slug":"%d8%a7%d9%84%d9%87%d8%af%d9%88%d8%a1-%d8%a7%d9%84%d8%b9%d8%a7%d9%85","status":"publish","type":"page","link":"https:\/\/mairie-montataire.fr\/ar\/habiter\/cadre-de-vie\/tranquillite-publique\/","title":{"rendered":"\u0627\u0644\u0633\u0644\u0627\u0645\u0629 \u0627\u0644\u0639\u0627\u0645\u0629"},"content":{"rendered":"<h2 class=\"wp-block-heading\">\u0625\u062f\u0627\u0631\u0629 \u0627\u0644\u0645\u0648\u0627\u0637\u0646\u0629 \u0648\u0627\u0644\u0648\u0642\u0627\u064a\u0629 \u0648\u0627\u0644\u0648\u0633\u0627\u0637\u0629 (CPM)<\/h2>\n\n\n\n<p><strong>\u0648\u064a\u062a\u0645\u062b\u0644 \u062f\u0648\u0631\u0647\u0645 \u0641\u064a \u0627\u0644\u062a\u0631\u062d\u064a\u0628 \u0628\u0627\u0644\u0633\u0643\u0627\u0646 \u0648\u0627\u0644\u0627\u0633\u062a\u0645\u0627\u0639 \u0625\u0644\u064a\u0647\u0645 \u0648\u062a\u0642\u062f\u064a\u0645 \u0627\u0644\u0645\u0634\u0648\u0631\u0629 \u0648\u0627\u0644\u062a\u0648\u062c\u064a\u0647 \u0627\u0644\u064a\u0648\u0645\u064a \u0644\u0647\u0645. \u0641\u0647\u064a \u062a\u062e\u0641\u0641 \u0645\u0646 \u062d\u062f\u0629 \u0627\u0644\u062a\u0648\u062a\u0631\u0627\u062a \u0648\u062a\u0633\u0647\u0644 \u0627\u0644\u062d\u0648\u0627\u0631. \u0648\u0641\u064a \u0627\u0644\u0645\u0633\u0627\u0621\u060c \u064a\u0648\u0641\u0631\u0648\u0646 \u062d\u0636\u0648\u0631\u064b\u0627 \u0627\u062c\u062a\u0645\u0627\u0639\u064a\u064b\u0627 \u0641\u064a \u062c\u0645\u064a\u0639 \u0623\u0646\u062d\u0627\u0621 \u0627\u0644\u0645\u062f\u064a\u0646\u0629\u060c \u0648\u064a\u0633\u0627\u0639\u062f\u0648\u0646 \u0641\u064a \u0625\u0646\u0634\u0627\u0621 \u0648\/\u0623\u0648 \u062a\u0648\u0637\u064a\u062f \u0627\u0644\u0631\u0648\u0627\u0628\u0637 \u0628\u064a\u0646 \u0627\u0644\u0633\u0643\u0627\u0646. \u0648\u0647\u064a \u062a\u0639\u0645\u0644 \u0643\u0648\u0627\u062c\u0647\u0629 \u0628\u064a\u0646 \u0627\u0644\u062c\u0645\u0647\u0648\u0631 \u0648\u0627\u0644\u0645\u0624\u0633\u0633\u0627\u062a\u060c \u0648\u062a\u0631\u0641\u0639 \u0645\u0633\u062a\u0648\u0649 \u0627\u0644\u0648\u0639\u064a \u0628\u062d\u0642\u0648\u0642 \u0627\u0644\u0646\u0627\u0633 \u0648\u0645\u0633\u0624\u0648\u0644\u064a\u0627\u062a\u0647\u0645. \u0648\u062a\u0646\u0641\u0630 \u0628\u0627\u0644\u062a\u0639\u0627\u0648\u0646 \u0645\u0639 \u0634\u0631\u0643\u0627\u0626\u0647\u0627 \u062a\u062f\u0627\u0628\u064a\u0631 \u0648\u0642\u0627\u0626\u064a\u0629 \u0636\u062f \u0627\u0644\u0639\u0646\u0641 \u0648\u0627\u0644\u0633\u0644\u0648\u0643 \u0627\u0644\u0625\u062f\u0645\u0627\u0646\u064a \u0648\u0627\u0644\u062a\u063a\u064a\u0628 \u0639\u0646 \u0627\u0644\u0645\u062f\u0631\u0633\u0629.<\/strong><\/p>\n\n\n\n<h3 class=\"wp-block-heading\">\u0644\u0645\u0627\u0630\u0627 \u0646\u0633\u062a\u062e\u062f\u0645 \u0648\u0633\u064a\u0637\u0627\u064b\u061f<\/h3>\n\n\n\n<p>\u0623\u0646\u062a \u062a\u0648\u0627\u062c\u0647 \u0646\u0632\u0627\u0639\u0627\u064b \u0641\u064a \u0627\u0644\u062d\u064a \u0623\u0648 \u0639\u0644\u0627\u0642\u0629 \u0635\u0639\u0628\u0629 \u0628\u064a\u0646 \u0627\u0644\u0648\u0627\u0644\u062f\u064a\u0646 \u0648\u0627\u0644\u0637\u0641\u0644 \u0623\u0648 \u0627\u0644\u062a\u063a\u064a\u0628 \u0639\u0646 \u0627\u0644\u0645\u062f\u0631\u0633\u0629. \u0623\u0646\u062a \u0628\u062d\u0627\u062c\u0629 \u0625\u0644\u0649 \u0645\u0639\u0644\u0648\u0645\u0627\u062a \u0644\u0645\u0633\u0627\u0639\u062f\u062a\u0643 \u0641\u064a \u0627\u0633\u062a\u0641\u0633\u0627\u0631\u0627\u062a\u0643\u060c \u0623\u0648 \u062a\u0648\u0627\u062c\u0647 \u0635\u0639\u0648\u0628\u0627\u062a \u0645\u0639 \u0627\u0644\u0645\u0624\u0633\u0633\u0627\u062a\u060c \u0623\u0648 \u0623\u0646 \u0623\u062d\u062f \u0623\u0637\u0641\u0627\u0644\u0643 \u064a\u0633\u0628\u0628 \u0645\u0634\u0627\u0643\u0644 (\u0627\u0644\u062a\u063a\u064a\u0628 \u0639\u0646 \u0627\u0644\u0645\u062f\u0631\u0633\u0629\u060c \u0623\u0648 \u0645\u0634\u0627\u0643\u0644 \u0633\u0644\u0648\u0643\u064a\u0629\u060c \u0648\u0645\u0627 \u0625\u0644\u0649 \u0630\u0644\u0643) \u0648\u0644\u0627 \u062a\u0639\u0631\u0641 \u0643\u064a\u0641\u064a\u0629 \u062d\u0644\u0647\u0627. \u064a\u0645\u0643\u0646 \u0623\u0646 \u062a\u0642\u062f\u0645 \u0644\u0643 \u062e\u062f\u0645\u0629 \u0647\u064a\u0626\u0629 \u0631\u0639\u0627\u064a\u0629 \u0627\u0644\u0623\u0637\u0641\u0627\u0644 \u0648\u0627\u0644\u0645\u0631\u0627\u0647\u0642\u064a\u0646 \u0627\u0644\u062f\u0639\u0645 \u0648\u062a\u0633\u0627\u0639\u062f\u0643 \u0639\u0644\u0649 \u062d\u0644 \u0645\u0634\u0643\u0644\u062a\u0643.&nbsp;<br><a href=\"https:\/\/mairie-montataire.fr\/ar\/%d8%a7%d9%84%d8%a5%d8%ac%d8%b1%d8%a7%d8%a1%d8%a7%d8%aa-%d8%b9%d8%a8%d8%b1-%d8%a7%d9%84%d8%a5%d9%86%d8%aa%d8%b1%d9%86%d8%aa\/%d8%b7%d9%84%d8%a8-%d8%a7%d9%84%d8%aa%d8%af%d8%ae%d9%84\/\" data-type=\"link\" data-id=\"https:\/\/mairie-montataire.fr\/demarches-en-ligne\/demande-dintervention\/\">\u0625\u0630\u0627 \u0648\u062c\u062f\u062a \u0646\u0641\u0633\u0643 \u0641\u064a \u0625\u062d\u062f\u0649 \u0647\u0630\u0647 \u0627\u0644\u0645\u0648\u0627\u0642\u0641\u060c \u064a\u064f\u0631\u062c\u0649 \u0627\u0644\u0627\u062a\u0635\u0627\u0644 \u0628\u0647.<\/a><\/p>\n\n\n\n<h2 class=\"wp-block-heading\">\u0634\u0631\u0637\u0629 \u0627\u0644\u0628\u0644\u062f\u064a\u0629<\/h2>\n\n\n\n<figure class=\"wp-block-image size-large is-resized\"><img loading=\"lazy\" decoding=\"async\" width=\"1024\" height=\"726\" src=\"https:\/\/mairie-montataire.fr\/app\/uploads\/2024\/07\/2024-07-04-batiment-police-2-1024x726.jpg\" alt=\"\" class=\"wp-image-2346\" style=\"width:763px;height:auto\" srcset=\"https:\/\/mairie-montataire.fr\/app\/uploads\/2024\/07\/2024-07-04-batiment-police-2-1024x726.jpg 1024w, https:\/\/mairie-montataire.fr\/app\/uploads\/2024\/07\/2024-07-04-batiment-police-2-300x213.jpg 300w, https:\/\/mairie-montataire.fr\/app\/uploads\/2024\/07\/2024-07-04-batiment-police-2-768x545.jpg 768w, https:\/\/mairie-montataire.fr\/app\/uploads\/2024\/07\/2024-07-04-batiment-police-2-1536x1090.jpg 1536w, https:\/\/mairie-montataire.fr\/app\/uploads\/2024\/07\/2024-07-04-batiment-police-2-2048x1453.jpg 2048w\" sizes=\"auto, (max-width: 1024px) 100vw, 1024px\" \/><\/figure>\n\n\n\n<p><strong>\u064a\u062a\u0645\u062b\u0644 \u062f\u0648\u0631 \u0627\u0644\u0634\u0631\u0637\u0629 \u0627\u0644\u0628\u0644\u062f\u064a\u0629\u060c \u0627\u0644\u0645\u0643\u0648\u0646\u0629 \u0645\u0646 \u0636\u0627\u0628\u0637\u064a\u0646 \u0628\u0644\u062f\u064a\u064a\u0646\u060c \u0641\u064a \u0636\u0645\u0627\u0646 \u062d\u0633\u0646 \u0627\u0644\u0646\u0638\u0627\u0645 \u0648\u0627\u0644\u0633\u0644\u0627\u0645\u0629 \u0648\u0627\u0644\u0623\u0645\u0646 \u0648\u0627\u0644\u0635\u062d\u0629 \u0627\u0644\u0639\u0627\u0645\u0629. \u0648\u0644\u062f\u064a\u0647\u0645 \u0645\u062c\u0645\u0648\u0639\u0629 \u0648\u0627\u0633\u0639\u0629 \u0645\u0646 \u0627\u0644\u0645\u0647\u0627\u0645\u060c \u0648\u064a\u0631\u062a\u0628\u0637 \u0639\u0645\u0644\u0647\u0645 \u0627\u0631\u062a\u0628\u0627\u0637\u064b\u0627 \u0648\u062b\u064a\u0642\u064b\u0627 \u0628\u0639\u0645\u0644 \u0627\u0644\u0633\u0643\u0627\u0646 \u0627\u0644\u0645\u062d\u0644\u064a\u064a\u0646.<\/strong><\/p>\n\n\n\n<ul class=\"wp-block-list\">\n<li><strong>\u0623\u0645\u0627 \u0641\u064a\u0645\u0627 \u064a\u062a\u0639\u0644\u0642 \u0628\u0627\u0644\u0645\u0647\u0627\u0645 \u0627\u0644\u0625\u062f\u0627\u0631\u064a\u0629\u060c \u0641\u0647\u064a \u062a\u0639\u0645\u0644 \u0643\u0642\u0648\u0629 \u0634\u0631\u0637\u0629 \u0645\u062d\u0644\u064a\u0629\u060c \u062d\u064a\u062b \u062a\u0639\u062a\u0646\u064a \u0628\u0631\u0641\u0627\u0647\u064a\u0629 \u0648\u0633\u0644\u0627\u0645\u0629 \u0627\u0644\u0633\u0643\u0627\u0646 \u0627\u0644\u0645\u062d\u0644\u064a\u064a\u0646.<\/strong><\/li>\n\n\n\n<li><strong>\u0643\u0645\u0627 \u0623\u0646\u0647\u0627 \u062a\u0624\u062f\u064a \u0648\u0638\u0627\u0626\u0641 \u0642\u0636\u0627\u0626\u064a\u0629\u060c \u0645\u062b\u0644 \u0625\u0635\u062f\u0627\u0631 \u0627\u0644\u063a\u0631\u0627\u0645\u0627\u062a \u0639\u0644\u0649 \u0628\u0639\u0636 \u0627\u0644\u062c\u0631\u0627\u0626\u0645.<\/strong><br><\/li>\n<\/ul>\n\n\n\n<div style=\"height:75px\" aria-hidden=\"true\" class=\"wp-block-spacer\"><\/div>\n\n\n\n<div class=\"wp-block-columns is-layout-flex wp-container-core-columns-is-layout-9d6595d7 wp-block-columns-is-layout-flex\">\n<div class=\"wp-block-column is-layout-flow wp-block-column-is-layout-flow\">\n<h3 class=\"wp-block-heading\">\u0627\u0644\u0634\u0631\u0637\u0629 \u0627\u0644\u0648\u0637\u0646\u064a\u0629<\/h3>\n\n\n\n<p>17<\/p>\n\n\n\n<p><a href=\"https:\/\/www.police-nationale.interieur.gouv.fr\" target=\"_blank\" rel=\"noreferrer noopener\">Police-nationale.interieur.gouv.fr<\/a><\/p>\n\n\n\n<p><a href=\"https:\/\/www.police-nationale.interieur.gouv.fr\/nous-rejoindre\/nos-metiers\/policier-en-police-secours\" target=\"_blank\" rel=\"noreferrer noopener\">Police-nationale.interieur.gouv.fr\/join-us\/our-jobs\/rescue-police officer<\/a><\/p>\n<\/div>\n\n\n\n<div class=\"wp-block-column is-layout-flow wp-block-column-is-layout-flow\">\n<h3 class=\"wp-block-heading\">\u0627\u0644\u062f\u0631\u0643 - \u0645\u0631\u0643\u0632 \u0634\u0631\u0637\u0629 \u0643\u0631\u064a\u0644<\/h3>\n\n\n\n<p style=\"font-style:normal;font-weight:400\">8 \u0634\u0627\u0631\u0639 8 \u0634\u0627\u0631\u0639 \u062c\u0648\u0644 \u0645\u064a\u0634\u064a\u0647&nbsp;<br>60100 \u0643\u0631\u064a\u0644<\/p>\n\n\n\n<p style=\"font-style:normal;font-weight:400\">03 44 61 17 17<br>\u0641\u064a \u062d\u0627\u0644\u0627\u062a \u0627\u0644\u0637\u0648\u0627\u0631\u0626\u060c \u0627\u062a\u0635\u0644 \u0639\u0644\u0649 \u0627\u0644\u0631\u0642\u0645 17 \u0623\u0648 112<br>\u0625\u0630\u0627 \u0643\u0646\u062a \u062a\u0648\u0627\u062c\u0647 \u0635\u0639\u0648\u0628\u0629 \u0641\u064a \u0627\u0644\u062a\u062d\u062f\u062b \u0623\u0648 \u0627\u0644\u0633\u0645\u0639\u060c \u0623\u0631\u0633\u0644 \u0631\u0633\u0627\u0644\u0629 \u0646\u0635\u064a\u0629 \u0642\u0635\u064a\u0631\u0629 \u0625\u0644\u0649 114<\/p>\n\n\n\n<p style=\"font-style:normal;font-weight:400\"><a href=\"https:\/\/www.gendarmerie.interieur.gouv.fr\">gendarmerie.interieur.gouv.fr<\/a><\/p>\n<\/div>\n<\/div>\n\n\n\n<h2 class=\"wp-block-heading\">\u0645\u0624\u0633\u0633\u0627\u062a \u0623\u062e\u0631\u0649 \u0644\u0645\u0633\u0627\u0639\u062f\u062a\u0643<\/h2>\n\n\n\n<div class=\"wp-block-columns is-layout-flex wp-container-core-columns-is-layout-9d6595d7 wp-block-columns-is-layout-flex\">\n<div class=\"wp-block-column is-layout-flow wp-block-column-is-layout-flow\">\n<h3 class=\"wp-block-heading\">\u0623\u062e\u0635\u0627\u0626\u064a\u0629 \u0627\u062c\u062a\u0645\u0627\u0639\u064a\u0629 - \u0627\u0644\u0633\u064a\u062f\u0629 \u0641\u0627\u0637\u0645\u0629 \u0628\u0648\u0645\u062f\u064a\u0646<\/h3>\n\n\n\n<p>\u062a\u0642\u062f\u0645 \u0645\u0642\u0627\u0628\u0644\u0627\u062a \u0645\u062c\u0627\u0646\u064a\u0629 \u0648\u0633\u0631\u064a\u0629 \u0644\u062a\u0632\u0648\u064a\u062f\u0643 \u0628\u0627\u0644\u0645\u0633\u0627\u0639\u062f\u0629 \u0648\u0627\u0644\u0645\u0639\u0644\u0648\u0645\u0627\u062a. \u064a\u0645\u0643\u0646 \u0627\u0644\u0627\u062a\u0635\u0627\u0644 \u0628\u0647\u0627 \u0641\u064a \u0645\u0631\u0643\u0632 \u0627\u0644\u0634\u0631\u0637\u0629\u060c 8\u060c \u0634\u0627\u0631\u0639 \u062c\u0648\u0644 \u0645\u064a\u0634\u064a\u0647 \u0641\u064a \u0643\u0631\u064a\u0644 \u0623\u0648 \u0641\u064a \u062f\u0627\u0631 \u0627\u0644\u0639\u062f\u0627\u0644\u0629 \u0648\u0627\u0644\u0642\u0627\u0646\u0648\u0646 \u0641\u064a \u0643\u0631\u064a\u0644\u060c \u0639\u0646 \u0637\u0631\u064a\u0642 \u062a\u062d\u062f\u064a\u062f \u0645\u0648\u0639\u062f.<\/p>\n\n\n\n<p>03 44 64 75 89<br>03 44 64 17 77<br>06 74 67 72 02<\/p>\n\n\n\n<p><a href=\"mailto:f.boumeddane@creilsudoise.fr\">f.boumeddane@creilsudoise.fr<\/a><\/p>\n<\/div>\n\n\n\n<div class=\"wp-block-column is-layout-flow wp-block-column-is-layout-flow\">\n<h3 class=\"wp-block-heading\">\u062f\u0627\u0631 \u0627\u0644\u0639\u062f\u0644 \u0648\u0627\u0644\u0642\u0627\u0646\u0648\u0646 (MJD)<\/h3>\n\n\n\n<p>\u0633\u062a\u062f\u0639\u0645\u0643 \u062f\u0627\u0626\u0631\u0629 \u0642\u0627\u0636\u064a \u0627\u0644\u0642\u0636\u0627\u0629 \u0648\u062a\u0631\u0634\u062f\u0643 \u062e\u0644\u0627\u0644 \u0627\u0644\u0625\u062c\u0631\u0627\u0621\u0627\u062a \u0627\u0644\u0642\u0627\u0646\u0648\u0646\u064a\u0629 \u0648\u0627\u0644\u0648\u0635\u0648\u0644 \u0625\u0644\u0649 \u0627\u0644\u0642\u0627\u0646\u0648\u0646 \u0628\u0637\u0631\u064a\u0642\u0629 \u0645\u062d\u062a\u0631\u0645\u0629 \u0648\u0645\u062c\u0627\u0646\u064a\u0629 \u0648\u0633\u0631\u064a\u0629.<\/p>\n\n\n\n<p>26\u060c \u0634\u0627\u0631\u0639 \u0641\u0648\u0644\u062a\u064a\u0631<br>60100 - \u0643\u0631\u064a\u0644<\/p>\n\n\n\n<p>03 44 64 46 70<\/p>\n\n\n\n<p>\u0627\u0644\u0627\u062b\u0646\u064a\u0646 2 \u0638\u0647\u0631\u0627\u064b \u0625\u0644\u0649 5 \u0645\u0633\u0627\u0621\u064b<br>\u0645\u0646 \u0627\u0644\u062b\u0644\u0627\u062b\u0627\u0621 \u0625\u0644\u0649 \u0627\u0644\u062c\u0645\u0639\u0629\u060c \u0645\u0646 9 \u0635\u0628\u0627\u062d\u0627\u064b \u0625\u0644\u0649 12 \u0638\u0647\u0631\u0627\u064b \u0648\u0645\u0646 1:30 \u0638\u0647\u0631\u0627\u064b \u0625\u0644\u0649 5 \u0645\u0633\u0627\u0621\u064b<\/p>\n\n\n\n<p><a href=\"https:\/\/www.creilsudoise.fr\/acces-aux-droits\/maison-de-la-justice-et-du-droit\">Creilsudoise.fr\/acces-aux-aux-droits\/maison-de-la-la-justice-et-du-droit<\/a><\/p>\n<\/div>\n\n\n\n<div class=\"wp-block-column is-layout-flow wp-block-column-is-layout-flow\">\n<h3 class=\"wp-block-heading\">\u062f\u0639\u0645 \u0627\u0644\u0636\u062d\u0627\u064a\u0627 60<\/h3>\n\n\n\n<p>\u064a\u0645\u0643\u0646 \u0644\u0623\u064a \u0634\u062e\u0635 \u064a\u0639\u062a\u0628\u0631 \u0646\u0641\u0633\u0647 \u0636\u062d\u064a\u0629 \u0644\u0641\u0639\u0644 \u064a\u0645\u0643\u0646 \u062a\u0635\u0646\u064a\u0641\u0647 \u0639\u0644\u0649 \u0623\u0646\u0647 \u062c\u0631\u064a\u0645\u0629\u060c \u0648\u0643\u0630\u0644\u0643 \u0627\u0644\u0645\u0642\u0631\u0628\u064a\u0646 \u0645\u0646 \u0627\u0644\u0636\u062d\u064a\u0629 \u0627\u0644\u0645\u0628\u0627\u0634\u0631\u0629 \u0627\u0644\u0630\u064a\u0646 \u064a\u062a\u0623\u062b\u0631\u0648\u0646 \u0628\u0634\u0643\u0644 \u0645\u0628\u0627\u0634\u0631 \u0648\u0634\u062e\u0635\u064a \u0628\u0639\u0648\u0627\u0642\u0628 \u0648\u062a\u062f\u0627\u0639\u064a\u0627\u062a \u0647\u0630\u0627 \u0627\u0644\u0641\u0639\u0644\u060c \u0623\u0646 \u064a\u0637\u0644\u0628\u0648\u0627 \u0627\u0644\u0645\u0633\u0627\u0639\u062f\u0629 \u0645\u0646 \u0627\u062a\u062d\u0627\u062f \u0636\u062d\u0627\u064a\u0627 \u0641\u0631\u0646\u0633\u0627.<\/p>\n\n\n\n<p><a href=\"https:\/\/aideauxvictimes.wordpress.com\">aideauxvictimes.wordpress.com<\/a><\/p>\n\n\n\n<p><a href=\"https:\/\/www.france-victimes.fr\/index.php\">france-victimes.fr\/index.php<\/a><\/p>\n<\/div>\n<\/div>","protected":false},"excerpt":{"rendered":"<p>Service citoyennet\u00e9, pr\u00e9vention et m\u00e9diation (CPM) Son r\u00f4le est d&rsquo;accueillir, d&rsquo;\u00e9couter, de conseiller et d&rsquo;orienter les habitant\u00b7e\u00b7s au quotidien. Il apaise les tensions et facilite le dialogue. En soir\u00e9e, il assure une pr\u00e9sence sociale sur l&rsquo;ensemble du territoire de la ville, contribuant ainsi \u00e0 cr\u00e9er et\/ou \u00e0 consolider le lien entre les habitant\u00b7e\u00b7s. Il fait [&hellip;]<\/p>\n","protected":false},"author":1,"featured_media":1033,"parent":120,"menu_order":35,"comment_status":"closed","ping_status":"closed","template":"","meta":{"_acf_changed":false,"_uag_custom_page_level_css":"","footnotes":""},"class_list":["post-158","page","type-page","status-publish","has-post-thumbnail","hentry"],"acf":[],"uagb_featured_image_src":{"full":["https:\/\/mairie-montataire.fr\/app\/uploads\/2024\/07\/1.6.2_tranquilite_publique.jpg",490,348,false],"thumbnail":["https:\/\/mairie-montataire.fr\/app\/uploads\/2024\/07\/1.6.2_tranquilite_publique-150x150.jpg",150,150,true],"medium":["https:\/\/mairie-montataire.fr\/app\/uploads\/2024\/07\/1.6.2_tranquilite_publique-300x213.jpg",300,213,true],"medium_large":["https:\/\/mairie-montataire.fr\/app\/uploads\/2024\/07\/1.6.2_tranquilite_publique.jpg",490,348,false],"large":["https:\/\/mairie-montataire.fr\/app\/uploads\/2024\/07\/1.6.2_tranquilite_publique.jpg",490,348,false],"1536x1536":["https:\/\/mairie-montataire.fr\/app\/uploads\/2024\/07\/1.6.2_tranquilite_publique.jpg",490,348,false],"2048x2048":["https:\/\/mairie-montataire.fr\/app\/uploads\/2024\/07\/1.6.2_tranquilite_publique.jpg",490,348,false],"trp-custom-language-flag":["https:\/\/mairie-montataire.fr\/app\/uploads\/2024\/07\/1.6.2_tranquilite_publique.jpg",18,12,false],"gform-image-choice-sm":["https:\/\/mairie-montataire.fr\/app\/uploads\/2024\/07\/1.6.2_tranquilite_publique.jpg",300,213,false],"gform-image-choice-md":["https:\/\/mairie-montataire.fr\/app\/uploads\/2024\/07\/1.6.2_tranquilite_publique.jpg",400,284,false],"gform-image-choice-lg":["https:\/\/mairie-montataire.fr\/app\/uploads\/2024\/07\/1.6.2_tranquilite_publique.jpg",490,348,false]},"uagb_author_info":{"display_name":"mentalworks","author_link":"https:\/\/mairie-montataire.fr\/ar\/actualites\/author\/mentalworks\/"},"uagb_comment_info":0,"uagb_excerpt":"Service citoyennet\u00e9, pr\u00e9vention et m\u00e9diation (CPM) Son r\u00f4le est d&rsquo;accueillir, d&rsquo;\u00e9couter, de conseiller et d&rsquo;orienter les habitant\u00b7e\u00b7s au quotidien. Il apaise les tensions et facilite le dialogue. En soir\u00e9e, il assure une pr\u00e9sence sociale sur l&rsquo;ensemble du territoire de la ville, contribuant ainsi \u00e0 cr\u00e9er et\/ou \u00e0 consolider le lien entre les habitant\u00b7e\u00b7s. Il fait&hellip;","_links":{"self":[{"href":"https:\/\/mairie-montataire.fr\/ar\/wp-json\/wp\/v2\/pages\/158","targetHints":{"allow":["GET"]}}],"collection":[{"href":"https:\/\/mairie-montataire.fr\/ar\/wp-json\/wp\/v2\/pages"}],"about":[{"href":"https:\/\/mairie-montataire.fr\/ar\/wp-json\/wp\/v2\/types\/page"}],"author":[{"embeddable":true,"href":"https:\/\/mairie-montataire.fr\/ar\/wp-json\/wp\/v2\/users\/1"}],"replies":[{"embeddable":true,"href":"https:\/\/mairie-montataire.fr\/ar\/wp-json\/wp\/v2\/comments?post=158"}],"version-history":[{"count":18,"href":"https:\/\/mairie-montataire.fr\/ar\/wp-json\/wp\/v2\/pages\/158\/revisions"}],"predecessor-version":[{"id":7351,"href":"https:\/\/mairie-montataire.fr\/ar\/wp-json\/wp\/v2\/pages\/158\/revisions\/7351"}],"up":[{"embeddable":true,"href":"https:\/\/mairie-montataire.fr\/ar\/wp-json\/wp\/v2\/pages\/120"}],"wp:featuredmedia":[{"embeddable":true,"href":"https:\/\/mairie-montataire.fr\/ar\/wp-json\/wp\/v2\/media\/1033"}],"wp:attachment":[{"href":"https:\/\/mairie-montataire.fr\/ar\/wp-json\/wp\/v2\/media?parent=158"}],"curies":[{"name":"\u062f\u0628\u0644\u064a\u0648 \u0628\u064a","href":"https:\/\/api.w.org\/{rel}","templated":true}]}}