{"id":156,"date":"2024-05-03T09:30:02","date_gmt":"2024-05-03T09:30:02","guid":{"rendered":"https:\/\/montataire.local\/?page_id=156"},"modified":"2026-02-09T13:22:20","modified_gmt":"2026-02-09T13:22:20","slug":"%d8%a7%d9%86%d8%aa%d8%ae%d8%a7%d8%a8%d8%a7%d8%aa-%d8%a7%d9%84%d8%a3%d8%ad%d9%88%d8%a7%d9%84-%d8%a7%d9%84%d9%85%d8%af%d9%86%d9%8a%d8%a9","status":"publish","type":"page","link":"https:\/\/mairie-montataire.fr\/ar\/habiter\/cadre-de-vie\/etat-civil-election\/","title":{"rendered":"\u0627\u0644\u0623\u062d\u0648\u0627\u0644 \u0627\u0644\u0645\u062f\u0646\u064a\u0629 \u0648\u0627\u0644\u0627\u0646\u062a\u062e\u0627\u0628\u0627\u062a"},"content":{"rendered":"<h2 class=\"wp-block-heading\">\u0627\u0644\u0627\u0646\u062a\u062e\u0627\u0628\u0627\u062a \u0627\u0644\u0642\u0627\u062f\u0645\u0629<\/h2>\n\n\n\n<p><strong>\u0627\u0644\u0627\u0646\u062a\u062e\u0627\u0628\u0627\u062a \u0627\u0644\u0628\u0644\u062f\u064a\u0629 \u0641\u064a 15 \u064822 \u0645\u0627\u0631\u0633 2026<\/strong><\/p>\n\n\n\n<p><strong>\u0627\u0644\u0627\u0646\u062a\u062e\u0627\u0628\u0627\u062a \u0627\u0644\u0631\u0626\u0627\u0633\u064a\u0629 \u0641\u064a \u0639\u0627\u0645 2027<\/strong><\/p>\n\n\n\n<h2 class=\"wp-block-heading\">\u062a\u0633\u062c\u064a\u0644 \u0627\u0644\u0642\u0648\u0627\u0626\u0645 \u0627\u0644\u0627\u0646\u062a\u062e\u0627\u0628\u064a\u0629<\/h2>\n\n\n\n<p>\u0644\u0644\u0645\u0634\u0627\u0631\u0643\u0629 \u0641\u064a \u0627\u0644\u0627\u0646\u062a\u062e\u0627\u0628\u0627\u062a\u060c \u064a\u062c\u0628 \u0623\u0646 \u062a\u0643\u0648\u0646 \u0645\u0633\u062c\u0644\u0627\u064b \u0641\u064a \u0627\u0644\u0642\u0648\u0627\u0626\u0645 \u0627\u0644\u0627\u0646\u062a\u062e\u0627\u0628\u064a\u0629. \u064a\u0643\u0648\u0646 \u0627\u0644\u062a\u0633\u062c\u064a\u0644 \u062a\u0644\u0642\u0627\u0626\u064a\u064b\u0627 \u0644\u0645\u0646 \u0647\u0645 \u0641\u064a \u0633\u0646 18 \u0639\u0627\u0645\u064b\u0627 (\u0648\u0641\u0642\u064b\u0627 \u0644\u0634\u0631\u0648\u0637 \u0645\u0639\u064a\u0646\u0629) \u0648\u0644\u0644\u0623\u0634\u062e\u0627\u0635 \u0627\u0644\u0630\u064a\u0646 \u062d\u0635\u0644\u0648\u0627 \u0639\u0644\u0649 \u0627\u0644\u062c\u0646\u0633\u064a\u0629 \u0627\u0644\u0641\u0631\u0646\u0633\u064a\u0629 \u0628\u0639\u062f \u0639\u0627\u0645 2018. \u0625\u0630\u0627 \u0648\u062c\u062f\u062a \u0646\u0641\u0633\u0643 \u0641\u064a \u0648\u0636\u0639 \u0645\u062e\u062a\u0644\u0641 (\u0627\u0644\u0627\u0646\u062a\u0642\u0627\u0644 \u0625\u0644\u0649 \u0645\u0646\u0632\u0644 \u062c\u062f\u064a\u062f\u060c \u0623\u0648 \u0627\u0633\u062a\u0639\u0627\u062f\u0629 \u0627\u0644\u062d\u0642 \u0641\u064a \u0627\u0644\u062a\u0635\u0648\u064a\u062a\u060c \u0623\u0648 \u0645\u0648\u0627\u0637\u0646 \u0623\u0648\u0631\u0648\u0628\u064a \u0645\u0642\u064a\u0645 \u0641\u064a \u0641\u0631\u0646\u0633\u0627\u060c \u0648\u0645\u0627 \u0625\u0644\u0649 \u0630\u0644\u0643)\u060c \u064a\u062c\u0628 \u0639\u0644\u064a\u0643 \u0627\u0644\u062a\u0642\u062f\u0645 \u0628\u0637\u0644\u0628 \u0625\u0644\u0649 \u0627\u0644\u0645\u0643\u062a\u0628 \u0627\u0644\u0627\u0646\u062a\u062e\u0627\u0628\u064a. <a href=\"https:\/\/mairie-montataire.fr\/ar\/%d8%a7%d9%84%d8%a5%d8%ac%d8%b1%d8%a7%d8%a1%d8%a7%d8%aa-%d8%b9%d8%a8%d8%b1-%d8%a7%d9%84%d8%a5%d9%86%d8%aa%d8%b1%d9%86%d8%aa\/%d8%b7%d9%84%d8%a8-%d8%a7%d9%84%d9%82%d9%8a%d8%af-%d9%81%d9%8a-%d8%a7%d9%84%d9%82%d9%88%d8%a7%d8%a6%d9%85-%d8%a7%d9%84%d8%a7%d9%86%d8%aa%d8%ae%d8%a7%d8%a8%d9%8a%d8%a9\/\">\u0643\u064a\u0641\u064a\u0629 \u0627\u0644\u062a\u0633\u062c\u064a\u0644<\/a>.<\/p>\n\n\n<div class=\"highlight\">\n                <div class=\"highlight__description\"><p style=\"text-align: center;\"><strong>\u064a\u0645\u0643\u0646\u0643 \u0627\u0644\u062a\u062d\u0642\u0642 \u0645\u0645\u0627 \u0625\u0630\u0627 \u0643\u0646\u062a \u0645\u0633\u062c\u0644\u0627\u064b \u0628\u0627\u0644\u0641\u0639\u0644 \u0645\u0646 \u062e\u0644\u0627\u0644 \u0627\u062a\u0628\u0627\u0639 \u0647\u0630\u0627 \u0627\u0644\u0631\u0627\u0628\u0637<\/strong><br \/>\n<strong><a href=\"https:\/\/www.service-public.fr\/particuliers\/vosdroits\/R51788?fbclid=IwAR39HH1OZjwCSQ6mRlD82Wl4T9slaxbD9bPfUTlT7yD2wk4L7Pr15XXSpmo_aem_AbQkGHXrba898pl0X1N_xXzazOJKV5uD9o_tgzJk2E0Ptz0XvfIuOENvkwr7OSoo0__-aKqNC4Ku4czE8mfYiTRK\" target=\"_blank\" rel=\"noreferrer noopener\">Service-public.fr\/individuals\/yourrights\/R51788<\/a><\/strong><\/p>\n<\/div>\n    <\/div>\n\n\n<h2 class=\"wp-block-heading\">\u0628\u0631\u064a\u0645\u0648\u0641\u0648\u062a\u0627\u0646\u062a<\/h2>\n\n\n\n<p><strong>\u064a\u062a\u0645 \u062a\u0633\u062c\u064a\u0644 \u0627\u0644\u0646\u0627\u062e\u0628\u064a\u0646 \u0627\u0644\u0641\u0631\u0646\u0633\u064a\u064a\u0646 \u0627\u0644\u0634\u0628\u0627\u0628 \u0627\u0644\u0630\u064a\u0646 \u0623\u062f\u0644\u0648\u0627 \u0628\u0623\u0635\u0648\u0627\u062a\u0647\u0645 \u0641\u064a \u0627\u0644\u062a\u0639\u062f\u0627\u062f \u0627\u0644\u0645\u062f\u0646\u064a \u0641\u064a \u0633\u0646 16 \u0639\u0627\u0645\u064b\u0627 \u062a\u0644\u0642\u0627\u0626\u064a\u064b\u0627 \u0641\u064a \u0627\u0644\u0633\u062c\u0644 \u0627\u0644\u0627\u0646\u062a\u062e\u0627\u0628\u064a \u0644\u0644\u0628\u0644\u062f\u064a\u0629 \u0627\u0644\u062a\u064a \u0642\u0627\u0645\u0648\u0627 \u0641\u064a\u0647\u0627 \u0628\u0630\u0644\u0643. \u0648\u0641\u064a \u0645\u0648\u0646\u062a\u0627\u062a\u064a\u0631\u060c \u064a\u062a\u0645 \u062a\u0646\u0638\u064a\u0645 \u062d\u0641\u0644 \u0644\u062a\u0648\u0639\u064a\u062a\u0647\u0645 \u0628\u0623\u0647\u0645\u064a\u0629 \u0627\u0644\u062a\u0635\u0648\u064a\u062a \u0648\u0645\u0646\u062d\u0647\u0645 \u0628\u0637\u0627\u0642\u062a\u0647\u0645 \u0627\u0644\u0627\u0646\u062a\u062e\u0627\u0628\u064a\u0629.&nbsp;<\/strong><\/p>\n\n\n\n<p>\u0625\u0630\u0627 \u0644\u0645 \u064a\u062a\u0645 \u0627\u0633\u062a\u0644\u0627\u0645 \u0627\u0644\u0628\u0637\u0627\u0642\u0629 \u0641\u064a \u0627\u0644\u062d\u0641\u0644\u060c \u0641\u0633\u064a\u062a\u0645 \u062a\u0648\u0641\u064a\u0631\u0647\u0627 \u0644\u0644\u0646\u0627\u062e\u0628 \u0641\u064a \u062f\u0627\u0631 \u0627\u0644\u0628\u0644\u062f\u064a\u0629 \u062b\u0645 \u0641\u064a \u0645\u0631\u0643\u0632 \u0627\u0644\u0627\u0642\u062a\u0631\u0627\u0639 \u0641\u064a \u064a\u0648\u0645 \u0627\u0644\u0627\u0642\u062a\u0631\u0627\u0639. \u0633\u064a\u062a\u0645\u0643\u0646 \u0627\u0644\u0646\u0627\u062e\u0628\u0648\u0646 \u0645\u0646 \u0627\u0633\u062a\u0644\u0627\u0645 \u0627\u0644\u0628\u0637\u0627\u0642\u0629 \u0645\u0639 \u0648\u062b\u064a\u0642\u0629 \u0627\u0644\u0647\u0648\u064a\u0629 \u0627\u0644\u062e\u0627\u0635\u0629 \u0628\u0647\u0645.<\/p>\n\n\n\n<h2 class=\"wp-block-heading\">\u0627\u0644\u062a\u0648\u0643\u064a\u0644 \u0627\u0644\u0631\u0633\u0645\u064a<\/h2>\n\n\n\n<p>\u064a\u0633\u0645\u062d \u0627\u0644\u062a\u0635\u0648\u064a\u062a \u0628\u0627\u0644\u0648\u0643\u0627\u0644\u0629 \u0644\u0644\u0646\u0627\u062e\u0628 \u0627\u0644\u063a\u0627\u0626\u0628 \u0623\u0648 \u063a\u064a\u0631 \u0627\u0644\u0642\u0627\u062f\u0631 \u0639\u0644\u0649 \u0627\u0644\u062d\u0636\u0648\u0631 \u0641\u064a \u064a\u0648\u0645 \u0627\u0644\u0627\u0646\u062a\u062e\u0627\u0628\u0627\u062a \u0628\u0623\u0646 \u064a\u0645\u062b\u0644\u0647 \u0646\u0627\u062e\u0628 \u0622\u062e\u0631 \u0645\u0633\u062c\u0644 \u0641\u064a \u0625\u062d\u062f\u0649 \u0627\u0644\u0628\u0644\u062f\u064a\u0627\u062a \u0627\u0644\u0641\u0631\u0646\u0633\u064a\u0629. <a href=\"https:\/\/mairie-montataire.fr\/ar\/%d8%a7%d9%84%d8%a5%d8%ac%d8%b1%d8%a7%d8%a1%d8%a7%d8%aa-%d8%b9%d8%a8%d8%b1-%d8%a7%d9%84%d8%a5%d9%86%d8%aa%d8%b1%d9%86%d8%aa\/%d8%b7%d9%84%d8%a8-%d8%a7%d9%84%d8%aa%d8%b5%d9%88%d9%8a%d8%aa-%d8%a8%d8%a7%d9%84%d9%88%d9%83%d8%a7%d9%84%d8%a9\/\">\u064a\u0645\u0643\u0646\u0643 \u0627\u0644\u0642\u064a\u0627\u0645 \u0628\u0630\u0644\u0643 \u0639\u0628\u0631 \u0627\u0644\u0625\u0646\u062a\u0631\u0646\u062a<\/a> \u0648\u0644\u0643\u0646 \u0623\u064a\u0636\u064b\u0627 \u0648\u062c\u0647\u064b\u0627 \u0644\u0648\u062c\u0647 <\/p>\n\n\n\n<h2 class=\"wp-block-heading\">\u0642\u0627\u0626\u0645\u0629 \u0645\u0631\u0627\u0643\u0632 \u0627\u0644\u0627\u0642\u062a\u0631\u0627\u0639<\/h2>\n\n\n\n<ul style=\"padding-right:var(--wp--preset--spacing--70);padding-left:var(--wp--preset--spacing--70)\" class=\"wp-block-list\">\n<li style=\"font-style:normal;font-weight:400\"><strong>\u0627\u0644\u0645\u0643\u062a\u0628 1 :<\/strong> \u0642\u0627\u0639\u0629 \u0627\u0644\u0645\u062f\u064a\u0646\u0629\u060c \u0642\u0627\u0639\u0629 \u0627\u0644\u0623\u0641\u0631\u0627\u062d <br>\u0645\u0643\u0627\u0646 \u0623\u0648\u063a\u0633\u062a<strong> <\/strong>\u0627\u0644\u0647\u0646\u062f\u0633\u0629<\/li>\n\n\n\n<li style=\"font-style:normal;font-weight:400\"><strong>\u0627\u0644\u0645\u0643\u062a\u0628 2 :<\/strong>&nbsp; \u0635\u0627\u0644\u0648\u0646 \u0627\u0644\u062a\u062d\u0631\u064a\u0631, <br>\u0634\u0627\u0631\u0639 \u062f\u064a \u062f\u064a\u0628\u0648\u0631\u062a\u064a\u0633&nbsp;<\/li>\n\n\n\n<li style=\"font-style:normal;font-weight:400\"><strong>\u0627\u0644\u0645\u0643\u062a\u0628 3 :<\/strong> \u062c.\u0633. \u0628\u0648\u0644 \u0644\u0627\u0646\u062c\u0641\u064a\u0646 <br>19\u060c \u0634\u0627\u0631\u0639 8 \u0645\u0627\u064a\u0648 1945 (\u0645\u062f\u0631\u0633\u0629 \u0627\u0644\u062d\u0636\u0627\u0646\u0629)&nbsp;&nbsp;&nbsp;&nbsp;&nbsp;&nbsp;&nbsp;&nbsp;&nbsp;&nbsp;&nbsp;&nbsp;&nbsp;&nbsp;<\/li>\n\n\n\n<li style=\"font-style:normal;font-weight:400\"><strong>\u0627\u0644\u0645\u0643\u062a\u0628 4 :<\/strong> \u062c.\u0633. \u0647\u0646\u0631\u064a \u0648\u0627\u0644\u0648\u0646 <br>30, rue Jules Uhry (pr\u00e9au) 30, rue Jules Uhry (pr\u00e9au)&nbsp;&nbsp;&nbsp;&nbsp;&nbsp;&nbsp;&nbsp;&nbsp;&nbsp;&nbsp;&nbsp;&nbsp;<\/li>\n\n\n\n<li style=\"font-style:normal;font-weight:400\"><strong>\u0627\u0644\u0645\u0643\u062a\u0628 5 :<\/strong> \u062c\u0627\u0643 \u062f\u064a\u0643\u0648\u0631 \u062c\u0627\u0643 \u062f\u064a\u0643\u0648\u0631 \u0623 <br>92\u060c AV. Anatole France (pr\u00e9au)&nbsp;&nbsp;&nbsp;&nbsp;&nbsp;&nbsp;&nbsp;&nbsp;&nbsp;&nbsp;&nbsp;&nbsp;<\/li>\n\n\n\n<li style=\"font-style:normal;font-weight:400\"><strong>\u0627\u0644\u0645\u0643\u062a\u0628 6 :<\/strong> \u062c. \u0633. \u062c\u0627\u0643 \u062f\u064a\u0643\u0648\u0631 \u0628<br>1, rue Paul Vaillant Couturier (pr\u00e9au)<\/li>\n\n\n\n<li style=\"font-style:normal;font-weight:400\"><strong>\u0627\u0644\u0645\u0643\u062a\u0628 7 :<\/strong> \u062c. \u0633. \u0625\u064a\u0631\u064a\u0646 \u0648\u0641\u0631\u064a\u062f\u0631\u064a\u0643 \u062c\u0648\u0644\u064a\u0648\u062a \u0643\u0648\u0631\u064a<br>32\u060c \u0634\u0627\u0631\u0639 \u0644\u0648\u064a\u0633 \u0628\u0644\u0627\u0646 (\u0628\u0631\u064a\u0648)&nbsp;&nbsp;&nbsp;&nbsp;&nbsp;&nbsp;&nbsp;&nbsp;&nbsp;&nbsp;&nbsp;&nbsp;<\/li>\n\n\n\n<li style=\"font-style:normal;font-weight:400\"><strong>\u0627\u0644\u0645\u0643\u062a\u0628 8&nbsp;<\/strong>:: \u062c. \u0633. \u0625\u064a\u0631\u064a\u0646 \u0648\u0641\u0631\u064a\u062f\u064a\u0631\u064a\u0643 \u062c\u0648\u0644\u064a\u0648\u062a \u0643\u0648\u0631\u064a<br>32\u060c \u0634\u0627\u0631\u0639 \u0644\u0648\u064a\u0633 \u0628\u0644\u0627\u0646 (\u0628\u0631\u064a\u0648)&nbsp;&nbsp;&nbsp;&nbsp;&nbsp;&nbsp;&nbsp;&nbsp;&nbsp;&nbsp;&nbsp;<\/li>\n\n\n\n<li style=\"font-style:normal;font-weight:400\"><strong>\u0627\u0644\u0645\u0643\u062a\u0628 9 :<\/strong> \u062c.\u0633. \u0645\u0648\u0631\u064a\u0633 \u0648\u0644\u0648\u0633\u064a \u0628\u0627\u0645\u0628\u064a\u0631, <br>1, rue Maurice Thorez (pr\u00e9au)&nbsp;<\/li>\n<\/ul>\n\n\n\n<div style=\"height:100px\" aria-hidden=\"true\" class=\"wp-block-spacer\"><\/div>\n\n\n\t\t\t\t\t<div\n\t\t\t\t\t\tclass=\"wp-block-uagb-image-gallery uagb-block-8964bd8d\"\n\t\t\t\t\t\tstyle=\"\"\n\t\t\t\t\t>\n\t\t\t\t\t\t\t\t\t\t\t<div class=\"spectra-image-gallery spectra-image-gallery__layout--grid spectra-image-gallery__layout--grid-col-2 spectra-image-gallery__layout--grid-col-tab-2 spectra-image-gallery__layout--grid-col-mob-2\">\n\t\t\t\t\t\t\t\t\t\t\t<div class='spectra-image-gallery__media-wrapper' data-spectra-gallery-image-id='2337' tabindex=\"0\">\n\t\t\t\t\t\t\t<div class=\"spectra-image-gallery__media spectra-image-gallery__media--grid\">\n\t\t\t\t<picture>\n\t\t\t\t\t<source media=\"(min-width: 1024px)\" srcset=\"https:\/\/mairie-montataire.fr\/app\/uploads\/2024\/07\/2022-04-10-Election-1er-Tour-Presidentielle-8-1024x683.jpg\">\n\t\t\t\t\t<source media=\"(min-width: 768px)\" srcset=\"https:\/\/mairie-montataire.fr\/app\/uploads\/2024\/07\/2022-04-10-Election-1er-Tour-Presidentielle-8-1024x683.jpg\">\n\t\t\t\t\t<img decoding=\"async\" class=\"spectra-image-gallery__media-thumbnail spectra-image-gallery__media-thumbnail--grid\" src=\"https:\/\/mairie-montataire.fr\/app\/uploads\/2024\/07\/2022-04-10-Election-1er-Tour-Presidentielle-8-300x200.jpg\" alt=\"\" loading=\"lazy\" \/>\n\t\t\t\t<\/picture>\n\t\t\t\t<div class=\"spectra-image-gallery__media-thumbnail-blurrer\"><\/div>\n\t\t\t\t\t\t\t\t\t\t\t<div class=\"spectra-image-gallery__media-thumbnail-caption-wrapper spectra-image-gallery__media-thumbnail-caption-wrapper--overlay\"><\/div>\n\t\t\t\t\t\t\t\t<\/div>\n\t\t\t\t\t\t<\/div>\n\t\t\t\t\t\t<div class='spectra-image-gallery__media-wrapper' data-spectra-gallery-image-id='2338' tabindex=\"0\">\n\t\t\t\t\t\t\t<div class=\"spectra-image-gallery__media spectra-image-gallery__media--grid\">\n\t\t\t\t<picture>\n\t\t\t\t\t<source media=\"(min-width: 1024px)\" srcset=\"https:\/\/mairie-montataire.fr\/app\/uploads\/2024\/07\/2022-04-10-Election-1er-Tour-Presidentielle-13-1024x683.jpg\">\n\t\t\t\t\t<source media=\"(min-width: 768px)\" srcset=\"https:\/\/mairie-montataire.fr\/app\/uploads\/2024\/07\/2022-04-10-Election-1er-Tour-Presidentielle-13-1024x683.jpg\">\n\t\t\t\t\t<img decoding=\"async\" class=\"spectra-image-gallery__media-thumbnail spectra-image-gallery__media-thumbnail--grid\" src=\"https:\/\/mairie-montataire.fr\/app\/uploads\/2024\/07\/2022-04-10-Election-1er-Tour-Presidentielle-13-300x200.jpg\" alt=\"\" loading=\"lazy\" \/>\n\t\t\t\t<\/picture>\n\t\t\t\t<div class=\"spectra-image-gallery__media-thumbnail-blurrer\"><\/div>\n\t\t\t\t\t\t\t\t\t\t\t<div class=\"spectra-image-gallery__media-thumbnail-caption-wrapper spectra-image-gallery__media-thumbnail-caption-wrapper--overlay\"><\/div>\n\t\t\t\t\t\t\t\t<\/div>\n\t\t\t\t\t\t<\/div>\n\t\t\t\t\t\t\t\t\t\t<\/div>\n\t\t\t\t\t\t\t\t\t\t\t\t\t\t\t\t\t\t<\/div>","protected":false},"excerpt":{"rendered":"<p>Prochaine \u00e9lections \u00c9lections municipales le 15 et 22 mars 2026 \u00c9lections pr\u00e9sidentielle en 2027 Inscription sur les listes \u00e9lectorales Pour participer aux \u00e9lections, il faut \u00eatre inscrit sur les listes \u00e9lectorales. Elle est automatique pour les jeunes de 18 ans (sous certaines conditions) et pour les personnes obtenant la nationalit\u00e9 fran\u00e7aise apr\u00e8s 2018. Si vous [&hellip;]<\/p>\n","protected":false},"author":1,"featured_media":1032,"parent":120,"menu_order":34,"comment_status":"closed","ping_status":"closed","template":"","meta":{"_acf_changed":false,"_uag_custom_page_level_css":"","footnotes":""},"class_list":["post-156","page","type-page","status-publish","has-post-thumbnail","hentry"],"acf":[],"uagb_featured_image_src":{"full":["https:\/\/mairie-montataire.fr\/app\/uploads\/2024\/07\/1.6_elections.jpg",490,327,false],"thumbnail":["https:\/\/mairie-montataire.fr\/app\/uploads\/2024\/07\/1.6_elections-150x150.jpg",150,150,true],"medium":["https:\/\/mairie-montataire.fr\/app\/uploads\/2024\/07\/1.6_elections-300x200.jpg",300,200,true],"medium_large":["https:\/\/mairie-montataire.fr\/app\/uploads\/2024\/07\/1.6_elections.jpg",490,327,false],"large":["https:\/\/mairie-montataire.fr\/app\/uploads\/2024\/07\/1.6_elections.jpg",490,327,false],"1536x1536":["https:\/\/mairie-montataire.fr\/app\/uploads\/2024\/07\/1.6_elections.jpg",490,327,false],"2048x2048":["https:\/\/mairie-montataire.fr\/app\/uploads\/2024\/07\/1.6_elections.jpg",490,327,false],"trp-custom-language-flag":["https:\/\/mairie-montataire.fr\/app\/uploads\/2024\/07\/1.6_elections.jpg",18,12,false],"gform-image-choice-sm":["https:\/\/mairie-montataire.fr\/app\/uploads\/2024\/07\/1.6_elections.jpg",300,200,false],"gform-image-choice-md":["https:\/\/mairie-montataire.fr\/app\/uploads\/2024\/07\/1.6_elections.jpg",400,267,false],"gform-image-choice-lg":["https:\/\/mairie-montataire.fr\/app\/uploads\/2024\/07\/1.6_elections.jpg",490,327,false]},"uagb_author_info":{"display_name":"mentalworks","author_link":"https:\/\/mairie-montataire.fr\/ar\/actualites\/author\/mentalworks\/"},"uagb_comment_info":0,"uagb_excerpt":"Prochaine \u00e9lections \u00c9lections municipales le 15 et 22 mars 2026 \u00c9lections pr\u00e9sidentielle en 2027 Inscription sur les listes \u00e9lectorales Pour participer aux \u00e9lections, il faut \u00eatre inscrit sur les listes \u00e9lectorales. Elle est automatique pour les jeunes de 18 ans (sous certaines conditions) et pour les personnes obtenant la nationalit\u00e9 fran\u00e7aise apr\u00e8s 2018. Si vous&hellip;","_links":{"self":[{"href":"https:\/\/mairie-montataire.fr\/ar\/wp-json\/wp\/v2\/pages\/156","targetHints":{"allow":["GET"]}}],"collection":[{"href":"https:\/\/mairie-montataire.fr\/ar\/wp-json\/wp\/v2\/pages"}],"about":[{"href":"https:\/\/mairie-montataire.fr\/ar\/wp-json\/wp\/v2\/types\/page"}],"author":[{"embeddable":true,"href":"https:\/\/mairie-montataire.fr\/ar\/wp-json\/wp\/v2\/users\/1"}],"replies":[{"embeddable":true,"href":"https:\/\/mairie-montataire.fr\/ar\/wp-json\/wp\/v2\/comments?post=156"}],"version-history":[{"count":9,"href":"https:\/\/mairie-montataire.fr\/ar\/wp-json\/wp\/v2\/pages\/156\/revisions"}],"predecessor-version":[{"id":7578,"href":"https:\/\/mairie-montataire.fr\/ar\/wp-json\/wp\/v2\/pages\/156\/revisions\/7578"}],"up":[{"embeddable":true,"href":"https:\/\/mairie-montataire.fr\/ar\/wp-json\/wp\/v2\/pages\/120"}],"wp:featuredmedia":[{"embeddable":true,"href":"https:\/\/mairie-montataire.fr\/ar\/wp-json\/wp\/v2\/media\/1032"}],"wp:attachment":[{"href":"https:\/\/mairie-montataire.fr\/ar\/wp-json\/wp\/v2\/media?parent=156"}],"curies":[{"name":"\u062f\u0628\u0644\u064a\u0648 \u0628\u064a","href":"https:\/\/api.w.org\/{rel}","templated":true}]}}