{"id":154,"date":"2024-05-03T09:29:44","date_gmt":"2024-05-03T09:29:44","guid":{"rendered":"https:\/\/montataire.local\/?page_id=154"},"modified":"2024-08-22T13:12:40","modified_gmt":"2024-08-22T13:12:40","slug":"%d8%b3%d9%83%d9%86-%d8%ba%d9%8a%d8%b1-%d9%84%d8%a7%d8%a6%d9%82","status":"publish","type":"page","link":"https:\/\/mairie-montataire.fr\/ar\/habiter\/solidarite\/habitat-indigne\/","title":{"rendered":"\u0645\u0633\u0627\u0643\u0646 \u062f\u0648\u0646 \u0627\u0644\u0645\u0633\u062a\u0648\u0649 \u0627\u0644\u0645\u0637\u0644\u0648\u0628"},"content":{"rendered":"<p><strong>\u062c\u0639\u0644\u062a \u0645\u062f\u064a\u0646\u0629 \u0645\u0648\u0646\u062a\u0627\u062a\u064a\u0631 \u0645\u0646 \u0645\u0643\u0627\u0641\u062d\u0629 \u0627\u0644\u0645\u0633\u0627\u0643\u0646 \u063a\u064a\u0631 \u0627\u0644\u0644\u0627\u0626\u0642\u0629 \u0648\u063a\u064a\u0631 \u0627\u0644\u0645\u0633\u062a\u0648\u0641\u064a\u0629 \u0644\u0644\u0645\u0639\u0627\u064a\u064a\u0631 \u0623\u0648\u0644\u0648\u064a\u0629. \u0641\u0642\u062f \u0623\u0646\u0634\u0623\u062a \u0648\u062d\u062f\u0629 \u0644\u0645\u0643\u0627\u0641\u062d\u0629 \u0627\u0644\u0645\u0633\u0627\u0643\u0646 \u063a\u064a\u0631 \u0627\u0644\u0645\u0633\u062a\u0648\u0641\u064a\u0629 \u0644\u0644\u0645\u0639\u0627\u064a\u064a\u0631\u060c \u0648\u0627\u0644\u0647\u062f\u0641 \u0645\u0646\u0647\u0627 \u0647\u0648 \u062f\u0639\u0645 \u0627\u0644\u0645\u0633\u062a\u0623\u062c\u0631\u064a\u0646 \u0627\u0644\u0636\u062d\u0627\u064a\u0627\u060c \u0648\u0643\u0630\u0644\u0643 \u0627\u0644\u0645\u0644\u0627\u0643 \u0627\u0644\u0630\u064a\u0646 \u064a\u0634\u0639\u0631\u0648\u0646 \u0628\u0627\u0644\u0642\u0644\u0642 \u0628\u0634\u0623\u0646 \u0645\u0645\u062a\u0644\u0643\u0627\u062a\u0647\u0645 \u0627\u0644\u0645\u0633\u062a\u0623\u062c\u0631\u0629.<\/strong><\/p>\n\n\n\n<p>\u064a\u062a\u0645 \u0625\u062c\u0631\u0627\u0621 \u062d\u0648\u0627\u0644\u064a \u062e\u0645\u0633\u064a\u0646 \u0639\u0645\u0644\u064a\u0629 \u062a\u0641\u062a\u064a\u0634 \u0648\u062a\u0641\u062a\u064a\u0634 \u0645\u0636\u0627\u062f \u0643\u0644 \u0639\u0627\u0645\u060c \u0628\u0647\u062f\u0641 \u0636\u0645\u0627\u0646 \u0627\u0645\u062a\u062b\u0627\u0644 \u0627\u0644\u0645\u0646\u0627\u0632\u0644 \u0644\u0644\u0648\u0627\u0626\u062d. \u0648\u0641\u064a \u0627\u0644\u062d\u0627\u0644\u0627\u062a \u0627\u0644\u0623\u0643\u062b\u0631 \u062e\u0637\u0648\u0631\u0629\u060c \u064a\u062a\u0645 \u0641\u0631\u0636 \u062d\u0638\u0631 \u0627\u0644\u0625\u0634\u063a\u0627\u0644 \u0648\u064a\u064f\u0637\u0644\u0628 \u0645\u0646 \u0627\u0644\u0645\u0644\u0627\u0643 \u0625\u0639\u0627\u062f\u0629 \u0625\u0633\u0643\u0627\u0646 \u0627\u0644\u0645\u0633\u062a\u0623\u062c\u0631\u064a\u0646 \u0648\u0627\u0644\u0642\u064a\u0627\u0645 \u0628\u0623\u0639\u0645\u0627\u0644 \u0625\u0635\u0644\u0627\u062d\u064a\u0629.<\/p>\n\n\n\n<div class=\"wp-block-uagb-separator uagb-block-1b39294a\"><div class=\"uagb-separator-spacing-wrapper\"><div class=\"wp-block-uagb-separator__inner\" style=\"--my-background-image:\"><\/div><\/div><\/div>\n\n\n\n<p>\u0644\u0645\u0639\u0631\u0641\u0629 \u0627\u0644\u0645\u0632\u064a\u062f \u0639\u0646 \u0627\u0644\u0645\u0633\u0627\u0643\u0646 \u0627\u0644\u0645\u062a\u062f\u0646\u064a\u0629 \u0627\u0644\u0645\u0633\u062a\u0648\u0649 \u0648\u0645\u0627 \u064a\u0645\u0643\u0646\u0643 \u0627\u0644\u0642\u064a\u0627\u0645 \u0628\u0647 \u062d\u064a\u0627\u0644 \u0630\u0644\u0643\u060c \u0623\u0644\u0642 \u0646\u0638\u0631\u0629 \u0639\u0644\u0649 \u0627\u0644\u0646\u0634\u0631\u0629 :<\/p>\n\n\n\n<div class=\"wp-block-uagb-icon-list uagb-block-a29fc561\"><div class=\"uagb-icon-list__wrap\">\n<div class=\"wp-block-uagb-icon-list-child uagb-block-a0da2618\"><a target=\"_blank\" aria-label=\"\u0648\u062d\u062f\u0629 \u0645\u0643\u0627\u0641\u062d\u0629 \u0627\u0644\u0633\u0643\u0646 \u063a\u064a\u0631 \u0627\u0644\u0644\u0627\u0626\u0642 (CLHI)\" rel=\"noopener noreferrer\" href=\"https:\/\/mairie-montataire.fr\/ar\/app\/uploads\/2024\/08\/Flyer_HabitatIndigne_2022.pdf\/\"> <\/a><span class=\"uagb-icon-list__source-wrap\"><svg xmlns=\"https:\/\/www.w3.org\/2000\/svg\" viewbox=\"0 0 384 512\"><path d=\"M256 0v128h128L256 0zM224 128L224 0H48C21.49 0 0 21.49 0 48v416C0 490.5 21.49 512 48 512h288c26.51 0 48-21.49 48-48V160h-127.1C238.3 160 224 145.7 224 128zM272 416h-160C103.2 416 96 408.8 96 400C96 391.2 103.2 384 112 384h160c8.836 0 16 7.162 16 16C288 408.8 280.8 416 272 416zM272 352h-160C103.2 352 96 344.8 96 336C96 327.2 103.2 320 112 320h160c8.836 0 16 7.162 16 16C288 344.8 280.8 352 272 352zM288 272C288 280.8 280.8 288 272 288h-160C103.2 288 96 280.8 96 272C96 263.2 103.2 256 112 256h160C280.8 256 288 263.2 288 272z\"><\/path><\/svg><\/span><span class=\"uagb-icon-list__label\"><strong>\u0648\u062d\u062f\u0629 \u0645\u0643\u0627\u0641\u062d\u0629 \u0627\u0644\u0633\u0643\u0646 \u063a\u064a\u0631 \u0627\u0644\u0644\u0627\u0626\u0642 (CLHI)<\/strong><\/span><\/div>\n<\/div><\/div>","protected":false},"excerpt":{"rendered":"<p>La Ville de Montataire fait de la lutte contre l\u2019habitat indigne et insalubre une priorit\u00e9. Elle s\u2019est dot\u00e9e d\u2019une cellule de lutte contre l\u2019habitat indigne qui a pour but d\u2019accompagner les locataires victimes mais \u00e9galement les propri\u00e9taires soucieux de leurs biens locatifs. Chaque ann\u00e9e une cinquantaine de visites et contre-visites sont r\u00e9alis\u00e9es&nbsp;; elles ont pour [&hellip;]<\/p>\n","protected":false},"author":1,"featured_media":2307,"parent":118,"menu_order":32,"comment_status":"closed","ping_status":"closed","template":"","meta":{"_acf_changed":false,"_uag_custom_page_level_css":"","footnotes":""},"class_list":["post-154","page","type-page","status-publish","has-post-thumbnail","hentry"],"acf":[],"uagb_featured_image_src":{"full":["https:\/\/mairie-montataire.fr\/app\/uploads\/2024\/07\/1.5.3_CLHI.jpg",500,350,false],"thumbnail":["https:\/\/mairie-montataire.fr\/app\/uploads\/2024\/07\/1.5.3_CLHI-150x150.jpg",150,150,true],"medium":["https:\/\/mairie-montataire.fr\/app\/uploads\/2024\/07\/1.5.3_CLHI-300x210.jpg",300,210,true],"medium_large":["https:\/\/mairie-montataire.fr\/app\/uploads\/2024\/07\/1.5.3_CLHI.jpg",500,350,false],"large":["https:\/\/mairie-montataire.fr\/app\/uploads\/2024\/07\/1.5.3_CLHI.jpg",500,350,false],"1536x1536":["https:\/\/mairie-montataire.fr\/app\/uploads\/2024\/07\/1.5.3_CLHI.jpg",500,350,false],"2048x2048":["https:\/\/mairie-montataire.fr\/app\/uploads\/2024\/07\/1.5.3_CLHI.jpg",500,350,false],"trp-custom-language-flag":["https:\/\/mairie-montataire.fr\/app\/uploads\/2024\/07\/1.5.3_CLHI.jpg",18,12,false],"gform-image-choice-sm":["https:\/\/mairie-montataire.fr\/app\/uploads\/2024\/07\/1.5.3_CLHI.jpg",300,210,false],"gform-image-choice-md":["https:\/\/mairie-montataire.fr\/app\/uploads\/2024\/07\/1.5.3_CLHI.jpg",400,280,false],"gform-image-choice-lg":["https:\/\/mairie-montataire.fr\/app\/uploads\/2024\/07\/1.5.3_CLHI.jpg",500,350,false]},"uagb_author_info":{"display_name":"mentalworks","author_link":"https:\/\/mairie-montataire.fr\/ar\/actualites\/author\/mentalworks\/"},"uagb_comment_info":0,"uagb_excerpt":"La Ville de Montataire fait de la lutte contre l\u2019habitat indigne et insalubre une priorit\u00e9. Elle s\u2019est dot\u00e9e d\u2019une cellule de lutte contre l\u2019habitat indigne qui a pour but d\u2019accompagner les locataires victimes mais \u00e9galement les propri\u00e9taires soucieux de leurs biens locatifs. Chaque ann\u00e9e une cinquantaine de visites et contre-visites sont r\u00e9alis\u00e9es&nbsp;; elles ont pour&hellip;","_links":{"self":[{"href":"https:\/\/mairie-montataire.fr\/ar\/wp-json\/wp\/v2\/pages\/154","targetHints":{"allow":["GET"]}}],"collection":[{"href":"https:\/\/mairie-montataire.fr\/ar\/wp-json\/wp\/v2\/pages"}],"about":[{"href":"https:\/\/mairie-montataire.fr\/ar\/wp-json\/wp\/v2\/types\/page"}],"author":[{"embeddable":true,"href":"https:\/\/mairie-montataire.fr\/ar\/wp-json\/wp\/v2\/users\/1"}],"replies":[{"embeddable":true,"href":"https:\/\/mairie-montataire.fr\/ar\/wp-json\/wp\/v2\/comments?post=154"}],"version-history":[{"count":5,"href":"https:\/\/mairie-montataire.fr\/ar\/wp-json\/wp\/v2\/pages\/154\/revisions"}],"predecessor-version":[{"id":4001,"href":"https:\/\/mairie-montataire.fr\/ar\/wp-json\/wp\/v2\/pages\/154\/revisions\/4001"}],"up":[{"embeddable":true,"href":"https:\/\/mairie-montataire.fr\/ar\/wp-json\/wp\/v2\/pages\/118"}],"wp:featuredmedia":[{"embeddable":true,"href":"https:\/\/mairie-montataire.fr\/ar\/wp-json\/wp\/v2\/media\/2307"}],"wp:attachment":[{"href":"https:\/\/mairie-montataire.fr\/ar\/wp-json\/wp\/v2\/media?parent=154"}],"curies":[{"name":"\u062f\u0628\u0644\u064a\u0648 \u0628\u064a","href":"https:\/\/api.w.org\/{rel}","templated":true}]}}