{"id":152,"date":"2024-05-03T09:29:18","date_gmt":"2024-05-03T09:29:18","guid":{"rendered":"https:\/\/montataire.local\/?page_id=152"},"modified":"2025-12-16T10:44:49","modified_gmt":"2025-12-16T10:44:49","slug":"%d9%85%d9%84%d8%ad%d9%82-%d8%a8%d9%84%d8%af%d9%8a%d8%a9-%d8%af%d9%8a-%d9%85%d8%a7%d8%b1%d8%aa%d9%8a%d9%86%d9%8a%d9%87-%d9%84%d9%84%d8%a5%d8%b3%d9%83%d8%a7%d9%86-%d8%a7%d9%84%d8%a7%d8%ac%d8%aa%d9%85","status":"publish","type":"page","link":"https:\/\/mairie-montataire.fr\/ar\/habiter\/solidarite\/mairie-annexe-des-martinets-logements-sociaux\/","title":{"rendered":"\u062f\u0627\u0631 \u0628\u0644\u062f\u064a\u0629 \u0645\u0627\u0631\u062a\u064a\u0646\u064a\u062a\u0633 \u0648\u0627\u0644\u0625\u0633\u0643\u0627\u0646 \u0627\u0644\u0627\u062c\u062a\u0645\u0627\u0639\u064a"},"content":{"rendered":"<h2 class=\"wp-block-heading\"><strong>\u062f\u0627\u0631 \u0628\u0644\u062f\u064a\u0629 \u0645\u0627\u0631\u062a\u064a\u0646\u064a\u062a\u0633 (MAM)<\/strong><\/h2>\n\n\n\n<figure class=\"wp-block-image size-full is-resized\"><img loading=\"lazy\" decoding=\"async\" width=\"2560\" height=\"1707\" src=\"https:\/\/mairie-montataire.fr\/app\/uploads\/2024\/07\/2024-07-10-Mairie-annexe-Martinets-3--scaled.jpg\" alt=\"\" class=\"wp-image-2318\" style=\"width:1081px;height:auto\" srcset=\"https:\/\/mairie-montataire.fr\/app\/uploads\/2024\/07\/2024-07-10-Mairie-annexe-Martinets-3--scaled.jpg 2560w, https:\/\/mairie-montataire.fr\/app\/uploads\/2024\/07\/2024-07-10-Mairie-annexe-Martinets-3--300x200.jpg 300w, https:\/\/mairie-montataire.fr\/app\/uploads\/2024\/07\/2024-07-10-Mairie-annexe-Martinets-3--1024x683.jpg 1024w, https:\/\/mairie-montataire.fr\/app\/uploads\/2024\/07\/2024-07-10-Mairie-annexe-Martinets-3--768x512.jpg 768w, https:\/\/mairie-montataire.fr\/app\/uploads\/2024\/07\/2024-07-10-Mairie-annexe-Martinets-3--1536x1024.jpg 1536w, https:\/\/mairie-montataire.fr\/app\/uploads\/2024\/07\/2024-07-10-Mairie-annexe-Martinets-3--2048x1365.jpg 2048w\" sizes=\"auto, (max-width: 2560px) 100vw, 2560px\" \/><\/figure>\n\n\n\n<p>\u0644\u062a\u0644\u0628\u064a\u0629 \u0627\u062d\u062a\u064a\u0627\u062c\u0627\u062a \u0633\u0643\u0627\u0646 \u0645\u0648\u0646\u062a\u0627\u062a\u064a\u0631\u064a\u060c \u064a\u0636\u0645 \u0642\u0633\u0645 \u0627\u0644\u0625\u0633\u0643\u0627\u0646\u060c \u0627\u0644\u0630\u064a \u064a\u0633\u0647\u0644 \u0627\u0644\u0639\u0644\u0627\u0642\u0627\u062a \u0628\u064a\u0646 \u0627\u0644\u0645\u062a\u0642\u062f\u0645\u064a\u0646 \u0648\u0645\u0627\u0644\u0643\u064a \u0627\u0644\u0639\u0642\u0627\u0631\u0627\u062a \u0641\u064a \u0627\u0644\u0645\u062f\u064a\u0646\u0629\u060c \u0648\u064a\u0633\u0627\u0639\u062f \u0627\u0644\u0633\u0643\u0627\u0646 \u0641\u064a \u0628\u062d\u062b\u0647\u0645 \u0639\u0646 \u0633\u0643\u0646. \u0643\u0645\u0627 \u0623\u0646\u0647\u0627 \u062a\u0642\u062f\u0645 \u0645\u062c\u0645\u0648\u0639\u0629 \u0648\u0627\u0633\u0639\u0629 \u0645\u0646 \u0627\u0644\u062e\u062f\u0645\u0627\u062a:<\/p>\n\n\n\n<ul style=\"padding-right:var(--wp--preset--spacing--70);padding-left:var(--wp--preset--spacing--70)\" class=\"wp-block-list\">\n<li style=\"font-style:normal;font-weight:400\">\u0625\u0635\u062f\u0627\u0631 \u0628\u0637\u0627\u0642\u0627\u062a Pass'Solidarit\u00e9 \u0644\u0643\u0628\u0627\u0631 \u0627\u0644\u0633\u0646\u060c \u0648\u0628\u0637\u0627\u0642\u0627\u062a \u062d\u0645\u0627\u0645 \u0627\u0644\u0633\u0628\u0627\u062d\u0629\u060c \u0648\u0627\u0644\u0634\u0647\u0627\u062f\u0627\u062a \u0648\u0627\u0644\u0646\u0645\u0627\u0630\u062c \u0627\u0644\u0625\u062f\u0627\u0631\u064a\u0629.<\/li>\n\n\n\n<li style=\"font-style:normal;font-weight:400\">\u064a\u0642\u062f\u0645 \u062c\u0644\u0633\u0627\u062a \u0628\u062f\u0648\u0646 \u0645\u0648\u0639\u062f \u0645\u0639 \u0634\u0631\u0643\u0627\u0621 \u0645\u062e\u062a\u0644\u0641\u064a\u0646 \u0645\u0639 \u0645\u062e\u062a\u0644\u0641 \u0627\u0644\u0634\u0631\u0643\u0627\u0621\u060c \u062a\u063a\u0637\u064a \u0645\u0648\u0627\u0636\u064a\u0639 \u0645\u062b\u0644 \u0627\u0644\u0634\u0628\u0627\u0628 \u0648\u0627\u0644\u0642\u0636\u0627\u064a\u0627 \u0627\u0644\u0642\u0627\u0646\u0648\u0646\u064a\u0629 \u0648\u0631\u064a\u0627\u062f\u0629 \u0627\u0644\u0623\u0639\u0645\u0627\u0644 \u0648\u062f\u0639\u0645 \u0627\u0644\u0636\u062d\u0627\u064a\u0627.<\/li>\n<\/ul>\n\n\n\n<div style=\"height:26px\" aria-hidden=\"true\" class=\"wp-block-spacer\"><\/div>\n\n\n\t\t\t\t\t<div\n\t\t\t\t\t\tclass=\"wp-block-uagb-image-gallery uagb-block-b228c2bc\"\n\t\t\t\t\t\tstyle=\"\"\n\t\t\t\t\t>\n\t\t\t\t\t\t\t\t\t\t\t<div class=\"spectra-image-gallery spectra-image-gallery__layout--masonry spectra-image-gallery__layout--masonry-col-1 spectra-image-gallery__layout--masonry-col-tab-1 spectra-image-gallery__layout--masonry-col-mob-1\">\n\t\t\t\t\t\t\t\t\t\t\t<div class='spectra-image-gallery__media-wrapper--isotope'>\n\t\t\t\t\t\t\t<div class='spectra-image-gallery__media-wrapper' data-spectra-gallery-image-id='2319' tabindex=\"0\">\n\t\t\t\t\t\t\t<div class=\"spectra-image-gallery__media spectra-image-gallery__media--masonry\">\n\t\t\t\t<picture>\n\t\t\t\t\t<source media=\"(min-width: 1024px)\" srcset=\"https:\/\/mairie-montataire.fr\/app\/uploads\/2024\/07\/PLANNING-PERMANENCES-Mairie-Principale-.png\">\n\t\t\t\t\t<source media=\"(min-width: 768px)\" srcset=\"https:\/\/mairie-montataire.fr\/app\/uploads\/2024\/07\/PLANNING-PERMANENCES-Mairie-Principale--1024x646.png\">\n\t\t\t\t\t<img decoding=\"async\" class=\"spectra-image-gallery__media-thumbnail spectra-image-gallery__media-thumbnail--masonry\" src=\"https:\/\/mairie-montataire.fr\/app\/uploads\/2024\/07\/PLANNING-PERMANENCES-Mairie-Principale--300x189.png\" alt=\"\u062a\u062e\u0637\u064a\u0637 \u0627\u0644\u0628\u0631\u0645\u062c\u0629 \u0627\u0644\u0623\u0633\u0627\u0633\u064a\u0629 - Prince Planing PERMANMANENCEie Principale -\" loading=\"lazy\" \/>\n\t\t\t\t<\/picture>\n\t\t\t\t<div class=\"spectra-image-gallery__media-thumbnail-blurrer\"><\/div>\n\t\t\t\t\t\t\t\t\t\t\t<div class=\"spectra-image-gallery__media-thumbnail-caption-wrapper spectra-image-gallery__media-thumbnail-caption-wrapper--overlay\"><\/div>\n\t\t\t\t\t\t\t\t<\/div>\n\t\t\t\t\t\t<\/div>\n\t\t\t\t\t\t<\/div>\n\t\t\t\t\t\t\t\t\t\t<\/div>\n\t\t\t\t\t\t\t\t\t\t\t\t\t\t\t\t\t\t<\/div>\n\t\t\t\t\t\t\t\t\t\t\t<div class='spectra-image-gallery__control-lightbox' tabindex='0'>\n\t\t\t\t\t\t\t\t\t\t\t<div class=\"swiper spectra-image-gallery__control-lightbox--main\" dir=\"\">\n\t\t\t\t\t<div class=\"swiper-wrapper\">\n\t\t\t\t\t\t\t\t\t\t\t\t\t\n\t\t\t\t\t\t\t<div class=\"swiper-slide\">\n\t\t\t\t\t\t\t\t<img class=\"swiper-lazy\" data-src=\"https:\/\/mairie-montataire.fr\/app\/uploads\/2024\/07\/PLANNING-PERMANENCES-Mairie-Principale-.png\" alt=\"\u062a\u062e\u0637\u064a\u0637 \u0627\u0644\u0628\u0631\u0645\u062c\u0629 \u0627\u0644\u0623\u0633\u0627\u0633\u064a\u0629 - Prince Planing PERMANMANENCEie Principale -\"\/>\n\t\t\t\t\t\t\t\t<div class=\"swiper-lazy-preloader swiper-lazy-preloader-white\"><\/div>\n\t\t\t\t\t\t\t\t\t\t\t\t\t\t\t<\/div>\n\t\t\t\t\t\t\t\t\t\t\t<\/div>\n\t\t\t\t\t<div class=\"swiper-button-next\"><\/div>\n\t\t\t\t\t<div class=\"swiper-button-prev\"><\/div>\n\t\t\t\t<\/div>\t\t\t\n\t\t\t\t\t\t\t\t\t\t\t\t\t\t\t\t\t\t\t\t\t\t\t\t\t\t\t\t\t\t\t\t<button class='spectra-image-gallery__control-lightbox--close' aria-label=\"\u0625\u063a\u0644\u0627\u0642\">\n\t\t\t\t\t\t\t\t\t\t\t\t\t<svg xmlns=\"https:\/\/www.w3.org\/2000\/svg\" viewbox= \"0 0 320 512\"><path d=\"M310.6 361.4c12.5 12.5 12.5 32.75 0 45.25C304.4 412.9 296.2 416 288 416s-16.38-3.125-22.62-9.375L160 301.3L54.63 406.6C48.38 412.9 40.19 416 32 416S15.63 412.9 9.375 406.6c-12.5-12.5-12.5-32.75 0-45.25l105.4-105.4L9.375 150.6c-12.5-12.5-12.5-32.75 0-45.25s32.75-12.5 45.25 0L160 210.8l105.4-105.4c12.5-12.5 32.75-12.5 45.25 0s12.5 32.75 0 45.25l-105.4 105.4L310.6 361.4z\"><\/path><\/svg>\n\t\t\t\t\t\t\t\t\t\t\t\t<\/button>\n\t\t\t\t\t\t\t\t\t\t\t\t\t<\/div>\n\t\t\t\t\t\t\t\t\t\n\n\n<h2 class=\"wp-block-heading\"><strong>\u0642\u0627\u0646\u0648\u0646 \u0627\u0644\u0647\u062c\u0631\u0629<\/strong><\/h2>\n\n\n\n<p>\u064a\u0645\u0643\u0646\u0643 \u0641\u064a MAM \u0645\u0639\u0627\u0644\u062c\u0629 \u0627\u0644\u0637\u0644\u0628\u0627\u062a \u0627\u0644\u062a\u0627\u0644\u064a\u0629 \u0648\u0625\u0631\u0633\u0627\u0644\u0647\u0627:&nbsp;<\/p>\n\n\n\n<ul style=\"padding-right:var(--wp--preset--spacing--70);padding-left:var(--wp--preset--spacing--70)\" class=\"wp-block-list\">\n<li>\u0645\u0646 <a href=\"https:\/\/www.ofii.fr\/procedure\/regroupement-familial\/\" target=\"_blank\" rel=\"noreferrer noopener\">\u0644\u0645 \u0634\u0645\u0644 \u0627\u0644\u0623\u0633\u0631\u0629<\/a><\/li>\n<\/ul>\n\n\n\n<p>\u064a\u0646\u0637\u0628\u0642 \u0647\u0630\u0627 \u0639\u0644\u064a\u0643 \u0625\u0630\u0627 \u0643\u0646\u062a \u0645\u0648\u0627\u0637\u0646\u0627\u064b \u0623\u062c\u0646\u0628\u064a\u0627\u064b \u063a\u064a\u0631 \u0623\u0648\u0631\u0648\u0628\u064a \u0645\u0642\u064a\u0645 \u0641\u064a \u0641\u0631\u0646\u0633\u0627 \u0628\u062a\u0635\u0631\u064a\u062d \u0625\u0642\u0627\u0645\u0629\u060c \u0648\u062a\u062e\u0637\u0637 \u0644\u0627\u0635\u0637\u062d\u0627\u0628 \u0632\u0648\u062c\u062a\u0643 \u0648\u0623\u0637\u0641\u0627\u0644\u0643 \u0627\u0644\u0642\u0635\u0631 \u0625\u0644\u0649 \u0641\u0631\u0646\u0633\u0627.<\/p>\n\n\n\n<ul style=\"padding-right:var(--wp--preset--spacing--70);padding-left:var(--wp--preset--spacing--70)\" class=\"wp-block-list\">\n<li>\u0645\u0646 <a href=\"https:\/\/www.service-public.fr\/particuliers\/vosdroits\/F2208\" target=\"_blank\" rel=\"noreferrer noopener\">\u062a\u0635\u0631\u064a\u062d \u0625\u0642\u0627\u0645\u0629 \u0644\u0645\u062f\u0629 10 \u0633\u0646\u0648\u0627\u062a<\/a><\/li>\n<\/ul>\n\n\n\n<p>\u064a\u0646\u0637\u0628\u0642 \u0647\u0630\u0627 \u0639\u0644\u064a\u0643 \u0625\u0630\u0627 \u0643\u0627\u0646 \u0644\u062f\u064a\u0643 \u0631\u0648\u0627\u0628\u0637 \u0639\u0627\u0626\u0644\u064a\u0629 \u0641\u064a \u0641\u0631\u0646\u0633\u0627\u060c \u0623\u0648 \u0642\u062f\u0645\u062a \u062e\u062f\u0645\u0627\u062a \u0644\u0641\u0631\u0646\u0633\u0627 (\u0645\u062b\u0644 \u0627\u0644\u062a\u062c\u0646\u064a\u062f \u0641\u064a \u0627\u0644\u0641\u064a\u0644\u0642 \u0627\u0644\u0623\u062c\u0646\u0628\u064a)\u060c \u0623\u0648 \u062a\u0633\u062a\u0641\u064a\u062f \u0645\u0646 \u0627\u0644\u062d\u0645\u0627\u064a\u0629 \u0627\u0644\u062f\u0648\u0644\u064a\u0629 (\u0645\u062b\u0644 \u0648\u0636\u0639 \u0627\u0644\u0644\u0627\u062c\u0626).<\/p>\n\n\n\n<h2 class=\"wp-block-heading\"><strong>\u0627\u0644\u0625\u0633\u0643\u0627\u0646 \u0627\u0644\u0627\u062c\u062a\u0645\u0627\u0639\u064a<\/strong><\/h2>\n\n\n\n<p>\u0627\u0644\u0625\u0633\u0643\u0627\u0646 \u0627\u0644\u0627\u062c\u062a\u0645\u0627\u0639\u064a \u0645\u062e\u0635\u0635 \u0644\u0644\u0623\u0634\u062e\u0627\u0635 \u0630\u0648\u064a \u0627\u0644\u062f\u062e\u0644 \u0627\u0644\u0645\u062a\u0648\u0627\u0636\u0639 \u0623\u0648 \u0627\u0644\u0630\u064a\u0646 \u064a\u0639\u0627\u0646\u0648\u0646 \u0645\u0646 \u0635\u0639\u0648\u0628\u0627\u062a \u0645\u0627\u0644\u064a\u0629. \u0648\u0647\u064a \u062a\u062f\u064a\u0631\u0647\u0627 \u0647\u064a\u0626\u0627\u062a \u0623\u0648 \u062c\u0645\u0639\u064a\u0627\u062a \u0639\u0627\u0645\u0629\u060c \u0648\u062a\u0648\u0641\u0631 \u0625\u064a\u062c\u0627\u0631\u0627\u062a \u0623\u0642\u0644 \u0645\u0646 \u0625\u064a\u062c\u0627\u0631\u0627\u062a \u0627\u0644\u0633\u0648\u0642\u060c \u0645\u0645\u0627 \u064a\u062a\u064a\u062d \u0644\u0644\u062c\u0645\u064a\u0639 \u0627\u0644\u062d\u0635\u0648\u0644 \u0639\u0644\u0649 \u0633\u0642\u0641 \u0644\u0627\u0626\u0642 \u0641\u0648\u0642 \u0631\u0624\u0648\u0633\u0647\u0645.<\/p>\n\n\n\n<h3 class=\"wp-block-heading\">\u0643\u064a\u0641\u064a\u0629 \u0627\u0644\u062a\u0642\u062f\u0645 \u0628\u0637\u0644\u0628 \u0644\u0644\u062d\u0635\u0648\u0644 \u0639\u0644\u0649 \u0633\u0643\u0646 \u0627\u062c\u062a\u0645\u0627\u0639\u064a<\/h3>\n\n\n\n<ol class=\"wp-block-list\">\n<li style=\"font-style:normal;font-weight:400\">\u0627\u0635\u0646\u0639 <a href=\"https:\/\/www.demande-logement-social.gouv.fr\/index\" target=\"_blank\" rel=\"noreferrer noopener\">\u0637\u0644\u0628 \u0639\u0628\u0631 \u0627\u0644\u0625\u0646\u062a\u0631\u0646\u062a<\/a> <strong>\u0623\u0648<\/strong> \u062a\u0642\u062f\u064a\u0645 \u0637\u0644\u0628\u0643 \u0625\u0644\u0649 \u0627\u0644\u0645\u0627\u0644\u0643 (\u0627\u0644\u0645\u0627\u0644\u0643\u064a\u0646) \u0627\u0644\u0630\u064a \u062a\u062e\u062a\u0627\u0631\u0647 (\u0627\u0644\u0645\u0627\u0644\u0643\u064a\u0646) <strong>\u0623\u0648<\/strong> \u0641\u064a \u0645\u0643\u062a\u0628 \u0627\u0644\u062a\u0633\u062c\u064a\u0644 \u0641\u064a MAM\u060c \u0648\u0647\u0648 \u0645\u0643\u062a\u0628 \u0627\u0644\u062a\u0633\u062c\u064a\u0644*.<\/li>\n\n\n\n<li style=\"font-style:normal;font-weight:400\">\u0623\u0646\u062a \u0639\u0644\u0649 \u0648\u0634\u0643 \u0627\u0633\u062a\u0644\u0627\u0645 \u0631\u0642\u0645 \u062a\u0633\u062c\u064a\u0644 \u0637\u0644\u0628 \u0627\u0644\u0625\u0633\u0643\u0627\u0646 \u0627\u0644\u0627\u062c\u062a\u0645\u0627\u0639\u064a \u0627\u0644\u062e\u0627\u0635 \u0628\u0643.<\/li>\n\n\n\n<li style=\"font-style:normal;font-weight:400\">\u0645\u0646 \u0627\u0644\u0645\u0645\u0643\u0646 \u062a\u062d\u062f\u064a\u062b \u0623\u0648 \u062a\u0645\u062f\u064a\u062f \u0623\u0648 \u062d\u0630\u0641 \u0627\u0644\u062a\u0637\u0628\u064a\u0642 \u064a\u0645\u0643\u0646\u0643 \u0627\u0644\u0642\u064a\u0627\u0645 \u0628\u0630\u0644\u0643 \u0639\u0646 \u0637\u0631\u064a\u0642 <a href=\"https:\/\/www.demande-logement-social.gouv.fr\/index\" target=\"_blank\" rel=\"noreferrer noopener\">\u0639\u0628\u0631 \u0627\u0644\u0625\u0646\u062a\u0631\u0646\u062a<\/a> \u0623\u0648 \u0641\u064a MAM.<\/li>\n\n\n\n<li style=\"font-style:normal;font-weight:400\">\u0625\u0646\u0634\u0627\u0621 \u0646\u0638\u0627\u0645 \u0645\u0631\u0627\u0642\u0628\u0629 \u0644\u0637\u0644\u0628\u0643 \u0644\u062f\u0649 \u062f\u0627\u0626\u0631\u0629 \u0627\u0644\u0625\u0633\u0643\u0627\u0646 \u0641\u064a \u0645\u0648\u0646\u062a\u0627\u062a\u064a\u0631. \u0633\u064a\u0645\u0643\u0646\u0646\u0627 \u0630\u0644\u0643 \u0645\u0646 \u0645\u0631\u0627\u0639\u0627\u0629 \u0648\u0636\u0639\u0643 \u0628\u0634\u0643\u0644 \u0623\u0641\u0636\u0644 \u0639\u0646\u062f \u0627\u0644\u062a\u0639\u0627\u0645\u0644 \u0645\u0639 \u0627\u0644\u0645\u0644\u0627\u0643 \u0627\u0644\u0627\u062c\u062a\u0645\u0627\u0639\u064a\u064a\u0646 \u0644\u0644\u0628\u0644\u062f\u064a\u0629\u060c \u0648\u0647\u064a \u0627\u0644\u062c\u0647\u0627\u062a \u0627\u0644\u0648\u062d\u064a\u062f\u0629 \u0627\u0644\u0645\u062e\u0648\u0644\u0629 \u0628\u062a\u062e\u0635\u064a\u0635 \u0627\u0644\u0633\u0643\u0646 \u0627\u0644\u0627\u062c\u062a\u0645\u0627\u0639\u064a.<\/li>\n<\/ol>\n\n\n\n<div style=\"height:8px\" aria-hidden=\"true\" class=\"wp-block-spacer\"><\/div>\n\n\n\n<p><em><strong>*<\/strong> \u0645\u0646\u0630 \u0639\u0627\u0645 2020\u060c \u0623\u0635\u0628\u062d \u0642\u0633\u0645 \u0627\u0644\u0625\u0633\u0643\u0627\u0646 \u0641\u064a \u062f\u0627\u0631 \u0628\u0644\u062f\u064a\u0629 \u0645\u0648\u0646\u062a\u0627\u062a\u064a\u0631 \u0645\u0633\u062c\u0644\u0627\u064b \u0644\u0637\u0644\u0628\u0627\u062a \u0627\u0644\u0625\u0633\u0643\u0627\u0646 \u0627\u0644\u0627\u062c\u062a\u0645\u0627\u0639\u064a \u0639\u0644\u0649 \u0646\u0638\u0627\u0645 \u0627\u0644\u062a\u0633\u062c\u064a\u0644 \u0627\u0644\u0648\u0637\u0646\u064a. \u0648\u0647\u0630\u0627 \u064a\u0639\u0646\u064a \u0623\u0646\u0647 \u064a\u0645\u0643\u0646\u0647 \u062a\u0644\u0642\u064a \u0627\u0644\u0637\u0644\u0628\u0627\u062a \u0648\u062a\u0633\u062c\u064a\u0644\u0647\u0627 \u0648\u0627\u0644\u062a\u062d\u0642\u0642 \u0645\u0646 \u0627\u0644\u0645\u0633\u062a\u0646\u062f\u0627\u062a \u0648\u062a\u062d\u062f\u064a\u062b \u0627\u0644\u0645\u0639\u0644\u0648\u0645\u0627\u062a \u0648\u0645\u0631\u0627\u0642\u0628\u0629 \u0627\u0644\u0637\u0644\u0628\u0627\u062a.<\/em><\/p>\n\n\n<div class=\"highlight\">\n                <div class=\"highlight__description\"><p style=\"text-align: center;\"><strong>\u0639\u0646\u062f \u0627\u0644\u062a\u0642\u062f\u0645 \u0628\u0637\u0644\u0628 \u0644\u0644\u062d\u0635\u0648\u0644 \u0639\u0644\u0649 \u0633\u0643\u0646 \u0627\u062c\u062a\u0645\u0627\u0639\u064a \u0648\/\u0623\u0648 \u062a\u0628\u0627\u062f\u0644\u060c \u062a\u0623\u0643\u062f \u0645\u0646 \u0623\u0646 \u0625\u064a\u062c\u0627\u0631\u0643 \u0645\u062d\u062f\u062b. \u0633\u064a\u0624\u062f\u064a \u0623\u064a \u062f\u064a\u0646 \u0639\u0644\u064a\u0643 \u0625\u0644\u0649 \u0631\u0641\u0636 \u0637\u0644\u0628\u0643 \u062a\u0644\u0642\u0627\u0626\u064a\u0627\u064b \u0639\u0646\u062f \u0641\u062d\u0635\u0647 \u0645\u0646 \u0642\u0628\u0644 \u0627\u0644\u0644\u062c\u0646\u0629.<\/strong><\/p>\n<\/div>\n    <\/div>\n\n\n<h3 class=\"wp-block-heading\">\u0627\u0644\u0645\u0644\u0627\u0643 \u0627\u0644\u0627\u062c\u062a\u0645\u0627\u0639\u064a\u0648\u0646<\/h3>\n\n\n\n<p>\u0644\u0627 \u062a\u0639\u0648\u062f \u0645\u0644\u0643\u064a\u0629 \u0627\u0644\u0645\u0633\u0627\u0643\u0646 \u0627\u0644\u0627\u062c\u062a\u0645\u0627\u0639\u064a\u0629 \u0641\u064a \u0645\u0648\u0646\u062a\u0627\u062a\u064a\u0631 \u0625\u0644\u0649 \u0627\u0644\u0628\u0644\u062f\u0629\u060c \u0628\u0644 \u0625\u0644\u0649 \u0645\u064f\u0644\u0651\u0627\u0643 \u0627\u0644\u0639\u0642\u0627\u0631\u0627\u062a \u0627\u0644\u0627\u062c\u062a\u0645\u0627\u0639\u064a\u0629 \u0627\u0644\u0630\u064a\u0646 \u062a\u0631\u0628\u0637\u0647\u0645 \u0628\u0647\u0627 \u0634\u0631\u0627\u0643\u0629.<\/p>\n\n\n\n<p>\u064a\u0648\u062c\u062f \u0623\u0643\u062b\u0631 \u0645\u0646 2,300 \u0648\u062d\u062f\u0629 \u0633\u0643\u0646\u064a\u0629 \u0627\u062c\u062a\u0645\u0627\u0639\u064a\u0629 \u0641\u064a \u0645\u0648\u0646\u062a\u0627\u062a\u064a\u0631\u060c \u0645\u0648\u0632\u0639\u0629 \u0639\u0644\u0649 5 \u0645\u0624\u0633\u0633\u0627\u062a:<\/p>\n\n\n\n<div style=\"height:23px\" aria-hidden=\"true\" class=\"wp-block-spacer\"><\/div>\n\n\n\n<div class=\"wp-block-uagb-container uagb-block-01b04d3e alignfull uagb-is-root-container\"><div class=\"uagb-container-inner-blocks-wrap\">\n<div class=\"wp-block-uagb-container uagb-block-9b66b219\">\n<div class=\"wp-block-columns is-layout-flex wp-container-core-columns-is-layout-9d6595d7 wp-block-columns-is-layout-flex\">\n<div class=\"wp-block-column is-layout-flow wp-block-column-is-layout-flow\" style=\"flex-basis:20%\">\n<div class=\"wp-block-uagb-image aligncenter uagb-block-325ae02a wp-block-uagb-image--layout-default wp-block-uagb-image--effect-static wp-block-uagb-image--align-center\"><figure class=\"wp-block-uagb-image__figure\"><img decoding=\"async\" srcset=\"https:\/\/mairie-montataire.fr\/app\/uploads\/2024\/08\/Logo_OiseHabitat-1024x781.jpg ,https:\/\/mairie-montataire.fr\/app\/uploads\/2024\/08\/Logo_OiseHabitat.jpg 780w, https:\/\/mairie-montataire.fr\/app\/uploads\/2024\/08\/Logo_OiseHabitat.jpg 360w\" sizes=\"auto, (max-width: 480px) 150px\" src=\"https:\/\/mairie-montataire.fr\/app\/uploads\/2024\/08\/Logo_OiseHabitat-1024x781.jpg\" alt=\"\" class=\"uag-image-3516\" width=\"243\" height=\"207\" title=\"\u0634\u0639\u0627\u0631_\u0623\u0648\u064a\u0632 \u0647\u0627\u0628\u064a\u062a\u0627\u062a\" loading=\"lazy\" role=\"img\"\/><\/figure><\/div>\n<\/div>\n\n\n\n<div class=\"wp-block-column is-layout-flow wp-block-column-is-layout-flow\" style=\"flex-basis:66.66%\">\n<p><strong><a href=\"https:\/\/oisehabitat.fr\/\" data-type=\"link\" data-id=\"https:\/\/oisehabitat.fr\/\" target=\"_blank\" rel=\"noreferrer noopener\">OPH Oise Habitat<\/a><\/strong><br>4, rue du G\u00e9n\u00e9ral Leclerc<br>60106 - \u0643\u0631\u064a\u0644 \u0633\u064a\u062f\u0643\u0633<br>03 44 24 94 94<br><br>\u0646\u0642\u0637\u0629 \u0627\u062a\u0635\u0627\u0644 \u0627\u0644\u0645\u0633\u062a\u0623\u062c\u0631<br>84\u060c \u0634\u0627\u0631\u0639 \u0623\u0646\u0627\u062a\u0648\u0644 \u0641\u0631\u0646\u0633\u0627<br>60160 - \u0645\u0648\u0646\u062a\u0627\u062a\u064a\u0631<br>03 44 27 41 47<\/p>\n<\/div>\n<\/div>\n\n\n\n<div class=\"wp-block-columns is-layout-flex wp-container-core-columns-is-layout-9d6595d7 wp-block-columns-is-layout-flex\">\n<div class=\"wp-block-column is-layout-flow wp-block-column-is-layout-flow\" style=\"flex-basis:20%\">\n<div class=\"wp-block-uagb-image aligncenter uagb-block-0694f26a wp-block-uagb-image--layout-default wp-block-uagb-image--effect-static wp-block-uagb-image--align-center\"><figure class=\"wp-block-uagb-image__figure\"><img decoding=\"async\" srcset=\"https:\/\/mairie-montataire.fr\/app\/uploads\/2024\/08\/Logo_Laessa-1024x781.jpg ,https:\/\/mairie-montataire.fr\/app\/uploads\/2024\/08\/Logo_Laessa.jpg 780w, https:\/\/mairie-montataire.fr\/app\/uploads\/2024\/08\/Logo_Laessa.jpg 360w\" sizes=\"auto, (max-width: 480px) 150px\" src=\"https:\/\/mairie-montataire.fr\/app\/uploads\/2024\/08\/Logo_Laessa-1024x781.jpg\" alt=\"\" class=\"uag-image-3515\" width=\"243\" height=\"207\" title=\"\u0634\u0639\u0627\u0631_\u0644\u064a\u0633\u0627\" loading=\"lazy\" role=\"img\"\/><\/figure><\/div>\n<\/div>\n\n\n\n<div class=\"wp-block-column is-layout-flow wp-block-column-is-layout-flow\" style=\"flex-basis:66.66%\">\n<p><a href=\"https:\/\/www.laessa.fr\/\" data-type=\"link\" data-id=\"https:\/\/www.laessa.fr\/\" target=\"_blank\" rel=\"noreferrer noopener\">\u0644\u0627\u064a\u0633\u0627<\/a><br>6\u060c \u0634\u0627\u0631\u0639 \u062f\u064a \u062a\u0648\u064a\u0644\u0631\u064a 6, rue des tuileries<br>60000 - \u0628\u0648\u0641\u064a\u0647<br>03 44 06 30 30<\/p>\n<\/div>\n<\/div>\n\n\n\n<div class=\"wp-block-columns is-layout-flex wp-container-core-columns-is-layout-9d6595d7 wp-block-columns-is-layout-flex\">\n<div class=\"wp-block-column is-layout-flow wp-block-column-is-layout-flow\" style=\"flex-basis:20%\">\n<div class=\"wp-block-uagb-image aligncenter uagb-block-37b7b0c4 wp-block-uagb-image--layout-default wp-block-uagb-image--effect-static wp-block-uagb-image--align-center\"><figure class=\"wp-block-uagb-image__figure\"><img decoding=\"async\" srcset=\"https:\/\/mairie-montataire.fr\/app\/uploads\/2024\/08\/Logo_ClesenceAL-1024x781.jpg ,https:\/\/mairie-montataire.fr\/app\/uploads\/2024\/08\/Logo_ClesenceAL.jpg 780w, https:\/\/mairie-montataire.fr\/app\/uploads\/2024\/08\/Logo_ClesenceAL.jpg 360w\" sizes=\"auto, (max-width: 480px) 150px\" src=\"https:\/\/mairie-montataire.fr\/app\/uploads\/2024\/08\/Logo_ClesenceAL-1024x781.jpg\" alt=\"\" class=\"uag-image-3514\" width=\"243\" height=\"207\" title=\"\u0634\u0639\u0627\u0631_\u0643\u0644\u064a\u0633\u064a\u0646\u0633\u0646\u0633\u0627\u0644\" loading=\"lazy\" role=\"img\"\/><\/figure><\/div>\n<\/div>\n\n\n\n<div class=\"wp-block-column is-layout-flow wp-block-column-is-layout-flow\" style=\"flex-basis:66.66%\">\n<p><strong><a href=\"https:\/\/www.clesence.fr\/\" target=\"_blank\" rel=\"noreferrer noopener\">\u0645\u062c\u0645\u0648\u0639\u0629 \u0643\u0644\u064a\u0633\u0627\u0646\u0633 \u0623\u0643\u0634\u0646 \u0644\u0648\u062c\u0645\u0646\u062a<\/a><\/strong><br>9, \u0634\u0627\u0631\u0639 \u0643\u0644\u064a\u0645\u0627\u0646 \u0622\u062f\u0631 9, \u0634\u0627\u0631\u0639 \u0643\u0644\u064a\u0645\u0627\u0646 \u0622\u062f\u0631<br>60200 - \u0643\u0648\u0645\u0628\u064a\u064a\u0646<br>03 44 92 19 21<br><br>\u0627\u0644\u0645\u0643\u062a\u0628 \u0627\u0644\u0641\u0631\u0639\u064a \u0641\u064a \u0646\u0648\u062c\u0627\u0646-\u0633\u0648\u0631-\u0623\u0648\u0627\u0632<br>4, place des 3 \u0631\u0648\u0627<br>60180 - \u0646\u0648\u062c\u0646\u062a-\u0633\u0648\u0631-\u0623\u0648\u0627\u0632<br>03 23 50 70 70<\/p>\n<\/div>\n<\/div>\n<\/div>\n\n\n\n<div class=\"wp-block-uagb-container uagb-block-48c06056\">\n<div class=\"wp-block-columns is-layout-flex wp-container-core-columns-is-layout-9d6595d7 wp-block-columns-is-layout-flex\">\n<div class=\"wp-block-column is-layout-flow wp-block-column-is-layout-flow\" style=\"flex-basis:20%\">\n<div class=\"wp-block-uagb-image aligncenter uagb-block-f12f9bc0 wp-block-uagb-image--layout-default wp-block-uagb-image--effect-static wp-block-uagb-image--align-center\"><figure class=\"wp-block-uagb-image__figure\"><img decoding=\"async\" srcset=\"https:\/\/mairie-montataire.fr\/app\/uploads\/2024\/08\/Logo_cdcHabitat-1024x781.jpg ,https:\/\/mairie-montataire.fr\/app\/uploads\/2024\/08\/Logo_cdcHabitat.jpg 780w, https:\/\/mairie-montataire.fr\/app\/uploads\/2024\/08\/Logo_cdcHabitat.jpg 360w\" sizes=\"auto, (max-width: 480px) 150px\" src=\"https:\/\/mairie-montataire.fr\/app\/uploads\/2024\/08\/Logo_cdcHabitat-1024x781.jpg\" alt=\"\" class=\"uag-image-3513\" width=\"243\" height=\"207\" title=\"\u0627\u0644\u0634\u0639\u0627\u0631_cdcdcHabitat\" loading=\"lazy\" role=\"img\"\/><\/figure><\/div>\n<\/div>\n\n\n\n<div class=\"wp-block-column is-layout-flow wp-block-column-is-layout-flow\" style=\"flex-basis:66.66%\">\n<p><a href=\"https:\/\/www.cdc-habitat.fr\/\" data-type=\"link\" data-id=\"https:\/\/www.cdc-habitat.fr\/\" target=\"_blank\" rel=\"noreferrer noopener\">\u0627\u0644\u0625\u0633\u0643\u0627\u0646 \u0627\u0644\u0627\u062c\u062a\u0645\u0627\u0639\u064a CDC<br><\/a>9\u060c \u0634\u0627\u0631\u0639 \u0631\u0648\u0646\u0633\u0627\u0631<br>60180 - \u0646\u0648\u062c\u0627\u0646 \u0633\u0648\u0631 \u0623\u0648\u0632<br>09 73 32 14 20<\/p>\n<\/div>\n<\/div>\n\n\n\n<div class=\"wp-block-columns is-layout-flex wp-container-core-columns-is-layout-9d6595d7 wp-block-columns-is-layout-flex\">\n<div class=\"wp-block-column is-layout-flow wp-block-column-is-layout-flow\" style=\"flex-basis:20%\">\n<div class=\"wp-block-uagb-image aligncenter uagb-block-5ccf7f6a wp-block-uagb-image--layout-default wp-block-uagb-image--effect-static wp-block-uagb-image--align-center\"><figure class=\"wp-block-uagb-image__figure\"><img decoding=\"async\" srcset=\"https:\/\/mairie-montataire.fr\/app\/uploads\/2024\/08\/Logo_SAHLM-1024x781.jpg ,https:\/\/mairie-montataire.fr\/app\/uploads\/2024\/08\/Logo_SAHLM.jpg 780w, https:\/\/mairie-montataire.fr\/app\/uploads\/2024\/08\/Logo_SAHLM.jpg 360w\" sizes=\"auto, (max-width: 480px) 150px\" src=\"https:\/\/mairie-montataire.fr\/app\/uploads\/2024\/08\/Logo_SAHLM-1024x781.jpg\" alt=\"\" class=\"uag-image-3517\" width=\"243\" height=\"207\" title=\"\u0634\u0639\u0627\u0631_\u0633\u0647\u0644\u0645\" loading=\"lazy\" role=\"img\"\/><\/figure><\/div>\n<\/div>\n\n\n\n<div class=\"wp-block-column is-layout-flow wp-block-column-is-layout-flow\" style=\"flex-basis:66.66%\">\n<p><strong><a href=\"https:\/\/www.sahlm60.com\/\" target=\"_blank\" rel=\"noreferrer noopener\">SA HLM du D\u00e9partement de l'Oise<\/a><\/strong><br>28 \u0634\u0627\u0631\u0639 \u063a\u0627\u0645\u0628\u064a\u062a\u0627 28 rue Gambetta<br>60000 - \u0628\u0648\u0641\u064a\u0647<br>03 44 06 34 56<br><br>\u0645\u0643\u062a\u0628 \u0641\u0631\u0639 \u0643\u0631\u064a\u0644<br>144, \u0634\u0627\u0631\u0639 \u062c\u0627\u0646 \u0628\u0627\u0628\u062a\u064a\u0633\u062a \u0643\u0627\u0631\u0628\u0648<br>60100 - \u0643\u0631\u064a\u0644<br>03 60 05 20 28<\/p>\n<\/div>\n<\/div>\n<\/div>\n<\/div><\/div>","protected":false},"excerpt":{"rendered":"<p>Mairie Annexe des Martinets (MAM) La MAM, au service des Montatairiens, abrite le service logement qui facilite les relations entre les demandeurs et les bailleurs de la ville, et accompagne les habitants dans leurs d\u00e9marches de recherche de logement. Elle propose \u00e9galement une gamme vari\u00e9e de services : Droit des \u00e9trangers \u00c0 la MAM vous [&hellip;]<\/p>\n","protected":false},"author":1,"featured_media":1393,"parent":118,"menu_order":31,"comment_status":"closed","ping_status":"closed","template":"","meta":{"_acf_changed":false,"_uag_custom_page_level_css":"","footnotes":""},"class_list":["post-152","page","type-page","status-publish","has-post-thumbnail","hentry"],"acf":[],"uagb_featured_image_src":{"full":["https:\/\/mairie-montataire.fr\/app\/uploads\/2024\/07\/1.5.2_mairie_annexe.jpg",500,333,false],"thumbnail":["https:\/\/mairie-montataire.fr\/app\/uploads\/2024\/07\/1.5.2_mairie_annexe-150x150.jpg",150,150,true],"medium":["https:\/\/mairie-montataire.fr\/app\/uploads\/2024\/07\/1.5.2_mairie_annexe-300x200.jpg",300,200,true],"medium_large":["https:\/\/mairie-montataire.fr\/app\/uploads\/2024\/07\/1.5.2_mairie_annexe.jpg",500,333,false],"large":["https:\/\/mairie-montataire.fr\/app\/uploads\/2024\/07\/1.5.2_mairie_annexe.jpg",500,333,false],"1536x1536":["https:\/\/mairie-montataire.fr\/app\/uploads\/2024\/07\/1.5.2_mairie_annexe.jpg",500,333,false],"2048x2048":["https:\/\/mairie-montataire.fr\/app\/uploads\/2024\/07\/1.5.2_mairie_annexe.jpg",500,333,false],"trp-custom-language-flag":["https:\/\/mairie-montataire.fr\/app\/uploads\/2024\/07\/1.5.2_mairie_annexe.jpg",18,12,false],"gform-image-choice-sm":["https:\/\/mairie-montataire.fr\/app\/uploads\/2024\/07\/1.5.2_mairie_annexe.jpg",300,200,false],"gform-image-choice-md":["https:\/\/mairie-montataire.fr\/app\/uploads\/2024\/07\/1.5.2_mairie_annexe.jpg",400,266,false],"gform-image-choice-lg":["https:\/\/mairie-montataire.fr\/app\/uploads\/2024\/07\/1.5.2_mairie_annexe.jpg",500,333,false]},"uagb_author_info":{"display_name":"mentalworks","author_link":"https:\/\/mairie-montataire.fr\/ar\/actualites\/author\/mentalworks\/"},"uagb_comment_info":0,"uagb_excerpt":"Mairie Annexe des Martinets (MAM) La MAM, au service des Montatairiens, abrite le service logement qui facilite les relations entre les demandeurs et les bailleurs de la ville, et accompagne les habitants dans leurs d\u00e9marches de recherche de logement. Elle propose \u00e9galement une gamme vari\u00e9e de services : Droit des \u00e9trangers \u00c0 la MAM vous&hellip;","_links":{"self":[{"href":"https:\/\/mairie-montataire.fr\/ar\/wp-json\/wp\/v2\/pages\/152","targetHints":{"allow":["GET"]}}],"collection":[{"href":"https:\/\/mairie-montataire.fr\/ar\/wp-json\/wp\/v2\/pages"}],"about":[{"href":"https:\/\/mairie-montataire.fr\/ar\/wp-json\/wp\/v2\/types\/page"}],"author":[{"embeddable":true,"href":"https:\/\/mairie-montataire.fr\/ar\/wp-json\/wp\/v2\/users\/1"}],"replies":[{"embeddable":true,"href":"https:\/\/mairie-montataire.fr\/ar\/wp-json\/wp\/v2\/comments?post=152"}],"version-history":[{"count":46,"href":"https:\/\/mairie-montataire.fr\/ar\/wp-json\/wp\/v2\/pages\/152\/revisions"}],"predecessor-version":[{"id":7347,"href":"https:\/\/mairie-montataire.fr\/ar\/wp-json\/wp\/v2\/pages\/152\/revisions\/7347"}],"up":[{"embeddable":true,"href":"https:\/\/mairie-montataire.fr\/ar\/wp-json\/wp\/v2\/pages\/118"}],"wp:featuredmedia":[{"embeddable":true,"href":"https:\/\/mairie-montataire.fr\/ar\/wp-json\/wp\/v2\/media\/1393"}],"wp:attachment":[{"href":"https:\/\/mairie-montataire.fr\/ar\/wp-json\/wp\/v2\/media?parent=152"}],"curies":[{"name":"\u062f\u0628\u0644\u064a\u0648 \u0628\u064a","href":"https:\/\/api.w.org\/{rel}","templated":true}]}}