{"id":146,"date":"2024-05-03T09:28:14","date_gmt":"2024-05-03T09:28:14","guid":{"rendered":"https:\/\/montataire.local\/?page_id=146"},"modified":"2025-06-10T09:44:57","modified_gmt":"2025-06-10T09:44:57","slug":"%d9%88%d8%b1%d8%b4-%d8%a7%d9%84%d8%b9%d9%85%d9%84-%d9%88%d8%a7%d9%84%d9%81%d8%b9%d8%a7%d9%84%d9%8a%d8%a7%d8%aa","status":"publish","type":"page","link":"https:\/\/mairie-montataire.fr\/ar\/habiter\/retraite-e-s\/ateliers-animations\/","title":{"rendered":"\u0648\u0631\u0634 \u0627\u0644\u0639\u0645\u0644 \u0648\u0627\u0644\u0641\u0639\u0627\u0644\u064a\u0627\u062a"},"content":{"rendered":"<p><strong>\u062a\u062a\u0645\u062b\u0644 \u0625\u062d\u062f\u0649 \u0623\u0648\u0644\u0648\u064a\u0627\u062a \u0645\u062c\u0644\u0633 \u0627\u0644\u0645\u062f\u064a\u0646\u0629 \u0641\u064a \u062a\u0642\u062f\u064a\u0645 \u0645\u062c\u0645\u0648\u0639\u0629 \u0645\u0646 \u0627\u0644\u0623\u0646\u0634\u0637\u0629 \u0644\u062c\u0645\u064a\u0639 \u0627\u0644\u0645\u062a\u0642\u0627\u0639\u062f\u064a\u0646 \u0627\u0644\u0645\u0642\u064a\u0645\u064a\u0646 \u0641\u064a \u0645\u0648\u0646\u062a\u0627\u062a\u064a\u0631\u064a \u0644\u0645\u0633\u0627\u0639\u062f\u062a\u0647\u0645 \u0639\u0644\u0649 \u062a\u062d\u0642\u064a\u0642 \u0625\u0645\u0643\u0627\u0646\u0627\u062a\u0647\u0645 \u0627\u0644\u064a\u0648\u0645\u064a\u0629 \u0645\u0639 \u0627\u0644\u062d\u0641\u0627\u0638 \u0639\u0644\u0649 \u0634\u0628\u0643\u0629 \u0639\u0644\u0627\u0642\u0627\u062a\u0647\u0645 \u0627\u0644\u0627\u062c\u062a\u0645\u0627\u0639\u064a\u0629. \u062a\u062a\u0645 \u0645\u0639\u0638\u0645 \u0647\u0630\u0647 \u0627\u0644\u0623\u0646\u0634\u0637\u0629 \u0641\u064a \u0645\u0633\u0643\u0646 \u0645\u0648\u0631\u064a\u0633 \u0645\u064a\u0646\u064a\u0648\u0646 \u0627\u0644\u0645\u0633\u062a\u0642\u0644.<\/strong><\/p>\n\n\n\n<div style=\"height:42px\" aria-hidden=\"true\" class=\"wp-block-spacer\"><\/div>\n\n\n\n<div class=\"wp-block-uagb-buttons uagb-buttons__outer-wrap uagb-btn__default-btn uagb-btn-tablet__default-btn uagb-btn-mobile__default-btn uagb-block-880ff14b\"><div class=\"uagb-buttons__wrap uagb-buttons-layout-wrap\">\n<div class=\"wp-block-uagb-buttons-child uagb-buttons__outer-wrap uagb-block-892171ac wp-block-button\"><div class=\"uagb-button__wrapper\"><a class=\"uagb-buttons-repeater wp-block-button__link\" aria-label=\"\" href=\"https:\/\/mairie-montataire.fr\/ar\/%d8%a7%d9%84%d8%a5%d8%ac%d8%b1%d8%a7%d8%a1%d8%a7%d8%aa-%d8%b9%d8%a8%d8%b1-%d8%a7%d9%84%d8%a5%d9%86%d8%aa%d8%b1%d9%86%d8%aa\/%d8%a7%d9%84%d8%aa%d8%b3%d8%ac%d9%8a%d9%84-%d9%81%d9%8a-%d9%85%d9%84%d9%81-%d8%a7%d9%84%d8%aa%d9%82%d8%a7%d8%b9%d8%af\/\" rel=\"follow noopener\" target=\"_self\" role=\"button\"><div class=\"uagb-button__link\"><strong>\u0633\u062c\u0651\u0644 \u0641\u064a \u0642\u0627\u0639\u062f\u0629 \u0628\u064a\u0627\u0646\u0627\u062a \u0627\u0644\u0645\u062a\u0642\u0627\u0639\u062f\u064a\u0646 \u0644\u0644\u0627\u0633\u062a\u0641\u0627\u062f\u0629 \u0645\u0646 \u0627\u0644\u0641\u0639\u0627\u0644\u064a\u0627\u062a \u0627\u0644\u0645\u062a\u0646\u0648\u0639\u0629 \u0627\u0644\u0645\u0639\u0631\u0648\u0636\u0629<\/strong><br><strong>(\u0627\u0644\u0646\u0632\u0647\u0627\u062a \u0648\u0648\u0631\u0634 \u0627\u0644\u0639\u0645\u0644 \u0648\u0627\u0644\u0648\u062c\u0628\u0627\u062a \u0648\u0627\u0644\u0631\u062d\u0644\u0627\u062a \u0627\u0644\u0633\u0646\u0648\u064a\u0629 \u0648\u0627\u0644\u0637\u0631\u0648\u062f)<\/strong><\/div><span class=\"uagb-button__icon uagb-button__icon-position-after\"><svg xmlns=\"https:\/\/www.w3.org\/2000\/svg\" viewbox=\"0 0 448 512\" aria-hidden=\"true\" focussable=\"false\"><path d=\"M438.6 278.6l-160 160C272.4 444.9 264.2 448 256 448s-16.38-3.125-22.62-9.375c-12.5-12.5-12.5-32.75 0-45.25L338.8 288H32C14.33 288 .0016 273.7 .0016 256S14.33 224 32 224h306.8l-105.4-105.4c-12.5-12.5-12.5-32.75 0-45.25s32.75-12.5 45.25 0l160 160C451.1 245.9 451.1 266.1 438.6 278.6z\"><\/path><\/svg><\/span><\/a><\/div><\/div>\n<\/div><\/div>\n\n\n\n<div style=\"height:42px\" aria-hidden=\"true\" class=\"wp-block-spacer\"><\/div>\n\n\n\n<h2 class=\"wp-block-heading\"><strong>\u0648\u0631\u0634 \u0627\u0644\u0639\u0645\u0644 \u0627\u0644\u0623\u0633\u0628\u0648\u0639\u064a\u0629<\/strong><\/h2>\n\n\n\n<p>\u064a\u0645\u0643\u0646 \u0644\u0644\u0645\u0642\u064a\u0645\u064a\u0646 \u0627\u0644\u0645\u062a\u0642\u0627\u0639\u062f\u064a\u0646 \u0641\u064a \u0627\u0644\u0645\u062f\u064a\u0646\u0629 \u0627\u0644\u0645\u0634\u0627\u0631\u0643\u0629 \u0641\u064a \u0645\u062c\u0645\u0648\u0639\u0629 \u0645\u062a\u0646\u0648\u0639\u0629 \u0645\u0646 \u0648\u0631\u0634 \u0627\u0644\u0639\u0645\u0644 \u0627\u0644\u0623\u0633\u0628\u0648\u0639\u064a\u0629 \u0645\u0646 \u0633\u0628\u062a\u0645\u0628\u0631 2025 \u0625\u0644\u0649 \u064a\u0648\u0646\u064a\u0648 2026. \u0627\u0644\u0647\u062f\u0641 \u0627\u0644\u0631\u0626\u064a\u0633\u064a \u0645\u0646 \u0647\u0630\u0647 \u0627\u0644\u0623\u0646\u0634\u0637\u0629 \u0647\u0648 \u062e\u0644\u0642 \u0644\u062d\u0638\u0627\u062a \u0645\u0646 \u0627\u0644\u062a\u0622\u0644\u0641 \u0648\u0627\u0644\u062a\u0622\u0632\u0631.\u00a0<\/p>\n\n\n\n<p><strong>\u0627\u0644\u062a\u0633\u062c\u064a\u0644 \u0641\u064a \u064a\u0648\u0646\u064a\u0648 \u0645\u0646 \u0643\u0644 \u0639\u0627\u0645: 15 \u064a\u0648\u0631\u0648 \u0644\u0644\u0634\u062e\u0635 \u0627\u0644\u0648\u0627\u062d\u062f.<\/strong><\/p>\n\n\n\t\t\t\t\t<div\n\t\t\t\t\t\tclass=\"wp-block-uagb-image-gallery uagb-block-dc553a83\"\n\t\t\t\t\t\tstyle=\"\"\n\t\t\t\t\t>\n\t\t\t\t\t\t\t\t\t\t\t<div class=\"spectra-image-gallery spectra-image-gallery__layout--masonry spectra-image-gallery__layout--masonry-col-1 spectra-image-gallery__layout--masonry-col-tab-1 spectra-image-gallery__layout--masonry-col-mob-1\">\n\t\t\t\t\t\t\t\t\t\t\t<div class='spectra-image-gallery__media-wrapper--isotope'>\n\t\t\t\t\t\t\t<div class='spectra-image-gallery__media-wrapper' data-spectra-gallery-image-id='6353' tabindex=\"0\">\n\t\t\t\t\t\t\t<div class=\"spectra-image-gallery__media spectra-image-gallery__media--masonry\">\n\t\t\t\t<picture>\n\t\t\t\t\t<source media=\"(min-width: 1024px)\" srcset=\"https:\/\/mairie-montataire.fr\/app\/uploads\/2025\/06\/prog-activites-retraites.jpg\">\n\t\t\t\t\t<source media=\"(min-width: 768px)\" srcset=\"https:\/\/mairie-montataire.fr\/app\/uploads\/2025\/06\/prog-activites-retraites-1024x527.jpg\">\n\t\t\t\t\t<img decoding=\"async\" class=\"spectra-image-gallery__media-thumbnail spectra-image-gallery__media-thumbnail--masonry\" src=\"https:\/\/mairie-montataire.fr\/app\/uploads\/2025\/06\/prog-activites-retraites-300x154.jpg\" alt=\"\" loading=\"lazy\" \/>\n\t\t\t\t<\/picture>\n\t\t\t\t<div class=\"spectra-image-gallery__media-thumbnail-blurrer\"><\/div>\n\t\t\t\t\t\t\t\t\t\t\t<div class=\"spectra-image-gallery__media-thumbnail-caption-wrapper spectra-image-gallery__media-thumbnail-caption-wrapper--overlay\"><\/div>\n\t\t\t\t\t\t\t\t<\/div>\n\t\t\t\t\t\t<\/div>\n\t\t\t\t\t\t<\/div>\n\t\t\t\t\t\t\t\t\t\t<\/div>\n\t\t\t\t\t\t\t\t\t\t\t\t\t\t\t\t\t\t<\/div>\n\t\t\t\t\t\t\t\t\t\t\t<div class='spectra-image-gallery__control-lightbox' tabindex='0'>\n\t\t\t\t\t\t\t\t\t\t\t<div class=\"swiper spectra-image-gallery__control-lightbox--main\" dir=\"\">\n\t\t\t\t\t<div class=\"swiper-wrapper\">\n\t\t\t\t\t\t\t\t\t\t\t\t\t\n\t\t\t\t\t\t\t<div class=\"swiper-slide\">\n\t\t\t\t\t\t\t\t<img class=\"swiper-lazy\" data-src=\"https:\/\/mairie-montataire.fr\/app\/uploads\/2025\/06\/prog-activites-retraites.jpg\" alt=\"\"\/>\n\t\t\t\t\t\t\t\t<div class=\"swiper-lazy-preloader swiper-lazy-preloader-white\"><\/div>\n\t\t\t\t\t\t\t\t\t\t\t\t\t\t\t\t\t<div class=\"spectra-image-gallery__control-lightbox--caption\" data-spectra-gallery-image-id='6353'>\n\t\t\t\t\t\t\t\t\t\t\u0648\u0631\u0634\u0629 \u0627\u0644\u062e\u064a\u0627\u0637\u0629\t\t\t\t\t\t\t\t\t<\/div>\n\t\t\t\t\t\t\t\t\t\t\t\t\t\t\t<\/div>\n\t\t\t\t\t\t\t\t\t\t\t<\/div>\n\t\t\t\t\t<div class=\"swiper-button-next\"><\/div>\n\t\t\t\t\t<div class=\"swiper-button-prev\"><\/div>\n\t\t\t\t<\/div>\t\t\t\n\t\t\t\t\t\t\t\t\t\t\t\t\t\t\t\t\t\t\t\t\t\t\t\t\t\t\t\t\t\t\t\t<button class='spectra-image-gallery__control-lightbox--close' aria-label=\"\u0625\u063a\u0644\u0627\u0642\">\n\t\t\t\t\t\t\t\t\t\t\t\t\t<svg xmlns=\"https:\/\/www.w3.org\/2000\/svg\" viewbox= \"0 0 320 512\"><path d=\"M310.6 361.4c12.5 12.5 12.5 32.75 0 45.25C304.4 412.9 296.2 416 288 416s-16.38-3.125-22.62-9.375L160 301.3L54.63 406.6C48.38 412.9 40.19 416 32 416S15.63 412.9 9.375 406.6c-12.5-12.5-12.5-32.75 0-45.25l105.4-105.4L9.375 150.6c-12.5-12.5-12.5-32.75 0-45.25s32.75-12.5 45.25 0L160 210.8l105.4-105.4c12.5-12.5 32.75-12.5 45.25 0s12.5 32.75 0 45.25l-105.4 105.4L310.6 361.4z\"><\/path><\/svg>\n\t\t\t\t\t\t\t\t\t\t\t\t<\/button>\n\t\t\t\t\t\t\t\t\t\t\t\t\t<\/div>\n\t\t\t\t\t\t\t\t\t\n\n\t\t\t\t\t<div\n\t\t\t\t\t\tclass=\"wp-block-uagb-image-gallery uagb-block-091a841e\"\n\t\t\t\t\t\tstyle=\"\"\n\t\t\t\t\t>\n\t\t\t\t\t\t\t\t\t\t\t<div class=\"spectra-image-gallery spectra-image-gallery__layout--masonry spectra-image-gallery__layout--masonry-col-2 spectra-image-gallery__layout--masonry-col-tab-2 spectra-image-gallery__layout--masonry-col-mob-2\">\n\t\t\t\t\t\t\t\t\t\t\t<div class='spectra-image-gallery__media-wrapper--isotope'>\n\t\t\t\t\t\t\t<div class='spectra-image-gallery__media-wrapper' data-spectra-gallery-image-id='2033' tabindex=\"0\">\n\t\t\t\t\t\t\t<div class=\"spectra-image-gallery__media spectra-image-gallery__media--masonry\">\n\t\t\t\t<picture>\n\t\t\t\t\t<source media=\"(min-width: 1024px)\" srcset=\"https:\/\/mairie-montataire.fr\/app\/uploads\/2024\/07\/2024-05-06-Atelier-Couture-RPA-4-scaled.jpg\">\n\t\t\t\t\t<source media=\"(min-width: 768px)\" srcset=\"https:\/\/mairie-montataire.fr\/app\/uploads\/2024\/07\/2024-05-06-Atelier-Couture-RPA-4-1024x683.jpg\">\n\t\t\t\t\t<img decoding=\"async\" class=\"spectra-image-gallery__media-thumbnail spectra-image-gallery__media-thumbnail--masonry\" src=\"https:\/\/mairie-montataire.fr\/app\/uploads\/2024\/07\/2024-05-06-Atelier-Couture-RPA-4-300x200.jpg\" alt=\"\" loading=\"lazy\" \/>\n\t\t\t\t<\/picture>\n\t\t\t\t<div class=\"spectra-image-gallery__media-thumbnail-blurrer\"><\/div>\n\t\t\t\t\t\t\t\t\t\t\t<div class=\"spectra-image-gallery__media-thumbnail-caption-wrapper spectra-image-gallery__media-thumbnail-caption-wrapper--overlay\">\n\t\t\t\t\t\t\t\t\t\t\t<div class=\"spectra-image-gallery__media-thumbnail-caption spectra-image-gallery__media-thumbnail-caption--overlay\">\n\t\t\t\t\t\u0648\u0631\u0634\u0629 \u0627\u0644\u062e\u064a\u0627\u0637\u0629\t\t\t\t<\/div>\n\t\t\t\t\t\t\t\t\t\t<\/div>\n\t\t\t\t\t\t\t\t\t<\/div>\n\t\t\t\t\t\t<\/div>\n\t\t\t\t\t\t<\/div>\n\t\t\t\t\t\t<div class='spectra-image-gallery__media-wrapper--isotope'>\n\t\t\t\t\t\t\t<div class='spectra-image-gallery__media-wrapper' data-spectra-gallery-image-id='2031' tabindex=\"0\">\n\t\t\t\t\t\t\t<div class=\"spectra-image-gallery__media spectra-image-gallery__media--masonry\">\n\t\t\t\t<picture>\n\t\t\t\t\t<source media=\"(min-width: 1024px)\" srcset=\"https:\/\/mairie-montataire.fr\/app\/uploads\/2024\/07\/2024-05-06-Atelier-Couture-RPA-3-scaled.jpg\">\n\t\t\t\t\t<source media=\"(min-width: 768px)\" srcset=\"https:\/\/mairie-montataire.fr\/app\/uploads\/2024\/07\/2024-05-06-Atelier-Couture-RPA-3-1024x683.jpg\">\n\t\t\t\t\t<img decoding=\"async\" class=\"spectra-image-gallery__media-thumbnail spectra-image-gallery__media-thumbnail--masonry\" src=\"https:\/\/mairie-montataire.fr\/app\/uploads\/2024\/07\/2024-05-06-Atelier-Couture-RPA-3-300x200.jpg\" alt=\"\" loading=\"lazy\" \/>\n\t\t\t\t<\/picture>\n\t\t\t\t<div class=\"spectra-image-gallery__media-thumbnail-blurrer\"><\/div>\n\t\t\t\t\t\t\t\t\t\t\t<div class=\"spectra-image-gallery__media-thumbnail-caption-wrapper spectra-image-gallery__media-thumbnail-caption-wrapper--overlay\">\n\t\t\t\t\t\t\t\t\t\t\t<div class=\"spectra-image-gallery__media-thumbnail-caption spectra-image-gallery__media-thumbnail-caption--overlay\">\n\t\t\t\t\t\u0648\u0631\u0634\u0629 \u0627\u0644\u062e\u064a\u0627\u0637\u0629\t\t\t\t<\/div>\n\t\t\t\t\t\t\t\t\t\t<\/div>\n\t\t\t\t\t\t\t\t\t<\/div>\n\t\t\t\t\t\t<\/div>\n\t\t\t\t\t\t<\/div>\n\t\t\t\t\t\t\t\t\t\t<\/div>\n\t\t\t\t\t\t\t\t\t\t\t\t\t\t\t\t\t\t<\/div>\n\t\t\t\t\t\t\t\t\t\t\t<div class='spectra-image-gallery__control-lightbox' tabindex='0'>\n\t\t\t\t\t\t\t\t\t\t\t<div class=\"swiper spectra-image-gallery__control-lightbox--main\" dir=\"\">\n\t\t\t\t\t<div class=\"swiper-wrapper\">\n\t\t\t\t\t\t\t\t\t\t\t\t\t\n\t\t\t\t\t\t\t<div class=\"swiper-slide\">\n\t\t\t\t\t\t\t\t<img class=\"swiper-lazy\" data-src=\"https:\/\/mairie-montataire.fr\/app\/uploads\/2024\/07\/2024-05-06-Atelier-Couture-RPA-4-scaled.jpg\" alt=\"\"\/>\n\t\t\t\t\t\t\t\t<div class=\"swiper-lazy-preloader swiper-lazy-preloader-white\"><\/div>\n\t\t\t\t\t\t\t\t\t\t\t\t\t\t\t\t\t<div class=\"spectra-image-gallery__control-lightbox--caption\" data-spectra-gallery-image-id='2033'>\n\t\t\t\t\t\t\t\t\t\t\u0648\u0631\u0634\u0629 \u0627\u0644\u062e\u064a\u0627\u0637\u0629\t\t\t\t\t\t\t\t\t<\/div>\n\t\t\t\t\t\t\t\t\t\t\t\t\t\t\t<\/div>\n\t\t\t\t\t\t\t\t\t\t\t\t\t\n\t\t\t\t\t\t\t<div class=\"swiper-slide\">\n\t\t\t\t\t\t\t\t<img class=\"swiper-lazy\" data-src=\"https:\/\/mairie-montataire.fr\/app\/uploads\/2024\/07\/2024-05-06-Atelier-Couture-RPA-3-scaled.jpg\" alt=\"\"\/>\n\t\t\t\t\t\t\t\t<div class=\"swiper-lazy-preloader swiper-lazy-preloader-white\"><\/div>\n\t\t\t\t\t\t\t\t\t\t\t\t\t\t\t\t\t<div class=\"spectra-image-gallery__control-lightbox--caption\" data-spectra-gallery-image-id='2031'>\n\t\t\t\t\t\t\t\t\t\t\u0648\u0631\u0634\u0629 \u0627\u0644\u062e\u064a\u0627\u0637\u0629\t\t\t\t\t\t\t\t\t<\/div>\n\t\t\t\t\t\t\t\t\t\t\t\t\t\t\t<\/div>\n\t\t\t\t\t\t\t\t\t\t\t<\/div>\n\t\t\t\t\t<div class=\"swiper-button-next\"><\/div>\n\t\t\t\t\t<div class=\"swiper-button-prev\"><\/div>\n\t\t\t\t<\/div>\t\t\t\n\t\t\t\t\t\t\t\t\t\t\t\t\t\t\t\t\t\t\t\t\t\t\t\t\t\t\t\t\t\t\t\t<button class='spectra-image-gallery__control-lightbox--close' aria-label=\"\u0625\u063a\u0644\u0627\u0642\">\n\t\t\t\t\t\t\t\t\t\t\t\t\t<svg xmlns=\"https:\/\/www.w3.org\/2000\/svg\" viewbox= \"0 0 320 512\"><path d=\"M310.6 361.4c12.5 12.5 12.5 32.75 0 45.25C304.4 412.9 296.2 416 288 416s-16.38-3.125-22.62-9.375L160 301.3L54.63 406.6C48.38 412.9 40.19 416 32 416S15.63 412.9 9.375 406.6c-12.5-12.5-12.5-32.75 0-45.25l105.4-105.4L9.375 150.6c-12.5-12.5-12.5-32.75 0-45.25s32.75-12.5 45.25 0L160 210.8l105.4-105.4c12.5-12.5 32.75-12.5 45.25 0s12.5 32.75 0 45.25l-105.4 105.4L310.6 361.4z\"><\/path><\/svg>\n\t\t\t\t\t\t\t\t\t\t\t\t<\/button>\n\t\t\t\t\t\t\t\t\t\t\t\t\t<\/div>\n\t\t\t\t\t\t\t\t\t\n\n\n<h2 class=\"wp-block-heading\"><strong>\u0627\u0644\u0641\u0639\u0627\u0644\u064a\u0627\u062a \u0648\u0627\u0644\u0646\u0632\u0647\u0627\u062a \u0627\u0644\u0633\u0646\u0648\u064a\u0629<\/strong><\/h2>\n\n\n\n<p>\u064a\u0645\u0643\u0646 \u0644\u0645\u062a\u0642\u0627\u0639\u062f\u064a \u0627\u0644\u0628\u0644\u062f\u0629 \u0627\u0644\u0627\u0633\u062a\u0641\u0627\u062f\u0629 \u0645\u0646 \u0648\u062c\u0628\u0629 \u0648\u0631\u062d\u0644\u0629 \u0627\u0644\u0645\u062a\u0642\u0627\u0639\u062f\u064a\u0646 \u0627\u0644\u0633\u0646\u0648\u064a\u0629 \u0627\u0644\u0645\u062c\u0627\u0646\u064a\u0629\u060c \u0628\u0627\u0644\u0625\u0636\u0627\u0641\u0629 \u0625\u0644\u0649 \u0637\u0631\u0648\u062f \u0646\u0647\u0627\u064a\u0629 \u0627\u0644\u0639\u0627\u0645.<\/p>\n\n\n\n<p>\u0648\u0645\u0646 \u0627\u0644\u0645\u0642\u0631\u0631 \u062a\u0646\u0638\u064a\u0645 \u0646\u0632\u0647\u0627\u062a \u0623\u062e\u0631\u0649 \u0639\u0644\u0649 \u0645\u062f\u0627\u0631 \u0627\u0644\u0639\u0627\u0645.&nbsp;<\/p>\n\n\n\n<p><strong>\u0627\u0644\u062a\u0633\u062c\u064a\u0644 \u062d\u0633\u0628 \u0627\u0644\u0646\u0632\u0647\u0629: 10 \u064a\u0648\u0631\u0648 \u0623\u0648 20 \u064a\u0648\u0631\u0648 \u0644\u0644\u0634\u062e\u0635 \u0627\u0644\u0648\u0627\u062d\u062f.<\/strong><\/p>\n\n\n\t\t\t\t\t<div\n\t\t\t\t\t\tclass=\"wp-block-uagb-image-gallery uagb-block-a9891b0c\"\n\t\t\t\t\t\tstyle=\"\"\n\t\t\t\t\t>\n\t\t\t\t\t\t\t\t\t\t\t<div class=\"spectra-image-gallery spectra-image-gallery__layout--grid spectra-image-gallery__layout--grid-col-3 spectra-image-gallery__layout--grid-col-tab-3 spectra-image-gallery__layout--grid-col-mob-2\">\n\t\t\t\t\t\t\t\t\t\t\t<div class='spectra-image-gallery__media-wrapper' data-spectra-gallery-image-id='2045' tabindex=\"0\">\n\t\t\t\t\t\t\t<div class=\"spectra-image-gallery__media spectra-image-gallery__media--grid\">\n\t\t\t\t<picture>\n\t\t\t\t\t<source media=\"(min-width: 1024px)\" srcset=\"https:\/\/mairie-montataire.fr\/app\/uploads\/2024\/07\/2023-12-15-colis-de-fin-dannee-des-retraites-4-1024x683.jpg\">\n\t\t\t\t\t<source media=\"(min-width: 768px)\" srcset=\"https:\/\/mairie-montataire.fr\/app\/uploads\/2024\/07\/2023-12-15-colis-de-fin-dannee-des-retraites-4-1024x683.jpg\">\n\t\t\t\t\t<img decoding=\"async\" class=\"spectra-image-gallery__media-thumbnail spectra-image-gallery__media-thumbnail--grid\" src=\"https:\/\/mairie-montataire.fr\/app\/uploads\/2024\/07\/2023-12-15-colis-de-fin-dannee-des-retraites-4-300x200.jpg\" alt=\"\u0645\u062a\u0637\u0648\u0639\u0648\u0646 \u0645\u062a\u0642\u0627\u0639\u062f\u0648\u0646 \u064a\u0648\u0632\u0639\u0648\u0646 \u0637\u0631\u0648\u062f \u0646\u0647\u0627\u064a\u0629 \u0627\u0644\u0639\u0627\u0645 \u0627\u0644\u062f\u0631\u0627\u0633\u064a\" loading=\"lazy\" \/>\n\t\t\t\t<\/picture>\n\t\t\t\t<div class=\"spectra-image-gallery__media-thumbnail-blurrer\"><\/div>\n\t\t\t\t\t\t\t\t\t\t\t<div class=\"spectra-image-gallery__media-thumbnail-caption-wrapper spectra-image-gallery__media-thumbnail-caption-wrapper--overlay\">\n\t\t\t\t\t\t\t\t\t\t\t<div class=\"spectra-image-gallery__media-thumbnail-caption spectra-image-gallery__media-thumbnail-caption--overlay\">\n\t\t\t\t\t\u0637\u0631\u062f \u0627\u0644\u0639\u0627\u0645 \u0627\u0644\u062c\u062f\u064a\u062f - 2023\t\t\t\t<\/div>\n\t\t\t\t\t\t\t\t\t\t<\/div>\n\t\t\t\t\t\t\t\t\t<\/div>\n\t\t\t\t\t\t<\/div>\n\t\t\t\t\t\t<div class='spectra-image-gallery__media-wrapper' data-spectra-gallery-image-id='2046' tabindex=\"0\">\n\t\t\t\t\t\t\t<div class=\"spectra-image-gallery__media spectra-image-gallery__media--grid\">\n\t\t\t\t<picture>\n\t\t\t\t\t<source media=\"(min-width: 1024px)\" srcset=\"https:\/\/mairie-montataire.fr\/app\/uploads\/2024\/07\/2022-06-22-Voyage-Annuel-Retraites-Reims-23-1024x683.jpg\">\n\t\t\t\t\t<source media=\"(min-width: 768px)\" srcset=\"https:\/\/mairie-montataire.fr\/app\/uploads\/2024\/07\/2022-06-22-Voyage-Annuel-Retraites-Reims-23-1024x683.jpg\">\n\t\t\t\t\t<img decoding=\"async\" class=\"spectra-image-gallery__media-thumbnail spectra-image-gallery__media-thumbnail--grid\" src=\"https:\/\/mairie-montataire.fr\/app\/uploads\/2024\/07\/2022-06-22-Voyage-Annuel-Retraites-Reims-23-300x200.jpg\" alt=\"\u0645\u062c\u0645\u0648\u0639\u0629 \u0645\u0646 \u0627\u0644\u0645\u062a\u0642\u0627\u0639\u062f\u064a\u0646 \u0623\u0645\u0627\u0645 \u0643\u0627\u062a\u062f\u0631\u0627\u0626\u064a\u0629 \u0631\u064a\u0645\u0633\" loading=\"lazy\" \/>\n\t\t\t\t<\/picture>\n\t\t\t\t<div class=\"spectra-image-gallery__media-thumbnail-blurrer\"><\/div>\n\t\t\t\t\t\t\t\t\t\t\t<div class=\"spectra-image-gallery__media-thumbnail-caption-wrapper spectra-image-gallery__media-thumbnail-caption-wrapper--overlay\">\n\t\t\t\t\t\t\t\t\t\t\t<div class=\"spectra-image-gallery__media-thumbnail-caption spectra-image-gallery__media-thumbnail-caption--overlay\">\n\t\t\t\t\t\u0631\u062d\u0644\u0629 \u0623\u0635\u062d\u0627\u0628 \u0627\u0644\u0645\u0639\u0627\u0634\u0627\u062a \u0627\u0644\u0633\u0646\u0648\u064a\u0629 \u0625\u0644\u0649 \u0631\u064a\u0645\u0633 - 2022\t\t\t\t<\/div>\n\t\t\t\t\t\t\t\t\t\t<\/div>\n\t\t\t\t\t\t\t\t\t<\/div>\n\t\t\t\t\t\t<\/div>\n\t\t\t\t\t\t<div class='spectra-image-gallery__media-wrapper' data-spectra-gallery-image-id='2047' tabindex=\"0\">\n\t\t\t\t\t\t\t<div class=\"spectra-image-gallery__media spectra-image-gallery__media--grid\">\n\t\t\t\t<picture>\n\t\t\t\t\t<source media=\"(min-width: 1024px)\" srcset=\"https:\/\/mairie-montataire.fr\/app\/uploads\/2024\/07\/2023-03-22-repas-aines-ambiance-22-1024x683.jpg\">\n\t\t\t\t\t<source media=\"(min-width: 768px)\" srcset=\"https:\/\/mairie-montataire.fr\/app\/uploads\/2024\/07\/2023-03-22-repas-aines-ambiance-22-1024x683.jpg\">\n\t\t\t\t\t<img decoding=\"async\" class=\"spectra-image-gallery__media-thumbnail spectra-image-gallery__media-thumbnail--grid\" src=\"https:\/\/mairie-montataire.fr\/app\/uploads\/2024\/07\/2023-03-22-repas-aines-ambiance-22-300x200.jpg\" alt=\"\u062c\u0644\u0633 \u062d\u0648\u0627\u0644\u064a \u0645\u0627\u0626\u0629 \u0634\u062e\u0635 \u0644\u0644\u0627\u0633\u062a\u0645\u0627\u0639 \u0625\u0644\u0649 \u062e\u0637\u0627\u0628 \u0631\u0626\u064a\u0633 \u0627\u0644\u0628\u0644\u062f\u064a\u0629\" loading=\"lazy\" \/>\n\t\t\t\t<\/picture>\n\t\t\t\t<div class=\"spectra-image-gallery__media-thumbnail-blurrer\"><\/div>\n\t\t\t\t\t\t\t\t\t\t\t<div class=\"spectra-image-gallery__media-thumbnail-caption-wrapper spectra-image-gallery__media-thumbnail-caption-wrapper--overlay\">\n\t\t\t\t\t\t\t\t\t\t\t<div class=\"spectra-image-gallery__media-thumbnail-caption spectra-image-gallery__media-thumbnail-caption--overlay\">\n\t\t\t\t\t\u0648\u062c\u0628\u0629 \u0643\u0628\u0627\u0631 \u0627\u0644\u0633\u0646 - 2023\t\t\t\t<\/div>\n\t\t\t\t\t\t\t\t\t\t<\/div>\n\t\t\t\t\t\t\t\t\t<\/div>\n\t\t\t\t\t\t<\/div>\n\t\t\t\t\t\t<div class='spectra-image-gallery__media-wrapper' data-spectra-gallery-image-id='2048' tabindex=\"0\">\n\t\t\t\t\t\t\t<div class=\"spectra-image-gallery__media spectra-image-gallery__media--grid\">\n\t\t\t\t<picture>\n\t\t\t\t\t<source media=\"(min-width: 1024px)\" srcset=\"https:\/\/mairie-montataire.fr\/app\/uploads\/2024\/07\/2023-03-22-repas-aines-ambiance-70-1024x683.jpg\">\n\t\t\t\t\t<source media=\"(min-width: 768px)\" srcset=\"https:\/\/mairie-montataire.fr\/app\/uploads\/2024\/07\/2023-03-22-repas-aines-ambiance-70-1024x683.jpg\">\n\t\t\t\t\t<img decoding=\"async\" class=\"spectra-image-gallery__media-thumbnail spectra-image-gallery__media-thumbnail--grid\" src=\"https:\/\/mairie-montataire.fr\/app\/uploads\/2024\/07\/2023-03-22-repas-aines-ambiance-70-300x200.jpg\" alt=\"\u0623\u0634\u062e\u0627\u0635 \u062c\u0627\u0644\u0633\u0648\u0646 \u0641\u064a \u0627\u0644\u0645\u0642\u062f\u0645\u0629 \u0648\u0623\u0634\u062e\u0627\u0635 \u064a\u0631\u0642\u0635\u0648\u0646 \u0641\u064a \u0627\u0644\u062e\u0644\u0641\u064a\u0629\" loading=\"lazy\" \/>\n\t\t\t\t<\/picture>\n\t\t\t\t<div class=\"spectra-image-gallery__media-thumbnail-blurrer\"><\/div>\n\t\t\t\t\t\t\t\t\t\t\t<div class=\"spectra-image-gallery__media-thumbnail-caption-wrapper spectra-image-gallery__media-thumbnail-caption-wrapper--overlay\">\n\t\t\t\t\t\t\t\t\t\t\t<div class=\"spectra-image-gallery__media-thumbnail-caption spectra-image-gallery__media-thumbnail-caption--overlay\">\n\t\t\t\t\t\u0648\u062c\u0628\u0629 \u0643\u0628\u0627\u0631 \u0627\u0644\u0633\u0646 - 2023\t\t\t\t<\/div>\n\t\t\t\t\t\t\t\t\t\t<\/div>\n\t\t\t\t\t\t\t\t\t<\/div>\n\t\t\t\t\t\t<\/div>\n\t\t\t\t\t\t<div class='spectra-image-gallery__media-wrapper' data-spectra-gallery-image-id='2049' tabindex=\"0\">\n\t\t\t\t\t\t\t<div class=\"spectra-image-gallery__media spectra-image-gallery__media--grid\">\n\t\t\t\t<picture>\n\t\t\t\t\t<source media=\"(min-width: 1024px)\" srcset=\"https:\/\/mairie-montataire.fr\/app\/uploads\/2024\/07\/2023-03-22-repas-aines-lieu-et-repas-16-1024x683.jpg\">\n\t\t\t\t\t<source media=\"(min-width: 768px)\" srcset=\"https:\/\/mairie-montataire.fr\/app\/uploads\/2024\/07\/2023-03-22-repas-aines-lieu-et-repas-16-1024x683.jpg\">\n\t\t\t\t\t<img decoding=\"async\" class=\"spectra-image-gallery__media-thumbnail spectra-image-gallery__media-thumbnail--grid\" src=\"https:\/\/mairie-montataire.fr\/app\/uploads\/2024\/07\/2023-03-22-repas-aines-lieu-et-repas-16-300x200.jpg\" alt=\"\u0637\u0628\u0642 \u0645\u0646 \u0633\u0645\u0643 \u0627\u0644\u0633\u0644\u0645\u0648\u0646 \u0627\u0644\u0645\u062f\u062e\u0646 \u0645\u0642\u062f\u0645 \u0628\u0634\u0643\u0644 \u062c\u0645\u064a\u0644\" loading=\"lazy\" \/>\n\t\t\t\t<\/picture>\n\t\t\t\t<div class=\"spectra-image-gallery__media-thumbnail-blurrer\"><\/div>\n\t\t\t\t\t\t\t\t\t\t\t<div class=\"spectra-image-gallery__media-thumbnail-caption-wrapper spectra-image-gallery__media-thumbnail-caption-wrapper--overlay\">\n\t\t\t\t\t\t\t\t\t\t\t<div class=\"spectra-image-gallery__media-thumbnail-caption spectra-image-gallery__media-thumbnail-caption--overlay\">\n\t\t\t\t\t\u0627\u0644\u062f\u062e\u0648\u0644 \u0625\u0644\u0649 \u0648\u062c\u0628\u0629 \u0643\u0628\u0627\u0631 \u0627\u0644\u0633\u0646 - 2023\t\t\t\t<\/div>\n\t\t\t\t\t\t\t\t\t\t<\/div>\n\t\t\t\t\t\t\t\t\t<\/div>\n\t\t\t\t\t\t<\/div>\n\t\t\t\t\t\t\t\t\t\t<\/div>\n\t\t\t\t\t\t\t\t\t\t\t\t\t\t\t\t\t\t<\/div>\n\t\t\t\t\t\t\t\t\t\t\t<div class='spectra-image-gallery__control-lightbox' tabindex='0'>\n\t\t\t\t\t\t\t\t\t\t\t<div class=\"swiper spectra-image-gallery__control-lightbox--main\" dir=\"\">\n\t\t\t\t\t<div class=\"swiper-wrapper\">\n\t\t\t\t\t\t\t\t\t\t\t\t\t\n\t\t\t\t\t\t\t<div class=\"swiper-slide\">\n\t\t\t\t\t\t\t\t<img class=\"swiper-lazy\" data-src=\"https:\/\/mairie-montataire.fr\/app\/uploads\/2024\/07\/2023-12-15-colis-de-fin-dannee-des-retraites-4-scaled.jpg\" alt=\"\u0645\u062a\u0637\u0648\u0639\u0648\u0646 \u0645\u062a\u0642\u0627\u0639\u062f\u0648\u0646 \u064a\u0648\u0632\u0639\u0648\u0646 \u0637\u0631\u0648\u062f \u0646\u0647\u0627\u064a\u0629 \u0627\u0644\u0639\u0627\u0645 \u0627\u0644\u062f\u0631\u0627\u0633\u064a\"\/>\n\t\t\t\t\t\t\t\t<div class=\"swiper-lazy-preloader swiper-lazy-preloader-white\"><\/div>\n\t\t\t\t\t\t\t\t\t\t\t\t\t\t\t\t\t<div class=\"spectra-image-gallery__control-lightbox--caption\" data-spectra-gallery-image-id='2045'>\n\t\t\t\t\t\t\t\t\t\t\u0637\u0631\u062f \u0627\u0644\u0639\u0627\u0645 \u0627\u0644\u062c\u062f\u064a\u062f - 2023\t\t\t\t\t\t\t\t\t<\/div>\n\t\t\t\t\t\t\t\t\t\t\t\t\t\t\t<\/div>\n\t\t\t\t\t\t\t\t\t\t\t\t\t\n\t\t\t\t\t\t\t<div class=\"swiper-slide\">\n\t\t\t\t\t\t\t\t<img class=\"swiper-lazy\" data-src=\"https:\/\/mairie-montataire.fr\/app\/uploads\/2024\/07\/2022-06-22-Voyage-Annuel-Retraites-Reims-23-scaled.jpg\" alt=\"\u0645\u062c\u0645\u0648\u0639\u0629 \u0645\u0646 \u0627\u0644\u0645\u062a\u0642\u0627\u0639\u062f\u064a\u0646 \u0623\u0645\u0627\u0645 \u0643\u0627\u062a\u062f\u0631\u0627\u0626\u064a\u0629 \u0631\u064a\u0645\u0633\"\/>\n\t\t\t\t\t\t\t\t<div class=\"swiper-lazy-preloader swiper-lazy-preloader-white\"><\/div>\n\t\t\t\t\t\t\t\t\t\t\t\t\t\t\t\t\t<div class=\"spectra-image-gallery__control-lightbox--caption\" data-spectra-gallery-image-id='2046'>\n\t\t\t\t\t\t\t\t\t\t\u0631\u062d\u0644\u0629 \u0623\u0635\u062d\u0627\u0628 \u0627\u0644\u0645\u0639\u0627\u0634\u0627\u062a \u0627\u0644\u0633\u0646\u0648\u064a\u0629 \u0625\u0644\u0649 \u0631\u064a\u0645\u0633 - 2022\t\t\t\t\t\t\t\t\t<\/div>\n\t\t\t\t\t\t\t\t\t\t\t\t\t\t\t<\/div>\n\t\t\t\t\t\t\t\t\t\t\t\t\t\n\t\t\t\t\t\t\t<div class=\"swiper-slide\">\n\t\t\t\t\t\t\t\t<img class=\"swiper-lazy\" data-src=\"https:\/\/mairie-montataire.fr\/app\/uploads\/2024\/07\/2023-03-22-repas-aines-ambiance-22-scaled.jpg\" alt=\"\u062c\u0644\u0633 \u062d\u0648\u0627\u0644\u064a \u0645\u0627\u0626\u0629 \u0634\u062e\u0635 \u0644\u0644\u0627\u0633\u062a\u0645\u0627\u0639 \u0625\u0644\u0649 \u062e\u0637\u0627\u0628 \u0631\u0626\u064a\u0633 \u0627\u0644\u0628\u0644\u062f\u064a\u0629\"\/>\n\t\t\t\t\t\t\t\t<div class=\"swiper-lazy-preloader swiper-lazy-preloader-white\"><\/div>\n\t\t\t\t\t\t\t\t\t\t\t\t\t\t\t\t\t<div class=\"spectra-image-gallery__control-lightbox--caption\" data-spectra-gallery-image-id='2047'>\n\t\t\t\t\t\t\t\t\t\t\u0648\u062c\u0628\u0629 \u0643\u0628\u0627\u0631 \u0627\u0644\u0633\u0646 - 2023\t\t\t\t\t\t\t\t\t<\/div>\n\t\t\t\t\t\t\t\t\t\t\t\t\t\t\t<\/div>\n\t\t\t\t\t\t\t\t\t\t\t\t\t\n\t\t\t\t\t\t\t<div class=\"swiper-slide\">\n\t\t\t\t\t\t\t\t<img class=\"swiper-lazy\" data-src=\"https:\/\/mairie-montataire.fr\/app\/uploads\/2024\/07\/2023-03-22-repas-aines-ambiance-70-scaled.jpg\" alt=\"\u0623\u0634\u062e\u0627\u0635 \u062c\u0627\u0644\u0633\u0648\u0646 \u0641\u064a \u0627\u0644\u0645\u0642\u062f\u0645\u0629 \u0648\u0623\u0634\u062e\u0627\u0635 \u064a\u0631\u0642\u0635\u0648\u0646 \u0641\u064a \u0627\u0644\u062e\u0644\u0641\u064a\u0629\"\/>\n\t\t\t\t\t\t\t\t<div class=\"swiper-lazy-preloader swiper-lazy-preloader-white\"><\/div>\n\t\t\t\t\t\t\t\t\t\t\t\t\t\t\t\t\t<div class=\"spectra-image-gallery__control-lightbox--caption\" data-spectra-gallery-image-id='2048'>\n\t\t\t\t\t\t\t\t\t\t\u0648\u062c\u0628\u0629 \u0643\u0628\u0627\u0631 \u0627\u0644\u0633\u0646 - 2023\t\t\t\t\t\t\t\t\t<\/div>\n\t\t\t\t\t\t\t\t\t\t\t\t\t\t\t<\/div>\n\t\t\t\t\t\t\t\t\t\t\t\t\t\n\t\t\t\t\t\t\t<div class=\"swiper-slide\">\n\t\t\t\t\t\t\t\t<img class=\"swiper-lazy\" data-src=\"https:\/\/mairie-montataire.fr\/app\/uploads\/2024\/07\/2023-03-22-repas-aines-lieu-et-repas-16-scaled.jpg\" alt=\"\u0637\u0628\u0642 \u0645\u0646 \u0633\u0645\u0643 \u0627\u0644\u0633\u0644\u0645\u0648\u0646 \u0627\u0644\u0645\u062f\u062e\u0646 \u0645\u0642\u062f\u0645 \u0628\u0634\u0643\u0644 \u062c\u0645\u064a\u0644\"\/>\n\t\t\t\t\t\t\t\t<div class=\"swiper-lazy-preloader swiper-lazy-preloader-white\"><\/div>\n\t\t\t\t\t\t\t\t\t\t\t\t\t\t\t\t\t<div class=\"spectra-image-gallery__control-lightbox--caption\" data-spectra-gallery-image-id='2049'>\n\t\t\t\t\t\t\t\t\t\t\u0627\u0644\u062f\u062e\u0648\u0644 \u0625\u0644\u0649 \u0648\u062c\u0628\u0629 \u0643\u0628\u0627\u0631 \u0627\u0644\u0633\u0646 - 2023\t\t\t\t\t\t\t\t\t<\/div>\n\t\t\t\t\t\t\t\t\t\t\t\t\t\t\t<\/div>\n\t\t\t\t\t\t\t\t\t\t\t<\/div>\n\t\t\t\t\t<div class=\"swiper-button-next\"><\/div>\n\t\t\t\t\t<div class=\"swiper-button-prev\"><\/div>\n\t\t\t\t<\/div>\t\t\t\n\t\t\t\t\t\t\t\t\t\t\t\t\t\t\t\t\t\t\t\t\t\t\t\t\t\t\t\t\t\t\t\t<button class='spectra-image-gallery__control-lightbox--close' aria-label=\"\u0625\u063a\u0644\u0627\u0642\">\n\t\t\t\t\t\t\t\t\t\t\t\t\t<svg xmlns=\"https:\/\/www.w3.org\/2000\/svg\" viewbox= \"0 0 320 512\"><path d=\"M310.6 361.4c12.5 12.5 12.5 32.75 0 45.25C304.4 412.9 296.2 416 288 416s-16.38-3.125-22.62-9.375L160 301.3L54.63 406.6C48.38 412.9 40.19 416 32 416S15.63 412.9 9.375 406.6c-12.5-12.5-12.5-32.75 0-45.25l105.4-105.4L9.375 150.6c-12.5-12.5-12.5-32.75 0-45.25s32.75-12.5 45.25 0L160 210.8l105.4-105.4c12.5-12.5 32.75-12.5 45.25 0s12.5 32.75 0 45.25l-105.4 105.4L310.6 361.4z\"><\/path><\/svg>\n\t\t\t\t\t\t\t\t\t\t\t\t<\/button>\n\t\t\t\t\t\t\t\t\t\t\t\t\t<\/div>\n\t\t\t\t\t\t\t\t\t\n\n\n<h2 class=\"wp-block-heading\"><strong>\u0627\u0644\u0623\u0633\u0628\u0648\u0639 \u0627\u0644\u0623\u0632\u0631\u0642<\/strong><\/h2>\n\n\n\n<p>\u0641\u064a \u0634\u0647\u0631 \u0623\u0643\u062a\u0648\u0628\u0631 \u0645\u0646 \u0643\u0644 \u0639\u0627\u0645\u060c \u064a\u062a\u0645 \u062a\u062e\u0635\u064a\u0635 \"\u0627\u0644\u0623\u0633\u0628\u0648\u0639 \u0627\u0644\u0623\u0632\u0631\u0642\" (\u0627\u0644\u0623\u0633\u0628\u0648\u0639 \u0627\u0644\u0623\u0632\u0631\u0642) \u0644\u0644\u0645\u062a\u0642\u0627\u0639\u062f\u064a\u0646 \u0648\u0643\u0628\u0627\u0631 \u0627\u0644\u0633\u0646. \u0648\u0627\u0644\u0647\u062f\u0641 \u0645\u0646\u0647 \u0647\u0648 \u062a\u0633\u0644\u064a\u0637 \u0627\u0644\u0636\u0648\u0621 \u0639\u0644\u0649 \u0645\u0643\u0627\u0646\u0629 \u0627\u0644\u0645\u0633\u0646\u064a\u0646 \u0641\u064a \u0645\u062c\u062a\u0645\u0639\u0646\u0627 \u0648\u0623\u0647\u0645\u064a\u0629 \u0627\u0644\u0631\u0648\u0627\u0628\u0637 \u0628\u064a\u0646 \u0627\u0644\u0623\u062c\u064a\u0627\u0644. \u064a\u0642\u062f\u0645 \u0627\u0644\u0642\u0633\u0645 \u0645\u062c\u0645\u0648\u0639\u0629 \u0645\u0646 \u0627\u0644\u0623\u0646\u0634\u0637\u0629 \u0644\u0644\u0627\u062d\u062a\u0641\u0627\u0644 \u0628\u0647\u0630\u0647 \u0627\u0644\u0645\u0646\u0627\u0633\u0628\u0629.<\/p>\n\n\n\t\t\t\t\t<div\n\t\t\t\t\t\tclass=\"wp-block-uagb-image-gallery uagb-block-13ed7138\"\n\t\t\t\t\t\tstyle=\"\"\n\t\t\t\t\t>\n\t\t\t\t\t\t\t\t\t\t\t<div class=\"spectra-image-gallery spectra-image-gallery__layout--grid spectra-image-gallery__layout--grid-col-2 spectra-image-gallery__layout--grid-col-tab-3 spectra-image-gallery__layout--grid-col-mob-2\">\n\t\t\t\t\t\t\t\t\t\t\t<div class='spectra-image-gallery__media-wrapper' data-spectra-gallery-image-id='2053' tabindex=\"0\">\n\t\t\t\t\t\t\t<div class=\"spectra-image-gallery__media spectra-image-gallery__media--grid\">\n\t\t\t\t<picture>\n\t\t\t\t\t<source media=\"(min-width: 1024px)\" srcset=\"https:\/\/mairie-montataire.fr\/app\/uploads\/2024\/07\/2022-10-04-Centre-de-table-Semaine-Bleue-24-1024x683.jpg\">\n\t\t\t\t\t<source media=\"(min-width: 768px)\" srcset=\"https:\/\/mairie-montataire.fr\/app\/uploads\/2024\/07\/2022-10-04-Centre-de-table-Semaine-Bleue-24-1024x683.jpg\">\n\t\t\t\t\t<img decoding=\"async\" class=\"spectra-image-gallery__media-thumbnail spectra-image-gallery__media-thumbnail--grid\" src=\"https:\/\/mairie-montataire.fr\/app\/uploads\/2024\/07\/2022-10-04-Centre-de-table-Semaine-Bleue-24-300x200.jpg\" alt=\"\u0627\u0645\u0631\u0623\u0629 \u0645\u0633\u0646\u0651\u0629 \u0648\u0641\u062a\u0627\u062a\u0627\u0646 \u0635\u063a\u064a\u0631\u062a\u0627\u0646 \u064a\u0642\u0645\u0646 \u0628\u0648\u0631\u0634\u0629 \u0639\u0645\u0644 \u0644\u062a\u0646\u0633\u064a\u0642 \u0627\u0644\u0632\u0647\u0648\u0631\" loading=\"lazy\" \/>\n\t\t\t\t<\/picture>\n\t\t\t\t<div class=\"spectra-image-gallery__media-thumbnail-blurrer\"><\/div>\n\t\t\t\t\t\t\t\t\t\t\t<div class=\"spectra-image-gallery__media-thumbnail-caption-wrapper spectra-image-gallery__media-thumbnail-caption-wrapper--overlay\">\n\t\t\t\t\t\t\t\t\t\t\t<div class=\"spectra-image-gallery__media-thumbnail-caption spectra-image-gallery__media-thumbnail-caption--overlay\">\n\t\t\t\t\tSemaine Bleue 2022 - \u0648\u0631\u0634\u0629 \u0639\u0645\u0644 \u0645\u0631\u0643\u0632 \u0627\u0644\u0637\u0627\u0648\u0644\u0629 \u0645\u0639 \u0641\u0626\u0629 CE1 \u0645\u0646 \u0627\u0644\u0645\u062f\u064a\u0646\u0629\t\t\t\t<\/div>\n\t\t\t\t\t\t\t\t\t\t<\/div>\n\t\t\t\t\t\t\t\t\t<\/div>\n\t\t\t\t\t\t<\/div>\n\t\t\t\t\t\t<div class='spectra-image-gallery__media-wrapper' data-spectra-gallery-image-id='2054' tabindex=\"0\">\n\t\t\t\t\t\t\t<div class=\"spectra-image-gallery__media spectra-image-gallery__media--grid\">\n\t\t\t\t<picture>\n\t\t\t\t\t<source media=\"(min-width: 1024px)\" srcset=\"https:\/\/mairie-montataire.fr\/app\/uploads\/2024\/07\/2022-10-05-Marche-Bleue-Semaine-Bleue-18-1024x683.jpg\">\n\t\t\t\t\t<source media=\"(min-width: 768px)\" srcset=\"https:\/\/mairie-montataire.fr\/app\/uploads\/2024\/07\/2022-10-05-Marche-Bleue-Semaine-Bleue-18-1024x683.jpg\">\n\t\t\t\t\t<img decoding=\"async\" class=\"spectra-image-gallery__media-thumbnail spectra-image-gallery__media-thumbnail--grid\" src=\"https:\/\/mairie-montataire.fr\/app\/uploads\/2024\/07\/2022-10-05-Marche-Bleue-Semaine-Bleue-18-300x200.jpg\" alt=\"\u0627\u0644\u0645\u0634\u064a \u0644\u0645\u0633\u0627\u0641\u0627\u062a \u0637\u0648\u064a\u0644\u0629\" loading=\"lazy\" \/>\n\t\t\t\t<\/picture>\n\t\t\t\t<div class=\"spectra-image-gallery__media-thumbnail-blurrer\"><\/div>\n\t\t\t\t\t\t\t\t\t\t\t<div class=\"spectra-image-gallery__media-thumbnail-caption-wrapper spectra-image-gallery__media-thumbnail-caption-wrapper--overlay\">\n\t\t\t\t\t\t\t\t\t\t\t<div class=\"spectra-image-gallery__media-thumbnail-caption spectra-image-gallery__media-thumbnail-caption--overlay\">\n\t\t\t\t\t\u0633\u064a\u0645\u064a\u0646 \u0628\u0644\u0648 2022 - \u0627\u0644\u0645\u0633\u064a\u0631\u0629 \u0627\u0644\u0632\u0631\u0642\u0627\u0621 \t\t\t\t<\/div>\n\t\t\t\t\t\t\t\t\t\t<\/div>\n\t\t\t\t\t\t\t\t\t<\/div>\n\t\t\t\t\t\t<\/div>\n\t\t\t\t\t\t<div class='spectra-image-gallery__media-wrapper' data-spectra-gallery-image-id='2055' tabindex=\"0\">\n\t\t\t\t\t\t\t<div class=\"spectra-image-gallery__media spectra-image-gallery__media--grid\">\n\t\t\t\t<picture>\n\t\t\t\t\t<source media=\"(min-width: 1024px)\" srcset=\"https:\/\/mairie-montataire.fr\/app\/uploads\/2024\/07\/2023-10-02.07-Semaine-bleue12-768x1024.jpg\">\n\t\t\t\t\t<source media=\"(min-width: 768px)\" srcset=\"https:\/\/mairie-montataire.fr\/app\/uploads\/2024\/07\/2023-10-02.07-Semaine-bleue12-768x1024.jpg\">\n\t\t\t\t\t<img decoding=\"async\" class=\"spectra-image-gallery__media-thumbnail spectra-image-gallery__media-thumbnail--grid\" src=\"https:\/\/mairie-montataire.fr\/app\/uploads\/2024\/07\/2023-10-02.07-Semaine-bleue12-225x300.jpg\" alt=\"\u0645\u062c\u0645\u0648\u0639\u0629 \u0645\u0646 \u0627\u0644\u0645\u0633\u0646\u064a\u0646 \u064a\u062a\u0639\u0644\u0645\u0648\u0646 \u0627\u0644\u0646\u062d\u062a \u0639\u0644\u0649 \u0627\u0644\u062d\u062c\u0627\u0631\u0629 \u0641\u064a \u062f\u0627\u0631 \u0628\u064a\u064a\u0631 \u0641\u064a \u0633\u0627\u0646 \u0645\u0627\u0643\u0633\u064a\u0645\u064a\u0646\u060c \u062d\u064a\u062b \u064a\u062a\u0639\u0644\u0645\u0648\u0646 \u0627\u0644\u0646\u062d\u062a \u0639\u0644\u0649 \u0627\u0644\u062d\u062c\u0627\u0631\u0629.\" loading=\"lazy\" \/>\n\t\t\t\t<\/picture>\n\t\t\t\t<div class=\"spectra-image-gallery__media-thumbnail-blurrer\"><\/div>\n\t\t\t\t\t\t\t\t\t\t\t<div class=\"spectra-image-gallery__media-thumbnail-caption-wrapper spectra-image-gallery__media-thumbnail-caption-wrapper--overlay\">\n\t\t\t\t\t\t\t\t\t\t\t<div class=\"spectra-image-gallery__media-thumbnail-caption spectra-image-gallery__media-thumbnail-caption--overlay\">\n\t\t\t\t\t\u0633\u0645\u064a\u0646 \u0628\u0644\u0648 2023 - \u0645\u062f\u062e\u0644 \u0625\u0644\u0649 \u0627\u0644\u0646\u062d\u062a \u0639\u0644\u0649 \u0627\u0644\u062d\u062c\u0631 \u0641\u064a \u062f\u0627\u0631 \u0628\u064a\u064a\u0631 \u0641\u064a \u0633\u0627\u0646 \u0645\u0627\u0643\u0633\u064a\u0645\u064a\u0646\u060c \u0633\u0627\u0646 \u0645\u0627\u0643\u0633\u064a\u0645\u064a\u0646\u060c \u0641\u0631\u0646\u0633\u0627\t\t\t\t<\/div>\n\t\t\t\t\t\t\t\t\t\t<\/div>\n\t\t\t\t\t\t\t\t\t<\/div>\n\t\t\t\t\t\t<\/div>\n\t\t\t\t\t\t<div class='spectra-image-gallery__media-wrapper' data-spectra-gallery-image-id='2056' tabindex=\"0\">\n\t\t\t\t\t\t\t<div class=\"spectra-image-gallery__media spectra-image-gallery__media--grid\">\n\t\t\t\t<picture>\n\t\t\t\t\t<source media=\"(min-width: 1024px)\" srcset=\"https:\/\/mairie-montataire.fr\/app\/uploads\/2024\/07\/2023-10-02.07-Semaine-bleue25-768x1024.jpg\">\n\t\t\t\t\t<source media=\"(min-width: 768px)\" srcset=\"https:\/\/mairie-montataire.fr\/app\/uploads\/2024\/07\/2023-10-02.07-Semaine-bleue25-768x1024.jpg\">\n\t\t\t\t\t<img decoding=\"async\" class=\"spectra-image-gallery__media-thumbnail spectra-image-gallery__media-thumbnail--grid\" src=\"https:\/\/mairie-montataire.fr\/app\/uploads\/2024\/07\/2023-10-02.07-Semaine-bleue25-225x300.jpg\" alt=\"\u0645\u062c\u0645\u0648\u0639\u0629 \u0645\u0646 \u0627\u0644\u0623\u0634\u062e\u0627\u0635 \u062a\u062c\u0645\u0639\u0648\u0627 \u0644\u0632\u064a\u0627\u0631\u0629 \u0645\u0635\u0646\u0639 \u0627\u0644\u0628\u0644\u0627\u0637 \u0641\u064a \u0633\u0627\u0646-\u0633\u0627\u0645\u0633\u0648\u0646-\u0644\u0627-\u0628\u0648\u062a\u064a\u0631\u064a\" loading=\"lazy\" \/>\n\t\t\t\t<\/picture>\n\t\t\t\t<div class=\"spectra-image-gallery__media-thumbnail-blurrer\"><\/div>\n\t\t\t\t\t\t\t\t\t\t\t<div class=\"spectra-image-gallery__media-thumbnail-caption-wrapper spectra-image-gallery__media-thumbnail-caption-wrapper--overlay\">\n\t\t\t\t\t\t\t\t\t\t\t<div class=\"spectra-image-gallery__media-thumbnail-caption spectra-image-gallery__media-thumbnail-caption--overlay\">\n\t\t\t\t\t\u0633\u064a\u0645\u064a\u0646 \u0628\u0644\u0648 - \u0632\u064a\u0627\u0631\u0629 \u0645\u0635\u0646\u0639 \u0627\u0644\u0628\u0644\u0627\u0637 \u0641\u064a \u0633\u0627\u0646-\u0633\u0627\u0645\u0633\u0648\u0646 \u0644\u0627 \u0628\u0648\u062a\u064a\u0631\u064a\t\t\t\t<\/div>\n\t\t\t\t\t\t\t\t\t\t<\/div>\n\t\t\t\t\t\t\t\t\t<\/div>\n\t\t\t\t\t\t<\/div>\n\t\t\t\t\t\t\t\t\t\t<\/div>\n\t\t\t\t\t\t\t\t\t\t\t\t\t\t\t\t\t\t<\/div>\n\t\t\t\t\t\t\t\t\t\t\t<div class='spectra-image-gallery__control-lightbox' tabindex='0'>\n\t\t\t\t\t\t\t\t\t\t\t<div class=\"swiper spectra-image-gallery__control-lightbox--main\" dir=\"\">\n\t\t\t\t\t<div class=\"swiper-wrapper\">\n\t\t\t\t\t\t\t\t\t\t\t\t\t\n\t\t\t\t\t\t\t<div class=\"swiper-slide\">\n\t\t\t\t\t\t\t\t<img class=\"swiper-lazy\" data-src=\"https:\/\/mairie-montataire.fr\/app\/uploads\/2024\/07\/2022-10-04-Centre-de-table-Semaine-Bleue-24-scaled.jpg\" alt=\"\u0627\u0645\u0631\u0623\u0629 \u0645\u0633\u0646\u0651\u0629 \u0648\u0641\u062a\u0627\u062a\u0627\u0646 \u0635\u063a\u064a\u0631\u062a\u0627\u0646 \u064a\u0642\u0645\u0646 \u0628\u0648\u0631\u0634\u0629 \u0639\u0645\u0644 \u0644\u062a\u0646\u0633\u064a\u0642 \u0627\u0644\u0632\u0647\u0648\u0631\"\/>\n\t\t\t\t\t\t\t\t<div class=\"swiper-lazy-preloader swiper-lazy-preloader-white\"><\/div>\n\t\t\t\t\t\t\t\t\t\t\t\t\t\t\t\t\t<div class=\"spectra-image-gallery__control-lightbox--caption\" data-spectra-gallery-image-id='2053'>\n\t\t\t\t\t\t\t\t\t\tSemaine Bleue 2022 - \u0648\u0631\u0634\u0629 \u0639\u0645\u0644 \u0645\u0631\u0643\u0632 \u0627\u0644\u0637\u0627\u0648\u0644\u0629 \u0645\u0639 \u0641\u0626\u0629 CE1 \u0645\u0646 \u0627\u0644\u0645\u062f\u064a\u0646\u0629\t\t\t\t\t\t\t\t\t<\/div>\n\t\t\t\t\t\t\t\t\t\t\t\t\t\t\t<\/div>\n\t\t\t\t\t\t\t\t\t\t\t\t\t\n\t\t\t\t\t\t\t<div class=\"swiper-slide\">\n\t\t\t\t\t\t\t\t<img class=\"swiper-lazy\" data-src=\"https:\/\/mairie-montataire.fr\/app\/uploads\/2024\/07\/2022-10-05-Marche-Bleue-Semaine-Bleue-18-scaled.jpg\" alt=\"\u0627\u0644\u0645\u0634\u064a \u0644\u0645\u0633\u0627\u0641\u0627\u062a \u0637\u0648\u064a\u0644\u0629\"\/>\n\t\t\t\t\t\t\t\t<div class=\"swiper-lazy-preloader swiper-lazy-preloader-white\"><\/div>\n\t\t\t\t\t\t\t\t\t\t\t\t\t\t\t\t\t<div class=\"spectra-image-gallery__control-lightbox--caption\" data-spectra-gallery-image-id='2054'>\n\t\t\t\t\t\t\t\t\t\t\u0633\u064a\u0645\u064a\u0646 \u0628\u0644\u0648 2022 - \u0627\u0644\u0645\u0633\u064a\u0631\u0629 \u0627\u0644\u0632\u0631\u0642\u0627\u0621 \t\t\t\t\t\t\t\t\t<\/div>\n\t\t\t\t\t\t\t\t\t\t\t\t\t\t\t<\/div>\n\t\t\t\t\t\t\t\t\t\t\t\t\t\n\t\t\t\t\t\t\t<div class=\"swiper-slide\">\n\t\t\t\t\t\t\t\t<img class=\"swiper-lazy\" data-src=\"https:\/\/mairie-montataire.fr\/app\/uploads\/2024\/07\/2023-10-02.07-Semaine-bleue12.jpg\" alt=\"\u0645\u062c\u0645\u0648\u0639\u0629 \u0645\u0646 \u0627\u0644\u0645\u0633\u0646\u064a\u0646 \u064a\u062a\u0639\u0644\u0645\u0648\u0646 \u0627\u0644\u0646\u062d\u062a \u0639\u0644\u0649 \u0627\u0644\u062d\u062c\u0627\u0631\u0629 \u0641\u064a \u062f\u0627\u0631 \u0628\u064a\u064a\u0631 \u0641\u064a \u0633\u0627\u0646 \u0645\u0627\u0643\u0633\u064a\u0645\u064a\u0646\u060c \u062d\u064a\u062b \u064a\u062a\u0639\u0644\u0645\u0648\u0646 \u0627\u0644\u0646\u062d\u062a \u0639\u0644\u0649 \u0627\u0644\u062d\u062c\u0627\u0631\u0629.\"\/>\n\t\t\t\t\t\t\t\t<div class=\"swiper-lazy-preloader swiper-lazy-preloader-white\"><\/div>\n\t\t\t\t\t\t\t\t\t\t\t\t\t\t\t\t\t<div class=\"spectra-image-gallery__control-lightbox--caption\" data-spectra-gallery-image-id='2055'>\n\t\t\t\t\t\t\t\t\t\t\u0633\u0645\u064a\u0646 \u0628\u0644\u0648 2023 - \u0645\u062f\u062e\u0644 \u0625\u0644\u0649 \u0627\u0644\u0646\u062d\u062a \u0639\u0644\u0649 \u0627\u0644\u062d\u062c\u0631 \u0641\u064a \u062f\u0627\u0631 \u0628\u064a\u064a\u0631 \u0641\u064a \u0633\u0627\u0646 \u0645\u0627\u0643\u0633\u064a\u0645\u064a\u0646\u060c \u0633\u0627\u0646 \u0645\u0627\u0643\u0633\u064a\u0645\u064a\u0646\u060c \u0641\u0631\u0646\u0633\u0627\t\t\t\t\t\t\t\t\t<\/div>\n\t\t\t\t\t\t\t\t\t\t\t\t\t\t\t<\/div>\n\t\t\t\t\t\t\t\t\t\t\t\t\t\n\t\t\t\t\t\t\t<div class=\"swiper-slide\">\n\t\t\t\t\t\t\t\t<img class=\"swiper-lazy\" data-src=\"https:\/\/mairie-montataire.fr\/app\/uploads\/2024\/07\/2023-10-02.07-Semaine-bleue25.jpg\" alt=\"\u0645\u062c\u0645\u0648\u0639\u0629 \u0645\u0646 \u0627\u0644\u0623\u0634\u062e\u0627\u0635 \u062a\u062c\u0645\u0639\u0648\u0627 \u0644\u0632\u064a\u0627\u0631\u0629 \u0645\u0635\u0646\u0639 \u0627\u0644\u0628\u0644\u0627\u0637 \u0641\u064a \u0633\u0627\u0646-\u0633\u0627\u0645\u0633\u0648\u0646-\u0644\u0627-\u0628\u0648\u062a\u064a\u0631\u064a\"\/>\n\t\t\t\t\t\t\t\t<div class=\"swiper-lazy-preloader swiper-lazy-preloader-white\"><\/div>\n\t\t\t\t\t\t\t\t\t\t\t\t\t\t\t\t\t<div class=\"spectra-image-gallery__control-lightbox--caption\" data-spectra-gallery-image-id='2056'>\n\t\t\t\t\t\t\t\t\t\t\u0633\u064a\u0645\u064a\u0646 \u0628\u0644\u0648 - \u0632\u064a\u0627\u0631\u0629 \u0645\u0635\u0646\u0639 \u0627\u0644\u0628\u0644\u0627\u0637 \u0641\u064a \u0633\u0627\u0646-\u0633\u0627\u0645\u0633\u0648\u0646 \u0644\u0627 \u0628\u0648\u062a\u064a\u0631\u064a\t\t\t\t\t\t\t\t\t<\/div>\n\t\t\t\t\t\t\t\t\t\t\t\t\t\t\t<\/div>\n\t\t\t\t\t\t\t\t\t\t\t<\/div>\n\t\t\t\t\t<div class=\"swiper-button-next\"><\/div>\n\t\t\t\t\t<div class=\"swiper-button-prev\"><\/div>\n\t\t\t\t<\/div>\t\t\t\n\t\t\t\t\t\t\t\t\t\t\t\t\t\t\t\t\t\t\t\t\t\t\t\t\t\t\t\t\t\t\t\t<button class='spectra-image-gallery__control-lightbox--close' aria-label=\"\u0625\u063a\u0644\u0627\u0642\">\n\t\t\t\t\t\t\t\t\t\t\t\t\t<svg xmlns=\"https:\/\/www.w3.org\/2000\/svg\" viewbox= \"0 0 320 512\"><path d=\"M310.6 361.4c12.5 12.5 12.5 32.75 0 45.25C304.4 412.9 296.2 416 288 416s-16.38-3.125-22.62-9.375L160 301.3L54.63 406.6C48.38 412.9 40.19 416 32 416S15.63 412.9 9.375 406.6c-12.5-12.5-12.5-32.75 0-45.25l105.4-105.4L9.375 150.6c-12.5-12.5-12.5-32.75 0-45.25s32.75-12.5 45.25 0L160 210.8l105.4-105.4c12.5-12.5 32.75-12.5 45.25 0s12.5 32.75 0 45.25l-105.4 105.4L310.6 361.4z\"><\/path><\/svg>\n\t\t\t\t\t\t\t\t\t\t\t\t<\/button>\n\t\t\t\t\t\t\t\t\t\t\t\t\t<\/div>","protected":false},"excerpt":{"rendered":"<p>Une des priorit\u00e9s de la municipalit\u00e9 est de proposer \u00e0 l\u2019ensemble des retrait\u00e9s montatairiens des activit\u00e9s diverses leur permettant de s\u2019\u00e9panouir au quotidien tout en entretenant leur r\u00e9seau social. C\u2019est \u00e0 la r\u00e9sidence autonomie Maurice Mignon que la majorit\u00e9 des animations se d\u00e9roule. Ateliers hebdomadaires Les retrait\u00e9\u00b7e\u00b7s de la ville ont acc\u00e8s \u00e0 une diversit\u00e9 [&hellip;]<\/p>\n","protected":false},"author":1,"featured_media":1029,"parent":116,"menu_order":27,"comment_status":"closed","ping_status":"closed","template":"","meta":{"_acf_changed":false,"_uag_custom_page_level_css":"","footnotes":""},"class_list":["post-146","page","type-page","status-publish","has-post-thumbnail","hentry"],"acf":[],"uagb_featured_image_src":{"full":["https:\/\/mairie-montataire.fr\/app\/uploads\/2024\/07\/1.4.4_centre-de-table-semaine-bleue.jpg",495,330,false],"thumbnail":["https:\/\/mairie-montataire.fr\/app\/uploads\/2024\/07\/1.4.4_centre-de-table-semaine-bleue-150x150.jpg",150,150,true],"medium":["https:\/\/mairie-montataire.fr\/app\/uploads\/2024\/07\/1.4.4_centre-de-table-semaine-bleue-300x200.jpg",300,200,true],"medium_large":["https:\/\/mairie-montataire.fr\/app\/uploads\/2024\/07\/1.4.4_centre-de-table-semaine-bleue.jpg",495,330,false],"large":["https:\/\/mairie-montataire.fr\/app\/uploads\/2024\/07\/1.4.4_centre-de-table-semaine-bleue.jpg",495,330,false],"1536x1536":["https:\/\/mairie-montataire.fr\/app\/uploads\/2024\/07\/1.4.4_centre-de-table-semaine-bleue.jpg",495,330,false],"2048x2048":["https:\/\/mairie-montataire.fr\/app\/uploads\/2024\/07\/1.4.4_centre-de-table-semaine-bleue.jpg",495,330,false],"trp-custom-language-flag":["https:\/\/mairie-montataire.fr\/app\/uploads\/2024\/07\/1.4.4_centre-de-table-semaine-bleue.jpg",18,12,false],"gform-image-choice-sm":["https:\/\/mairie-montataire.fr\/app\/uploads\/2024\/07\/1.4.4_centre-de-table-semaine-bleue.jpg",300,200,false],"gform-image-choice-md":["https:\/\/mairie-montataire.fr\/app\/uploads\/2024\/07\/1.4.4_centre-de-table-semaine-bleue.jpg",400,267,false],"gform-image-choice-lg":["https:\/\/mairie-montataire.fr\/app\/uploads\/2024\/07\/1.4.4_centre-de-table-semaine-bleue.jpg",495,330,false]},"uagb_author_info":{"display_name":"mentalworks","author_link":"https:\/\/mairie-montataire.fr\/ar\/actualites\/author\/mentalworks\/"},"uagb_comment_info":0,"uagb_excerpt":"Une des priorit\u00e9s de la municipalit\u00e9 est de proposer \u00e0 l\u2019ensemble des retrait\u00e9s montatairiens des activit\u00e9s diverses leur permettant de s\u2019\u00e9panouir au quotidien tout en entretenant leur r\u00e9seau social. C\u2019est \u00e0 la r\u00e9sidence autonomie Maurice Mignon que la majorit\u00e9 des animations se d\u00e9roule. Ateliers hebdomadaires Les retrait\u00e9\u00b7e\u00b7s de la ville ont acc\u00e8s \u00e0 une diversit\u00e9&hellip;","_links":{"self":[{"href":"https:\/\/mairie-montataire.fr\/ar\/wp-json\/wp\/v2\/pages\/146","targetHints":{"allow":["GET"]}}],"collection":[{"href":"https:\/\/mairie-montataire.fr\/ar\/wp-json\/wp\/v2\/pages"}],"about":[{"href":"https:\/\/mairie-montataire.fr\/ar\/wp-json\/wp\/v2\/types\/page"}],"author":[{"embeddable":true,"href":"https:\/\/mairie-montataire.fr\/ar\/wp-json\/wp\/v2\/users\/1"}],"replies":[{"embeddable":true,"href":"https:\/\/mairie-montataire.fr\/ar\/wp-json\/wp\/v2\/comments?post=146"}],"version-history":[{"count":16,"href":"https:\/\/mairie-montataire.fr\/ar\/wp-json\/wp\/v2\/pages\/146\/revisions"}],"predecessor-version":[{"id":6355,"href":"https:\/\/mairie-montataire.fr\/ar\/wp-json\/wp\/v2\/pages\/146\/revisions\/6355"}],"up":[{"embeddable":true,"href":"https:\/\/mairie-montataire.fr\/ar\/wp-json\/wp\/v2\/pages\/116"}],"wp:featuredmedia":[{"embeddable":true,"href":"https:\/\/mairie-montataire.fr\/ar\/wp-json\/wp\/v2\/media\/1029"}],"wp:attachment":[{"href":"https:\/\/mairie-montataire.fr\/ar\/wp-json\/wp\/v2\/media?parent=146"}],"curies":[{"name":"\u062f\u0628\u0644\u064a\u0648 \u0628\u064a","href":"https:\/\/api.w.org\/{rel}","templated":true}]}}