{"id":140,"date":"2024-05-03T09:27:11","date_gmt":"2024-05-03T09:27:11","guid":{"rendered":"https:\/\/montataire.local\/?page_id=140"},"modified":"2026-01-13T15:15:55","modified_gmt":"2026-01-13T15:15:55","slug":"%d8%a7%d9%84%d9%8a%d8%b4%d9%85","status":"publish","type":"page","link":"https:\/\/mairie-montataire.fr\/ar\/habiter\/jeunesse\/jade\/","title":{"rendered":"\u062c\u0627\u064a\u062f"},"content":{"rendered":"<p><strong>\u062a\u0623\u0633\u0633\u062a \u062c\u0645\u0639\u064a\u0629 \u0627\u0644\u0634\u0628\u0627\u0628 \u0648\u0627\u0644\u0623\u0646\u0634\u0637\u0629 \u0648\u0627\u0644\u062a\u0646\u0645\u064a\u0629 \u0627\u0644\u062a\u0639\u0644\u064a\u0645\u064a\u0629 (JADE) \u0641\u064a \u0639\u0627\u0645 1997\u060c \u0648\u062a\u0647\u062f\u0641 \u0625\u0644\u0649 \u062a\u0644\u0628\u064a\u0629 \u0627\u062d\u062a\u064a\u0627\u062c\u0627\u062a \u0627\u0644\u0634\u0628\u0627\u0628 \u0645\u0646 \u0633\u0643\u0627\u0646 \u0627\u0644\u0645\u062f\u064a\u0646\u0629 \u0645\u0639 \u062a\u0634\u062c\u064a\u0639\u0647\u0645 \u0639\u0644\u0649 \u0627\u0644\u0627\u0633\u062a\u0642\u0644\u0627\u0644\u064a\u0629 \u0648\u062a\u062d\u0645\u0644 \u0627\u0644\u0645\u0633\u0624\u0648\u0644\u064a\u0629 \u0648\u0627\u0644\u062a\u0637\u0648\u0631 \u0627\u0644\u0627\u062c\u062a\u0645\u0627\u0639\u064a.&nbsp;<\/strong><\/p>\n\n\n\n<figure class=\"wp-block-image aligncenter size-full is-resized\"><img loading=\"lazy\" decoding=\"async\" width=\"2000\" height=\"1333\" src=\"https:\/\/mairie-montataire.fr\/app\/uploads\/2024\/08\/2024-07-04-JADE-2.jpg\" alt=\"\" class=\"wp-image-3021\" style=\"width:1119px;height:auto\" srcset=\"https:\/\/mairie-montataire.fr\/app\/uploads\/2024\/08\/2024-07-04-JADE-2.jpg 2000w, https:\/\/mairie-montataire.fr\/app\/uploads\/2024\/08\/2024-07-04-JADE-2-300x200.jpg 300w, https:\/\/mairie-montataire.fr\/app\/uploads\/2024\/08\/2024-07-04-JADE-2-1024x682.jpg 1024w, https:\/\/mairie-montataire.fr\/app\/uploads\/2024\/08\/2024-07-04-JADE-2-768x512.jpg 768w, https:\/\/mairie-montataire.fr\/app\/uploads\/2024\/08\/2024-07-04-JADE-2-1536x1024.jpg 1536w, https:\/\/mairie-montataire.fr\/app\/uploads\/2024\/08\/2024-07-04-JADE-2-18x12.jpg 18w\" sizes=\"auto, (max-width: 2000px) 100vw, 2000px\" \/><\/figure>\n\n\n\n<p><strong>\u0648\u0644\u062a\u062d\u0642\u064a\u0642 \u0630\u0644\u0643\u060c \u062a\u0645 \u062a\u0646\u0638\u064a\u0645 \u0627\u0644\u062c\u0645\u0639\u064a\u0629 \u0641\u064a \u062b\u0644\u0627\u062b\u0629 \u0642\u0637\u0627\u0639\u0627\u062a:<\/strong><\/p>\n\n\n\n<div class=\"wp-block-columns is-layout-flex wp-container-core-columns-is-layout-9d6595d7 wp-block-columns-is-layout-flex\">\n<div class=\"wp-block-column is-layout-flow wp-block-column-is-layout-flow\">\n<h3 class=\"wp-block-heading has-text-align-center\"><strong> \u0627\u0644\u0635\u0641\u062d\u0629 \u0627\u0644\u0631\u0626\u064a\u0633\u064a\u0629<\/strong><\/h3>\n\n\n\n<p><strong>\u064a\u0633\u0627\u0639\u062f \u0641\u064a \u062a\u062d\u062f\u064a\u062f \u0627\u062d\u062a\u064a\u0627\u062c\u0627\u062a \u0627\u0644\u0634\u0628\u0627\u0628 \u0648\u062a\u0642\u062f\u064a\u0645 \u0627\u0644\u0625\u0631\u0634\u0627\u062f\u0627\u062a \u0644\u0647\u0645.<\/strong><\/p>\n<\/div>\n\n\n\n<div class=\"wp-block-column is-layout-flow wp-block-column-is-layout-flow\">\n<h3 class=\"wp-block-heading has-text-align-center\"><strong>\u0646\u0642\u0637\u0629 \u0627\u0644\u0627\u0633\u062a\u0645\u0627\u0639<\/strong><\/h3>\n\n\n\n<p><strong>\u062d\u064a\u062b \u064a\u0642\u062f\u0645 \u0627\u0644\u0641\u0631\u064a\u0642 \u0627\u0644\u0646\u0641\u0633\u064a \u0627\u0644\u062a\u0631\u0628\u0648\u064a \u062c\u0644\u0633\u0627\u062a \u0627\u0633\u062a\u0645\u0627\u0639 \u0641\u0631\u062f\u064a\u0629 \u0623\u0648 \u062c\u0645\u0627\u0639\u064a\u0629.<\/strong><\/p>\n<\/div>\n\n\n\n<div class=\"wp-block-column is-layout-flow wp-block-column-is-layout-flow\">\n<h3 class=\"wp-block-heading has-text-align-center\"><strong>\u0627\u0644\u062a\u0631\u0641\u064a\u0647<\/strong><\/h3>\n\n\n\n<p><strong>\u064a\u0642\u062f\u0645 \u0645\u062c\u0645\u0648\u0639\u0629 \u0645\u0646 \u0627\u0644\u0623\u0646\u0634\u0637\u0629 \u0639\u0644\u0649 \u0645\u062f\u0627\u0631 \u0627\u0644\u0639\u0627\u0645 \u0644\u062a\u0639\u0632\u064a\u0632 \u0627\u0644\u062a\u0646\u0648\u0639 \u0648\u0627\u0644\u0645\u0648\u0627\u0637\u0646\u0629.<\/strong><\/p>\n<\/div>\n<\/div>\n\n\n\n<h2 class=\"wp-block-heading\">\u062a\u0631\u062d\u064a\u0628 \u064a\u0648\u0645\u064a<\/h2>\n\n\n\n<p>\u062a\u0642\u062f\u0645 JADE \u062e\u062f\u0645\u0629 \u0645\u062c\u0627\u0646\u064a\u0629 \u0645\u0641\u062a\u0648\u062d\u0629 \u0644\u0644\u062c\u0645\u064a\u0639. \u0648\u0647\u064a \u062a\u0648\u062c\u0647 \u0627\u0644\u0634\u0628\u0627\u0628 \u0625\u0644\u0649 \u062e\u062f\u0645\u0627\u062a \u0627\u0644\u062c\u0645\u0639\u064a\u0629 \u0648\u0641\u0642\u064b\u0627 \u0644\u0627\u062d\u062a\u064a\u0627\u062c\u0627\u062a\u0647\u0645\u060c \u0645\u0639 \u062a\u0648\u0641\u064a\u0631 \u0645\u0639\u0644\u0648\u0645\u0627\u062a \u0639\u0646 \u0627\u0644\u062a\u0648\u0638\u064a\u0641 \u0648\u0627\u0644\u062a\u062f\u0631\u064a\u0628 \u0648\u062c\u0645\u064a\u0639 \u0627\u0644\u0645\u0631\u0627\u0641\u0642 \u0627\u0644\u0634\u0628\u0627\u0628\u064a\u0629 \u0641\u064a \u0627\u0644\u0645\u0646\u0637\u0642\u0629.<\/p>\n\n\n\n<p>\u062a\u062a\u0648\u0641\u0631 \u0622\u0644\u0629 \u062a\u0635\u0648\u064a\u0631\/\u0637\u0627\u0628\u0639\u0629 \u0648\u063a\u0631\u0641\u0629 \u0643\u0645\u0628\u064a\u0648\u062a\u0631 \u0645\u062c\u0627\u0646\u0627\u064b \u0644\u0644\u0634\u0628\u0627\u0628 \u0644\u0627\u0633\u062a\u062e\u062f\u0627\u0645\u0647\u0627 \u0641\u064a \u062c\u0645\u064a\u0639 \u0627\u062d\u062a\u064a\u0627\u062c\u0627\u062a\u0647\u0645.<\/p>\n\n\n\n<h2 class=\"wp-block-heading\">\u0627\u0644\u0648\u0635\u0648\u0644 \u0625\u0644\u0649 \u0627\u0644\u0623\u0646\u0634\u0637\u0629 \u0648\u0627\u0644\u0627\u0633\u062a\u0631\u0627\u062d\u0627\u062a&nbsp;<\/h2>\n\n\n\n<p>\u062a\u0642\u062f\u0645 JADE \u0623\u0646\u0634\u0637\u0629 \u0623\u0633\u0628\u0648\u0639\u064a\u0629 \u0645\u062b\u0644 \u0643\u0631\u0629 \u0642\u062f\u0645 \u0627\u0644\u0635\u0627\u0644\u0627\u062a \u0627\u0644\u062a\u064a \u062a\u062c\u0645\u0639 \u0623\u0643\u062b\u0631 \u0645\u0646 \u0645\u0627\u0626\u0629 \u0634\u0627\u0628.&nbsp;<\/p>\n\n\n\n<p>\u0648\u0641\u064a \u0628\u0639\u0636 \u0627\u0644\u0623\u062d\u064a\u0627\u0646\u060c \u062a\u0646\u0638\u0645 \u0627\u0644\u0625\u0642\u0627\u0645\u0629 \u062e\u0644\u0627\u0644 \u0627\u0644\u0639\u0637\u0644 \u0627\u0644\u0645\u062f\u0631\u0633\u064a\u0629\u060c \u0645\u0639 \u0627\u0644\u062a\u0631\u0643\u064a\u0632 \u0639\u0644\u0649 \u0627\u0633\u062a\u0642\u0644\u0627\u0644\u064a\u0629 \u0627\u0644\u0645\u0634\u0627\u0631\u0643\u064a\u0646 \u0648\u062a\u0645\u0643\u064a\u0646\u0647\u0645 \u0645\u0646 \u062e\u0644\u0627\u0644 \u0627\u0644\u0639\u0645\u0644 \u0627\u0644\u062c\u0645\u0627\u0639\u064a. \u064a\u062a\u0646\u0627\u0648\u0628 \u0627\u0644\u0634\u0628\u0627\u0628 \u0639\u0644\u0649 \u0627\u0644\u0642\u064a\u0627\u0645 \u0628\u0627\u0644\u0645\u0647\u0627\u0645 \u0627\u0644\u064a\u0648\u0645\u064a\u0629 \u0645\u062b\u0644 \u0625\u0639\u062f\u0627\u062f \u0648\u062c\u0628\u0627\u062a \u0627\u0644\u0637\u0639\u0627\u0645 \u0648\u0627\u0644\u062a\u0646\u0638\u064a\u0641. \u062a\u062a\u062e\u0644\u0644 \u0623\u064a\u0627\u0645\u0647\u0645 \u0623\u0646\u0634\u0637\u0629 \u0627\u0633\u062a\u0643\u0634\u0627\u0641\u064a\u0629 \u0644\u0645\u0633\u0627\u0639\u062f\u062a\u0647\u0645 \u0639\u0644\u0649 \u0627\u0644\u062a\u0623\u0642\u0644\u0645 \u0645\u0639 \u0628\u064a\u0626\u062a\u0647\u0645 \u0627\u0644\u062c\u062f\u064a\u062f\u0629.<\/p>\n\n\n\n<div class=\"wp-block-uagb-container uagb-block-74fb1d72 alignfull uagb-is-root-container\"><div class=\"uagb-container-inner-blocks-wrap\">\n<div class=\"wp-block-uagb-blockquote uagb-block-1d0dd472 uagb-blockquote__skin-border uagb-blockquote__stack-img-none\"><blockquote class=\"uagb-blockquote\"><div class=\"uagb-blockquote__content\">\"\u00a0<em>\u0625\u0646\u0647\u0627 \u0641\u0631\u0635\u0629 \u062d\u0642\u064a\u0642\u064a\u0629 \u0644\u0644\u0630\u0647\u0627\u0628 \u0641\u064a \u0639\u0637\u0644\u0629\u060c \u0644\u0623\u0646 \u0648\u0627\u0644\u062f\u064a\u0646\u0627 \u0644\u0627 \u064a\u0645\u0644\u0643\u0648\u0646 \u0627\u0644\u0645\u0627\u0644 \u0644\u062f\u0641\u0639 \u062a\u0643\u0627\u0644\u064a\u0641 \u0645\u062b\u0644 \u0647\u0630\u0647 \u0627\u0644\u0631\u062d\u0644\u0627\u062a. \u0644\u0630\u0644\u0643 \u0627\u0643\u062a\u0634\u0641\u062a \u0627\u0644\u062c\u0628\u0627\u0644 \u0648\u0642\u0645\u062a \u0628\u0623\u0646\u0634\u0637\u0629 \u0645\u062b\u0644 \u0627\u0644\u062a\u062c\u062f\u064a\u0641 \u0648\u0643\u0647\u0648\u0641 \u0627\u0644\u0643\u0647\u0648\u0641. \u0644\u062f\u064a \u0628\u0639\u0636 \u0627\u0644\u0630\u0643\u0631\u064a\u0627\u062a \u0627\u0644\u0631\u0627\u0626\u0639\u0629<\/em>\u00a0\" <\/div><footer><div class=\"uagb-blockquote__author-wrap uagb-blockquote__author-at-left\"><cite class=\"uagb-blockquote__author\">\u0634\u0647\u0627\u062f\u0629 \u0645\u0646 \u0623\u062d\u062f \u0627\u0644\u0645\u0634\u0627\u0631\u0643\u064a\u0646<\/cite><\/div><\/footer><\/blockquote><\/div>\n<\/div><\/div>","protected":false},"excerpt":{"rendered":"<p>Cr\u00e9\u00e9e en 1997, l\u2019objet d&rsquo;association Jeunesse, Activit\u00e9s et D\u00e9veloppement \u00c9ducatif (JADE) est de r\u00e9pondre aux besoins des jeunes habitants de la ville, tout en favorisant leur autonomie, leur prise de responsabilit\u00e9 et leur \u00e9panouissement social.&nbsp; Pour ce faire, l\u2019association est organis\u00e9e en trois secteurs : Accueil Permet d\u2019identifier les besoins des jeunes et d\u2019orienter le [&hellip;]<\/p>\n","protected":false},"author":1,"featured_media":1535,"parent":114,"menu_order":22,"comment_status":"closed","ping_status":"closed","template":"","meta":{"_acf_changed":false,"_uag_custom_page_level_css":"","footnotes":""},"class_list":["post-140","page","type-page","status-publish","has-post-thumbnail","hentry"],"acf":[],"uagb_featured_image_src":{"full":["https:\/\/mairie-montataire.fr\/app\/uploads\/2024\/07\/1.3.4_2024-07-04-JADE-1.jpg",500,350,false],"thumbnail":["https:\/\/mairie-montataire.fr\/app\/uploads\/2024\/07\/1.3.4_2024-07-04-JADE-1-150x150.jpg",150,150,true],"medium":["https:\/\/mairie-montataire.fr\/app\/uploads\/2024\/07\/1.3.4_2024-07-04-JADE-1-300x210.jpg",300,210,true],"medium_large":["https:\/\/mairie-montataire.fr\/app\/uploads\/2024\/07\/1.3.4_2024-07-04-JADE-1.jpg",500,350,false],"large":["https:\/\/mairie-montataire.fr\/app\/uploads\/2024\/07\/1.3.4_2024-07-04-JADE-1.jpg",500,350,false],"1536x1536":["https:\/\/mairie-montataire.fr\/app\/uploads\/2024\/07\/1.3.4_2024-07-04-JADE-1.jpg",500,350,false],"2048x2048":["https:\/\/mairie-montataire.fr\/app\/uploads\/2024\/07\/1.3.4_2024-07-04-JADE-1.jpg",500,350,false],"trp-custom-language-flag":["https:\/\/mairie-montataire.fr\/app\/uploads\/2024\/07\/1.3.4_2024-07-04-JADE-1.jpg",18,12,false],"gform-image-choice-sm":["https:\/\/mairie-montataire.fr\/app\/uploads\/2024\/07\/1.3.4_2024-07-04-JADE-1.jpg",300,210,false],"gform-image-choice-md":["https:\/\/mairie-montataire.fr\/app\/uploads\/2024\/07\/1.3.4_2024-07-04-JADE-1.jpg",400,280,false],"gform-image-choice-lg":["https:\/\/mairie-montataire.fr\/app\/uploads\/2024\/07\/1.3.4_2024-07-04-JADE-1.jpg",500,350,false]},"uagb_author_info":{"display_name":"mentalworks","author_link":"https:\/\/mairie-montataire.fr\/ar\/actualites\/author\/mentalworks\/"},"uagb_comment_info":0,"uagb_excerpt":"Cr\u00e9\u00e9e en 1997, l\u2019objet d&rsquo;association Jeunesse, Activit\u00e9s et D\u00e9veloppement \u00c9ducatif (JADE) est de r\u00e9pondre aux besoins des jeunes habitants de la ville, tout en favorisant leur autonomie, leur prise de responsabilit\u00e9 et leur \u00e9panouissement social.&nbsp; Pour ce faire, l\u2019association est organis\u00e9e en trois secteurs : Accueil Permet d\u2019identifier les besoins des jeunes et d\u2019orienter le&hellip;","_links":{"self":[{"href":"https:\/\/mairie-montataire.fr\/ar\/wp-json\/wp\/v2\/pages\/140","targetHints":{"allow":["GET"]}}],"collection":[{"href":"https:\/\/mairie-montataire.fr\/ar\/wp-json\/wp\/v2\/pages"}],"about":[{"href":"https:\/\/mairie-montataire.fr\/ar\/wp-json\/wp\/v2\/types\/page"}],"author":[{"embeddable":true,"href":"https:\/\/mairie-montataire.fr\/ar\/wp-json\/wp\/v2\/users\/1"}],"replies":[{"embeddable":true,"href":"https:\/\/mairie-montataire.fr\/ar\/wp-json\/wp\/v2\/comments?post=140"}],"version-history":[{"count":29,"href":"https:\/\/mairie-montataire.fr\/ar\/wp-json\/wp\/v2\/pages\/140\/revisions"}],"predecessor-version":[{"id":7464,"href":"https:\/\/mairie-montataire.fr\/ar\/wp-json\/wp\/v2\/pages\/140\/revisions\/7464"}],"up":[{"embeddable":true,"href":"https:\/\/mairie-montataire.fr\/ar\/wp-json\/wp\/v2\/pages\/114"}],"wp:featuredmedia":[{"embeddable":true,"href":"https:\/\/mairie-montataire.fr\/ar\/wp-json\/wp\/v2\/media\/1535"}],"wp:attachment":[{"href":"https:\/\/mairie-montataire.fr\/ar\/wp-json\/wp\/v2\/media?parent=140"}],"curies":[{"name":"\u062f\u0628\u0644\u064a\u0648 \u0628\u064a","href":"https:\/\/api.w.org\/{rel}","templated":true}]}}