{"id":134,"date":"2024-05-03T09:26:11","date_gmt":"2024-05-03T09:26:11","guid":{"rendered":"https:\/\/montataire.local\/?page_id=134"},"modified":"2026-01-16T08:15:11","modified_gmt":"2026-01-16T08:15:11","slug":"%d9%85%d8%b1%d9%83%d8%b2-%d8%a8%d9%8a%d9%8a%d8%b1-%d9%84%d9%8a%d8%ac%d8%b1%d8%a7%d9%86%d8%af-%d8%a7%d9%84%d8%aa%d8%b1%d9%81%d9%8a%d9%87%d9%8a","status":"publish","type":"page","link":"https:\/\/mairie-montataire.fr\/ar\/habiter\/enfance\/accueil-de-loisirs-pierre-legrand\/","title":{"rendered":"\u0645\u0631\u0643\u0632 \u0628\u064a\u064a\u0631 \u0644\u064a\u062c\u0631\u0627\u0646\u062f \u0627\u0644\u062a\u0631\u0641\u064a\u0647\u064a"},"content":{"rendered":"<p><strong>\u064a\u0644\u0628\u064a \u0645\u0631\u0643\u0632 \u0628\u064a\u064a\u0631 \u0644\u064a\u062c\u0631\u0627\u0646\u062f \u0644\u0631\u0639\u0627\u064a\u0629 \u0627\u0644\u0623\u0637\u0641\u0627\u0644 (ALSH) \u0628\u064a\u064a\u0631 \u0644\u064a\u062c\u0631\u0627\u0646\u062f \u0627\u062d\u062a\u064a\u0627\u062c\u0627\u062a \u0627\u0644\u0623\u0637\u0641\u0627\u0644 \u0645\u0646 \u0627\u0644\u062d\u0636\u0627\u0646\u0629 \u0625\u0644\u0649 \u0627\u0644\u0635\u0641 \u0627\u0644\u062a\u0627\u0633\u0639 \u062e\u0627\u0631\u062c \u0623\u0648\u0642\u0627\u062a \u0627\u0644\u062f\u0648\u0627\u0645 \u0627\u0644\u0645\u062f\u0631\u0633\u064a\u060c \u062d\u064a\u062b \u064a\u0642\u062f\u0645 \u0623\u0646\u0634\u0637\u0629 \u0623\u064a\u0627\u0645 \u0627\u0644\u0623\u0631\u0628\u0639\u0627\u0621 \u0648\u062e\u0644\u0627\u0644 \u0627\u0644\u0639\u0637\u0644 \u0627\u0644\u0645\u062f\u0631\u0633\u064a\u0629.&nbsp;<\/strong><\/p>\n\n\n\n<figure class=\"wp-block-image size-large\"><img loading=\"lazy\" decoding=\"async\" width=\"1024\" height=\"683\" src=\"https:\/\/mairie-montataire.fr\/app\/uploads\/2024\/06\/2022-08-25-fete-alsh-1024x683.jpg\" alt=\"\u062d\u0632\u0628 ALSH\" class=\"wp-image-799\" srcset=\"https:\/\/mairie-montataire.fr\/app\/uploads\/2024\/06\/2022-08-25-fete-alsh-1024x683.jpg 1024w, https:\/\/mairie-montataire.fr\/app\/uploads\/2024\/06\/2022-08-25-fete-alsh-300x200.jpg 300w, https:\/\/mairie-montataire.fr\/app\/uploads\/2024\/06\/2022-08-25-fete-alsh-768x512.jpg 768w, https:\/\/mairie-montataire.fr\/app\/uploads\/2024\/06\/2022-08-25-fete-alsh-1536x1024.jpg 1536w, https:\/\/mairie-montataire.fr\/app\/uploads\/2024\/06\/2022-08-25-fete-alsh.jpg 1600w\" sizes=\"auto, (max-width: 1024px) 100vw, 1024px\" \/><\/figure>\n\n\n\n<p>\u0645\u0639 \u0641\u0631\u064a\u0642 \u062a\u0639\u0644\u064a\u0645\u064a \u0645\u0643\u0648\u0646 \u0645\u0646 \u0645\u062f\u064a\u0631\u064a\u0646 \u0648\u0642\u0627\u062f\u0629 \u0623\u0646\u0634\u0637\u0629 \u062d\u0627\u0635\u0644\u064a\u0646 \u0639\u0644\u0649 \u0645\u0624\u0647\u0644\u0627\u062a BAFA \u0648\/\u0623\u0648 CAP \u0644\u0644\u0637\u0641\u0648\u0644\u0629 \u0627\u0644\u0645\u0628\u0643\u0631\u0629\u060c \u064a\u0642\u062f\u0645 \u0647\u0630\u0627 \u0627\u0644\u0645\u0631\u0643\u0632 \u0627\u0644\u062a\u0639\u0644\u064a\u0645\u064a \u0645\u062c\u0645\u0648\u0639\u0629 \u0645\u062a\u0646\u0648\u0639\u0629 \u0645\u0646 \u0627\u0644\u0645\u0634\u0627\u0631\u064a\u0639 \u0644\u0645\u0633\u0627\u0639\u062f\u0629 \u0627\u0644\u0623\u0637\u0641\u0627\u0644 \u0639\u0644\u0649 \u0627\u0644\u0627\u0632\u062f\u0647\u0627\u0631. \u062e\u0644\u0627\u0644 \u0627\u0644\u0639\u0637\u0644\u0627\u062a\u060c \u064a\u062a\u0645 \u062a\u0639\u0632\u064a\u0632 \u0627\u0644\u0641\u0631\u064a\u0642 \u0628\u0639\u0645\u0627\u0644 \u0645\u0648\u0633\u0645\u064a\u064a\u0646. \u064a\u062d\u0636\u0631 \u0645\u0627 \u064a\u0642\u0631\u0628 \u0645\u0646 390 \u0637\u0641\u0644\u064b\u0627 \u0625\u0644\u0649 \u0627\u0644\u0645\u0631\u0643\u0632 \u0648\u0645\u0631\u0643\u0632 \u0627\u0644\u0645\u0631\u0627\u0647\u0642\u064a\u0646 \u0643\u0644 \u0635\u064a\u0641\u060c \u0648\u064a\u0634\u0631\u0641 \u0639\u0644\u064a\u0647\u0645 \u062d\u0648\u0627\u0644\u064a \u0623\u0631\u0628\u0639\u064a\u0646 \u0645\u0647\u0646\u064a\u064b\u0627 \u062a\u0645 \u062a\u062f\u0631\u064a\u0628 \u0628\u0639\u0636\u0647\u0645 \u0641\u064a \u0625\u0637\u0627\u0631 \u0628\u0631\u0646\u0627\u0645\u062c BAFA \u0644\u0644\u0634\u0628\u0627\u0628\u060c \u062d\u064a\u062b \u062a\u0645\u0648\u0644 \u0627\u0644\u0628\u0644\u062f\u064a\u0629 \u062a\u062f\u0631\u064a\u0628\u0647\u0645 \u0645\u0642\u0627\u0628\u0644 \u0627\u0644\u0639\u0645\u0644 \u0644\u0645\u062f\u0629 \u0634\u0647\u0631 \u0641\u064a \u0627\u0644\u0645\u0631\u0643\u0632.<\/p>\n\n\n\n<h2 class=\"wp-block-heading\">\u0642\u0627\u0626\u0645\u0629 \u0627\u0644\u0623\u0633\u0639\u0627\u0631<\/h2>\n\n\n\n<p>\u0648\u0628\u0641\u0636\u0644 \u062c\u062f\u0648\u0644 \u0631\u0633\u0648\u0645 \u0645\u062a\u062f\u0631\u062c \u0644\u0644\u0631\u0633\u0648\u0645 \u0628\u0646\u0627\u0621\u064b \u0639\u0644\u0649 \u062d\u0627\u0635\u0644 \u0627\u0644\u062d\u0635\u0635 \u0627\u0644\u0639\u0627\u0626\u0644\u064a\u0629\u060c \u0633\u062a\u0643\u0648\u0646 \u0627\u0644\u0623\u0633\u0639\u0627\u0631 \u0627\u0644\u064a\u0648\u0645\u064a\u0629 \u0634\u0627\u0645\u0644\u0629 \u0627\u0644\u0648\u062c\u0628\u0627\u062a <strong>\u0645\u0646 2.49 \u064a\u0648\u0631\u0648 \u0625\u0644\u0649 10.85 \u064a\u0648\u0631\u0648<\/strong>. \u0648\u0628\u0647\u0630\u0647 \u0627\u0644\u0637\u0631\u064a\u0642\u0629\u060c \u062a\u0647\u062f\u0641 \u0627\u0644\u0645\u062f\u064a\u0646\u0629 \u0625\u0644\u0649 \u0636\u0645\u0627\u0646 \u0648\u0635\u0648\u0644 \u062c\u0645\u064a\u0639 \u0627\u0644\u0623\u0637\u0641\u0627\u0644 \u0625\u0644\u0649 \u0627\u0644\u0645\u0631\u0641\u0642\u060c \u0628\u063a\u0636 \u0627\u0644\u0646\u0638\u0631 \u0639\u0646 \u062f\u062e\u0644 \u0648\u0627\u0644\u062f\u064a\u0647\u0645.<\/p>\n\n\n\n<p>\u0645\u0646 \u062e\u0644\u0627\u0644 \u062a\u062e\u0635\u064a\u0635 \u0646\u0633\u0628\u0629 \u0643\u0628\u064a\u0631\u0629 \u0645\u0646 \u0645\u064a\u0632\u0627\u0646\u064a\u062a\u0647\u0627 \u0644\u0644\u0623\u0646\u0634\u0637\u0629 \u0627\u0644\u0635\u064a\u0641\u064a\u0629\u060c \u062a\u0645\u0646\u062d \u0627\u0644\u0628\u0644\u062f\u064a\u0629 \u0634\u0628\u0627\u0628 \u0645\u0648\u0646\u062a\u0627\u062a\u064a\u0631\u064a\u0627\u0646 \u0627\u0644\u0641\u0631\u0635\u0629 \u0644\u0644\u0633\u0641\u0631 \u0641\u064a \u062c\u0645\u064a\u0639 \u0623\u0646\u062d\u0627\u0621 \u0627\u0644\u0645\u0646\u0637\u0642\u0629 \u0648\u0627\u0643\u062a\u0634\u0627\u0641 \u0623\u0646\u0634\u0637\u0629 \u062c\u062f\u064a\u062f\u0629 \u0645\u062b\u0644 \u0627\u0644\u0631\u064a\u0627\u0636\u0627\u062a \u0627\u0644\u0645\u0627\u0626\u064a\u0629 \u0648\u0631\u0643\u0648\u0628 \u0627\u0644\u062e\u064a\u0644.<\/p>\n\n\n\n<h2 class=\"wp-block-heading\">\u0643\u064a\u0641 \u064a\u0645\u0643\u0646\u0646\u064a \u0627\u0644\u062a\u0633\u062c\u064a\u0644\u061f&nbsp;<\/h2>\n\n\n\n<p>\u0644\u0636\u0645\u0627\u0646 \u062a\u0648\u0641\u064a\u0631 \u0623\u0641\u0636\u0644 \u0631\u0639\u0627\u064a\u0629 \u0645\u0645\u0643\u0646\u0629 \u0644\u0644\u0623\u0637\u0641\u0627\u0644\u060c \u064a\u062c\u0628 \u0625\u062c\u0631\u0627\u0621 \u0627\u0644\u062d\u062c\u0648\u0632\u0627\u062a \u0641\u064a \u0627\u0644\u0635\u0628\u0627\u062d\u060c \u0623\u0648 \u0641\u064a \u0627\u0644\u0635\u0628\u0627\u062d \u0645\u0639 \u0627\u0644\u063a\u062f\u0627\u0621\u060c \u0623\u0648 \u0628\u0639\u062f \u0627\u0644\u0638\u0647\u0631\u060c \u0623\u0648 \u0628\u0639\u062f \u0627\u0644\u0638\u0647\u0631\u060c \u0623\u0648 \u0644\u064a\u0648\u0645 \u0643\u0627\u0645\u0644. \u064a\u062c\u0628 \u0625\u062c\u0631\u0627\u0621 \u0627\u0644\u062d\u062c\u0632 \u0642\u0628\u0644 48 \u0633\u0627\u0639\u0629 \u0639\u0644\u0649 \u0627\u0644\u0623\u0642\u0644 \u0645\u0646 \u0627\u0644\u062a\u0627\u0631\u064a\u062e \u0627\u0644\u0645\u0637\u0644\u0648\u0628. \u062a\u0646\u0637\u0628\u0642 \u0647\u0630\u0647 \u0627\u0644\u0642\u0627\u0639\u062f\u0629 \u0623\u064a\u0636\u0627\u064b \u0639\u0644\u0649 \u0627\u0644\u062a\u063a\u064a\u064a\u0631\u0627\u062a \u0648\u0627\u0644\u0625\u0644\u063a\u0627\u0621\u0627\u062a. \u064a\u0645\u0643\u0646 \u0644\u0644\u0639\u0627\u0626\u0644\u0627\u062a \u0625\u062c\u0631\u0627\u0621 \u062d\u062c\u0648\u0632\u0627\u062a\u0647\u0645 \u0639\u0628\u0631\u2019<a href=\"https:\/\/www.espace-citoyens.net\/montataire\/espace-citoyens\/Home\/AccueilPublic\" target=\"_blank\" rel=\"noreferrer noopener\"><strong>\u0641\u0636\u0627\u0621 \u0627\u0644\u0645\u0648\u0627\u0637\u0646<\/strong><\/a>\u00a0\u0623\u0648 \u0641\u064a \u0627\u0644\u0645\u0648\u0642\u0639 \u0641\u064a\u2019<a href=\"https:\/\/mairie-montataire.fr\/ar\/%d8%a7%d9%84%d8%af%d9%84%d8%a7%d8%a6%d9%84\/%d8%a7%d9%84%d8%ae%d8%af%d9%85%d8%a7%d8%aa-%d8%a7%d9%84%d8%a8%d9%84%d8%af%d9%8a%d8%a9\/%d8%af%d9%8a%d8%ac%d9%8a%d8%b3\/%d8%a7%d8%b3%d8%aa%d9%82%d8%a8%d8%a7%d9%84-%d8%a7%d9%84%d8%b7%d9%81%d9%88%d9%84%d8%a9\/\" target=\"_blank\" rel=\"noreferrer noopener\"><strong>\u0627\u0644\u0635\u0641\u062d\u0629 \u0627\u0644\u0631\u0626\u064a\u0633\u064a\u0629 \u0627\u0644\u0637\u0641\u0648\u0644\u0629<\/strong>.<\/a><\/p>\n\n\n\n<p>\u0644\u062c\u0645\u064a\u0639 \u0627\u0644\u0627\u0633\u062a\u0641\u0633\u0627\u0631\u0627\u062a\u060c \u064a\u064f\u0631\u062c\u0649 \u0627\u0644\u0627\u062a\u0635\u0627\u0644 \u0628\u0645\u0643\u062a\u0628 \u0627\u0644\u0627\u0633\u062a\u0639\u0644\u0627\u0645\u0627\u062a \u0639\u0646 \u0637\u0631\u064a\u0642 \u0627\u0644\u0628\u0631\u064a\u062f \u0627\u0644\u0625\u0644\u0643\u062a\u0631\u0648\u0646\u064a \u0639\u0644\u0649\u00a0<a href=\"mailto:accueilenfance@mairie-montataire.fr\" target=\"_blank\" rel=\"noreferrer noopener\">accueilenfance@mairie-montataire.fr<\/a>.<\/p>\n\n\n\n<div style=\"height:49px\" aria-hidden=\"true\" class=\"wp-block-spacer\"><\/div>\n\n\n\n<p><strong>\u0648\u0644\u0645\u0632\u064a\u062f \u0645\u0646 \u0627\u0644\u0645\u0639\u0644\u0648\u0645\u0627\u062a\u060c \u064a\u0645\u0643\u0646\u0643 <a href=\"https:\/\/www.espace-citoyens.net\/montataire\/espace-citoyens\/DocumentsPublies\/Index\" target=\"_blank\" rel=\"noreferrer noopener\">\u0627\u0644\u0631\u062c\u0648\u0639 \u0625\u0644\u0649 \u0627\u0644\u0644\u0648\u0627\u0626\u062d \u0627\u0644\u062f\u0627\u062e\u0644\u064a\u0629 \u0644\u0644\u0645\u0631\u0627\u0641\u0642 \u0627\u0644\u0628\u0644\u062f\u064a\u0629 \u0641\u064a \u0645\u0646\u0637\u0642\u0629 \u0627\u0644\u0645\u0648\u0627\u0637\u0646\u064a\u0646<\/a>.<\/strong><\/p>","protected":false},"excerpt":{"rendered":"<p>L&rsquo;accueil de Loisirs Sans H\u00e9bergement (ALSH) Pierre Legrand accueille les \u00e9l\u00e8ves de la petite section jusqu&rsquo;en troisi\u00e8me en dehors des heures de classe, proposant des activit\u00e9s les mercredis et pendant les vacances scolaires.&nbsp; Avec une \u00e9quipe p\u00e9dagogique compos\u00e9e de directrice\u00b7teur\u00b7s et d&rsquo;animateur\u00b7trice\u00b7s titulaires du BAFA et\/ou du CAP petite enfance, cet espace \u00e9ducatif offre une [&hellip;]<\/p>\n","protected":false},"author":1,"featured_media":799,"parent":112,"menu_order":17,"comment_status":"closed","ping_status":"closed","template":"","meta":{"_acf_changed":false,"_uag_custom_page_level_css":"","footnotes":""},"class_list":["post-134","page","type-page","status-publish","has-post-thumbnail","hentry"],"acf":[],"uagb_featured_image_src":{"full":["https:\/\/mairie-montataire.fr\/app\/uploads\/2024\/06\/2022-08-25-fete-alsh.jpg",1600,1067,false],"thumbnail":["https:\/\/mairie-montataire.fr\/app\/uploads\/2024\/06\/2022-08-25-fete-alsh-150x150.jpg",150,150,true],"medium":["https:\/\/mairie-montataire.fr\/app\/uploads\/2024\/06\/2022-08-25-fete-alsh-300x200.jpg",300,200,true],"medium_large":["https:\/\/mairie-montataire.fr\/app\/uploads\/2024\/06\/2022-08-25-fete-alsh-768x512.jpg",768,512,true],"large":["https:\/\/mairie-montataire.fr\/app\/uploads\/2024\/06\/2022-08-25-fete-alsh-1024x683.jpg",1024,683,true],"1536x1536":["https:\/\/mairie-montataire.fr\/app\/uploads\/2024\/06\/2022-08-25-fete-alsh-1536x1024.jpg",1536,1024,true],"2048x2048":["https:\/\/mairie-montataire.fr\/app\/uploads\/2024\/06\/2022-08-25-fete-alsh.jpg",1600,1067,false],"trp-custom-language-flag":["https:\/\/mairie-montataire.fr\/app\/uploads\/2024\/06\/2022-08-25-fete-alsh.jpg",18,12,false],"gform-image-choice-sm":["https:\/\/mairie-montataire.fr\/app\/uploads\/2024\/06\/2022-08-25-fete-alsh.jpg",300,200,false],"gform-image-choice-md":["https:\/\/mairie-montataire.fr\/app\/uploads\/2024\/06\/2022-08-25-fete-alsh.jpg",400,267,false],"gform-image-choice-lg":["https:\/\/mairie-montataire.fr\/app\/uploads\/2024\/06\/2022-08-25-fete-alsh.jpg",600,400,false]},"uagb_author_info":{"display_name":"mentalworks","author_link":"https:\/\/mairie-montataire.fr\/ar\/actualites\/author\/mentalworks\/"},"uagb_comment_info":0,"uagb_excerpt":"L&rsquo;accueil de Loisirs Sans H\u00e9bergement (ALSH) Pierre Legrand accueille les \u00e9l\u00e8ves de la petite section jusqu&rsquo;en troisi\u00e8me en dehors des heures de classe, proposant des activit\u00e9s les mercredis et pendant les vacances scolaires.&nbsp; Avec une \u00e9quipe p\u00e9dagogique compos\u00e9e de directrice\u00b7teur\u00b7s et d&rsquo;animateur\u00b7trice\u00b7s titulaires du BAFA et\/ou du CAP petite enfance, cet espace \u00e9ducatif offre une&hellip;","_links":{"self":[{"href":"https:\/\/mairie-montataire.fr\/ar\/wp-json\/wp\/v2\/pages\/134","targetHints":{"allow":["GET"]}}],"collection":[{"href":"https:\/\/mairie-montataire.fr\/ar\/wp-json\/wp\/v2\/pages"}],"about":[{"href":"https:\/\/mairie-montataire.fr\/ar\/wp-json\/wp\/v2\/types\/page"}],"author":[{"embeddable":true,"href":"https:\/\/mairie-montataire.fr\/ar\/wp-json\/wp\/v2\/users\/1"}],"replies":[{"embeddable":true,"href":"https:\/\/mairie-montataire.fr\/ar\/wp-json\/wp\/v2\/comments?post=134"}],"version-history":[{"count":21,"href":"https:\/\/mairie-montataire.fr\/ar\/wp-json\/wp\/v2\/pages\/134\/revisions"}],"predecessor-version":[{"id":7478,"href":"https:\/\/mairie-montataire.fr\/ar\/wp-json\/wp\/v2\/pages\/134\/revisions\/7478"}],"up":[{"embeddable":true,"href":"https:\/\/mairie-montataire.fr\/ar\/wp-json\/wp\/v2\/pages\/112"}],"wp:featuredmedia":[{"embeddable":true,"href":"https:\/\/mairie-montataire.fr\/ar\/wp-json\/wp\/v2\/media\/799"}],"wp:attachment":[{"href":"https:\/\/mairie-montataire.fr\/ar\/wp-json\/wp\/v2\/media?parent=134"}],"curies":[{"name":"\u062f\u0628\u0644\u064a\u0648 \u0628\u064a","href":"https:\/\/api.w.org\/{rel}","templated":true}]}}