{"id":132,"date":"2024-05-03T09:25:53","date_gmt":"2024-05-03T09:25:53","guid":{"rendered":"https:\/\/montataire.local\/?page_id=132"},"modified":"2025-12-26T16:00:21","modified_gmt":"2025-12-26T16:00:21","slug":"%d8%a7%d9%84%d8%b1%d8%b9%d8%a7%d9%8a%d8%a9-%d8%a8%d8%b9%d8%af-%d8%a7%d9%84%d9%85%d8%af%d8%b1%d8%b3%d8%a9","status":"publish","type":"page","link":"https:\/\/mairie-montataire.fr\/ar\/habiter\/enfance\/accueils-periscolaires\/","title":{"rendered":"\u0627\u0644\u0631\u0639\u0627\u064a\u0629 \u0628\u0639\u062f \u0627\u0644\u0645\u062f\u0631\u0633\u0629"},"content":{"rendered":"<p><strong>\u0625\u0646 \u0627\u0644\u0633\u0644\u0637\u0629 \u0627\u0644\u0645\u062d\u0644\u064a\u0629 \u0645\u0635\u0645\u0645\u0629 \u0639\u0644\u0649 \u062a\u0639\u0632\u064a\u0632 \u0627\u0644\u062e\u062f\u0645\u0627\u062a \u0627\u0644\u0639\u0627\u0645\u0629 \u0627\u0644\u062a\u064a \u062a\u0642\u062f\u0645\u0647\u0627 \u0645\u0646 \u062e\u0644\u0627\u0644 \u062a\u0637\u0648\u064a\u0631 \u0631\u0639\u0627\u064a\u0629 \u0627\u0644\u0623\u0637\u0641\u0627\u0644 \u062e\u0627\u0631\u062c \u0627\u0644\u0645\u0646\u0647\u062c \u0627\u0644\u062f\u0631\u0627\u0633\u064a \u0641\u064a \u0627\u0644\u0645\u062f\u064a\u0646\u0629. \u0648\u0645\u0646 \u062e\u0644\u0627\u0644 \u0627\u0644\u062d\u062c\u0632 \u0627\u0644\u0645\u0633\u0628\u0642\u060c \u062a\u0642\u062f\u0645 \u0627\u0644\u0633\u0644\u0637\u0629 \u0627\u0644\u0645\u062d\u0644\u064a\u0629 \u062e\u064a\u0627\u0631\u0627\u064b \u0622\u0645\u0646\u0627\u064b \u0644\u0631\u0639\u0627\u064a\u0629 \u0627\u0644\u0623\u0637\u0641\u0627\u0644 \u064a\u062a\u064a\u062d \u0644\u0644\u0622\u0628\u0627\u0621 \u0648\u0627\u0644\u0623\u0645\u0647\u0627\u062a \u0627\u0644\u062a\u0648\u0641\u064a\u0642 \u0628\u064a\u0646 \u062d\u064a\u0627\u062a\u0647\u0645 \u0627\u0644\u0639\u0627\u0626\u0644\u064a\u0629 \u0648\u0627\u0644\u0645\u0647\u0646\u064a\u0629.<\/strong><\/p>\n\n\n\n<p>\u064a\u0645\u0643\u0646 \u0627\u0644\u062a\u0631\u062d\u064a\u0628 \u0628\u0627\u0644\u062a\u0644\u0627\u0645\u064a\u0630 \u0641\u064a \u0627\u0644\u0635\u0628\u0627\u062d <strong>\u0645\u0646 \u0627\u0644\u0633\u0627\u0639\u0629 7 \u0635\u0628\u0627\u062d\u0627\u064b \u0625\u0644\u0649 \u0627\u0644\u0633\u0627\u0639\u0629 8:10 \u0635\u0628\u0627\u062d\u0627\u064b<\/strong> \u0648\u0641\u064a \u0627\u0644\u0645\u0633\u0627\u0621 <strong>\u0645\u0646 \u0627\u0644\u0633\u0627\u0639\u0629 4:30 \u0639\u0635\u0631\u064b\u0627 \u0625\u0644\u0649 \u0627\u0644\u0633\u0627\u0639\u0629 6 \u0645\u0633\u0627\u0621\u064b.<\/strong> (\u0623\u0648 <strong>18h50<\/strong> \u062d\u0633\u0628 \u0627\u0644\u0645\u0639\u062f\u0644 \u0627\u0644\u0645\u062e\u062a\u0627\u0631)\u060c \u062a\u062a\u0637\u0648\u0631 \u0641\u064a \u0628\u064a\u0626\u0629 \u0645\u0646\u0627\u0633\u0628\u0629 \u062a\u062d\u062a \u0625\u0634\u0631\u0627\u0641 \u0645\u062a\u062e\u0635\u0635\u064a\u0646 \u0630\u0648\u064a \u062e\u0628\u0631\u0629. \u062a\u064f\u0642\u062f\u064e\u0651\u0645 \u0648\u062c\u0628\u0629 \u062e\u0641\u064a\u0641\u0629 \u0645\u0646 \u0627\u0644\u0633\u0627\u0639\u0629 4:30 \u0639\u0635\u0631\u0627\u064b \u0625\u0644\u0649 \u0627\u0644\u0633\u0627\u0639\u0629 5 \u0645\u0633\u0627\u0621\u064b\u060c \u062a\u0644\u064a\u0647\u0627 \u0623\u0646\u0634\u0637\u0629 \u0647\u0627\u062f\u0626\u0629 \u0645\u062b\u0644 \u0627\u0644\u0642\u0631\u0627\u0621\u0629 \u0648\u0623\u0644\u0639\u0627\u0628 \u0627\u0644\u0637\u0627\u0648\u0644\u0629 \u0648\u0627\u0644\u0641\u0646\u0648\u0646 \u0648\u0627\u0644\u062d\u0631\u0641 \u0627\u0644\u064a\u062f\u0648\u064a\u0629.<\/p>\n\n\n\n<figure class=\"wp-block-table\"><table class=\"has-fixed-layout\"><thead><tr><th>\u0627\u0644\u0645\u062f\u0627\u0631\u0633 <\/th><th>\u0631\u0639\u0627\u064a\u0629 \u0645\u0627 \u0628\u0639\u062f \u0627\u0644\u0645\u062f\u0631\u0633\u0629<\/th><\/tr><\/thead><tbody><tr><td>\u062f\u064a\u0643\u0648\u0631\u060c \u062f\u064a\u0643\u0648\u0631 1\u060c \u062f\u064a\u0643\u0648\u0631 2 <\/td><td>\u062f\u064a\u0643\u0648\u0631 2<\/td><\/tr><tr><td>\u0631\u0648\u0636\u0629 \u062c\u0648\u0644\u064a\u0648 \u0643\u0648\u0631\u064a<br>\u0648\u0627\u0644\u0627\u0628\u062a\u062f\u0627\u0626\u064a<\/td><td>\u0627\u0628\u062a\u062f\u0627\u0626\u064a\u0629 \u062c\u0648\u0644\u064a\u0648\u062a \u0643\u0648\u0631\u064a<\/td><\/tr><tr><td>\u062d\u0636\u0627\u0646\u0629 \u0644\u0627\u0646\u062c\u0641\u064a\u0646 \u0648\u0627\u0628\u062a\u062f\u0627\u0626\u064a\u0629 \u0644\u0627\u0646\u062c\u0641\u064a\u0646<\/td><td>\u0644\u0627\u0646\u062c\u0641\u064a\u0646 \u0627\u0644\u0627\u0628\u062a\u062f\u0627\u0626\u064a\u0629<\/td><\/tr><tr><td>\u062d\u0636\u0627\u0646\u0629 \u0648\u0627\u0628\u062a\u062f\u0627\u0626\u064a\u0629 \u0628\u0627\u0645\u0628\u064a\u0631<\/td><td>\u0628\u0627\u0645\u0628\u064a\u0631<\/td><\/tr><tr><td>\u0648\u0627\u0644\u0648\u0646<\/td><td>\u0648\u0627\u0644\u0648\u0646<\/td><\/tr><tr><td>\u0643\u0627\u0632\u0627\u0646\u0648\u0641\u0627*<\/td><td>\u0644\u0627\u0646\u062c\u0641\u064a\u0646 \u0627\u0644\u0627\u0628\u062a\u062f\u0627\u0626\u064a\u0629<\/td><\/tr><tr><td>\u0645\u0627\u0633\u064a\u0647 <\/td><td>\u0645\u0627\u0633\u064a\u0647<\/td><\/tr><tr><td>\u0644\u064a\u0641\u064a\u064a\u0647**<\/td><td>\u062c\u0648\u0631\u064a\u0633<\/td><\/tr><tr><td>\u062c\u0648\u0631\u064a\u0633\u060c \u0627\u0644\u0627\u0633\u062a\u0642\u0628\u0627\u0644 \u0641\u064a \u0627\u0644\u0635\u0628\u0627\u062d<br>\u062c\u0648\u0631\u064a\u0633\u060c \u062d\u0641\u0644 \u0627\u0644\u0627\u0633\u062a\u0642\u0628\u0627\u0644 \u0627\u0644\u0645\u0633\u0627\u0626\u064a<\/td><td>\u062c\u0648\u0631\u064a\u0633<br>\u062c\u0648\u0631\u064a\u0633 \u0623\u0648 \u0645\u0627\u0633\u064a\u0647 \u062d\u0633\u0628 \u0627\u0644\u0623\u0631\u0642\u0627\u0645<\/td><\/tr><\/tbody><\/table><\/figure>\n\n\n\n<p><strong>*<\/strong> <em>\u062a\u0645 \u0646\u0642\u0644 \u0631\u0639\u0627\u064a\u0629 \u0645\u0627 \u0628\u0639\u062f \u0627\u0644\u0645\u062f\u0631\u0633\u0629 \u0644\u0644\u062a\u0644\u0627\u0645\u064a\u0630 \u0627\u0644\u0645\u0644\u062a\u062d\u0642\u064a\u0646 \u0628\u0645\u062f\u0631\u0633\u0629 \u0643\u0627\u0632\u0627\u0646\u0648\u0641\u0627 \u0625\u0644\u0649 \u0645\u0631\u0643\u0632 \u0644\u0627\u0646\u062c\u0641\u064a\u0646 \u0644\u0644\u0631\u0639\u0627\u064a\u0629 \u0628\u0639\u062f \u0627\u0644\u0645\u062f\u0631\u0633\u0629. \u0648\u064a\u062a\u0645 \u0646\u0642\u0644 \u0627\u0644\u0623\u0637\u0641\u0627\u0644 \u0645\u0646 \u0627\u0644\u0645\u062f\u0631\u0633\u0629 \u0648\u0625\u0644\u064a\u0647\u0627 \u0628\u0627\u0644\u062d\u0627\u0641\u0644\u0629 \u0627\u0644\u0645\u062f\u0631\u0633\u064a\u0629.<\/em><br><strong>**<\/strong> <em>\u064a\u062a\u0645 \u062a\u0648\u0641\u064a\u0631 \u0631\u0639\u0627\u064a\u0629 \u0645\u0627 \u0628\u0639\u062f \u0627\u0644\u0645\u062f\u0631\u0633\u0629 \u0644\u0644\u062a\u0644\u0627\u0645\u064a\u0630 \u0641\u064a \u0645\u062f\u0631\u0633\u0629 \u0625\u062f\u0645\u0648\u0646 \u0644\u064a\u0641\u064a\u064a\u0647 \u0641\u064a \u0645\u0628\u0646\u0649 \u0645\u0631\u0643\u0632 \u062c\u0627\u0646 \u062c\u0648\u0631\u064a\u0633 \u0644\u0644\u0631\u0639\u0627\u064a\u0629 \u0628\u0639\u062f \u0627\u0644\u0645\u062f\u0631\u0633\u0629. \u0648\u0642\u062f \u062a\u0645 \u0625\u0646\u0634\u0627\u0621 \u062e\u062f\u0645\u0629 \u062d\u0627\u0641\u0644\u0627\u062a \u0627\u0644\u0623\u0637\u0641\u0627\u0644 \u0644\u0646\u0642\u0644 \u0627\u0644\u0623\u0637\u0641\u0627\u0644 \u0645\u0646 \u0627\u0644\u0645\u0631\u0643\u0632 \u0625\u0644\u0649 \u0627\u0644\u0645\u062f\u0631\u0633\u0629.<\/em><\/p>\n\n\n\n<h2 class=\"wp-block-heading\">\u0643\u064a\u0641 \u064a\u0645\u0643\u0646\u0646\u064a \u0627\u0644\u062a\u0633\u062c\u064a\u0644\u061f&nbsp;<\/h2>\n\n\n\n<p>\u0627\u0644\u062a\u0633\u062c\u064a\u0644 \u0641\u064a \u0627\u0644\u0631\u0639\u0627\u064a\u0629 \u0628\u0639\u062f \u0627\u0644\u0645\u062f\u0631\u0633\u0629 \u0645\u0641\u062a\u0648\u062d \u0644\u0644\u0623\u0637\u0641\u0627\u0644 \u0627\u0644\u0630\u064a\u0646 \u064a\u0639\u0645\u0644 \u0622\u0628\u0627\u0624\u0647\u0645 \u0623\u0648 \u064a\u062a\u062f\u0631\u0628\u0648\u0646. \u0644\u0630\u0644\u0643 \u064a\u062a\u0645 \u062a\u0623\u0643\u064a\u062f \u0627\u0644\u062a\u0633\u062c\u064a\u0644 \u0645\u0646 \u0642\u0628\u0644 \u0645\u0631\u0643\u0632 \u0631\u0639\u0627\u064a\u0629 \u0627\u0644\u0623\u0637\u0641\u0627\u0644 \u0628\u0639\u062f \u0627\u0644\u062a\u062d\u0642\u0642 \u0645\u0646 \u0634\u0631\u0648\u0637 \u0627\u0644\u0623\u0647\u0644\u064a\u0629. \u0628\u0639\u062f \u0630\u0644\u0643\u060c \u064a\u062a\u0645 \u0627\u0644\u062a\u0633\u062c\u064a\u0644 \u0645\u0646 \u062e\u0644\u0627\u0644 \u0645\u0631\u0643\u0632 \u0631\u0639\u0627\u064a\u0629 \u0627\u0644\u0623\u0637\u0641\u0627\u0644 \u0628\u0639\u062f \u0627\u0644\u0645\u062f\u0631\u0633\u0629.<a href=\"https:\/\/www.espace-citoyens.net\/montataire\/espace-citoyens\/Home\/AccueilPublic\" target=\"_blank\" rel=\"noreferrer noopener\">\u0641\u0636\u0627\u0621 \u0627\u0644\u0645\u0648\u0627\u0637\u0646<\/a>.<\/p>","protected":false},"excerpt":{"rendered":"<p>La municipalit\u00e9 affiche sa volont\u00e9 de renforcer les services publics offerts \u00e0 la population en d\u00e9veloppant les accueils p\u00e9riscolaires dans la ville. Sur r\u00e9servation, la commune propose un mode de garde s\u00e9curis\u00e9, permettant aux parents de concilier sereinement vie familiale et vie professionnelle. Les \u00e9l\u00e8ves peuvent y \u00eatre accueillis le matin de 7h \u00e0 8h10 [&hellip;]<\/p>\n","protected":false},"author":1,"featured_media":1602,"parent":112,"menu_order":16,"comment_status":"closed","ping_status":"closed","template":"","meta":{"_acf_changed":false,"_uag_custom_page_level_css":"","footnotes":""},"class_list":["post-132","page","type-page","status-publish","has-post-thumbnail","hentry"],"acf":[],"uagb_featured_image_src":{"full":["https:\/\/mairie-montataire.fr\/app\/uploads\/2024\/07\/1.2.3_peinture-enfants-heureux-plan-moyen\u00a9Istock-scaled.jpg",2560,1707,false],"thumbnail":["https:\/\/mairie-montataire.fr\/app\/uploads\/2024\/07\/1.2.3_peinture-enfants-heureux-plan-moyen\u00a9Istock-150x150.jpg",150,150,true],"medium":["https:\/\/mairie-montataire.fr\/app\/uploads\/2024\/07\/1.2.3_peinture-enfants-heureux-plan-moyen\u00a9Istock-300x200.jpg",300,200,true],"medium_large":["https:\/\/mairie-montataire.fr\/app\/uploads\/2024\/07\/1.2.3_peinture-enfants-heureux-plan-moyen\u00a9Istock-768x512.jpg",768,512,true],"large":["https:\/\/mairie-montataire.fr\/app\/uploads\/2024\/07\/1.2.3_peinture-enfants-heureux-plan-moyen\u00a9Istock-1024x683.jpg",1024,683,true],"1536x1536":["https:\/\/mairie-montataire.fr\/app\/uploads\/2024\/07\/1.2.3_peinture-enfants-heureux-plan-moyen\u00a9Istock-1536x1024.jpg",1536,1024,true],"2048x2048":["https:\/\/mairie-montataire.fr\/app\/uploads\/2024\/07\/1.2.3_peinture-enfants-heureux-plan-moyen\u00a9Istock-2048x1365.jpg",2048,1365,true],"trp-custom-language-flag":["https:\/\/mairie-montataire.fr\/app\/uploads\/2024\/07\/1.2.3_peinture-enfants-heureux-plan-moyen\u00a9Istock-scaled.jpg",18,12,false],"gform-image-choice-sm":["https:\/\/mairie-montataire.fr\/app\/uploads\/2024\/07\/1.2.3_peinture-enfants-heureux-plan-moyen\u00a9Istock-scaled.jpg",300,200,false],"gform-image-choice-md":["https:\/\/mairie-montataire.fr\/app\/uploads\/2024\/07\/1.2.3_peinture-enfants-heureux-plan-moyen\u00a9Istock-scaled.jpg",400,267,false],"gform-image-choice-lg":["https:\/\/mairie-montataire.fr\/app\/uploads\/2024\/07\/1.2.3_peinture-enfants-heureux-plan-moyen\u00a9Istock-scaled.jpg",600,400,false]},"uagb_author_info":{"display_name":"mentalworks","author_link":"https:\/\/mairie-montataire.fr\/ar\/actualites\/author\/mentalworks\/"},"uagb_comment_info":0,"uagb_excerpt":"La municipalit\u00e9 affiche sa volont\u00e9 de renforcer les services publics offerts \u00e0 la population en d\u00e9veloppant les accueils p\u00e9riscolaires dans la ville. Sur r\u00e9servation, la commune propose un mode de garde s\u00e9curis\u00e9, permettant aux parents de concilier sereinement vie familiale et vie professionnelle. Les \u00e9l\u00e8ves peuvent y \u00eatre accueillis le matin de 7h \u00e0 8h10&hellip;","_links":{"self":[{"href":"https:\/\/mairie-montataire.fr\/ar\/wp-json\/wp\/v2\/pages\/132","targetHints":{"allow":["GET"]}}],"collection":[{"href":"https:\/\/mairie-montataire.fr\/ar\/wp-json\/wp\/v2\/pages"}],"about":[{"href":"https:\/\/mairie-montataire.fr\/ar\/wp-json\/wp\/v2\/types\/page"}],"author":[{"embeddable":true,"href":"https:\/\/mairie-montataire.fr\/ar\/wp-json\/wp\/v2\/users\/1"}],"replies":[{"embeddable":true,"href":"https:\/\/mairie-montataire.fr\/ar\/wp-json\/wp\/v2\/comments?post=132"}],"version-history":[{"count":27,"href":"https:\/\/mairie-montataire.fr\/ar\/wp-json\/wp\/v2\/pages\/132\/revisions"}],"predecessor-version":[{"id":7396,"href":"https:\/\/mairie-montataire.fr\/ar\/wp-json\/wp\/v2\/pages\/132\/revisions\/7396"}],"up":[{"embeddable":true,"href":"https:\/\/mairie-montataire.fr\/ar\/wp-json\/wp\/v2\/pages\/112"}],"wp:featuredmedia":[{"embeddable":true,"href":"https:\/\/mairie-montataire.fr\/ar\/wp-json\/wp\/v2\/media\/1602"}],"wp:attachment":[{"href":"https:\/\/mairie-montataire.fr\/ar\/wp-json\/wp\/v2\/media?parent=132"}],"curies":[{"name":"\u062f\u0628\u0644\u064a\u0648 \u0628\u064a","href":"https:\/\/api.w.org\/{rel}","templated":true}]}}