{"id":122,"date":"2024-05-03T09:23:52","date_gmt":"2024-05-03T09:23:52","guid":{"rendered":"https:\/\/montataire.local\/?page_id=122"},"modified":"2025-11-05T11:08:35","modified_gmt":"2025-11-05T11:08:35","slug":"%d8%aa%d8%aa%d8%a7%d8%a8%d8%b9-%d8%a7%d9%84%d8%b7%d9%81%d9%88%d9%84%d8%a9-%d8%a7%d9%84%d9%85%d8%a8%d9%83%d8%b1%d8%a9","status":"publish","type":"page","link":"https:\/\/mairie-montataire.fr\/ar\/habiter\/petite-enfance\/relais-petite-enfance\/","title":{"rendered":"\u0631\u064a\u0644\u0627\u064a\u0633 \u0628\u064a\u062a\u064a \u0625\u0646\u0641\u0627\u0646\u0633 (RPE)"},"content":{"rendered":"<div class=\"wp-block-uagb-container uagb-block-82392e2e alignfull uagb-is-root-container\"><div class=\"uagb-container-inner-blocks-wrap\">\n<div class=\"wp-block-uagb-container uagb-block-04d0a61d\">\n<figure class=\"wp-block-image aligncenter size-large is-resized\"><img loading=\"lazy\" decoding=\"async\" width=\"723\" height=\"1024\" src=\"https:\/\/mairie-montataire.fr\/app\/uploads\/2025\/10\/logo_RPE-723x1024.png\" alt=\"\" class=\"wp-image-7084\" style=\"width:191px;height:auto\" srcset=\"https:\/\/mairie-montataire.fr\/app\/uploads\/2025\/10\/logo_RPE-723x1024.png 723w, https:\/\/mairie-montataire.fr\/app\/uploads\/2025\/10\/logo_RPE-212x300.png 212w, https:\/\/mairie-montataire.fr\/app\/uploads\/2025\/10\/logo_RPE-768x1088.png 768w, https:\/\/mairie-montataire.fr\/app\/uploads\/2025\/10\/logo_RPE-1085x1536.png 1085w, https:\/\/mairie-montataire.fr\/app\/uploads\/2025\/10\/logo_RPE-8x12.png 8w, https:\/\/mairie-montataire.fr\/app\/uploads\/2025\/10\/logo_RPE.png 1168w\" sizes=\"auto, (max-width: 723px) 100vw, 723px\" \/><\/figure>\n<\/div>\n\n\n\n<div class=\"wp-block-uagb-container uagb-block-1f3363ba\">\n<p><strong><strong>\u062a\u0642\u0648\u0645 \u0628\u0644\u062f\u0629 \u0645\u0648\u0646\u062a\u0627\u062a\u064a\u0631 \u0628\u062a\u062c\u0631\u0628\u0629 \u0645\u0634\u0631\u0648\u0639 RPE \u0645\u062a\u0639\u062f\u062f \u0627\u0644\u0645\u062c\u062a\u0645\u0639\u0627\u062a \u0627\u0644\u0645\u062d\u0644\u064a\u0629\u060c \u0645\u0645\u0627 \u064a\u0645\u0643\u0651\u0646 \u0633\u0643\u0627\u0646 \u0645\u0648\u0646\u062a\u0627\u062a\u064a\u0631 \u0648\u0627\u0644\u0628\u0644\u062f\u0627\u062a \u0627\u0644\u0623\u0639\u0636\u0627\u0621 \u0645\u0646 \u0627\u0644\u0627\u0633\u062a\u0641\u0627\u062f\u0629 \u0645\u0646 \u062f\u0639\u0645 \u0645\u062e\u062a\u0644\u0641 \u0623\u0634\u0643\u0627\u0644 \u0631\u0639\u0627\u064a\u0629 \u0627\u0644\u0623\u0637\u0641\u0627\u0644 \u0627\u0644\u0641\u0631\u062f\u064a\u0629 \u0648\u0627\u0644\u062c\u0645\u0627\u0639\u064a\u0629.\u00a0<\/strong><\/strong><\/p>\n<\/div>\n<\/div><\/div>\n\n\n\n<h2 class=\"wp-block-heading\">\u0645\u0627 \u0647\u0648 EPR\u061f<\/h2>\n\n\n\n<p>\u064a\u0632\u0648\u062f \u0645\u0646\u0633\u0642 \u0631\u0639\u0627\u064a\u0629 \u0627\u0644\u0623\u0637\u0641\u0627\u0644 \u0641\u064a \u0645\u0646\u0637\u0642\u0629 RPE \u0627\u0644\u0639\u0627\u0626\u0644\u0627\u062a \u0628\u0627\u0644\u0645\u0639\u0644\u0648\u0645\u0627\u062a \u0648\u0627\u0644\u0625\u0631\u0634\u0627\u062f\u0627\u062a \u062d\u0648\u0644 \u062c\u0645\u064a\u0639 \u0623\u0646\u0648\u0627\u0639 \u0631\u0639\u0627\u064a\u0629 \u0627\u0644\u0623\u0637\u0641\u0627\u0644 \u0627\u0644\u0645\u062e\u062a\u0644\u0641\u0629 \u0627\u0644\u0645\u062a\u0627\u062d\u0629 \u0641\u064a \u0627\u0644\u0645\u0646\u0637\u0642\u0629: \u0631\u0639\u0627\u064a\u0629 \u0627\u0644\u0623\u0637\u0641\u0627\u0644 \u0627\u0644\u0641\u0631\u062f\u064a\u0629 (\u0645\u0631\u0628\u064a\u0627\u062a \u0627\u0644\u0623\u0637\u0641\u0627\u0644) \u0623\u0648 \u0631\u0639\u0627\u064a\u0629 \u0627\u0644\u0623\u0637\u0641\u0627\u0644 \u0627\u0644\u062c\u0645\u0627\u0639\u064a\u0629 (\u0627\u0644\u062d\u0636\u0627\u0646\u0629 \u0623\u0648 \u0627\u0644\u0631\u0639\u0627\u064a\u0629 \u0627\u0644\u0645\u062a\u0639\u062f\u062f\u0629).<\/p>\n\n\n\n<p>\u0644\u0644\u062d\u0635\u0648\u0644 \u0639\u0644\u0649 \u0645\u0639\u0644\u0648\u0645\u0627\u062a \u062d\u0648\u0644 \u0631\u0639\u0627\u064a\u0629 \u0627\u0644\u0623\u0637\u0641\u0627\u0644 \u0623\u0648 \u0627\u0644\u062a\u0633\u062c\u064a\u0644 \u0627\u0644\u0645\u0633\u0628\u0642 \u0623\u0648 \u0642\u0627\u0626\u0645\u0629 \u0645\u0631\u0628\u064a\u0627\u062a \u0627\u0644\u0623\u0637\u0641\u0627\u0644\u060c \u064a\u0631\u062c\u0649 \u0627\u0644\u0627\u062a\u0635\u0627\u0644 \u0628\u0640<strong> \u062d\u062f\u062f \u0645\u0648\u0639\u062f\u0627\u064b \u0645\u0639 \u0627\u0644\u0645\u064a\u0633\u0650\u0651\u0631\u0629.  \u0633\u062a\u0642\u0648\u0645 \u0628\u0625\u0631\u0634\u0627\u062f\u0643 \u062e\u0644\u0627\u0644 \u0627\u0644\u0625\u062c\u0631\u0627\u0621.<\/strong><\/p>\n\n\n\n<h2 class=\"wp-block-heading\">\u0645\u0639\u062f\u0627\u062a \u0627\u0644\u0648\u0642\u0627\u064a\u0629 \u0645\u0646 \u0627\u0644\u0645\u062e\u0627\u0637\u0631 \u0644\u0644\u0622\u0628\u0627\u0621 \u0623\u0648 \u0627\u0644\u0622\u0628\u0627\u0621 \u0627\u0644\u0645\u0633\u062a\u0642\u0628\u0644\u064a\u064a\u0646 \u0627\u0644\u0630\u064a\u0646 \u064a\u0648\u0638\u0641\u0648\u0646 \u0645\u0631\u0628\u064a\u0629 \u0623\u0637\u0641\u0627\u0644 \u0623\u0648 \u0645\u0631\u0628\u064a\u0629 \u0623\u0637\u0641\u0627\u0644 \u0645\u0646\u0632\u0644\u064a\u0629<\/h2>\n\n\n\n<p>\u064a\u0633\u0627\u0639\u062f \u0627\u0644\u0645\u064a\u0633\u0631 \u0627\u0644\u0622\u0628\u0627\u0621 \u0648\u0627\u0644\u0623\u0645\u0647\u0627\u062a \u0641\u064a \u0627\u0644\u0625\u062c\u0631\u0627\u0621\u0627\u062a \u0627\u0644\u0625\u062f\u0627\u0631\u064a\u0629 \u0627\u0644\u062a\u064a \u064a\u0646\u0637\u0648\u064a \u0639\u0644\u064a\u0647\u0627 \u062a\u0648\u0638\u064a\u0641 \u0645\u0631\u0628\u064a\u0629 \u0623\u0637\u0641\u0627\u0644 (\u0627\u0644\u0639\u0642\u0648\u062f \u0648\u0627\u0644\u062d\u0642\u0648\u0642 \u0648\u0627\u0644\u0648\u0627\u062c\u0628\u0627\u062a \u0648\u0645\u0627 \u0625\u0644\u0649 \u0630\u0644\u0643). \u0643\u0645\u0627 \u064a\u064f\u0639\u0644\u0645\u0643 \u0627\u0644\u0645\u064a\u0633\u0631 \u0623\u064a\u0636\u064b\u0627 \u0628\u0627\u0644\u0645\u0633\u0627\u0639\u062f\u0627\u062a \u0648\u0627\u0644\u0645\u0632\u0627\u064a\u0627 \u0627\u0644\u062a\u064a \u064a\u062d\u0642 \u0644\u0643 \u0627\u0644\u062d\u0635\u0648\u0644 \u0639\u0644\u064a\u0647\u0627 \u0628\u0635\u0641\u062a\u0643 \u0635\u0627\u062d\u0628 \u0639\u0645\u0644 \u0645\u0631\u0628\u064a\u0629 \u0623\u0637\u0641\u0627\u0644 \u0623\u0648 \u0645\u0631\u0628\u064a\u0629 \u0623\u0637\u0641\u0627\u0644 \u0645\u0646\u0632\u0644\u064a\u0629.<\/p>\n\n\n\n<p>\u0639\u0646\u062f\u0645\u0627 \u062a\u0648\u0638\u0641 \u0645\u0631\u0628\u064a\u0629 \u0623\u0637\u0641\u0627\u0644 \u0623\u0648 \u0645\u0631\u0628\u064a\u0629 \u0623\u0637\u0641\u0627\u0644 \u0645\u0646\u0632\u0644\u064a\u0629\u060c \u064a\u0645\u0643\u0646\u0643 \u0627\u0644\u0627\u0633\u062a\u0641\u0627\u062f\u0629 \u0645\u0645\u0627 \u064a\u0644\u064a <a href=\"https:\/\/www.caf.fr\/allocataires\/aides-et-demarches\/droits-et-prestations\/vie-personnelle\/le-complement-de-libre-choix-du-mode-de-garde-cmg\" target=\"_blank\" rel=\"noreferrer noopener\">\u062a\u0643\u0645\u0644\u0629 \u0627\u0644\u0627\u062e\u062a\u064a\u0627\u0631 \u0627\u0644\u062d\u0631 \u0644\u0648\u0636\u0639 \u0627\u0644\u062d\u0631\u0627\u0633\u0629 (CMG) (\u0645\u0644\u062d\u0642 \u0631\u0639\u0627\u064a\u0629 \u0627\u0644\u0637\u0641\u0644)<\/a> \u0645\u0645\u0627 \u064a\u0633\u0627\u0639\u062f \u0641\u064a \u062a\u0645\u0648\u064a\u0644 \u062c\u0632\u0621 \u0645\u0646 \u062a\u0643\u0644\u0641\u0629 \u0631\u0639\u0627\u064a\u0629 \u0637\u0641\u0644\u0643.<\/p>\n\n\n\n<p>\u062a\u0642\u062f\u0645 \u0645\u0646\u0637\u0642\u0629 \"\u0623\u0648\u062a \u062f\u0648 \u0641\u0631\u0627\u0646\u0633\" \u0623\u064a\u0636\u0627\u064b <a href=\"https:\/\/guide-aides.hautsdefrance.fr\/dispositif636\" target=\"_blank\" rel=\"noreferrer noopener\">\u0627\u0644\u0645\u0633\u0627\u0639\u062f\u0629 \u0641\u064a \u0631\u0639\u0627\u064a\u0629 \u0627\u0644\u0637\u0641\u0644 \u0627\u0644\u0639\u0645\u0631<\/a>.<\/p>\n\n\n\n<p>\u0644\u0644\u0645\u0632\u064a\u062f \u0645\u0646 \u0627\u0644\u0645\u0639\u0644\u0648\u0645\u0627\u062a\u060c \u064a\u064f\u0631\u062c\u0649 \u0627\u0644\u0627\u062a\u0635\u0627\u0644 \u0628\u0645\u0646\u0633\u0642 \u0628\u0631\u0646\u0627\u0645\u062c \u062a\u0639\u0632\u064a\u0632 \u0627\u0644\u0642\u062f\u0631\u0629 \u0639\u0644\u0649 \u0627\u0644\u062a\u062d\u0645\u0644.<\/p>\n\n\n\n<h2 class=\"wp-block-heading\">\u0645\u0639\u064a\u0627\u0631 \u062a\u062d\u062f\u064a\u062f \u0645\u0633\u062a\u0648\u0649 \u0627\u0644\u062a\u0639\u0644\u064a\u0645 \u0644\u0645\u0631\u0628\u064a \u0627\u0644\u0623\u0637\u0641\u0627\u0644<\/h2>\n\n\n\n<p>\u064a\u0639\u062f RPE \u0645\u0643\u0627\u0646\u0627\u064b \u0644\u0644\u0645\u0647\u0646\u064a\u064a\u0646 \u0644\u0644\u0627\u0644\u062a\u0642\u0627\u0621 \u0648\u062a\u0628\u0627\u062f\u0644 \u0627\u0644\u0623\u0641\u0643\u0627\u0631:<\/p>\n\n\n\n<ul class=\"wp-block-list\">\n<li style=\"font-style:normal;font-weight:400\">\u0627\u0644\u0645\u0634\u0627\u0631\u0643\u0629 \u0641\u064a \u0627\u0644\u062f\u0648\u0631\u0627\u062a \u0627\u0644\u062a\u062f\u0631\u064a\u0628\u064a\u0629 \u0648\u0627\u0644\u0641\u0639\u0627\u0644\u064a\u0627\u062a \u0648\u0627\u0644\u0645\u0646\u0627\u0642\u0634\u0627\u062a \u0645\u0639 \u0627\u0644\u0645\u0647\u0646\u064a\u064a\u0646 \u0627\u0644\u0622\u062e\u0631\u064a\u0646<\/li>\n\n\n\n<li style=\"font-style:normal;font-weight:400\">\u0627\u0644\u0645\u0633\u0627\u0639\u062f\u0629 \u0641\u064a \u0627\u0644\u0645\u0643\u0627\u0641\u0622\u062a \u0648\u0627\u0644\u0625\u062c\u0627\u0632\u0627\u062a \u0645\u062f\u0641\u0648\u0639\u0629 \u0627\u0644\u0623\u062c\u0631 \u0648\u0627\u0644\u062d\u0642\u0648\u0642 \u0648\u0627\u0644\u0627\u0644\u062a\u0632\u0627\u0645\u0627\u062a<\/li>\n\n\n\n<li style=\"font-style:normal;font-weight:400\">\u0627\u0644\u0645\u0634\u0627\u0631\u0643\u0629 \u0641\u064a \u0648\u0631\u0634 \u0627\u0644\u0639\u0645\u0644 \u0627\u0644\u062e\u0627\u0635\u0629 \u0628\u0627\u0644\u0623\u0637\u0641\u0627\u0644 \u0627\u0644\u0630\u064a\u0646 \u062a\u062a\u0645 \u0631\u0639\u0627\u064a\u062a\u0647\u0645\u060c \u0634\u0631\u064a\u0637\u0629 \u0627\u0644\u062d\u0635\u0648\u0644 \u0639\u0644\u0649 \u062a\u0635\u0631\u064a\u062d \u0645\u0646 \u0635\u0627\u062d\u0628 \u0627\u0644\u0639\u0645\u0644 \u0627\u0644\u0648\u0627\u0644\u062f\u064a\u0646<\/li>\n<\/ul>\n\n\n\n<div style=\"height:23px\" aria-hidden=\"true\" class=\"wp-block-spacer\"><\/div>\n\n\n\n<p>\u0628\u0639\u0636 \u0627\u0644\u0645\u0634\u0627\u0631\u064a\u0639 \u0627\u0644\u062a\u064a \u064a\u062c\u0628 \u062a\u0633\u0644\u064a\u0637 \u0627\u0644\u0636\u0648\u0621 \u0639\u0644\u064a\u0647\u0627:<\/p>\n\n\n\n<ul class=\"wp-block-list\">\n<li style=\"font-style:normal;font-weight:400\"><strong>\u0645\u0634\u0631\u0648\u0639 \u0645\u0634\u062a\u0631\u0643 \u0628\u064a\u0646 \u0627\u0644\u0623\u062c\u064a\u0627\u0644 :<\/strong> 1 \u0648\u0631\u0634\u0629 \u0639\u0645\u0644 \u0643\u0644 \u0634\u0647\u0631\u064a\u0646 \u0641\u064a RAMM<\/li>\n\n\n\n<li style=\"font-style:normal;font-weight:400\"><strong>\u0645\u0634\u0631\u0648\u0639 \u0635\u0627\u0644\u0629 \u0623\u0644\u0639\u0627\u0628 \u0631\u064a\u0627\u0636\u064a\u0629 \u0644\u0644\u0623\u0637\u0641\u0627\u0644 :<\/strong> 1 \u0648\u0631\u0634\u0629 \u0639\u0645\u0644 \u0643\u0644 \u0634\u0647\u0631\u064a\u0646 \u0641\u064a <a href=\"https:\/\/mairie-montataire.fr\/ar\/%d8%a7%d9%84%d8%af%d9%84%d8%a7%d8%a6%d9%84\/%d8%a7%d9%84%d9%85%d8%b1%d8%a7%d9%81%d9%82-%d8%a7%d9%84%d8%b1%d9%8a%d8%a7%d8%b6%d9%8a%d8%a9\/%d8%b5%d8%a7%d9%84%d8%a9-%d9%85%d9%8a%d8%b4%d9%8a%d9%84-%d8%a8%d9%88%d8%b4%d9%88-%d9%84%d9%84%d8%a3%d9%84%d8%b9%d8%a7%d8%a8-%d8%a7%d9%84%d8%b1%d9%8a%d8%a7%d8%b6%d9%8a%d8%a9\/\">\u063a\u0631\u0641\u0629 \u0628\u0648\u0634\u0648<\/a><\/li>\n\n\n\n<li style=\"font-style:normal;font-weight:400\"><strong>\u0645\u0634\u0631\u0648\u0639 \u0645\u0643\u062a\u0628\u0629 \u0627\u0644\u0645\u0643\u062a\u0628\u0629 \u0648\u0645\u0643\u062a\u0628\u0629 \u0627\u0644\u0623\u0644\u0639\u0627\u0628 :<\/strong> \u0645\u0631\u0629 \u0648\u0627\u062d\u062f\u0629 \u0641\u064a \u0627\u0644\u0634\u0647\u0631 \u062a\u0642\u0631\u064a\u0628\u064b\u0627<\/li>\n<\/ul>\n\n\n\n<div style=\"height:23px\" aria-hidden=\"true\" class=\"wp-block-spacer\"><\/div>\n\n\n\n<div class=\"wp-block-uagb-separator uagb-block-c6f0877f\"><div class=\"uagb-separator-spacing-wrapper\"><div class=\"wp-block-uagb-separator__inner\" style=\"--my-background-image:\"><\/div><\/div><\/div>\n\n\n\n<div class=\"wp-block-uagb-icon-list uagb-block-da0b9b7a\"><div class=\"uagb-icon-list__wrap\">\n<div class=\"wp-block-uagb-icon-list-child uagb-block-a0da2618\"><a target=\"_blank\" aria-label=\"\u062a\u0641\u0648\u064a\u0636 \u0627\u0644\u0648\u0627\u0644\u062f\u064a\u0646\" rel=\"noopener noreferrer\" href=\"https:\/\/mairie-montataire.fr\/ar\/app\/uploads\/2025\/10\/Autorisation-parentale2025.pdf\/\"> <\/a><span class=\"uagb-icon-list__source-wrap\"><svg xmlns=\"https:\/\/www.w3.org\/2000\/svg\" viewbox=\"0 0 384 512\"><path d=\"M256 0v128h128L256 0zM224 128L224 0H48C21.49 0 0 21.49 0 48v416C0 490.5 21.49 512 48 512h288c26.51 0 48-21.49 48-48V160h-127.1C238.3 160 224 145.7 224 128zM272 416h-160C103.2 416 96 408.8 96 400C96 391.2 103.2 384 112 384h160c8.836 0 16 7.162 16 16C288 408.8 280.8 416 272 416zM272 352h-160C103.2 352 96 344.8 96 336C96 327.2 103.2 320 112 320h160c8.836 0 16 7.162 16 16C288 344.8 280.8 352 272 352zM288 272C288 280.8 280.8 288 272 288h-160C103.2 288 96 280.8 96 272C96 263.2 103.2 256 112 256h160C280.8 256 288 263.2 288 272z\"><\/path><\/svg><\/span><span class=\"uagb-icon-list__label\"><strong>\u062a\u0641\u0648\u064a\u0636 \u0627\u0644\u0648\u0627\u0644\u062f\u064a\u0646<\/strong><\/span><\/div>\n<\/div><\/div>\n\n\n\n<h2 class=\"wp-block-heading\">\u0647\u0644 \u062a\u0631\u063a\u0628 \u0641\u064a \u0623\u0646 \u062a\u0635\u0628\u062d \u0645\u0627\u0631\u0634\u0627\u0644\u0627\u064b\u061f \u064a\u0645\u0643\u0646 \u0644\u0640 RPE \u0627\u0644\u0645\u0633\u0627\u0639\u062f\u0629.<\/h2>\n\n\n\n<p>\u0633\u064a\u0637\u0644\u0639\u0643 \u0627\u0644\u0645\u064a\u0633\u0651\u0631 \u0639\u0644\u0649 \u0634\u0631\u0648\u0637 \u0627\u0644\u0627\u0644\u062a\u062d\u0627\u0642 \u0628\u0645\u0647\u0646\u0629 \u0645\u0631\u0628\u064a\u0629 \u0627\u0644\u0623\u0637\u0641\u0627\u0644 \u0648\u0645\u0645\u0627\u0631\u0633\u062a\u0647\u0627\u060c \u0628\u0627\u0644\u0625\u0636\u0627\u0641\u0629 \u0625\u0644\u0649 \u0627\u0644\u0645\u0633\u0627\u0639\u062f\u0627\u062a \u0627\u0644\u0645\u0627\u0644\u064a\u0629 \u0627\u0644\u0645\u062a\u0627\u062d\u0629 \u0644\u0645\u0633\u0627\u0639\u062f\u062a\u0643 \u0641\u064a \u062a\u0623\u0633\u064a\u0633 \u0639\u0645\u0644\u0643.<\/p>\n\n\n\n<p><a href=\"https:\/\/www.service-public.gouv.fr\/particuliers\/vosdroits\/F798\" target=\"_blank\" rel=\"noreferrer noopener\">\u064a\u0634\u0631\u062d \u0627\u0644\u0645\u0648\u0642\u0639 \u0627\u0644\u0625\u0644\u0643\u062a\u0631\u0648\u0646\u064a \u0627\u0644\u062d\u0643\u0648\u0645\u064a \u0623\u064a\u0636\u0627\u064b \u0627\u0644\u0639\u0645\u0644\u064a\u0629 \u062e\u0637\u0648\u0629 \u0628\u062e\u0637\u0648\u0629.<\/a><\/p>\n\n\n\n<div class=\"wp-block-uagb-separator uagb-block-1b39294a\"><div class=\"uagb-separator-spacing-wrapper\"><div class=\"wp-block-uagb-separator__inner\" style=\"--my-background-image:\"><\/div><\/div><\/div>\n\n\n\n<div class=\"wp-block-uagb-icon-list uagb-block-a29fc561\"><div class=\"uagb-icon-list__wrap\">\n<div class=\"wp-block-uagb-icon-list-child uagb-block-9eeec83e\"><a target=\"_blank\" aria-label=\"\u0627\u0644\u0627\u062a\u0641\u0627\u0642\u064a\u0629 \u0627\u0644\u062c\u0645\u0627\u0639\u064a\u0629 \u0644\u0623\u0631\u0628\u0627\u0628 \u0627\u0644\u0639\u0645\u0644 \u0627\u0644\u0623\u0641\u0631\u0627\u062f\" rel=\"noopener noreferrer\" href=\"https:\/\/mairie-montataire.fr\/ar\/app\/uploads\/2025\/10\/Convention_collective2025.pdf\/\"> <\/a><span class=\"uagb-icon-list__source-wrap\"><svg xmlns=\"https:\/\/www.w3.org\/2000\/svg\" viewbox=\"0 0 384 512\"><path d=\"M256 0v128h128L256 0zM224 128L224 0H48C21.49 0 0 21.49 0 48v416C0 490.5 21.49 512 48 512h288c26.51 0 48-21.49 48-48V160h-127.1C238.3 160 224 145.7 224 128zM272 416h-160C103.2 416 96 408.8 96 400C96 391.2 103.2 384 112 384h160c8.836 0 16 7.162 16 16C288 408.8 280.8 416 272 416zM272 352h-160C103.2 352 96 344.8 96 336C96 327.2 103.2 320 112 320h160c8.836 0 16 7.162 16 16C288 344.8 280.8 352 272 352zM288 272C288 280.8 280.8 288 272 288h-160C103.2 288 96 280.8 96 272C96 263.2 103.2 256 112 256h160C280.8 256 288 263.2 288 272z\"><\/path><\/svg><\/span><span class=\"uagb-icon-list__label\"><strong>\u0627\u0644\u0627\u062a\u0641\u0627\u0642\u064a\u0629 \u0627\u0644\u062c\u0645\u0627\u0639\u064a\u0629 \u0644\u0623\u0631\u0628\u0627\u0628 \u0627\u0644\u0639\u0645\u0644 \u0627\u0644\u0623\u0641\u0631\u0627\u062f<\/strong><\/span><\/div>\n<\/div><\/div>\n\n\n\n<h2 class=\"wp-block-heading\">\u0645\u0639\u0644\u0648\u0645\u0627\u062a \u0627\u0644\u0645\u062f\u064a\u0646\u0629<\/h2>\n\n\n\n<p><strong>\u062c\u0645\u064a\u0639 \u0627\u0644\u0645\u0648\u0627\u0639\u064a\u062f \u0645\u0641\u062a\u0648\u062d\u0629 \u0644\u0644\u062c\u0645\u0647\u0648\u0631 \u0648\u0644\u0645\u0639\u0644\u0645\u064a \u0627\u0644\u0623\u0637\u0641\u0627\u0644.<\/strong><\/p>\n\n\n\n<div class=\"wp-block-uagb-container uagb-block-8373d82a alignfull uagb-is-root-container\"><div class=\"uagb-container-inner-blocks-wrap\">\n<div class=\"wp-block-uagb-container uagb-block-8e17eb49\">\n<figure class=\"wp-block-image size-large\"><a href=\"https:\/\/mairie-montataire.fr\/ar\/\"><img loading=\"lazy\" decoding=\"async\" width=\"1024\" height=\"677\" src=\"https:\/\/mairie-montataire.fr\/app\/uploads\/2025\/10\/Logo_Montataire_RPE-1024x677.jpg\" alt=\"\" class=\"wp-image-7100\" srcset=\"https:\/\/mairie-montataire.fr\/app\/uploads\/2025\/10\/Logo_Montataire_RPE-1024x677.jpg 1024w, https:\/\/mairie-montataire.fr\/app\/uploads\/2025\/10\/Logo_Montataire_RPE-300x198.jpg 300w, https:\/\/mairie-montataire.fr\/app\/uploads\/2025\/10\/Logo_Montataire_RPE-768x508.jpg 768w, https:\/\/mairie-montataire.fr\/app\/uploads\/2025\/10\/Logo_Montataire_RPE-1536x1016.jpg 1536w, https:\/\/mairie-montataire.fr\/app\/uploads\/2025\/10\/Logo_Montataire_RPE-2048x1354.jpg 2048w, https:\/\/mairie-montataire.fr\/app\/uploads\/2025\/10\/Logo_Montataire_RPE-18x12.jpg 18w\" sizes=\"auto, (max-width: 1024px) 100vw, 1024px\" \/><\/a><\/figure>\n\n\n\n<p><strong>\u0627\u0644\u0645\u0643\u0627\u062a\u0628 \u0627\u0644\u0625\u062f\u0627\u0631\u064a\u0629<\/strong><br>\u062d\u0633\u0628 \u0627\u0644\u0645\u0648\u0639\u062f \u0645\u0646 \u0627\u0644\u0627\u062b\u0646\u064a\u0646 \u0625\u0644\u0649 \u0627\u0644\u062c\u0645\u0639\u0629 <br><a href=\"https:\/\/www.google.com\/maps\/dir\/\/9+Imp.+de+l'Argili%C3%A8re,+60160+Montataire\/@49.2632813,2.4268551,898m\/data=!3m1!1e3!4m17!1m7!3m6!1s0x47e64bd94c3afdad:0x214b016d5af8561e!2s9+Imp.+de+l'Argili%C3%A8re,+60160+Montataire!3b1!8m2!3d49.2632813!4d2.42943!4m8!1m0!1m5!1m1!1s0x47e64bd94c3afdad:0x214b016d5af8561e!2m2!1d2.42943!2d49.2632813!3e0?authuser=0&amp;entry=ttu&amp;g_ep=EgoyMDI1MTAyOC4wIKXMDSoASAFQAw%3D%3D\" target=\"_blank\" rel=\"noreferrer noopener\">9 Impasse de l'Argili\u00e8re - 60160 Montataire<\/a><\/p>\n\n\n\n<p><strong>\u0648\u0631\u0634 \u0639\u0645\u0644 \u062a\u0639\u0644\u064a\u0645\u064a\u0629 \u0644\u0645\u0631\u0628\u064a\u0627\u062a \u0627\u0644\u0623\u0637\u0641\u0627\u0644<\/strong><br>\u0623\u064a\u0627\u0645 \u0627\u0644\u062b\u0644\u0627\u062b\u0627\u0621 \u0648\u0627\u0644\u062e\u0645\u064a\u0633 \u0645\u0646 \u0627\u0644\u0633\u0627\u0639\u0629 9 \u0635\u0628\u0627\u062d\u0627\u064b \u0625\u0644\u0649 11 \u0635\u0628\u0627\u062d\u0627\u064b <br><a href=\"https:\/\/www.google.com\/maps\/dir\/\/Centre+De+Loisirs+Pierre+Legrand,+3+Av.+Anatole+France,+60160+Montataire\/@49.2577523,2.4428296,231m\/data=!3m1!1e3!4m18!1m8!3m7!1s0x47e64bd58aca2d8f:0x5cedc3b28dc709da!2sCentre+De+Loisirs+Pierre+Legrand!8m2!3d49.2585937!4d2.4437193!15sCg9BTFNIIG1vbnRhdGFpcmVaESIPYWxzaCBtb250YXRhaXJlkgERcmVjcmVhdGlvbl9jZW50ZXKaASRDaGREU1VoTk1HOW5TMFZKUTBGblNVTktkRWxIZDNwUlJSQULgAQD6AQQIABAc!16s%2Fg%2F11fy_gghxd!4m8!1m0!1m5!1m1!1s0x47e64bd58aca2d8f:0x5cedc3b28dc709da!2m2!1d2.4437193!2d49.2585937!3e0?authuser=0&amp;entry=ttu&amp;g_ep=EgoyMDI1MTAyOC4wIKXMDSoASAFQAw%3D%3D\" target=\"_blank\" rel=\"noreferrer noopener\">\u0641\u064a \u0645\u0631\u0643\u0632 \u0628\u064a\u064a\u0631 \u0644\u064a\u062c\u0631\u0627\u0646\u062f \u0627\u0644\u062a\u0631\u0641\u064a\u0647\u064a - \u0628\u0627\u0641\u064a\u0644\u0648\u0646 \u0645\u0627\u062a\u064a\u0631\u064a\u0644 3 \u0633\u0646\u0648\u0627\u062a (\u062e\u0627\u0631\u062c \u0627\u0644\u0639\u0637\u0644\u0627\u062a \u0627\u0644\u0645\u062f\u0631\u0633\u064a\u0629)\u060c \u0634\u0627\u0631\u0639 \u0623\u0646\u0627\u062a\u0648\u0644 \u0641\u0631\u0627\u0646\u0633 - 60160 \u0645\u0648\u0646\u062a\u0627\u062a\u064a\u0631<\/a><\/p>\n<\/div>\n\n\n\n<div class=\"wp-block-uagb-container uagb-block-4f662593\">\n<figure class=\"wp-block-image size-large\"><a href=\"https:\/\/www.saintmaximin.eu\/\" target=\"_blank\" rel=\" noreferrer noopener\"><img loading=\"lazy\" decoding=\"async\" width=\"1024\" height=\"677\" src=\"https:\/\/mairie-montataire.fr\/app\/uploads\/2025\/10\/Logo_SaintMaximin_RPE-1024x677.jpg\" alt=\"\" class=\"wp-image-7121\" srcset=\"https:\/\/mairie-montataire.fr\/app\/uploads\/2025\/10\/Logo_SaintMaximin_RPE-1024x677.jpg 1024w, https:\/\/mairie-montataire.fr\/app\/uploads\/2025\/10\/Logo_SaintMaximin_RPE-300x198.jpg 300w, https:\/\/mairie-montataire.fr\/app\/uploads\/2025\/10\/Logo_SaintMaximin_RPE-768x508.jpg 768w, https:\/\/mairie-montataire.fr\/app\/uploads\/2025\/10\/Logo_SaintMaximin_RPE-1536x1016.jpg 1536w, https:\/\/mairie-montataire.fr\/app\/uploads\/2025\/10\/Logo_SaintMaximin_RPE-2048x1354.jpg 2048w, https:\/\/mairie-montataire.fr\/app\/uploads\/2025\/10\/Logo_SaintMaximin_RPE-18x12.jpg 18w\" sizes=\"auto, (max-width: 1024px) 100vw, 1024px\" \/><\/a><\/figure>\n\n\n\n<p><strong>\u0627\u0644\u0645\u0643\u0627\u062a\u0628 \u0627\u0644\u0625\u062f\u0627\u0631\u064a\u0629<\/strong><br>\u062d\u0633\u0628 \u0627\u0644\u0645\u0648\u0639\u062f \u064a\u0648\u0645 \u0627\u0644\u062b\u0644\u0627\u062b\u0627\u0621 \u0645\u0646 \u0627\u0644\u0633\u0627\u0639\u0629 8:30 \u0635\u0628\u0627\u062d\u0627\u064b \u0625\u0644\u0649 \u0627\u0644\u0633\u0627\u0639\u0629 12 \u0638\u0647\u0631\u0627\u064b<br><a href=\"https:\/\/www.google.com\/maps\/dir\/\/Centre,+42+Rue+des+Fontaines,+60740+Saint-Maximin\/@49.2254685,2.4472478,240m\/data=!3m1!1e3!4m18!1m8!3m7!1s0x47e649a8e09a0f3b:0xa6139baa9b1814f6!2sCentre!8m2!3d49.2255479!4d2.4478155!15sCtwBQXRlbGllcnMgcMOpZGFnb2dpcXVlcyBkw6lkacOpcyBhdXggYXNzaXN0YW50ZXMgbWF0ZXJuZWxsZXMgTGVzIHZlbmRyZWRpcyBkZSA4aDMwIMOgIDEyaCDDgCBsJ2FjY3VlaWwgZGUgbG9pc2lycyBHdXkgTcO0cXVldCAtIFNhbGxlIGRlcyB0b3V0IHBldGl0cyAoaG9ycyB2YWNhbmNlcyBzY29sYWlyZXMpLCA0MiBydWUgZGVzIEZvbnRhaW5lcyDigJMgNjA3NDAgU2FpbnQtTWF4aW1pbpIBF2xvY2FsX2dvdmVybm1lbnRfb2ZmaWNl4AEA!16s%2Fg%2F11btmbs481!4m8!1m0!1m5!1m1!1s0x47e649a8e09a0f3b:0xa6139baa9b1814f6!2m2!1d2.4477142!2d49.2255722!3e0?authuser=0&amp;entry=ttu&amp;g_ep=EgoyMDI1MTAyOC4wIKXMDSoASAFQAw%3D%3D\" target=\"_blank\" rel=\"noreferrer noopener\">\u0641\u064a \u0645\u0631\u0643\u0632 \u063a\u064a \u0645\u0648\u0643\u064a\u0647 \u0627\u0644\u062a\u0631\u0641\u064a\u0647\u064a\u060c 42 \u0634\u0627\u0631\u0639 \u062f\u064a \u0641\u0648\u0646\u062a\u0627\u0646 - 60740 \u0633\u0627\u0646 \u0645\u0627\u0643\u0633\u064a\u0645\u064a\u0646\u060c \u0633\u0627\u0646 \u0645\u0627\u0643\u0633\u064a\u0645\u064a\u0646\u060c \u0641\u064a \u0627\u0644\u0645\u0631\u0643\u0632 \u0627\u0644\u062a\u0631\u0641\u064a\u0647\u064a \u063a\u064a \u0645\u0648\u0643\u064a\u0647\u060c 42 \u0634\u0627\u0631\u0639 \u062f\u064a \u0641\u0648\u0646\u062a\u0627\u0646<\/a><\/p>\n\n\n\n<p><strong>\u0648\u0631\u0634 \u0639\u0645\u0644 \u062a\u0639\u0644\u064a\u0645\u064a\u0629 \u0644\u0645\u0631\u0628\u064a\u0627\u062a \u0627\u0644\u0623\u0637\u0641\u0627\u0644<\/strong><br>\u0623\u064a\u0627\u0645 \u0627\u0644\u062c\u0645\u0639\u0629 \u0645\u0646 \u0627\u0644\u0633\u0627\u0639\u0629 8:30 \u0635\u0628\u0627\u062d\u0627\u064b \u0625\u0644\u0649 \u0627\u0644\u0633\u0627\u0639\u0629 12 \u0638\u0647\u0631\u0627\u064b<br><a href=\"https:\/\/www.google.com\/maps\/dir\/\/Centre,+42+Rue+des+Fontaines,+60740+Saint-Maximin\/@49.2254685,2.4472478,240m\/data=!3m1!1e3!4m18!1m8!3m7!1s0x47e649a8e09a0f3b:0xa6139baa9b1814f6!2sCentre!8m2!3d49.2255479!4d2.4478155!15sCtwBQXRlbGllcnMgcMOpZGFnb2dpcXVlcyBkw6lkacOpcyBhdXggYXNzaXN0YW50ZXMgbWF0ZXJuZWxsZXMgTGVzIHZlbmRyZWRpcyBkZSA4aDMwIMOgIDEyaCDDgCBsJ2FjY3VlaWwgZGUgbG9pc2lycyBHdXkgTcO0cXVldCAtIFNhbGxlIGRlcyB0b3V0IHBldGl0cyAoaG9ycyB2YWNhbmNlcyBzY29sYWlyZXMpLCA0MiBydWUgZGVzIEZvbnRhaW5lcyDigJMgNjA3NDAgU2FpbnQtTWF4aW1pbpIBF2xvY2FsX2dvdmVybm1lbnRfb2ZmaWNl4AEA!16s%2Fg%2F11btmbs481!4m8!1m0!1m5!1m1!1s0x47e649a8e09a0f3b:0xa6139baa9b1814f6!2m2!1d2.4477142!2d49.2255722!3e0?authuser=0&amp;entry=ttu&amp;g_ep=EgoyMDI1MTAyOC4wIKXMDSoASAFQAw%3D%3D\" target=\"_blank\" rel=\"noreferrer noopener\">\u0641\u064a \u0645\u0631\u0643\u0632 \u063a\u064a \u0645\u0648\u0643\u064a\u0647 \u0627\u0644\u062a\u0631\u0641\u064a\u0647\u064a - \u0635\u0627\u0644\u0648\u0646 \u0627\u0644\u0623\u0637\u0641\u0627\u0644 \u0627\u0644\u0635\u063a\u0627\u0631 (\u062e\u0627\u0631\u062c \u0627\u0644\u0639\u0637\u0644\u0627\u062a \u0627\u0644\u0645\u062f\u0631\u0633\u064a\u0629)\u060c 42 \u0634\u0627\u0631\u0639 \u062f\u064a \u0641\u0648\u0646\u062a\u0627\u0646 - 60740 \u0633\u0627\u0646 \u0645\u0627\u0643\u0633\u064a\u0645\u0627\u0646\u060c \u0634\u0627\u0631\u0639 42 \u062f\u064a \u0641\u0648\u0646\u062a\u0627\u0646<\/a><br><\/p>\n<\/div>\n\n\n\n<div class=\"wp-block-uagb-container uagb-block-95c505f2\">\n<figure class=\"wp-block-image size-large\"><a href=\"http:\/\/www.ville-de-thiverny.fr\/\" target=\"_blank\" rel=\" noreferrer noopener\"><img loading=\"lazy\" decoding=\"async\" width=\"1024\" height=\"677\" src=\"https:\/\/mairie-montataire.fr\/app\/uploads\/2025\/10\/Logo_Thiverny_RPE-1024x677.jpg\" alt=\"\" class=\"wp-image-7102\" srcset=\"https:\/\/mairie-montataire.fr\/app\/uploads\/2025\/10\/Logo_Thiverny_RPE-1024x677.jpg 1024w, https:\/\/mairie-montataire.fr\/app\/uploads\/2025\/10\/Logo_Thiverny_RPE-300x198.jpg 300w, https:\/\/mairie-montataire.fr\/app\/uploads\/2025\/10\/Logo_Thiverny_RPE-768x508.jpg 768w, https:\/\/mairie-montataire.fr\/app\/uploads\/2025\/10\/Logo_Thiverny_RPE-1536x1016.jpg 1536w, https:\/\/mairie-montataire.fr\/app\/uploads\/2025\/10\/Logo_Thiverny_RPE-2048x1354.jpg 2048w, https:\/\/mairie-montataire.fr\/app\/uploads\/2025\/10\/Logo_Thiverny_RPE-18x12.jpg 18w\" sizes=\"auto, (max-width: 1024px) 100vw, 1024px\" \/><\/a><\/figure>\n\n\n\n<p><strong>\u0627\u0644\u0645\u0643\u0627\u062a\u0628 \u0627\u0644\u0625\u062f\u0627\u0631\u064a\u0629<\/strong><br>\u062d\u0633\u0628 \u0627\u0644\u0645\u0648\u0639\u062f \u0645\u0646 \u0627\u0644\u0627\u062b\u0646\u064a\u0646 \u0625\u0644\u0649 \u0627\u0644\u062c\u0645\u0639\u0629<br><a href=\"https:\/\/www.google.com\/maps\/dir\/\/9+Imp.+de+l'Argili%C3%A8re,+60160+Montataire\/@49.2632813,2.4268551,898m\/data=!3m1!1e3!4m17!1m7!3m6!1s0x47e64bd94c3afdad:0x214b016d5af8561e!2s9+Imp.+de+l'Argili%C3%A8re,+60160+Montataire!3b1!8m2!3d49.2632813!4d2.42943!4m8!1m0!1m5!1m1!1s0x47e64bd94c3afdad:0x214b016d5af8561e!2m2!1d2.42943!2d49.2632813!3e0?authuser=0&amp;entry=ttu&amp;g_ep=EgoyMDI1MTAyOC4wIKXMDSoASAFQAw%3D%3D\" target=\"_blank\" rel=\"noreferrer noopener\">9 Impasse de l'Argili\u00e8re - 60160 Montataire<\/a><\/p>\n\n\n\n<p><strong>\u0648\u0631\u0634 \u0639\u0645\u0644 \u062a\u0639\u0644\u064a\u0645\u064a\u0629 \u0644\u0645\u0631\u0628\u064a\u0627\u062a \u0627\u0644\u0623\u0637\u0641\u0627\u0644<\/strong><br>\u0623\u064a\u0627\u0645 \u0627\u0644\u062b\u0644\u0627\u062b\u0627\u0621 \u0648\u0627\u0644\u062e\u0645\u064a\u0633 \u0645\u0646 \u0627\u0644\u0633\u0627\u0639\u0629 9 \u0635\u0628\u0627\u062d\u0627\u064b \u0625\u0644\u0649 11 \u0635\u0628\u0627\u062d\u0627\u064b <br><a href=\"https:\/\/www.google.com\/maps\/dir\/\/Centre+De+Loisirs+Pierre+Legrand,+3+Av.+Anatole+France,+60160+Montataire\/@49.2577523,2.4428296,231m\/data=!3m1!1e3!4m18!1m8!3m7!1s0x47e64bd58aca2d8f:0x5cedc3b28dc709da!2sCentre+De+Loisirs+Pierre+Legrand!8m2!3d49.2585937!4d2.4437193!15sCg9BTFNIIG1vbnRhdGFpcmVaESIPYWxzaCBtb250YXRhaXJlkgERcmVjcmVhdGlvbl9jZW50ZXKaASRDaGREU1VoTk1HOW5TMFZKUTBGblNVTktkRWxIZDNwUlJSQULgAQD6AQQIABAc!16s%2Fg%2F11fy_gghxd!4m8!1m0!1m5!1m1!1s0x47e64bd58aca2d8f:0x5cedc3b28dc709da!2m2!1d2.4437193!2d49.2585937!3e0?authuser=0&amp;entry=ttu&amp;g_ep=EgoyMDI1MTAyOC4wIKXMDSoASAFQAw%3D%3D\" target=\"_blank\" rel=\"noreferrer noopener\">\u0641\u064a \u0645\u0631\u0643\u0632 \u0628\u064a\u064a\u0631 \u0644\u064a\u062c\u0631\u0627\u0646\u062f \u0627\u0644\u062a\u0631\u0641\u064a\u0647\u064a - \u0628\u0627\u0641\u064a\u0644\u0648\u0646 \u0645\u0627\u062a\u064a\u0631\u064a\u0644 3 \u0633\u0646\u0648\u0627\u062a (\u062e\u0627\u0631\u062c \u0627\u0644\u0639\u0637\u0644\u0627\u062a \u0627\u0644\u0645\u062f\u0631\u0633\u064a\u0629)\u060c \u0634\u0627\u0631\u0639 \u0623\u0646\u0627\u062a\u0648\u0644 \u0641\u0631\u0627\u0646\u0633 - 60160 \u0645\u0648\u0646\u062a\u0627\u062a\u064a\u0631<\/a><\/p>\n<\/div>\n\n\n\n<div class=\"wp-block-uagb-container uagb-block-aafd96c4\">\n<figure class=\"wp-block-image size-large\"><a href=\"https:\/\/www.villers-saint-paul.fr\/\" target=\"_blank\" rel=\" noreferrer noopener\"><img loading=\"lazy\" decoding=\"async\" width=\"1024\" height=\"677\" src=\"https:\/\/mairie-montataire.fr\/app\/uploads\/2025\/10\/Logo_VillersSaintPaul_RPE-1024x677.jpg\" alt=\"\" class=\"wp-image-7098\" srcset=\"https:\/\/mairie-montataire.fr\/app\/uploads\/2025\/10\/Logo_VillersSaintPaul_RPE-1024x677.jpg 1024w, https:\/\/mairie-montataire.fr\/app\/uploads\/2025\/10\/Logo_VillersSaintPaul_RPE-300x198.jpg 300w, https:\/\/mairie-montataire.fr\/app\/uploads\/2025\/10\/Logo_VillersSaintPaul_RPE-768x508.jpg 768w, https:\/\/mairie-montataire.fr\/app\/uploads\/2025\/10\/Logo_VillersSaintPaul_RPE-1536x1016.jpg 1536w, https:\/\/mairie-montataire.fr\/app\/uploads\/2025\/10\/Logo_VillersSaintPaul_RPE-2048x1354.jpg 2048w, https:\/\/mairie-montataire.fr\/app\/uploads\/2025\/10\/Logo_VillersSaintPaul_RPE-18x12.jpg 18w\" sizes=\"auto, (max-width: 1024px) 100vw, 1024px\" \/><\/a><\/figure>\n\n\n\n<p><strong>\u0627\u0644\u0645\u0643\u0627\u062a\u0628 \u0627\u0644\u0625\u062f\u0627\u0631\u064a\u0629<\/strong><br>\u062d\u0633\u0628 \u0627\u0644\u0645\u0648\u0639\u062f \u064a\u0648\u0645 \u0627\u0644\u0627\u062b\u0646\u064a\u0646 \u0645\u0646 \u0627\u0644\u0633\u0627\u0639\u0629 9 \u0635\u0628\u0627\u062d\u0627\u064b \u062d\u062a\u0649 12 \u0638\u0647\u0631\u0627\u064b<br><a href=\"https:\/\/www.google.com\/maps\/dir\/\/23+rue+Belle+Vis%C3%A9e+%E2%80%93+60870+Villers-Saint-Paul%C2%A0%C2%A0%C2%A0\/@49.2931407,2.499407,230m\/data=!3m1!1e3!4m2!4m1!3e0?authuser=0&amp;entry=ttu&amp;g_ep=EgoyMDI1MTAyOC4wIKXMDSoASAFQAw%3D%3D\" target=\"_blank\" rel=\"noreferrer noopener\">\u0641\u064a \u0645\u0642\u0631 \u0645\u0639\u0647\u062f \u0625\u062f\u0627\u0631\u0629 \u0627\u0644\u0645\u0634\u0627\u0631\u064a\u0639\u060c 23 \u0634\u0627\u0631\u0639 \u0628\u064a\u0644 \u0641\u064a\u0633\u064a\u0647 - 60870 \u0641\u064a\u0644\u064a\u0631 \u0633\u0627\u0646 \u0628\u0648\u0644&nbsp;&nbsp;&nbsp;<\/a><\/p>\n\n\n\n<p><strong>\u0648\u0631\u0634 \u0639\u0645\u0644 \u062a\u0639\u0644\u064a\u0645\u064a\u0629 \u0644\u0645\u0631\u0628\u064a\u0627\u062a \u0627\u0644\u0623\u0637\u0641\u0627\u0644<\/strong><br>\u0627\u0644\u062e\u0645\u064a\u0633 \u0645\u0646 \u0627\u0644\u0633\u0627\u0639\u0629 9 \u0635\u0628\u0627\u062d\u0627\u064b \u0625\u0644\u0649 12 \u0638\u0647\u0631\u0627\u064b<br><a href=\"https:\/\/www.google.com\/maps\/dir\/\/Espace+Pierre+Perret,+60870+Villers-Saint-Paul\/@49.2931407,2.499407,230m\/data=!3m1!1e3!4m17!1m7!3m6!1s0x47e63581451077b1:0x9efdd14c0c886d0e!2sEspace+Pierre+Perret!8m2!3d49.2933405!4d2.4996392!16s%2Fg%2F11b6q1k232!4m8!1m0!1m5!1m1!1s0x47e63581451077b1:0x9efdd14c0c886d0e!2m2!1d2.4996392!2d49.2933405!3e0?authuser=0&amp;entry=ttu&amp;g_ep=EgoyMDI1MTAyOC4wIKXMDSoASAFQAw%3D%3D\" target=\"_blank\" rel=\"noreferrer noopener\">\u0641\u064a \u0627\u0644\u0645\u0631\u0643\u0632 \u0627\u0644\u0627\u062c\u062a\u0645\u0627\u0639\u064a \u0648\u0627\u0644\u062b\u0642\u0627\u0641\u064a \u0627\u0644\u062b\u0642\u0627\u0641\u064a \u062a\u0631\u064a\u062a \u062f\u064a \u064a\u0648\u0646\u064a\u0648\u0646 - \u0642\u0627\u0639\u0629 \u062f\u064a \u0644\u0627\u064a\u0628 \u062f\u064a \u0625\u0633\u0628\u0627\u0633 \u0628\u064a\u064a\u0631 \u0628\u064a\u0631\u064a\u0647 2 \u0643\u0627\u0641\u064a\u0647 \u062f\u064a \u0631\u064a\u0646\u0627\u0631\u062f - 60870 \u0641\u064a\u0644\u064a\u0631 \u0633\u0627\u0646 \u0628\u0648\u0644<\/a><\/p>\n<\/div>\n\n\n\n<div class=\"wp-block-uagb-container uagb-block-fb559ea2\">\n<figure class=\"wp-block-image size-large\"><a href=\"https:\/\/saintvaastlesmello.neopse-site.fr\/fr\/\" target=\"_blank\" rel=\" noreferrer noopener\"><img loading=\"lazy\" decoding=\"async\" width=\"1024\" height=\"677\" src=\"https:\/\/mairie-montataire.fr\/app\/uploads\/2025\/10\/Logo_SaintVaastLesMello_RPE-1024x677.jpg\" alt=\"\" class=\"wp-image-7101\" srcset=\"https:\/\/mairie-montataire.fr\/app\/uploads\/2025\/10\/Logo_SaintVaastLesMello_RPE-1024x677.jpg 1024w, https:\/\/mairie-montataire.fr\/app\/uploads\/2025\/10\/Logo_SaintVaastLesMello_RPE-300x198.jpg 300w, https:\/\/mairie-montataire.fr\/app\/uploads\/2025\/10\/Logo_SaintVaastLesMello_RPE-768x508.jpg 768w, https:\/\/mairie-montataire.fr\/app\/uploads\/2025\/10\/Logo_SaintVaastLesMello_RPE-1536x1016.jpg 1536w, https:\/\/mairie-montataire.fr\/app\/uploads\/2025\/10\/Logo_SaintVaastLesMello_RPE-2048x1354.jpg 2048w, https:\/\/mairie-montataire.fr\/app\/uploads\/2025\/10\/Logo_SaintVaastLesMello_RPE-18x12.jpg 18w\" sizes=\"auto, (max-width: 1024px) 100vw, 1024px\" \/><\/a><\/figure>\n\n\n\n<p><strong>\u0627\u0644\u0645\u0643\u0627\u062a\u0628 \u0627\u0644\u0625\u062f\u0627\u0631\u064a\u0629<\/strong><br>\u062d\u0633\u0628 \u0627\u0644\u0645\u0648\u0639\u062f \u064a\u0648\u0645 \u0627\u0644\u062c\u0645\u0639\u0629 \u0645\u0646 \u0627\u0644\u0633\u0627\u0639\u0629 2 \u0638\u0647\u0631\u0627\u064b \u0625\u0644\u0649 5 \u0645\u0633\u0627\u0621\u064b<br><a href=\"https:\/\/www.google.com\/maps\/dir\/\/Mairie+de+Saint-Vaast-l%C3%A8s-Mello,+Rue+de+la+Paix,+60660+Saint-Vaast-l%C3%A8s-Mello\/@49.2669852,2.3859237,898m\/data=!3m1!1e3!4m17!1m7!3m6!1s0x47e64c1aaa8e34df:0xcb0282fe517eb5d!2sMairie+de+Saint-Vaast-l%C3%A8s-Mello!8m2!3d49.2669852!4d2.3884986!16s%2Fg%2F11b6dgj51k!4m8!1m0!1m5!1m1!1s0x47e64c1aaa8e34df:0xcb0282fe517eb5d!2m2!1d2.388579!2d49.2669784!3e0?authuser=0&amp;entry=ttu&amp;g_ep=EgoyMDI1MTAyOC4wIKXMDSoASAFQAw%3D%3D\" target=\"_blank\" rel=\"noreferrer noopener\">\u0641\u064a \u062f\u0627\u0631 \u0628\u0644\u062f\u064a\u0629 \u0633\u0627\u0646-\u0641\u0627\u0633\u062a-\u0644\u064a\u0632-\u0645\u064a\u0644\u0648\u060c \u0634\u0627\u0631\u0639 \u062f\u064a \u0644\u0627 \u0628\u064a\u0647 - 60660 \u0633\u0627\u0646-\u0641\u0627\u0633\u062a-\u0644\u064a\u0632-\u0645\u064a\u0644\u0648<\/a><\/p>\n\n\n\n<p><strong>\u0648\u0631\u0634 \u0639\u0645\u0644 \u062a\u0639\u0644\u064a\u0645\u064a\u0629 \u0644\u0645\u0631\u0628\u064a\u0627\u062a \u0627\u0644\u0623\u0637\u0641\u0627\u0644<\/strong><br>\u062c\u0645\u0639\u0629 \u0648\u0627\u062d\u062f\u0629 \u0641\u064a \u0627\u0644\u0634\u0647\u0631 \u0645\u0646 \u0627\u0644\u0633\u0627\u0639\u0629 9:30 \u0635\u0628\u0627\u062d\u0627\u064b \u0625\u0644\u0649 11 \u0635\u0628\u0627\u062d\u0627\u064b<br><a href=\"https:\/\/www.google.com\/maps\/dir\/\/P%C3%B4le+Louise+Michel,+486+Rue+de+la+Paix,+60660+Saint-Vaast-l%C3%A8s-Mello\/@49.2677956,2.3888157,231m\/data=!3m1!1e3!4m17!1m7!3m6!1s0x47e64d81bbf08075:0x3c0cf544db0305e5!2sP%C3%B4le+Louise+Michel!8m2!3d49.2679882!4d2.3889834!16s%2Fg%2F11v0y69njw!4m8!1m0!1m5!1m1!1s0x47e64d81bbf08075:0x3c0cf544db0305e5!2m2!1d2.3889834!2d49.2679882!3e0?authuser=0&amp;entry=ttu&amp;g_ep=EgoyMDI1MTAyOC4wIKXMDSoASAFQAw%3D%3D\" target=\"_blank\" rel=\"noreferrer noopener\">\u0641\u064a \u0645\u064a\u062f\u064a\u0627\u062b\u064a\u0643 - \u0628\u0648\u0644 \u0644\u0648\u064a\u0632 \u0645\u064a\u0634\u064a\u0644\u060c 486 \u0634\u0627\u0631\u0639 \u0627\u0644\u0633\u0644\u0627\u0645 - 60660 \u0633\u0627\u0646-\u0641\u0627\u0633\u062a-\u0644\u064a-\u0645\u064a\u0644\u0648<\/a><\/p>\n<\/div>\n\n\n\n<div class=\"wp-block-uagb-container uagb-block-3511201a\">\n<figure class=\"wp-block-image size-large\"><a href=\"https:\/\/www.cramoisy.fr\/\" target=\"_blank\" rel=\" noreferrer noopener\"><img loading=\"lazy\" decoding=\"async\" width=\"1024\" height=\"677\" src=\"https:\/\/mairie-montataire.fr\/app\/uploads\/2025\/10\/Logo_Cramoisy_RPE-1024x677.jpg\" alt=\"\" class=\"wp-image-7099\" srcset=\"https:\/\/mairie-montataire.fr\/app\/uploads\/2025\/10\/Logo_Cramoisy_RPE-1024x677.jpg 1024w, https:\/\/mairie-montataire.fr\/app\/uploads\/2025\/10\/Logo_Cramoisy_RPE-300x198.jpg 300w, https:\/\/mairie-montataire.fr\/app\/uploads\/2025\/10\/Logo_Cramoisy_RPE-768x508.jpg 768w, https:\/\/mairie-montataire.fr\/app\/uploads\/2025\/10\/Logo_Cramoisy_RPE-1536x1016.jpg 1536w, https:\/\/mairie-montataire.fr\/app\/uploads\/2025\/10\/Logo_Cramoisy_RPE-2048x1354.jpg 2048w, https:\/\/mairie-montataire.fr\/app\/uploads\/2025\/10\/Logo_Cramoisy_RPE-18x12.jpg 18w\" sizes=\"auto, (max-width: 1024px) 100vw, 1024px\" \/><\/a><\/figure>\n\n\n\n<p><strong>\u0627\u0644\u0645\u0643\u0627\u062a\u0628 \u0627\u0644\u0625\u062f\u0627\u0631\u064a\u0629<\/strong><br>\u062d\u0633\u0628 \u0627\u0644\u0645\u0648\u0639\u062f \u064a\u0648\u0645 \u0627\u0644\u062c\u0645\u0639\u0629 \u0645\u0646 \u0627\u0644\u0633\u0627\u0639\u0629 2 \u0638\u0647\u0631\u0627\u064b \u0625\u0644\u0649 5 \u0645\u0633\u0627\u0621\u064b<br><a href=\"https:\/\/www.google.com\/maps\/dir\/\/Mairie+de+Saint-Vaast-l%C3%A8s-Mello,+Rue+de+la+Paix,+60660+Saint-Vaast-l%C3%A8s-Mello\/@49.2669852,2.3859237,898m\/data=!3m1!1e3!4m17!1m7!3m6!1s0x47e64c1aaa8e34df:0xcb0282fe517eb5d!2sMairie+de+Saint-Vaast-l%C3%A8s-Mello!8m2!3d49.2669852!4d2.3884986!16s%2Fg%2F11b6dgj51k!4m8!1m0!1m5!1m1!1s0x47e64c1aaa8e34df:0xcb0282fe517eb5d!2m2!1d2.388579!2d49.2669784!3e0?authuser=0&amp;entry=ttu&amp;g_ep=EgoyMDI1MTAyOC4wIKXMDSoASAFQAw%3D%3D\" target=\"_blank\" rel=\"noreferrer noopener\">\u0641\u064a \u062f\u0627\u0631 \u0628\u0644\u062f\u064a\u0629 \u0633\u0627\u0646-\u0641\u0627\u0633\u062a-\u0644\u064a\u0632-\u0645\u064a\u0644\u0648\u060c \u0634\u0627\u0631\u0639 \u062f\u064a \u0644\u0627 \u0628\u064a\u0647 - 60660 \u0633\u0627\u0646-\u0641\u0627\u0633\u062a-\u0644\u064a\u0632-\u0645\u064a\u0644\u0648<\/a><\/p>\n\n\n\n<p><strong>\u0648\u0631\u0634 \u0639\u0645\u0644 \u062a\u0639\u0644\u064a\u0645\u064a\u0629 \u0644\u0645\u0631\u0628\u064a\u0627\u062a \u0627\u0644\u0623\u0637\u0641\u0627\u0644<\/strong><br>\u062c\u0645\u0639\u0629 \u0648\u0627\u062d\u062f\u0629 \u0641\u064a \u0627\u0644\u0634\u0647\u0631 \u0645\u0646 \u0627\u0644\u0633\u0627\u0639\u0629 9:30 \u0635\u0628\u0627\u062d\u0627\u064b \u0625\u0644\u0649 11 \u0635\u0628\u0627\u062d\u0627\u064b<br><a href=\"https:\/\/www.google.com\/maps\/dir\/\/P%C3%B4le+Louise+Michel,+486+Rue+de+la+Paix,+60660+Saint-Vaast-l%C3%A8s-Mello\/@49.2677956,2.3888157,231m\/data=!3m1!1e3!4m17!1m7!3m6!1s0x47e64d81bbf08075:0x3c0cf544db0305e5!2sP%C3%B4le+Louise+Michel!8m2!3d49.2679882!4d2.3889834!16s%2Fg%2F11v0y69njw!4m8!1m0!1m5!1m1!1s0x47e64d81bbf08075:0x3c0cf544db0305e5!2m2!1d2.3889834!2d49.2679882!3e0?authuser=0&amp;entry=ttu&amp;g_ep=EgoyMDI1MTAyOC4wIKXMDSoASAFQAw%3D%3D\" target=\"_blank\" rel=\"noreferrer noopener\">\u0641\u064a \u0645\u064a\u062f\u064a\u0627\u062b\u064a\u0643 - \u0628\u0648\u0644 \u0644\u0648\u064a\u0632 \u0645\u064a\u0634\u064a\u0644\u060c 486 \u0634\u0627\u0631\u0639 \u0627\u0644\u0633\u0644\u0627\u0645 - 60660 \u0633\u0627\u0646-\u0641\u0627\u0633\u062a-\u0644\u064a-\u0645\u064a\u0644\u0648<\/a><\/p>\n<\/div>\n<\/div><\/div>\n\n\n\n<p><\/p>","protected":false},"excerpt":{"rendered":"<p>La ville de Montataire pilote un RPE multicommunal, il permet aux Montatairiens et aux villes adh\u00e9rentes de b\u00e9n\u00e9ficier d\u2019un accompagnement sur les diff\u00e9rents modes d\u2019accueils individuels et collectifs.\u00a0 C\u2019est quoi un RPE&nbsp;? L\u2019animatrice du RPE informe et oriente les familles sur l\u2019ensemble des diff\u00e9rentes modes d\u2019accueil du territoire&nbsp;: accueil individuel (Assistantes maternelles) ou collectif (cr\u00e8che [&hellip;]<\/p>\n","protected":false},"author":1,"featured_media":7080,"parent":110,"menu_order":10,"comment_status":"closed","ping_status":"closed","template":"","meta":{"_acf_changed":false,"_uag_custom_page_level_css":"","footnotes":""},"class_list":["post-122","page","type-page","status-publish","has-post-thumbnail","hentry"],"acf":[],"uagb_featured_image_src":{"full":["https:\/\/mairie-montataire.fr\/app\/uploads\/2025\/10\/1.1.1_2022-03-18-Creche-7.jpg",500,350,false],"thumbnail":["https:\/\/mairie-montataire.fr\/app\/uploads\/2025\/10\/1.1.1_2022-03-18-Creche-7-150x150.jpg",150,150,true],"medium":["https:\/\/mairie-montataire.fr\/app\/uploads\/2025\/10\/1.1.1_2022-03-18-Creche-7-300x210.jpg",300,210,true],"medium_large":["https:\/\/mairie-montataire.fr\/app\/uploads\/2025\/10\/1.1.1_2022-03-18-Creche-7.jpg",500,350,false],"large":["https:\/\/mairie-montataire.fr\/app\/uploads\/2025\/10\/1.1.1_2022-03-18-Creche-7.jpg",500,350,false],"1536x1536":["https:\/\/mairie-montataire.fr\/app\/uploads\/2025\/10\/1.1.1_2022-03-18-Creche-7.jpg",500,350,false],"2048x2048":["https:\/\/mairie-montataire.fr\/app\/uploads\/2025\/10\/1.1.1_2022-03-18-Creche-7.jpg",500,350,false],"trp-custom-language-flag":["https:\/\/mairie-montataire.fr\/app\/uploads\/2025\/10\/1.1.1_2022-03-18-Creche-7-18x12.jpg",18,12,true],"gform-image-choice-sm":["https:\/\/mairie-montataire.fr\/app\/uploads\/2025\/10\/1.1.1_2022-03-18-Creche-7.jpg",300,210,false],"gform-image-choice-md":["https:\/\/mairie-montataire.fr\/app\/uploads\/2025\/10\/1.1.1_2022-03-18-Creche-7.jpg",400,280,false],"gform-image-choice-lg":["https:\/\/mairie-montataire.fr\/app\/uploads\/2025\/10\/1.1.1_2022-03-18-Creche-7.jpg",500,350,false]},"uagb_author_info":{"display_name":"mentalworks","author_link":"https:\/\/mairie-montataire.fr\/ar\/actualites\/author\/mentalworks\/"},"uagb_comment_info":0,"uagb_excerpt":"La ville de Montataire pilote un RPE multicommunal, il permet aux Montatairiens et aux villes adh\u00e9rentes de b\u00e9n\u00e9ficier d\u2019un accompagnement sur les diff\u00e9rents modes d\u2019accueils individuels et collectifs.\u00a0 C\u2019est quoi un RPE&nbsp;? L\u2019animatrice du RPE informe et oriente les familles sur l\u2019ensemble des diff\u00e9rentes modes d\u2019accueil du territoire&nbsp;: accueil individuel (Assistantes maternelles) ou collectif (cr\u00e8che&hellip;","_links":{"self":[{"href":"https:\/\/mairie-montataire.fr\/ar\/wp-json\/wp\/v2\/pages\/122","targetHints":{"allow":["GET"]}}],"collection":[{"href":"https:\/\/mairie-montataire.fr\/ar\/wp-json\/wp\/v2\/pages"}],"about":[{"href":"https:\/\/mairie-montataire.fr\/ar\/wp-json\/wp\/v2\/types\/page"}],"author":[{"embeddable":true,"href":"https:\/\/mairie-montataire.fr\/ar\/wp-json\/wp\/v2\/users\/1"}],"replies":[{"embeddable":true,"href":"https:\/\/mairie-montataire.fr\/ar\/wp-json\/wp\/v2\/comments?post=122"}],"version-history":[{"count":63,"href":"https:\/\/mairie-montataire.fr\/ar\/wp-json\/wp\/v2\/pages\/122\/revisions"}],"predecessor-version":[{"id":7172,"href":"https:\/\/mairie-montataire.fr\/ar\/wp-json\/wp\/v2\/pages\/122\/revisions\/7172"}],"up":[{"embeddable":true,"href":"https:\/\/mairie-montataire.fr\/ar\/wp-json\/wp\/v2\/pages\/110"}],"wp:featuredmedia":[{"embeddable":true,"href":"https:\/\/mairie-montataire.fr\/ar\/wp-json\/wp\/v2\/media\/7080"}],"wp:attachment":[{"href":"https:\/\/mairie-montataire.fr\/ar\/wp-json\/wp\/v2\/media?parent=122"}],"curies":[{"name":"\u062f\u0628\u0644\u064a\u0648 \u0628\u064a","href":"https:\/\/api.w.org\/{rel}","templated":true}]}}