{"id":110,"date":"2024-05-03T09:21:39","date_gmt":"2024-05-03T09:21:39","guid":{"rendered":"https:\/\/montataire.local\/?page_id=110"},"modified":"2024-07-17T13:13:23","modified_gmt":"2024-07-17T13:13:23","slug":"%d8%a7%d9%84%d8%b7%d9%81%d9%88%d9%84%d8%a9-%d8%a7%d9%84%d9%85%d8%a8%d9%83%d8%b1%d8%a9","status":"publish","type":"page","link":"https:\/\/mairie-montataire.fr\/ar\/habiter\/petite-enfance\/","title":{"rendered":"\u0627\u0644\u0637\u0641\u0648\u0644\u0629 \u0627\u0644\u0645\u0628\u0643\u0631\u0629"},"content":{"rendered":"<div class=\"wp-block-columns is-layout-flex wp-container-core-columns-is-layout-a31ce547 wp-block-columns-is-layout-flex\" style=\"margin-top:0;margin-bottom:0;padding-top:0;padding-right:0;padding-bottom:0;padding-left:0\">\n<div class=\"wp-block-column is-layout-flow wp-block-column-is-layout-flow\" style=\"padding-top:0;padding-right:0;padding-bottom:0;padding-left:0;flex-basis:66.66%\">\n<p><strong>\u0643\u062c\u0632\u0621 \u0645\u0646 \u0627\u0644\u062a\u0632\u0627\u0645\u0647\u0627 \u0637\u0648\u064a\u0644 \u0627\u0644\u0623\u062c\u0644 \u0628\u0627\u0644\u062e\u062f\u0645\u0627\u062a \u0627\u0644\u0639\u0627\u0645\u0629 \u0644\u0644\u0623\u0637\u0641\u0627\u0644 \u0627\u0644\u0635\u063a\u0627\u0631\u060c \u062a\u0648\u0641\u0631 \u0627\u0644\u0628\u0644\u062f\u064a\u0629 \u0645\u0631\u0643\u0632\u064b\u0627 \u0644\u0631\u0639\u0627\u064a\u0629 \u0627\u0644\u0623\u0637\u0641\u0627\u0644 \u0628\u0627\u0644\u0625\u0636\u0627\u0641\u0629 \u0625\u0644\u0649 \u0645\u0631\u0627\u0641\u0642 \u0631\u0639\u0627\u064a\u0629 \u0627\u0644\u0623\u0637\u0641\u0627\u0644 \u0627\u0644\u062c\u0645\u0627\u0639\u064a\u0629 \u0645\u062b\u0644 \u0627\u0644\u062d\u0636\u0627\u0646\u0627\u062a \u0648\u0627\u0644\u0645\u0631\u0627\u0643\u0632 \u0645\u062a\u0639\u062f\u062f\u0629 \u0627\u0644\u0623\u063a\u0631\u0627\u0636\u060c \u062d\u064a\u062b \u062a\u0648\u0641\u0631 70 \u0645\u0643\u0627\u0646\u064b\u0627 \u0645\u062e\u0635\u0635\u064b\u0627 \u0644\u0644\u0623\u0637\u0641\u0627\u0644. \u0648\u0628\u0627\u0644\u0625\u0636\u0627\u0641\u0629 \u0625\u0644\u0649 \u0630\u0644\u0643\u060c \u0641\u0625\u0646 \u0627\u0644\u0634\u0631\u0627\u0643\u0627\u062a \u0645\u0639 \u0627\u0644\u062c\u0645\u0639\u064a\u0627\u062a \u0627\u0644\u0645\u062d\u0644\u064a\u0629 \u0645\u062b\u0644 \u0645\u062f\u0631\u0633\u0629 \u0627\u0644\u0645\u0648\u0633\u064a\u0642\u0649 \u0648\u0627\u0644\u0631\u0642\u0635 (AMEM)\u060c \u0648\u0643\u0630\u0644\u0643 \u0645\u0639 \u062e\u062f\u0645\u0627\u062a \u0627\u0644\u0645\u0637\u0627\u0644\u0639\u0629 \u0627\u0644\u0639\u0627\u0645\u0629 \u0648\u0627\u0644\u062e\u062f\u0645\u0627\u062a \u0627\u0644\u0631\u064a\u0627\u0636\u064a\u0629 \u0627\u0644\u062a\u0627\u0628\u0639\u0629 \u0644\u0644\u0628\u0644\u062f\u064a\u0629\u060c \u062a\u0645\u0643\u0651\u0646 \u0627\u0644\u0623\u0637\u0641\u0627\u0644 \u0645\u0646 \u062a\u0637\u0648\u064a\u0631 \u0623\u0646\u0641\u0633\u0647\u0645 \u0648\u0627\u0644\u0627\u0633\u062a\u0645\u062a\u0627\u0639 \u0628\u0647\u0627.<\/strong><\/p>\n<\/div>\n\n\n\n<div class=\"wp-block-column is-layout-flow wp-block-column-is-layout-flow\" style=\"flex-basis:33.33%\">\n<figure class=\"wp-block-image size-full no-ds\"><a href=\"https:\/\/mairie-montataire.fr\/ar\/%d9%85%d8%af%d9%8a%d9%86%d8%a9-%d8%b5%d8%af%d9%8a%d9%82%d8%a9-%d9%84%d9%84%d8%b7%d9%81%d9%84-%d8%a7%d9%84%d8%aa%d8%a7%d8%a8%d8%b9%d8%a9-%d9%84%d9%84%d9%8a%d9%88%d9%86%d9%8a%d8%b3%d9%81\/\"><img loading=\"lazy\" decoding=\"async\" width=\"490\" height=\"164\" src=\"https:\/\/mairie-montataire.fr\/app\/uploads\/2024\/06\/unicef-villeamiedesenfants.jpg\" alt=\"\" class=\"wp-image-702\" srcset=\"https:\/\/mairie-montataire.fr\/app\/uploads\/2024\/06\/unicef-villeamiedesenfants.jpg 490w, https:\/\/mairie-montataire.fr\/app\/uploads\/2024\/06\/unicef-villeamiedesenfants-300x100.jpg 300w\" sizes=\"auto, (max-width: 490px) 100vw, 490px\" \/><\/a><\/figure>\n<\/div>\n<\/div>\n\n\n<div class=\"hub\">\n            <ul class=\"hub__list\" style=\"--nb-items: 3; --width-desktop: 3; --width-tablet: 2; --width-mobile: 1;\">\n                            <li class=\"hub__item\">\n                                            \n<div class=\"mw-card mw-card--3\">\n    <a class=\"mw-card__link\" href=\"https:\/\/mairie-montataire.fr\/ar\/habiter\/petite-enfance\/relais-petite-enfance\/\" aria-label=\"\">\n        <div class=\"mw-card__top\">\n                                                                <figure class=\"mw-card__thumbnail-container\">\n                <img loading=\"lazy\" decoding=\"async\" class=\"mw-card__thumbnail\" src=\"https:\/\/mairie-montataire.fr\/app\/uploads\/2025\/10\/1.1.1_2022-03-18-Creche-7.jpg\" srcset=\"https:\/\/mairie-montataire.fr\/app\/uploads\/2025\/10\/1.1.1_2022-03-18-Creche-7.jpg 500w, https:\/\/mairie-montataire.fr\/app\/uploads\/2025\/10\/1.1.1_2022-03-18-Creche-7-300x210.jpg 300w, https:\/\/mairie-montataire.fr\/app\/uploads\/2025\/10\/1.1.1_2022-03-18-Creche-7-18x12.jpg 18w\"\n                     sizes=\"auto, (max-width: 500px) 100vw, 500px\" alt=\"\" width=\"500\"\n                     height=\"350\"\/>\n            <\/figure>\n        <\/div>\n        <div class=\"mw-card__bottom\">\n            <div class=\"mw-card__content\">\n                                <h3 class=\"mw-card__title\">\u0631\u064a\u0644\u0627\u064a\u0633 \u0628\u064a\u062a\u064a \u0625\u0646\u0641\u0627\u0646\u0633 (RPE)<\/h3>\n                            <\/div>\n            <p class=\"mw-card__text-link\">\n                                    <span>\u0627\u0643\u062a\u0634\u0641 \u0627\u0644\u0645\u0632\u064a\u062f<\/span>\n                                <svg width=\"20\" height=\"20\" viewbox=\"0 0 24 24\" fill=\"none\" xmlns=\"http:\/\/www.w3.org\/2000\/svg\">\n<path d=\"M12 5V19M5 12H19\" stroke=\"black\" stroke-width=\"2\" stroke-linecap=\"round\" stroke-linejoin=\"round\"\/>\n<\/svg>\n            <\/p>\n        <\/div>\n    <\/a>\n<\/div>                                    <\/li>\n                            <li class=\"hub__item\">\n                                            \n<div class=\"mw-card mw-card--3\">\n    <a class=\"mw-card__link\" href=\"https:\/\/mairie-montataire.fr\/ar\/habiter\/petite-enfance\/creche-multi-accueil\/\" aria-label=\"\">\n        <div class=\"mw-card__top\">\n                                                                <figure class=\"mw-card__thumbnail-container\">\n                <img loading=\"lazy\" decoding=\"async\" class=\"mw-card__thumbnail\" src=\"https:\/\/mairie-montataire.fr\/app\/uploads\/2024\/07\/1.1.2_creche.jpg\" srcset=\"https:\/\/mairie-montataire.fr\/app\/uploads\/2024\/07\/1.1.2_creche.jpg 525w, https:\/\/mairie-montataire.fr\/app\/uploads\/2024\/07\/1.1.2_creche-300x200.jpg 300w\"\n                     sizes=\"auto, (max-width: 525px) 100vw, 525px\" alt=\"\u0627\u0644\u062d\u0636\u0627\u0646\u0629\" width=\"525\"\n                     height=\"350\"\/>\n            <\/figure>\n        <\/div>\n        <div class=\"mw-card__bottom\">\n            <div class=\"mw-card__content\">\n                                <h3 class=\"mw-card__title\">\u062f\u0627\u0631 \u062d\u0636\u0627\u0646\u0629 \u0627\u0644\u0623\u0637\u0641\u0627\u0644 \u0648\u0627\u0644\u062d\u0636\u0627\u0646\u0629 \u0627\u0644\u0645\u062a\u0639\u062f\u062f\u0629 \u0627\u0644\u0623\u063a\u0631\u0627\u0636<\/h3>\n                            <\/div>\n            <p class=\"mw-card__text-link\">\n                                    <span>\u0627\u0643\u062a\u0634\u0641 \u0627\u0644\u0645\u0632\u064a\u062f<\/span>\n                                <svg width=\"20\" height=\"20\" viewbox=\"0 0 24 24\" fill=\"none\" xmlns=\"http:\/\/www.w3.org\/2000\/svg\">\n<path d=\"M12 5V19M5 12H19\" stroke=\"black\" stroke-width=\"2\" stroke-linecap=\"round\" stroke-linejoin=\"round\"\/>\n<\/svg>\n            <\/p>\n        <\/div>\n    <\/a>\n<\/div>                                    <\/li>\n                            <li class=\"hub__item\">\n                                            \n<div class=\"mw-card mw-card--3\">\n    <a class=\"mw-card__link\" href=\"https:\/\/mairie-montataire.fr\/ar\/habiter\/petite-enfance\/protection-maternelle-et-infantile-pmi\/\" aria-label=\"\">\n        <div class=\"mw-card__top\">\n                                                                <figure class=\"mw-card__thumbnail-container\">\n                <img loading=\"lazy\" decoding=\"async\" class=\"mw-card__thumbnail\" src=\"https:\/\/mairie-montataire.fr\/app\/uploads\/2024\/07\/1.1.3_baby-visiting-doctor-checkup\u00a9rawpixel.com_-1024x683.jpg\" srcset=\"https:\/\/mairie-montataire.fr\/app\/uploads\/2024\/07\/1.1.3_baby-visiting-doctor-checkup\u00a9rawpixel.com_-1024x683.jpg 1024w, https:\/\/mairie-montataire.fr\/app\/uploads\/2024\/07\/1.1.3_baby-visiting-doctor-checkup\u00a9rawpixel.com_-300x200.jpg 300w, https:\/\/mairie-montataire.fr\/app\/uploads\/2024\/07\/1.1.3_baby-visiting-doctor-checkup\u00a9rawpixel.com_-768x513.jpg 768w, https:\/\/mairie-montataire.fr\/app\/uploads\/2024\/07\/1.1.3_baby-visiting-doctor-checkup\u00a9rawpixel.com_-1536x1025.jpg 1536w, https:\/\/mairie-montataire.fr\/app\/uploads\/2024\/07\/1.1.3_baby-visiting-doctor-checkup\u00a9rawpixel.com_-2048x1367.jpg 2048w\"\n                     sizes=\"auto, (max-width: 1024px) 100vw, 1024px\" alt=\"\" width=\"2560\"\n                     height=\"1709\"\/>\n            <\/figure>\n        <\/div>\n        <div class=\"mw-card__bottom\">\n            <div class=\"mw-card__content\">\n                                <h3 class=\"mw-card__title\">\u062d\u0645\u0627\u064a\u0629 \u0627\u0644\u0623\u0645\u0648\u0645\u0629 \u0648\u0627\u0644\u0637\u0641\u0648\u0644\u0629 (PMI)<\/h3>\n                            <\/div>\n            <p class=\"mw-card__text-link\">\n                                    <span>\u0627\u0643\u062a\u0634\u0641 \u0627\u0644\u0645\u0632\u064a\u062f<\/span>\n                                <svg width=\"20\" height=\"20\" viewbox=\"0 0 24 24\" fill=\"none\" xmlns=\"http:\/\/www.w3.org\/2000\/svg\">\n<path d=\"M12 5V19M5 12H19\" stroke=\"black\" stroke-width=\"2\" stroke-linecap=\"round\" stroke-linejoin=\"round\"\/>\n<\/svg>\n            <\/p>\n        <\/div>\n    <\/a>\n<\/div>                                    <\/li>\n                    <\/ul>\n    <\/div>","protected":false},"excerpt":{"rendered":"<p>Dans le cadre de son engagement \u00e0 long terme envers les services publics destin\u00e9s \u00e0 la petite enfance, la municipalit\u00e9 met \u00e0 disposition un relais petite enfance ainsi que des structures d&rsquo;accueil collectif comme la cr\u00e8che et le multi-accueil, offrant ainsi 70 places d\u00e9di\u00e9es aux enfants. De plus, des partenariats avec des associations locales telles [&hellip;]<\/p>\n","protected":false},"author":1,"featured_media":1013,"parent":32,"menu_order":9,"comment_status":"closed","ping_status":"closed","template":"","meta":{"_acf_changed":false,"_uag_custom_page_level_css":"","footnotes":""},"class_list":["post-110","page","type-page","status-publish","has-post-thumbnail","hentry"],"acf":[],"uagb_featured_image_src":{"full":["https:\/\/mairie-montataire.fr\/app\/uploads\/2024\/07\/1.1_petite-enfance.jpg",500,333,false],"thumbnail":["https:\/\/mairie-montataire.fr\/app\/uploads\/2024\/07\/1.1_petite-enfance-150x150.jpg",150,150,true],"medium":["https:\/\/mairie-montataire.fr\/app\/uploads\/2024\/07\/1.1_petite-enfance-300x200.jpg",300,200,true],"medium_large":["https:\/\/mairie-montataire.fr\/app\/uploads\/2024\/07\/1.1_petite-enfance.jpg",500,333,false],"large":["https:\/\/mairie-montataire.fr\/app\/uploads\/2024\/07\/1.1_petite-enfance.jpg",500,333,false],"1536x1536":["https:\/\/mairie-montataire.fr\/app\/uploads\/2024\/07\/1.1_petite-enfance.jpg",500,333,false],"2048x2048":["https:\/\/mairie-montataire.fr\/app\/uploads\/2024\/07\/1.1_petite-enfance.jpg",500,333,false],"trp-custom-language-flag":["https:\/\/mairie-montataire.fr\/app\/uploads\/2024\/07\/1.1_petite-enfance.jpg",18,12,false],"gform-image-choice-sm":["https:\/\/mairie-montataire.fr\/app\/uploads\/2024\/07\/1.1_petite-enfance.jpg",300,200,false],"gform-image-choice-md":["https:\/\/mairie-montataire.fr\/app\/uploads\/2024\/07\/1.1_petite-enfance.jpg",400,266,false],"gform-image-choice-lg":["https:\/\/mairie-montataire.fr\/app\/uploads\/2024\/07\/1.1_petite-enfance.jpg",500,333,false]},"uagb_author_info":{"display_name":"mentalworks","author_link":"https:\/\/mairie-montataire.fr\/ar\/actualites\/author\/mentalworks\/"},"uagb_comment_info":0,"uagb_excerpt":"Dans le cadre de son engagement \u00e0 long terme envers les services publics destin\u00e9s \u00e0 la petite enfance, la municipalit\u00e9 met \u00e0 disposition un relais petite enfance ainsi que des structures d&rsquo;accueil collectif comme la cr\u00e8che et le multi-accueil, offrant ainsi 70 places d\u00e9di\u00e9es aux enfants. De plus, des partenariats avec des associations locales telles&hellip;","_links":{"self":[{"href":"https:\/\/mairie-montataire.fr\/ar\/wp-json\/wp\/v2\/pages\/110","targetHints":{"allow":["GET"]}}],"collection":[{"href":"https:\/\/mairie-montataire.fr\/ar\/wp-json\/wp\/v2\/pages"}],"about":[{"href":"https:\/\/mairie-montataire.fr\/ar\/wp-json\/wp\/v2\/types\/page"}],"author":[{"embeddable":true,"href":"https:\/\/mairie-montataire.fr\/ar\/wp-json\/wp\/v2\/users\/1"}],"replies":[{"embeddable":true,"href":"https:\/\/mairie-montataire.fr\/ar\/wp-json\/wp\/v2\/comments?post=110"}],"version-history":[{"count":14,"href":"https:\/\/mairie-montataire.fr\/ar\/wp-json\/wp\/v2\/pages\/110\/revisions"}],"predecessor-version":[{"id":4122,"href":"https:\/\/mairie-montataire.fr\/ar\/wp-json\/wp\/v2\/pages\/110\/revisions\/4122"}],"up":[{"embeddable":true,"href":"https:\/\/mairie-montataire.fr\/ar\/wp-json\/wp\/v2\/pages\/32"}],"wp:featuredmedia":[{"embeddable":true,"href":"https:\/\/mairie-montataire.fr\/ar\/wp-json\/wp\/v2\/media\/1013"}],"wp:attachment":[{"href":"https:\/\/mairie-montataire.fr\/ar\/wp-json\/wp\/v2\/media?parent=110"}],"curies":[{"name":"\u062f\u0628\u0644\u064a\u0648 \u0628\u064a","href":"https:\/\/api.w.org\/{rel}","templated":true}]}}