{"id":108,"date":"2024-05-03T09:21:16","date_gmt":"2024-05-03T09:21:16","guid":{"rendered":"https:\/\/montataire.local\/?page_id=108"},"modified":"2024-08-23T14:29:36","modified_gmt":"2024-08-23T14:29:36","slug":"%d8%b6%d9%81%d8%a7%d9%81-%d8%a7%d9%84%d9%86%d9%87%d8%b1","status":"publish","type":"page","link":"https:\/\/mairie-montataire.fr\/ar\/visiter\/environnement\/berges-du-therain\/","title":{"rendered":"\u0636\u0641\u0627\u0641 \u0646\u0647\u0631 \u062a\u064a\u0631\u064a\u0646"},"content":{"rendered":"<p><strong>\u064a\u0645\u0631 \u0646\u0647\u0631 \u062a\u064a\u0631\u064a\u0646 \u0639\u0628\u0631 \u0645\u0648\u0646\u062a\u0627\u062a\u064a\u0631. \u0648\u062a\u0648\u0641\u0631 \u0636\u0641\u0627\u0641\u0647\u060c \u0627\u0644\u062a\u064a \u062a\u0645 \u0625\u0639\u0627\u062f\u0629 \u062a\u0637\u0648\u064a\u0631\u0647\u0627 \u0628\u0627\u0644\u0643\u0627\u0645\u0644\u060c \u0645\u0645\u0631\u0627\u062a \u0644\u0644\u0645\u0634\u0627\u0629 \u0648\u0645\u0633\u0627\u0631 \u0644\u0644\u062f\u0631\u0627\u062c\u0627\u062a \u0627\u0644\u0647\u0648\u0627\u0626\u064a\u0629 \u064a\u0624\u062f\u064a \u0645\u0646 \u062f\u0648\u0627\u0631 \u0641\u0648\u0631\u062c\u064a\u0647 \u0625\u0644\u0649 \u062d\u062f\u064a\u0642\u0629 \u0628\u0631\u064a\u0648\u0631\u064a\u0647 \u0627\u0644\u062d\u0636\u0631\u064a\u0629.<\/strong><\/p>\n\n\n\n<p>\u062a\u0642\u0648\u0645 \u0646\u0642\u0627\u0628\u0629 \u0627\u0644\u0645\u062c\u062a\u0645\u0639\u0627\u062a \u0627\u0644\u0645\u062d\u0644\u064a\u0629 \u0641\u064a \u0648\u0627\u062f\u064a \u062a\u064a\u0631\u064a\u0646 (SIVT) \u0628\u0635\u064a\u0627\u0646\u0629 \u0636\u0641\u0627\u0641 \u0627\u0644\u0646\u0647\u0631 \u0648\u062a\u062f\u064a\u0631 \u0645\u0628\u0627\u062f\u0631\u0627\u062a \u062a\u0639\u0644\u064a\u0645\u064a\u0629 \u0641\u064a \u0627\u0644\u0641\u0635\u0648\u0644 \u0627\u0644\u062f\u0631\u0627\u0633\u064a\u0629 \u0648\u062e\u0644\u0627\u0644 \u0623\u0633\u0628\u0648\u0639 \u0627\u0644\u062a\u0646\u0645\u064a\u0629 \u0627\u0644\u0645\u0633\u062a\u062f\u0627\u0645\u0629. \u0641\u064a \u0639\u0627\u0645 2024\u060c \u0642\u0627\u0645\u062a \u0623\u064a\u0636\u064b\u0627 \u0628\u062a\u0631\u0645\u064a\u0645 \u0627\u0644\u0623\u0631\u0627\u0636\u064a \u0627\u0644\u0631\u0637\u0628\u0629\u060c \u0645\u0648\u0637\u0646 \u0627\u0644\u0639\u062f\u064a\u062f \u0645\u0646 \u0627\u0644\u062e\u0641\u0627\u0641\u064a\u0634\u060c \u0641\u064a \u063a\u0627\u0628\u0629 \u0645\u062a\u0646\u0632\u0647 \u0628\u0631\u064a\u0648\u0631\u064a\u0647. \u0643\u0645\u0627 \u062a\u0646\u0638\u0645 \u062c\u0645\u0639\u064a\u0629 \u0645\u0627\u0631\u062a\u064a\u0646\u0632 \u0628\u064a\u0634\u0648\u0631 \u0623\u064a\u0636\u064b\u0627 \u0639\u0645\u0644\u064a\u0629 \u062a\u0646\u0638\u064a\u0641 \u0633\u0646\u0648\u064a\u0629.<\/p>\n\n\n\t\t\t\t\t<div\n\t\t\t\t\t\tclass=\"wp-block-uagb-image-gallery uagb-block-23ffe5dd\"\n\t\t\t\t\t\tstyle=\"\"\n\t\t\t\t\t>\n\t\t\t\t\t\t\t\t\t\t\t<div class=\"spectra-image-gallery spectra-image-gallery__layout--masonry spectra-image-gallery__layout--masonry-col-3 spectra-image-gallery__layout--masonry-col-tab-3 spectra-image-gallery__layout--masonry-col-mob-2\">\n\t\t\t\t\t\t\t\t\t\t\t<div class='spectra-image-gallery__media-wrapper--isotope'>\n\t\t\t\t\t\t\t<div class='spectra-image-gallery__media-wrapper' data-spectra-gallery-image-id='1929' tabindex=\"0\">\n\t\t\t\t\t\t\t<div class=\"spectra-image-gallery__media spectra-image-gallery__media--masonry\">\n\t\t\t\t<picture>\n\t\t\t\t\t<source media=\"(min-width: 1024px)\" srcset=\"https:\/\/mairie-montataire.fr\/app\/uploads\/2024\/07\/2022-06-02-Guide-3-Fleurs-Fin-Fin-43-1-scaled.jpg\">\n\t\t\t\t\t<source media=\"(min-width: 768px)\" srcset=\"https:\/\/mairie-montataire.fr\/app\/uploads\/2024\/07\/2022-06-02-Guide-3-Fleurs-Fin-Fin-43-1-1024x683.jpg\">\n\t\t\t\t\t<img decoding=\"async\" class=\"spectra-image-gallery__media-thumbnail spectra-image-gallery__media-thumbnail--masonry\" src=\"https:\/\/mairie-montataire.fr\/app\/uploads\/2024\/07\/2022-06-02-Guide-3-Fleurs-Fin-Fin-43-1-300x200.jpg\" alt=\"\u0636\u0641\u0629 \u0628\u0647\u0627 \u062c\u0633\u0631 \u0641\u0648\u0642 \u0646\u0647\u0631 \u062a\u064a\u0631\u064a\u0646\" loading=\"lazy\" \/>\n\t\t\t\t<\/picture>\n\t\t\t\t<div class=\"spectra-image-gallery__media-thumbnail-blurrer\"><\/div>\n\t\t\t\t\t\t\t\t\t\t\t<div class=\"spectra-image-gallery__media-thumbnail-caption-wrapper spectra-image-gallery__media-thumbnail-caption-wrapper--overlay\">\n\t\t\t\t\t\t\t\t\t\t\t<div class=\"spectra-image-gallery__media-thumbnail-caption spectra-image-gallery__media-thumbnail-caption--overlay\">\n\t\t\t\t\t\t\t\t\t<\/div>\n\t\t\t\t\t\t\t\t\t\t<\/div>\n\t\t\t\t\t\t\t\t\t<\/div>\n\t\t\t\t\t\t<\/div>\n\t\t\t\t\t\t<\/div>\n\t\t\t\t\t\t<div class='spectra-image-gallery__media-wrapper--isotope'>\n\t\t\t\t\t\t\t<div class='spectra-image-gallery__media-wrapper' data-spectra-gallery-image-id='1930' tabindex=\"0\">\n\t\t\t\t\t\t\t<div class=\"spectra-image-gallery__media spectra-image-gallery__media--masonry\">\n\t\t\t\t<picture>\n\t\t\t\t\t<source media=\"(min-width: 1024px)\" srcset=\"https:\/\/mairie-montataire.fr\/app\/uploads\/2024\/07\/2024-07-26-Carrefour-des-forges-1.jpg\">\n\t\t\t\t\t<source media=\"(min-width: 768px)\" srcset=\"https:\/\/mairie-montataire.fr\/app\/uploads\/2024\/07\/2024-07-26-Carrefour-des-forges-1-1024x683.jpg\">\n\t\t\t\t\t<img decoding=\"async\" class=\"spectra-image-gallery__media-thumbnail spectra-image-gallery__media-thumbnail--masonry\" src=\"https:\/\/mairie-montataire.fr\/app\/uploads\/2024\/07\/2024-07-26-Carrefour-des-forges-1-300x200.jpg\" alt=\"\u0646\u0642\u0637\u0629 \u0631\u0648\u0646\u062f \u0628\u0648\u064a\u0646\u062a \u062f\u064a \u0641\u0648\u0631\u062c\u064a\u0647 \u0645\u0639 \u0644\u0641\u0627\u0626\u0641 \u0645\u0639\u062f\u0646\u064a\u0629 \u0645\u0646 \u0623\u0631\u0633\u064a\u0644\u0648\u0631 \u0645\u064a\u062a\u0627\u0644 \u0641\u064a \u0648\u0633\u0637\u0647\u0627\" loading=\"lazy\" \/>\n\t\t\t\t<\/picture>\n\t\t\t\t<div class=\"spectra-image-gallery__media-thumbnail-blurrer\"><\/div>\n\t\t\t\t\t\t\t\t\t\t\t<div class=\"spectra-image-gallery__media-thumbnail-caption-wrapper spectra-image-gallery__media-thumbnail-caption-wrapper--overlay\">\n\t\t\t\t\t\t\t\t\t\t\t<div class=\"spectra-image-gallery__media-thumbnail-caption spectra-image-gallery__media-thumbnail-caption--overlay\">\n\t\t\t\t\t\u0631\u0648\u0646\u062f \u0628\u0648\u064a\u0646\u062a \u062f\u064a \u0641\u0648\u0631\u062c\u064a\u0647\t\t\t\t<\/div>\n\t\t\t\t\t\t\t\t\t\t<\/div>\n\t\t\t\t\t\t\t\t\t<\/div>\n\t\t\t\t\t\t<\/div>\n\t\t\t\t\t\t<\/div>\n\t\t\t\t\t\t<div class='spectra-image-gallery__media-wrapper--isotope'>\n\t\t\t\t\t\t\t<div class='spectra-image-gallery__media-wrapper' data-spectra-gallery-image-id='1926' tabindex=\"0\">\n\t\t\t\t\t\t\t<div class=\"spectra-image-gallery__media spectra-image-gallery__media--masonry\">\n\t\t\t\t<picture>\n\t\t\t\t\t<source media=\"(min-width: 1024px)\" srcset=\"https:\/\/mairie-montataire.fr\/app\/uploads\/2024\/07\/2022-03-07-Nettoyage-Pecheurs-20-scaled.jpg\">\n\t\t\t\t\t<source media=\"(min-width: 768px)\" srcset=\"https:\/\/mairie-montataire.fr\/app\/uploads\/2024\/07\/2022-03-07-Nettoyage-Pecheurs-20-1024x683.jpg\">\n\t\t\t\t\t<img decoding=\"async\" class=\"spectra-image-gallery__media-thumbnail spectra-image-gallery__media-thumbnail--masonry\" src=\"https:\/\/mairie-montataire.fr\/app\/uploads\/2024\/07\/2022-03-07-Nettoyage-Pecheurs-20-300x200.jpg\" alt=\"\u0645\u062a\u0637\u0648\u0639\u0648\u0646 \u0645\u0646 \u062c\u0645\u0639\u064a\u0629 Martins-P\u00eacheurs \u064a\u0646\u0638\u0641\u0648\u0646 \u0636\u0641\u0627\u0641 \u0646\u0647\u0631 \u062b\u064a\u0631\u064a\u0646\" loading=\"lazy\" \/>\n\t\t\t\t<\/picture>\n\t\t\t\t<div class=\"spectra-image-gallery__media-thumbnail-blurrer\"><\/div>\n\t\t\t\t\t\t\t\t\t\t\t<div class=\"spectra-image-gallery__media-thumbnail-caption-wrapper spectra-image-gallery__media-thumbnail-caption-wrapper--overlay\">\n\t\t\t\t\t\t\t\t\t\t\t<div class=\"spectra-image-gallery__media-thumbnail-caption spectra-image-gallery__media-thumbnail-caption--overlay\">\n\t\t\t\t\t\u062c\u0645\u0639\u064a\u0629 Martins-P\u00eacheurs \u062a\u0642\u0648\u0645 \u0628\u062a\u0646\u0638\u064a\u0641 \u0636\u0641\u0627\u0641 \u0646\u0647\u0631 \u062b\u064a\u0631\u064a\u0646\t\t\t\t<\/div>\n\t\t\t\t\t\t\t\t\t\t<\/div>\n\t\t\t\t\t\t\t\t\t<\/div>\n\t\t\t\t\t\t<\/div>\n\t\t\t\t\t\t<\/div>\n\t\t\t\t\t\t\t\t\t\t<\/div>\n\t\t\t\t\t\t\t\t\t\t\t\t\t\t\t\t\t\t<\/div>\n\t\t\t\t\t\t\t\t\t\t\t<div class='spectra-image-gallery__control-lightbox' tabindex='0'>\n\t\t\t\t\t\t\t\t\t\t\t<div class=\"swiper spectra-image-gallery__control-lightbox--main\" dir=\"\">\n\t\t\t\t\t<div class=\"swiper-wrapper\">\n\t\t\t\t\t\t\t\t\t\t\t\t\t\n\t\t\t\t\t\t\t<div class=\"swiper-slide\">\n\t\t\t\t\t\t\t\t<img class=\"swiper-lazy\" data-src=\"https:\/\/mairie-montataire.fr\/app\/uploads\/2024\/07\/2022-06-02-Guide-3-Fleurs-Fin-Fin-43-1-scaled.jpg\" alt=\"\u0636\u0641\u0629 \u0628\u0647\u0627 \u062c\u0633\u0631 \u0641\u0648\u0642 \u0646\u0647\u0631 \u062a\u064a\u0631\u064a\u0646\"\/>\n\t\t\t\t\t\t\t\t<div class=\"swiper-lazy-preloader swiper-lazy-preloader-white\"><\/div>\n\t\t\t\t\t\t\t\t\t\t\t\t\t\t\t\t\t<div class=\"spectra-image-gallery__control-lightbox--caption\" data-spectra-gallery-image-id='1929'>\n\t\t\t\t\t\t\t\t\t\t\t\t\t\t\t\t\t\t\t<\/div>\n\t\t\t\t\t\t\t\t\t\t\t\t\t\t\t<\/div>\n\t\t\t\t\t\t\t\t\t\t\t\t\t\n\t\t\t\t\t\t\t<div class=\"swiper-slide\">\n\t\t\t\t\t\t\t\t<img class=\"swiper-lazy\" data-src=\"https:\/\/mairie-montataire.fr\/app\/uploads\/2024\/07\/2024-07-26-Carrefour-des-forges-1.jpg\" alt=\"\u0646\u0642\u0637\u0629 \u0631\u0648\u0646\u062f \u0628\u0648\u064a\u0646\u062a \u062f\u064a \u0641\u0648\u0631\u062c\u064a\u0647 \u0645\u0639 \u0644\u0641\u0627\u0626\u0641 \u0645\u0639\u062f\u0646\u064a\u0629 \u0645\u0646 \u0623\u0631\u0633\u064a\u0644\u0648\u0631 \u0645\u064a\u062a\u0627\u0644 \u0641\u064a \u0648\u0633\u0637\u0647\u0627\"\/>\n\t\t\t\t\t\t\t\t<div class=\"swiper-lazy-preloader swiper-lazy-preloader-white\"><\/div>\n\t\t\t\t\t\t\t\t\t\t\t\t\t\t\t\t\t<div class=\"spectra-image-gallery__control-lightbox--caption\" data-spectra-gallery-image-id='1930'>\n\t\t\t\t\t\t\t\t\t\t\u0631\u0648\u0646\u062f \u0628\u0648\u064a\u0646\u062a \u062f\u064a \u0641\u0648\u0631\u062c\u064a\u0647\t\t\t\t\t\t\t\t\t<\/div>\n\t\t\t\t\t\t\t\t\t\t\t\t\t\t\t<\/div>\n\t\t\t\t\t\t\t\t\t\t\t\t\t\n\t\t\t\t\t\t\t<div class=\"swiper-slide\">\n\t\t\t\t\t\t\t\t<img class=\"swiper-lazy\" data-src=\"https:\/\/mairie-montataire.fr\/app\/uploads\/2024\/07\/2022-03-07-Nettoyage-Pecheurs-20-scaled.jpg\" alt=\"\u0645\u062a\u0637\u0648\u0639\u0648\u0646 \u0645\u0646 \u062c\u0645\u0639\u064a\u0629 Martins-P\u00eacheurs \u064a\u0646\u0638\u0641\u0648\u0646 \u0636\u0641\u0627\u0641 \u0646\u0647\u0631 \u062b\u064a\u0631\u064a\u0646\"\/>\n\t\t\t\t\t\t\t\t<div class=\"swiper-lazy-preloader swiper-lazy-preloader-white\"><\/div>\n\t\t\t\t\t\t\t\t\t\t\t\t\t\t\t\t\t<div class=\"spectra-image-gallery__control-lightbox--caption\" data-spectra-gallery-image-id='1926'>\n\t\t\t\t\t\t\t\t\t\t\u062c\u0645\u0639\u064a\u0629 Martins-P\u00eacheurs \u062a\u0642\u0648\u0645 \u0628\u062a\u0646\u0638\u064a\u0641 \u0636\u0641\u0627\u0641 \u0646\u0647\u0631 \u062b\u064a\u0631\u064a\u0646\t\t\t\t\t\t\t\t\t<\/div>\n\t\t\t\t\t\t\t\t\t\t\t\t\t\t\t<\/div>\n\t\t\t\t\t\t\t\t\t\t\t<\/div>\n\t\t\t\t\t<div class=\"swiper-button-next\"><\/div>\n\t\t\t\t\t<div class=\"swiper-button-prev\"><\/div>\n\t\t\t\t<\/div>\t\t\t\n\t\t\t\t\t\t\t\t\t\t\t\t\t\t\t\t\t\t\t\t\t\t\t\t\t\t\t\t\t\t\t\t<button class='spectra-image-gallery__control-lightbox--close' aria-label=\"\u0625\u063a\u0644\u0627\u0642\">\n\t\t\t\t\t\t\t\t\t\t\t\t\t<svg xmlns=\"https:\/\/www.w3.org\/2000\/svg\" viewbox= \"0 0 320 512\"><path d=\"M310.6 361.4c12.5 12.5 12.5 32.75 0 45.25C304.4 412.9 296.2 416 288 416s-16.38-3.125-22.62-9.375L160 301.3L54.63 406.6C48.38 412.9 40.19 416 32 416S15.63 412.9 9.375 406.6c-12.5-12.5-12.5-32.75 0-45.25l105.4-105.4L9.375 150.6c-12.5-12.5-12.5-32.75 0-45.25s32.75-12.5 45.25 0L160 210.8l105.4-105.4c12.5-12.5 32.75-12.5 45.25 0s12.5 32.75 0 45.25l-105.4 105.4L310.6 361.4z\"><\/path><\/svg>\n\t\t\t\t\t\t\t\t\t\t\t\t<\/button>\n\t\t\t\t\t\t\t\t\t\t\t\t\t<\/div>\n\t\t\t\t\t\t\t\t\t\n\n\t\t\t\t\t<div\n\t\t\t\t\t\tclass=\"wp-block-uagb-image-gallery uagb-block-1c225186\"\n\t\t\t\t\t\tstyle=\"\"\n\t\t\t\t\t>\n\t\t\t\t\t\t\t\t\t\t\t<div class=\"spectra-image-gallery spectra-image-gallery__layout--carousel\">\n\t\t\t\t\t\t\t\t<div class=\"uagb-slick-carousel uagb-block-1c225186\">\n\t\t\t\t\t\t\t\t\t\t\t\t<div class='spectra-image-gallery__media-wrapper' data-spectra-gallery-image-id='1928'>\n\t\t\t\t\t\t\t<div class=\"spectra-image-gallery__media spectra-image-gallery__media--carousel\">\n\t\t\t\t<picture>\n\t\t\t\t\t<source media=\"(min-width: 1024px)\" srcset=\"https:\/\/mairie-montataire.fr\/app\/uploads\/2024\/07\/2022-06-01-Therain-26-1-scaled.jpg\">\n\t\t\t\t\t<source media=\"(min-width: 768px)\" srcset=\"https:\/\/mairie-montataire.fr\/app\/uploads\/2024\/07\/2022-06-01-Therain-26-1-1024x683.jpg\">\n\t\t\t\t\t<img decoding=\"async\" class=\"spectra-image-gallery__media-thumbnail spectra-image-gallery__media-thumbnail--carousel\" src=\"https:\/\/mairie-montataire.fr\/app\/uploads\/2024\/07\/2022-06-01-Therain-26-1-300x200.jpg\" alt=\"\u0631\u064a\u0641 \u062f\u0648 \u062b\u064a\u0631\u064a\u0646\" loading=\"lazy\" \/>\n\t\t\t\t<\/picture>\n\t\t\t\t<div class=\"spectra-image-gallery__media-thumbnail-blurrer\"><\/div>\n\t\t\t\t\t\t\t\t\t\t\t<div class=\"spectra-image-gallery__media-thumbnail-caption-wrapper spectra-image-gallery__media-thumbnail-caption-wrapper--overlay\"><\/div>\n\t\t\t\t\t\t\t\t<\/div>\n\t\t\t\t\t\t<\/div>\n\t\t\t\t\t\t\t\t\t\t\t<\/div>\n\t\t\t\t\t\t\t<\/div>\n\t\t\t\t\t\t\t\t\t\t\t<\/div>\n\t\t\t\t\t\t\t\t\t\t\t<div class='spectra-image-gallery__control-lightbox' tabindex='0'>\n\t\t\t\t\t\t\t\t\t\t\t<div class=\"swiper spectra-image-gallery__control-lightbox--main\" dir=\"\">\n\t\t\t\t\t<div class=\"swiper-wrapper\">\n\t\t\t\t\t\t\t\t\t\t\t\t\t\n\t\t\t\t\t\t\t<div class=\"swiper-slide\">\n\t\t\t\t\t\t\t\t<img class=\"swiper-lazy\" data-src=\"https:\/\/mairie-montataire.fr\/app\/uploads\/2024\/07\/2022-06-01-Therain-26-1-scaled.jpg\" alt=\"\u0631\u064a\u0641 \u062f\u0648 \u062b\u064a\u0631\u064a\u0646\"\/>\n\t\t\t\t\t\t\t\t<div class=\"swiper-lazy-preloader swiper-lazy-preloader-white\"><\/div>\n\t\t\t\t\t\t\t\t\t\t\t\t\t\t\t\t\t<div class=\"spectra-image-gallery__control-lightbox--caption\" data-spectra-gallery-image-id='1928'>\n\t\t\t\t\t\t\t\t\t\t\u0644\u0627 \u064a\u0648\u062c\u062f \u062a\u0639\u0644\u064a\u0642\t\t\t\t\t\t\t\t\t<\/div>\n\t\t\t\t\t\t\t\t\t\t\t\t\t\t\t<\/div>\n\t\t\t\t\t\t\t\t\t\t\t<\/div>\n\t\t\t\t\t<div class=\"swiper-button-next\"><\/div>\n\t\t\t\t\t<div class=\"swiper-button-prev\"><\/div>\n\t\t\t\t<\/div>\t\t\t\n\t\t\t\t\t\t\t\t\t\t\t\t\t\t\t\t\t\t\t\t\t\t\t\t\t\t\t\t\t\t\t\t<button class='spectra-image-gallery__control-lightbox--close' aria-label=\"\u0625\u063a\u0644\u0627\u0642\">\n\t\t\t\t\t\t\t\t\t\t\t\t\t<svg xmlns=\"https:\/\/www.w3.org\/2000\/svg\" viewbox= \"0 0 320 512\"><path d=\"M310.6 361.4c12.5 12.5 12.5 32.75 0 45.25C304.4 412.9 296.2 416 288 416s-16.38-3.125-22.62-9.375L160 301.3L54.63 406.6C48.38 412.9 40.19 416 32 416S15.63 412.9 9.375 406.6c-12.5-12.5-12.5-32.75 0-45.25l105.4-105.4L9.375 150.6c-12.5-12.5-12.5-32.75 0-45.25s32.75-12.5 45.25 0L160 210.8l105.4-105.4c12.5-12.5 32.75-12.5 45.25 0s12.5 32.75 0 45.25l-105.4 105.4L310.6 361.4z\"><\/path><\/svg>\n\t\t\t\t\t\t\t\t\t\t\t\t<\/button>\n\t\t\t\t\t\t\t\t\t\t\t\t\t<\/div>","protected":false},"excerpt":{"rendered":"<p>Le territoire de Montataire est travers\u00e9 par la rivi\u00e8re du Th\u00e9rain. Ses berges, enti\u00e8rement r\u00e9am\u00e9nag\u00e9es, proposent des sentiers de randonn\u00e9e et une piste cyclable permettant de rejoindre le parc urbain du Prieur\u00e9 depuis le rond-point des Forges. Le syndicat des intercommunalit\u00e9s de la vall\u00e9e du Th\u00e9rain (SIVT) entretient les berges et m\u00e8ne des actions p\u00e9dagogiques [&hellip;]<\/p>\n","protected":false},"author":1,"featured_media":1124,"parent":90,"menu_order":73,"comment_status":"closed","ping_status":"closed","template":"","meta":{"_acf_changed":false,"_uag_custom_page_level_css":"","footnotes":""},"class_list":["post-108","page","type-page","status-publish","has-post-thumbnail","hentry"],"acf":[],"uagb_featured_image_src":{"full":["https:\/\/mairie-montataire.fr\/app\/uploads\/2024\/07\/4.1.4_berge-du-therain.jpg",500,333,false],"thumbnail":["https:\/\/mairie-montataire.fr\/app\/uploads\/2024\/07\/4.1.4_berge-du-therain-150x150.jpg",150,150,true],"medium":["https:\/\/mairie-montataire.fr\/app\/uploads\/2024\/07\/4.1.4_berge-du-therain-300x200.jpg",300,200,true],"medium_large":["https:\/\/mairie-montataire.fr\/app\/uploads\/2024\/07\/4.1.4_berge-du-therain.jpg",500,333,false],"large":["https:\/\/mairie-montataire.fr\/app\/uploads\/2024\/07\/4.1.4_berge-du-therain.jpg",500,333,false],"1536x1536":["https:\/\/mairie-montataire.fr\/app\/uploads\/2024\/07\/4.1.4_berge-du-therain.jpg",500,333,false],"2048x2048":["https:\/\/mairie-montataire.fr\/app\/uploads\/2024\/07\/4.1.4_berge-du-therain.jpg",500,333,false],"trp-custom-language-flag":["https:\/\/mairie-montataire.fr\/app\/uploads\/2024\/07\/4.1.4_berge-du-therain.jpg",18,12,false],"gform-image-choice-sm":["https:\/\/mairie-montataire.fr\/app\/uploads\/2024\/07\/4.1.4_berge-du-therain.jpg",300,200,false],"gform-image-choice-md":["https:\/\/mairie-montataire.fr\/app\/uploads\/2024\/07\/4.1.4_berge-du-therain.jpg",400,266,false],"gform-image-choice-lg":["https:\/\/mairie-montataire.fr\/app\/uploads\/2024\/07\/4.1.4_berge-du-therain.jpg",500,333,false]},"uagb_author_info":{"display_name":"mentalworks","author_link":"https:\/\/mairie-montataire.fr\/ar\/actualites\/author\/mentalworks\/"},"uagb_comment_info":0,"uagb_excerpt":"Le territoire de Montataire est travers\u00e9 par la rivi\u00e8re du Th\u00e9rain. Ses berges, enti\u00e8rement r\u00e9am\u00e9nag\u00e9es, proposent des sentiers de randonn\u00e9e et une piste cyclable permettant de rejoindre le parc urbain du Prieur\u00e9 depuis le rond-point des Forges. Le syndicat des intercommunalit\u00e9s de la vall\u00e9e du Th\u00e9rain (SIVT) entretient les berges et m\u00e8ne des actions p\u00e9dagogiques&hellip;","_links":{"self":[{"href":"https:\/\/mairie-montataire.fr\/ar\/wp-json\/wp\/v2\/pages\/108","targetHints":{"allow":["GET"]}}],"collection":[{"href":"https:\/\/mairie-montataire.fr\/ar\/wp-json\/wp\/v2\/pages"}],"about":[{"href":"https:\/\/mairie-montataire.fr\/ar\/wp-json\/wp\/v2\/types\/page"}],"author":[{"embeddable":true,"href":"https:\/\/mairie-montataire.fr\/ar\/wp-json\/wp\/v2\/users\/1"}],"replies":[{"embeddable":true,"href":"https:\/\/mairie-montataire.fr\/ar\/wp-json\/wp\/v2\/comments?post=108"}],"version-history":[{"count":9,"href":"https:\/\/mairie-montataire.fr\/ar\/wp-json\/wp\/v2\/pages\/108\/revisions"}],"predecessor-version":[{"id":4109,"href":"https:\/\/mairie-montataire.fr\/ar\/wp-json\/wp\/v2\/pages\/108\/revisions\/4109"}],"up":[{"embeddable":true,"href":"https:\/\/mairie-montataire.fr\/ar\/wp-json\/wp\/v2\/pages\/90"}],"wp:featuredmedia":[{"embeddable":true,"href":"https:\/\/mairie-montataire.fr\/ar\/wp-json\/wp\/v2\/media\/1124"}],"wp:attachment":[{"href":"https:\/\/mairie-montataire.fr\/ar\/wp-json\/wp\/v2\/media?parent=108"}],"curies":[{"name":"\u062f\u0628\u0644\u064a\u0648 \u0628\u064a","href":"https:\/\/api.w.org\/{rel}","templated":true}]}}