{"id":106,"date":"2024-05-03T09:21:03","date_gmt":"2024-05-03T09:21:03","guid":{"rendered":"https:\/\/montataire.local\/?page_id=106"},"modified":"2025-12-16T10:59:00","modified_gmt":"2025-12-16T10:59:00","slug":"%d8%a8%d9%88%d8%a7-%d8%ba%d9%88%d8%af%d8%a7%d8%b1%d8%aa","status":"publish","type":"page","link":"https:\/\/mairie-montataire.fr\/ar\/visiter\/environnement\/bois-godart\/","title":{"rendered":"\u063a\u0648\u062f\u0627\u0631\u062a \u0648\u0648\u062f"},"content":{"rendered":"<p>\u062a\u064f\u0639\u062f \u063a\u0648\u062f\u0627\u0631\u062a \u0648\u0648\u062f \u0628\u0645\u0632\u0627\u0631\u0639 \u0627\u0644\u0643\u0631\u0648\u0645 \u0645\u0643\u0627\u0646\u0627\u064b \u0645\u062b\u0627\u0644\u064a\u0627\u064b \u0644\u0644\u0646\u0632\u0647\u0629 \u0627\u0644\u0639\u0627\u0626\u0644\u064a\u0629 \u0623\u0648 \u0627\u0644\u062a\u0646\u0632\u0647. \u062a\u0637\u0644 \u0639\u0644\u0649 \u0627\u0644\u0645\u062f\u064a\u0646\u0629\u060c \u0648\u062a\u0648\u0641\u0631 \u0625\u0637\u0644\u0627\u0644\u0629 \u062e\u0644\u0627\u0628\u0629 \u0639\u0644\u0649 \u0627\u0644\u0645\u0646\u0637\u0642\u0629 \u0628\u0623\u0643\u0645\u0644\u0647\u0627. \u064a\u0645\u0643\u0646 \u0627\u0644\u0648\u0635\u0648\u0644 \u0625\u0644\u064a\u0647\u0627 \u0639\u0628\u0631 \u0634\u0627\u0631\u0639 \u0623\u0646\u0627\u062a\u0648\u0644 \u0641\u0631\u0627\u0646\u0633 \u0623\u0648 \u0634\u0627\u0631\u0639 \u0631\u0648\u0645\u0627\u0646 \u0631\u0648\u0644\u0627\u0646.<\/p>\n\n\n\n<p>\u062a\u0645 \u0625\u0639\u0627\u062f\u0629 \u062a\u0637\u0648\u064a\u0631 \u063a\u0648\u062f\u0627\u0631\u062a \u0648\u0648\u062f \u0641\u064a \u0639\u0627\u0645 2015 \u0643\u062c\u0632\u0621 \u0645\u0646 \u0628\u0631\u0646\u0627\u0645\u062c \u0627\u0644\u062a\u062c\u062f\u064a\u062f \u0627\u0644\u062d\u0636\u0631\u064a (PRU)\u060c \u0648\u0647\u064a \u062a\u0634\u064a\u062f \u0628\u0645\u0627\u0636\u064a\u0647\u0627 \u0641\u064a \u0632\u0631\u0627\u0639\u0629 \u0627\u0644\u0639\u0646\u0628 \u0645\u0646 \u062e\u0644\u0627\u0644 \u0643\u0648\u0646\u0647\u0627 \u0627\u0644\u0622\u0646 \u0645\u0648\u0637\u0646\u064b\u0627 \u0644 510 \u0643\u0631\u0645\u0629 \u062a\u0631\u0639\u0627\u0647\u0627 \u062c\u0645\u0639\u064a\u0629 Vignerons du Bois Godart. \u064a\u0645\u0643\u0646 \u0644\u0623\u064a \u0634\u062e\u0635 \u0645\u0647\u062a\u0645 \u0627\u0644\u0627\u0646\u0636\u0645\u0627\u0645 \u0625\u0644\u0649 \u0627\u0644\u062c\u0645\u0639\u064a\u0629. \u0627\u0644\u0646\u0628\u064a\u0630 \u0639\u0636\u0648\u064a 100%\u060c \u0628\u062f\u0648\u0646 \u0623\u0633\u0645\u062f\u0629 \u0623\u0648 \u0639\u0644\u0627\u062c\u0627\u062a \u0643\u064a\u0645\u064a\u0627\u0626\u064a\u0629. \u064a\u062a\u0645 \u062a\u0646\u0638\u064a\u0645 \u062d\u0635\u0627\u062f \u0643\u0644 \u0639\u0627\u0645 \u0641\u064a \u0646\u0647\u0627\u064a\u0629 \u0627\u0644\u0635\u064a\u0641. \u0648\u064a\u0648\u0641\u0631 \u0627\u0644\u0645\u062c\u0644\u0633 \u0627\u0644\u0645\u062d\u0644\u064a \u0645\u0635\u0646\u0639 \u0646\u0628\u064a\u0630 \u0645\u062c\u0647\u0632 \u0628\u0627\u0644\u0643\u0627\u0645\u0644 \u0644\u062a\u0643\u0631\u064a\u0631 \u0627\u0644\u0645\u062d\u0635\u0648\u0644.&nbsp;<\/p>\n\n\n<div class=\"highlight\">\n                <div class=\"highlight__description\"><p style=\"text-align: center;\"><strong>\u0641\u0627\u0632 \u0623\u062d\u062f \u0623\u0646\u0648\u0627\u0639 \u0627\u0644\u0646\u0628\u064a\u0630 \u0627\u0644\u0648\u0631\u062f\u064a \u0627\u0644\u062e\u0627\u0635 \u0628\u0646\u0627 \u0628\u062c\u0627\u0626\u0632\u0629 \"\u0643\u0648\u0628 \u062f\u0648 \u0641\u0631\u0627\u0646\u0633\" \u0641\u064a \u0645\u0639\u0631\u0636 \u0645\u0632\u0627\u0631\u0639\u064a \u0627\u0644\u0646\u0628\u064a\u0630 \u0641\u064a \u063a\u0648\u0641\u064a\u0648 2018!<\/strong><\/p>\n<\/div>\n    <\/div>\n\n\t\t\t\t\t<div\n\t\t\t\t\t\tclass=\"wp-block-uagb-image-gallery uagb-block-0aed5b5a\"\n\t\t\t\t\t\tstyle=\"\"\n\t\t\t\t\t>\n\t\t\t\t\t\t\t\t\t\t\t<div class=\"spectra-image-gallery spectra-image-gallery__layout--carousel\">\n\t\t\t\t\t\t\t\t<div class=\"uagb-slick-carousel uagb-block-0aed5b5a\">\n\t\t\t\t\t\t\t\t\t\t\t\t<div class='spectra-image-gallery__media-wrapper' data-spectra-gallery-image-id='1917'>\n\t\t\t\t\t\t\t<div class=\"spectra-image-gallery__media spectra-image-gallery__media--carousel\">\n\t\t\t\t<picture>\n\t\t\t\t\t<source media=\"(min-width: 1024px)\" srcset=\"https:\/\/mairie-montataire.fr\/app\/uploads\/2024\/07\/2022-08-27-Vendanges-Bois-Godart-1-1024x683.jpg\">\n\t\t\t\t\t<source media=\"(min-width: 768px)\" srcset=\"https:\/\/mairie-montataire.fr\/app\/uploads\/2024\/07\/2022-08-27-Vendanges-Bois-Godart-1-1024x683.jpg\">\n\t\t\t\t\t<img decoding=\"async\" class=\"spectra-image-gallery__media-thumbnail spectra-image-gallery__media-thumbnail--carousel\" src=\"https:\/\/mairie-montataire.fr\/app\/uploads\/2024\/07\/2022-08-27-Vendanges-Bois-Godart-1-300x200.jpg\" alt=\"\" loading=\"lazy\" \/>\n\t\t\t\t<\/picture>\n\t\t\t\t<div class=\"spectra-image-gallery__media-thumbnail-blurrer\"><\/div>\n\t\t\t\t\t\t\t\t\t\t\t<div class=\"spectra-image-gallery__media-thumbnail-caption-wrapper spectra-image-gallery__media-thumbnail-caption-wrapper--overlay\"><\/div>\n\t\t\t\t\t\t\t\t<\/div>\n\t\t\t\t\t\t<\/div>\n\t\t\t\t\t\t<div class='spectra-image-gallery__media-wrapper' data-spectra-gallery-image-id='1918'>\n\t\t\t\t\t\t\t<div class=\"spectra-image-gallery__media spectra-image-gallery__media--carousel\">\n\t\t\t\t<picture>\n\t\t\t\t\t<source media=\"(min-width: 1024px)\" srcset=\"https:\/\/mairie-montataire.fr\/app\/uploads\/2024\/07\/2022-08-27-Vendanges-Bois-Godart-5-1024x683.jpg\">\n\t\t\t\t\t<source media=\"(min-width: 768px)\" srcset=\"https:\/\/mairie-montataire.fr\/app\/uploads\/2024\/07\/2022-08-27-Vendanges-Bois-Godart-5-1024x683.jpg\">\n\t\t\t\t\t<img decoding=\"async\" class=\"spectra-image-gallery__media-thumbnail spectra-image-gallery__media-thumbnail--carousel\" src=\"https:\/\/mairie-montataire.fr\/app\/uploads\/2024\/07\/2022-08-27-Vendanges-Bois-Godart-5-300x200.jpg\" alt=\"\" loading=\"lazy\" \/>\n\t\t\t\t<\/picture>\n\t\t\t\t<div class=\"spectra-image-gallery__media-thumbnail-blurrer\"><\/div>\n\t\t\t\t\t\t\t\t\t\t\t<div class=\"spectra-image-gallery__media-thumbnail-caption-wrapper spectra-image-gallery__media-thumbnail-caption-wrapper--overlay\"><\/div>\n\t\t\t\t\t\t\t\t<\/div>\n\t\t\t\t\t\t<\/div>\n\t\t\t\t\t\t<div class='spectra-image-gallery__media-wrapper' data-spectra-gallery-image-id='1919'>\n\t\t\t\t\t\t\t<div class=\"spectra-image-gallery__media spectra-image-gallery__media--carousel\">\n\t\t\t\t<picture>\n\t\t\t\t\t<source media=\"(min-width: 1024px)\" srcset=\"https:\/\/mairie-montataire.fr\/app\/uploads\/2024\/07\/2022-08-27-Vendanges-Bois-Godart-15-1024x683.jpg\">\n\t\t\t\t\t<source media=\"(min-width: 768px)\" srcset=\"https:\/\/mairie-montataire.fr\/app\/uploads\/2024\/07\/2022-08-27-Vendanges-Bois-Godart-15-1024x683.jpg\">\n\t\t\t\t\t<img decoding=\"async\" class=\"spectra-image-gallery__media-thumbnail spectra-image-gallery__media-thumbnail--carousel\" src=\"https:\/\/mairie-montataire.fr\/app\/uploads\/2024\/07\/2022-08-27-Vendanges-Bois-Godart-15-300x200.jpg\" alt=\"\" loading=\"lazy\" \/>\n\t\t\t\t<\/picture>\n\t\t\t\t<div class=\"spectra-image-gallery__media-thumbnail-blurrer\"><\/div>\n\t\t\t\t\t\t\t\t\t\t\t<div class=\"spectra-image-gallery__media-thumbnail-caption-wrapper spectra-image-gallery__media-thumbnail-caption-wrapper--overlay\"><\/div>\n\t\t\t\t\t\t\t\t<\/div>\n\t\t\t\t\t\t<\/div>\n\t\t\t\t\t\t<div class='spectra-image-gallery__media-wrapper' data-spectra-gallery-image-id='1920'>\n\t\t\t\t\t\t\t<div class=\"spectra-image-gallery__media spectra-image-gallery__media--carousel\">\n\t\t\t\t<picture>\n\t\t\t\t\t<source media=\"(min-width: 1024px)\" srcset=\"https:\/\/mairie-montataire.fr\/app\/uploads\/2024\/07\/2022-08-27-Vendanges-Bois-Godart-37-1-1024x683.jpg\">\n\t\t\t\t\t<source media=\"(min-width: 768px)\" srcset=\"https:\/\/mairie-montataire.fr\/app\/uploads\/2024\/07\/2022-08-27-Vendanges-Bois-Godart-37-1-1024x683.jpg\">\n\t\t\t\t\t<img decoding=\"async\" class=\"spectra-image-gallery__media-thumbnail spectra-image-gallery__media-thumbnail--carousel\" src=\"https:\/\/mairie-montataire.fr\/app\/uploads\/2024\/07\/2022-08-27-Vendanges-Bois-Godart-37-1-300x200.jpg\" alt=\"\" loading=\"lazy\" \/>\n\t\t\t\t<\/picture>\n\t\t\t\t<div class=\"spectra-image-gallery__media-thumbnail-blurrer\"><\/div>\n\t\t\t\t\t\t\t\t\t\t\t<div class=\"spectra-image-gallery__media-thumbnail-caption-wrapper spectra-image-gallery__media-thumbnail-caption-wrapper--overlay\"><\/div>\n\t\t\t\t\t\t\t\t<\/div>\n\t\t\t\t\t\t<\/div>\n\t\t\t\t\t\t<div class='spectra-image-gallery__media-wrapper' data-spectra-gallery-image-id='1921'>\n\t\t\t\t\t\t\t<div class=\"spectra-image-gallery__media spectra-image-gallery__media--carousel\">\n\t\t\t\t<picture>\n\t\t\t\t\t<source media=\"(min-width: 1024px)\" srcset=\"https:\/\/mairie-montataire.fr\/app\/uploads\/2024\/07\/2022-08-27-Vendanges-Bois-Godart-65-2-1024x683.jpg\">\n\t\t\t\t\t<source media=\"(min-width: 768px)\" srcset=\"https:\/\/mairie-montataire.fr\/app\/uploads\/2024\/07\/2022-08-27-Vendanges-Bois-Godart-65-2-1024x683.jpg\">\n\t\t\t\t\t<img decoding=\"async\" class=\"spectra-image-gallery__media-thumbnail spectra-image-gallery__media-thumbnail--carousel\" src=\"https:\/\/mairie-montataire.fr\/app\/uploads\/2024\/07\/2022-08-27-Vendanges-Bois-Godart-65-2-300x200.jpg\" alt=\"\" loading=\"lazy\" \/>\n\t\t\t\t<\/picture>\n\t\t\t\t<div class=\"spectra-image-gallery__media-thumbnail-blurrer\"><\/div>\n\t\t\t\t\t\t\t\t\t\t\t<div class=\"spectra-image-gallery__media-thumbnail-caption-wrapper spectra-image-gallery__media-thumbnail-caption-wrapper--overlay\"><\/div>\n\t\t\t\t\t\t\t\t<\/div>\n\t\t\t\t\t\t<\/div>\n\t\t\t\t\t\t\t\t\t\t\t<\/div>\n\t\t\t\t\t\t\t<\/div>\n\t\t\t\t\t\t\t\t\t\t\t<\/div>\n\t\t\t\t\t\t\t\t\t\t\t<div class='spectra-image-gallery__control-lightbox' tabindex='0'>\n\t\t\t\t\t\t\t\t\t\t\t<div class=\"swiper spectra-image-gallery__control-lightbox--main\" dir=\"\">\n\t\t\t\t\t<div class=\"swiper-wrapper\">\n\t\t\t\t\t\t\t\t\t\t\t\t\t\n\t\t\t\t\t\t\t<div class=\"swiper-slide\">\n\t\t\t\t\t\t\t\t<img class=\"swiper-lazy\" data-src=\"https:\/\/mairie-montataire.fr\/app\/uploads\/2024\/07\/2022-08-27-Vendanges-Bois-Godart-1-scaled.jpg\" alt=\"\"\/>\n\t\t\t\t\t\t\t\t<div class=\"swiper-lazy-preloader swiper-lazy-preloader-white\"><\/div>\n\t\t\t\t\t\t\t\t\t\t\t\t\t\t\t<\/div>\n\t\t\t\t\t\t\t\t\t\t\t\t\t\n\t\t\t\t\t\t\t<div class=\"swiper-slide\">\n\t\t\t\t\t\t\t\t<img class=\"swiper-lazy\" data-src=\"https:\/\/mairie-montataire.fr\/app\/uploads\/2024\/07\/2022-08-27-Vendanges-Bois-Godart-5-scaled.jpg\" alt=\"\"\/>\n\t\t\t\t\t\t\t\t<div class=\"swiper-lazy-preloader swiper-lazy-preloader-white\"><\/div>\n\t\t\t\t\t\t\t\t\t\t\t\t\t\t\t<\/div>\n\t\t\t\t\t\t\t\t\t\t\t\t\t\n\t\t\t\t\t\t\t<div class=\"swiper-slide\">\n\t\t\t\t\t\t\t\t<img class=\"swiper-lazy\" data-src=\"https:\/\/mairie-montataire.fr\/app\/uploads\/2024\/07\/2022-08-27-Vendanges-Bois-Godart-15-scaled.jpg\" alt=\"\"\/>\n\t\t\t\t\t\t\t\t<div class=\"swiper-lazy-preloader swiper-lazy-preloader-white\"><\/div>\n\t\t\t\t\t\t\t\t\t\t\t\t\t\t\t<\/div>\n\t\t\t\t\t\t\t\t\t\t\t\t\t\n\t\t\t\t\t\t\t<div class=\"swiper-slide\">\n\t\t\t\t\t\t\t\t<img class=\"swiper-lazy\" data-src=\"https:\/\/mairie-montataire.fr\/app\/uploads\/2024\/07\/2022-08-27-Vendanges-Bois-Godart-37-1-scaled.jpg\" alt=\"\"\/>\n\t\t\t\t\t\t\t\t<div class=\"swiper-lazy-preloader swiper-lazy-preloader-white\"><\/div>\n\t\t\t\t\t\t\t\t\t\t\t\t\t\t\t<\/div>\n\t\t\t\t\t\t\t\t\t\t\t\t\t\n\t\t\t\t\t\t\t<div class=\"swiper-slide\">\n\t\t\t\t\t\t\t\t<img class=\"swiper-lazy\" data-src=\"https:\/\/mairie-montataire.fr\/app\/uploads\/2024\/07\/2022-08-27-Vendanges-Bois-Godart-65-2-scaled.jpg\" alt=\"\"\/>\n\t\t\t\t\t\t\t\t<div class=\"swiper-lazy-preloader swiper-lazy-preloader-white\"><\/div>\n\t\t\t\t\t\t\t\t\t\t\t\t\t\t\t<\/div>\n\t\t\t\t\t\t\t\t\t\t\t<\/div>\n\t\t\t\t\t<div class=\"swiper-button-next\"><\/div>\n\t\t\t\t\t<div class=\"swiper-button-prev\"><\/div>\n\t\t\t\t<\/div>\t\t\t\n\t\t\t\t\t\t\t\t\t\t\t\t\t\t\t\t\t\t\t\t\t\t\t\t\t\t\t\t\t\t\t\t<button class='spectra-image-gallery__control-lightbox--close' aria-label=\"\u0625\u063a\u0644\u0627\u0642\">\n\t\t\t\t\t\t\t\t\t\t\t\t\t<svg xmlns=\"https:\/\/www.w3.org\/2000\/svg\" viewbox= \"0 0 320 512\"><path d=\"M310.6 361.4c12.5 12.5 12.5 32.75 0 45.25C304.4 412.9 296.2 416 288 416s-16.38-3.125-22.62-9.375L160 301.3L54.63 406.6C48.38 412.9 40.19 416 32 416S15.63 412.9 9.375 406.6c-12.5-12.5-12.5-32.75 0-45.25l105.4-105.4L9.375 150.6c-12.5-12.5-12.5-32.75 0-45.25s32.75-12.5 45.25 0L160 210.8l105.4-105.4c12.5-12.5 32.75-12.5 45.25 0s12.5 32.75 0 45.25l-105.4 105.4L310.6 361.4z\"><\/path><\/svg>\n\t\t\t\t\t\t\t\t\t\t\t\t<\/button>\n\t\t\t\t\t\t\t\t\t\t\t\t\t<\/div>","protected":false},"excerpt":{"rendered":"<p>Le bois Godart, avec ses vignes, est un lieu id\u00e9al pour une promenade en famille ou un pique-nique. Surplombant la ville, il offre une vue imprenable sur l&rsquo;ensemble du territoire. On peut y acc\u00e9der par l&rsquo;avenue Anatole France ou la rue Romain Rolland. R\u00e9am\u00e9nag\u00e9 en 2015 dans le cadre du Programme de R\u00e9novation Urbaine (PRU), [&hellip;]<\/p>\n","protected":false},"author":1,"featured_media":1613,"parent":90,"menu_order":72,"comment_status":"closed","ping_status":"closed","template":"","meta":{"_acf_changed":false,"_uag_custom_page_level_css":"","footnotes":""},"class_list":["post-106","page","type-page","status-publish","has-post-thumbnail","hentry"],"acf":[],"uagb_featured_image_src":{"full":["https:\/\/mairie-montataire.fr\/app\/uploads\/2024\/07\/4.1.3_2022-08-27-Vendanges-Bois-Godart-37-scaled.jpg",2560,1707,false],"thumbnail":["https:\/\/mairie-montataire.fr\/app\/uploads\/2024\/07\/4.1.3_2022-08-27-Vendanges-Bois-Godart-37-150x150.jpg",150,150,true],"medium":["https:\/\/mairie-montataire.fr\/app\/uploads\/2024\/07\/4.1.3_2022-08-27-Vendanges-Bois-Godart-37-300x200.jpg",300,200,true],"medium_large":["https:\/\/mairie-montataire.fr\/app\/uploads\/2024\/07\/4.1.3_2022-08-27-Vendanges-Bois-Godart-37-768x512.jpg",768,512,true],"large":["https:\/\/mairie-montataire.fr\/app\/uploads\/2024\/07\/4.1.3_2022-08-27-Vendanges-Bois-Godart-37-1024x683.jpg",1024,683,true],"1536x1536":["https:\/\/mairie-montataire.fr\/app\/uploads\/2024\/07\/4.1.3_2022-08-27-Vendanges-Bois-Godart-37-1536x1024.jpg",1536,1024,true],"2048x2048":["https:\/\/mairie-montataire.fr\/app\/uploads\/2024\/07\/4.1.3_2022-08-27-Vendanges-Bois-Godart-37-2048x1365.jpg",2048,1365,true],"trp-custom-language-flag":["https:\/\/mairie-montataire.fr\/app\/uploads\/2024\/07\/4.1.3_2022-08-27-Vendanges-Bois-Godart-37-scaled.jpg",18,12,false],"gform-image-choice-sm":["https:\/\/mairie-montataire.fr\/app\/uploads\/2024\/07\/4.1.3_2022-08-27-Vendanges-Bois-Godart-37-scaled.jpg",300,200,false],"gform-image-choice-md":["https:\/\/mairie-montataire.fr\/app\/uploads\/2024\/07\/4.1.3_2022-08-27-Vendanges-Bois-Godart-37-scaled.jpg",400,267,false],"gform-image-choice-lg":["https:\/\/mairie-montataire.fr\/app\/uploads\/2024\/07\/4.1.3_2022-08-27-Vendanges-Bois-Godart-37-scaled.jpg",600,400,false]},"uagb_author_info":{"display_name":"mentalworks","author_link":"https:\/\/mairie-montataire.fr\/ar\/actualites\/author\/mentalworks\/"},"uagb_comment_info":0,"uagb_excerpt":"Le bois Godart, avec ses vignes, est un lieu id\u00e9al pour une promenade en famille ou un pique-nique. Surplombant la ville, il offre une vue imprenable sur l&rsquo;ensemble du territoire. On peut y acc\u00e9der par l&rsquo;avenue Anatole France ou la rue Romain Rolland. R\u00e9am\u00e9nag\u00e9 en 2015 dans le cadre du Programme de R\u00e9novation Urbaine (PRU),&hellip;","_links":{"self":[{"href":"https:\/\/mairie-montataire.fr\/ar\/wp-json\/wp\/v2\/pages\/106","targetHints":{"allow":["GET"]}}],"collection":[{"href":"https:\/\/mairie-montataire.fr\/ar\/wp-json\/wp\/v2\/pages"}],"about":[{"href":"https:\/\/mairie-montataire.fr\/ar\/wp-json\/wp\/v2\/types\/page"}],"author":[{"embeddable":true,"href":"https:\/\/mairie-montataire.fr\/ar\/wp-json\/wp\/v2\/users\/1"}],"replies":[{"embeddable":true,"href":"https:\/\/mairie-montataire.fr\/ar\/wp-json\/wp\/v2\/comments?post=106"}],"version-history":[{"count":10,"href":"https:\/\/mairie-montataire.fr\/ar\/wp-json\/wp\/v2\/pages\/106\/revisions"}],"predecessor-version":[{"id":7356,"href":"https:\/\/mairie-montataire.fr\/ar\/wp-json\/wp\/v2\/pages\/106\/revisions\/7356"}],"up":[{"embeddable":true,"href":"https:\/\/mairie-montataire.fr\/ar\/wp-json\/wp\/v2\/pages\/90"}],"wp:featuredmedia":[{"embeddable":true,"href":"https:\/\/mairie-montataire.fr\/ar\/wp-json\/wp\/v2\/media\/1613"}],"wp:attachment":[{"href":"https:\/\/mairie-montataire.fr\/ar\/wp-json\/wp\/v2\/media?parent=106"}],"curies":[{"name":"\u062f\u0628\u0644\u064a\u0648 \u0628\u064a","href":"https:\/\/api.w.org\/{rel}","templated":true}]}}