{"id":104,"date":"2024-05-03T09:20:50","date_gmt":"2024-05-03T09:20:50","guid":{"rendered":"https:\/\/montataire.local\/?page_id=104"},"modified":"2024-08-22T15:12:44","modified_gmt":"2024-08-22T15:12:44","slug":"%d8%ad%d8%af%d9%8a%d9%82%d8%a9-%d8%a8%d8%b1%d9%8a%d9%88%d8%b1-%d8%a7%d9%84%d8%ad%d8%b6%d8%b1%d9%8a%d8%a9","status":"publish","type":"page","link":"https:\/\/mairie-montataire.fr\/ar\/visiter\/environnement\/parc-urbain-du-prieure\/","title":{"rendered":"\u062d\u062f\u064a\u0642\u0629 \u0628\u0631\u064a\u0648\u0631\u064a \u0627\u0644\u062d\u0636\u0631\u064a\u0629"},"content":{"rendered":"<p><strong>\u062a\u064f\u0639\u062f \u062d\u062f\u064a\u0642\u0629 \u0623\u0648\u0631\u0628\u0627\u0646 \u062f\u0648 \u0628\u0631\u064a\u0648\u0631\u064a\u0647 \u0645\u0633\u0627\u062d\u0629 \u062e\u0636\u0631\u0627\u0621 \u0631\u0627\u0626\u0639\u0629 \u062a\u0645\u062a\u062f \u0639\u0644\u0649 \u0645\u0633\u0627\u062d\u0629 \u062a\u0632\u064a\u062f \u0639\u0646 30 \u0647\u0643\u062a\u0627\u0631\u0627\u064b. \u064a\u0645\u0643\u0646 \u0644\u0644\u0632\u0648\u0627\u0631 \u0627\u0644\u0645\u0634\u064a \u0644\u0645\u0633\u0627\u0641\u0629 \u062a\u0635\u0644 \u0625\u0644\u0649 \u0643\u064a\u0644\u0648\u0645\u062a\u0631\u064a\u0646 \u062d\u0648\u0644 \u0627\u0644\u062d\u062f\u064a\u0642\u0629 \u0641\u064a \u062f\u0648\u0631\u0629 \u0648\u0627\u062d\u062f\u0629\u060c \u0648\u0630\u0644\u0643 \u0628\u0641\u0636\u0644 \u0645\u0645\u0631\u0627\u062a \u0627\u0644\u0645\u0634\u0627\u0629 \u0639\u0644\u0649 \u0637\u0648\u0644 \u0636\u0641\u062a\u064a \u0627\u0644\u0628\u0631\u0643\u062a\u064a\u0646. \u0644\u0644\u0648\u0635\u0648\u0644 \u0625\u0644\u0649 \u0647\u0646\u0627\u0643\u060c \u064a\u0645\u0643\u0646\u0643 \u0627\u0644\u0645\u0634\u064a \u0639\u0644\u0649 \u0637\u0648\u0644 \u0646\u0647\u0631 \u062a\u064a\u0631\u064a\u0646\u060c \u0639\u0644\u0649 \u0637\u0631\u064a\u0642 \u0645\u0648\u0644\u0627\u0646 \u062f\u0648 \u0645\u0648\u0644\u0627\u0646 \u062f\u0648 \u0633\u0627\u0646 \u0644\u0648\u060c \u0645\u0642\u0627\u0628\u0644 \u0645\u062d\u0637\u0629 \u0628\u0646\u0632\u064a\u0646 \u0644\u0648\u0643\u0644\u064a\u0631.<\/strong><\/p>\n\n\n\n<p><strong>\u0647\u0630\u0647 \u0627\u0644\u0628\u0642\u0639\u0629 \u0627\u0644\u0647\u0627\u062f\u0626\u0629 \u0645\u062a\u0627\u062d\u0629 \u0644\u0644\u0623\u0634\u062e\u0627\u0635 \u0630\u0648\u064a \u0627\u0644\u0625\u0639\u0627\u0642\u0627\u062a \u0627\u0644\u062d\u0631\u0643\u064a\u0629 \u0648\u0627\u0644\u0630\u0647\u0646\u064a\u0629 \u0648\u0627\u0644\u0633\u0645\u0639\u064a\u0629\u060c \u0643\u0645\u0627 \u0623\u0646\u0647\u0627 \u062a\u062d\u0638\u0649 \u0628\u0634\u0639\u0628\u064a\u0629 \u0643\u0628\u064a\u0631\u0629 \u0628\u064a\u0646 \u0627\u0644\u0639\u0627\u0626\u0644\u0627\u062a \u0648\u0639\u0634\u0627\u0642 \u0627\u0644\u0631\u064a\u0627\u0636\u0629 \u0648\u0627\u0644\u0635\u064a\u0627\u062f\u064a\u0646.&nbsp;<\/strong><\/p>\n\n\n\n<div class=\"wp-block-uagb-container uagb-block-4c8cac8a alignfull uagb-is-root-container\"><div class=\"uagb-container-inner-blocks-wrap\">\n<div class=\"wp-block-uagb-blockquote uagb-block-b0dd2b78 uagb-blockquote__skin-border uagb-blockquote__stack-img-none\"><blockquote class=\"uagb-blockquote\"><div class=\"uagb-blockquote__content\">\"\u064a\u0645\u0646\u062d\u0643 \u0644\u0648 \u0628\u0631\u064a\u0648\u0631\u064a\u0647 \u0634\u0639\u0648\u0631\u0627\u064b \u0628\u0623\u0646\u0643 \u062e\u0627\u0631\u062c \u0627\u0644\u0645\u062f\u064a\u0646\u0629 \u0641\u064a \u0648\u0633\u0637 \u0627\u0644\u0631\u064a\u0641\".<\/div><footer><div class=\"uagb-blockquote__author-wrap uagb-blockquote__author-at-left\"><cite class=\"uagb-blockquote__author\">\u062c\u0627\u0621 \u0627\u062b\u0646\u0627\u0646 \u0645\u0646 \u0627\u0644\u0645\u0642\u064a\u0645\u064a\u0646 \u0623\u062b\u0646\u0627\u0621 \u0627\u0633\u062a\u0631\u0627\u062d\u0629 \u0627\u0644\u063a\u062f\u0627\u0621<\/cite><\/div><\/footer><\/blockquote><\/div>\n\n\n\n<div class=\"wp-block-uagb-separator uagb-block-c9213438\"><div class=\"uagb-separator-spacing-wrapper\"><div class=\"wp-block-uagb-separator__inner\" style=\"--my-background-image:\"><\/div><\/div><\/div>\n<\/div><\/div>\n\n\n\t\t\t\t\t<div\n\t\t\t\t\t\tclass=\"wp-block-uagb-image-gallery uagb-block-ed5b5a37\"\n\t\t\t\t\t\tstyle=\"\"\n\t\t\t\t\t>\n\t\t\t\t\t\t\t\t\t\t\t<div class=\"spectra-image-gallery spectra-image-gallery__layout--masonry spectra-image-gallery__layout--masonry-col-3 spectra-image-gallery__layout--masonry-col-tab-3 spectra-image-gallery__layout--masonry-col-mob-2\">\n\t\t\t\t\t\t\t\t\t\t\t<div class='spectra-image-gallery__media-wrapper--isotope'>\n\t\t\t\t\t\t\t<div class='spectra-image-gallery__media-wrapper' data-spectra-gallery-image-id='1893' tabindex=\"0\">\n\t\t\t\t\t\t\t<div class=\"spectra-image-gallery__media spectra-image-gallery__media--masonry\">\n\t\t\t\t<picture>\n\t\t\t\t\t<source media=\"(min-width: 1024px)\" srcset=\"https:\/\/mairie-montataire.fr\/app\/uploads\/2024\/07\/Parc-du-Prieure-4-scaled.jpg\">\n\t\t\t\t\t<source media=\"(min-width: 768px)\" srcset=\"https:\/\/mairie-montataire.fr\/app\/uploads\/2024\/07\/Parc-du-Prieure-4-1024x683.jpg\">\n\t\t\t\t\t<img decoding=\"async\" class=\"spectra-image-gallery__media-thumbnail spectra-image-gallery__media-thumbnail--masonry\" src=\"https:\/\/mairie-montataire.fr\/app\/uploads\/2024\/07\/Parc-du-Prieure-4-300x200.jpg\" alt=\"\" loading=\"lazy\" \/>\n\t\t\t\t<\/picture>\n\t\t\t\t<div class=\"spectra-image-gallery__media-thumbnail-blurrer\"><\/div>\n\t\t\t\t\t\t\t\t\t\t\t<div class=\"spectra-image-gallery__media-thumbnail-caption-wrapper spectra-image-gallery__media-thumbnail-caption-wrapper--overlay\"><\/div>\n\t\t\t\t\t\t\t\t<\/div>\n\t\t\t\t\t\t<\/div>\n\t\t\t\t\t\t<\/div>\n\t\t\t\t\t\t<div class='spectra-image-gallery__media-wrapper--isotope'>\n\t\t\t\t\t\t\t<div class='spectra-image-gallery__media-wrapper' data-spectra-gallery-image-id='1891' tabindex=\"0\">\n\t\t\t\t\t\t\t<div class=\"spectra-image-gallery__media spectra-image-gallery__media--masonry\">\n\t\t\t\t<picture>\n\t\t\t\t\t<source media=\"(min-width: 1024px)\" srcset=\"https:\/\/mairie-montataire.fr\/app\/uploads\/2024\/07\/2022-06-02-Guide-3-Fleurs-Fin-Fin-31-2-scaled.jpg\">\n\t\t\t\t\t<source media=\"(min-width: 768px)\" srcset=\"https:\/\/mairie-montataire.fr\/app\/uploads\/2024\/07\/2022-06-02-Guide-3-Fleurs-Fin-Fin-31-2-1024x683.jpg\">\n\t\t\t\t\t<img decoding=\"async\" class=\"spectra-image-gallery__media-thumbnail spectra-image-gallery__media-thumbnail--masonry\" src=\"https:\/\/mairie-montataire.fr\/app\/uploads\/2024\/07\/2022-06-02-Guide-3-Fleurs-Fin-Fin-31-2-300x200.jpg\" alt=\"\" loading=\"lazy\" \/>\n\t\t\t\t<\/picture>\n\t\t\t\t<div class=\"spectra-image-gallery__media-thumbnail-blurrer\"><\/div>\n\t\t\t\t\t\t\t\t\t\t\t<div class=\"spectra-image-gallery__media-thumbnail-caption-wrapper spectra-image-gallery__media-thumbnail-caption-wrapper--overlay\"><\/div>\n\t\t\t\t\t\t\t\t<\/div>\n\t\t\t\t\t\t<\/div>\n\t\t\t\t\t\t<\/div>\n\t\t\t\t\t\t<div class='spectra-image-gallery__media-wrapper--isotope'>\n\t\t\t\t\t\t\t<div class='spectra-image-gallery__media-wrapper' data-spectra-gallery-image-id='1892' tabindex=\"0\">\n\t\t\t\t\t\t\t<div class=\"spectra-image-gallery__media spectra-image-gallery__media--masonry\">\n\t\t\t\t<picture>\n\t\t\t\t\t<source media=\"(min-width: 1024px)\" srcset=\"https:\/\/mairie-montataire.fr\/app\/uploads\/2024\/07\/Parc-du-Prieure-2-scaled.jpg\">\n\t\t\t\t\t<source media=\"(min-width: 768px)\" srcset=\"https:\/\/mairie-montataire.fr\/app\/uploads\/2024\/07\/Parc-du-Prieure-2-1024x683.jpg\">\n\t\t\t\t\t<img decoding=\"async\" class=\"spectra-image-gallery__media-thumbnail spectra-image-gallery__media-thumbnail--masonry\" src=\"https:\/\/mairie-montataire.fr\/app\/uploads\/2024\/07\/Parc-du-Prieure-2-300x200.jpg\" alt=\"\" loading=\"lazy\" \/>\n\t\t\t\t<\/picture>\n\t\t\t\t<div class=\"spectra-image-gallery__media-thumbnail-blurrer\"><\/div>\n\t\t\t\t\t\t\t\t\t\t\t<div class=\"spectra-image-gallery__media-thumbnail-caption-wrapper spectra-image-gallery__media-thumbnail-caption-wrapper--overlay\"><\/div>\n\t\t\t\t\t\t\t\t<\/div>\n\t\t\t\t\t\t<\/div>\n\t\t\t\t\t\t<\/div>\n\t\t\t\t\t\t\t\t\t\t<\/div>\n\t\t\t\t\t\t\t\t\t\t\t\t\t\t\t\t\t\t<\/div>\n\t\t\t\t\t\t\t\t\t\t\t<div class='spectra-image-gallery__control-lightbox' tabindex='0'>\n\t\t\t\t\t\t\t\t\t\t\t<div class=\"swiper spectra-image-gallery__control-lightbox--main\" dir=\"\">\n\t\t\t\t\t<div class=\"swiper-wrapper\">\n\t\t\t\t\t\t\t\t\t\t\t\t\t\n\t\t\t\t\t\t\t<div class=\"swiper-slide\">\n\t\t\t\t\t\t\t\t<img class=\"swiper-lazy\" data-src=\"https:\/\/mairie-montataire.fr\/app\/uploads\/2024\/07\/Parc-du-Prieure-4-scaled.jpg\" alt=\"\"\/>\n\t\t\t\t\t\t\t\t<div class=\"swiper-lazy-preloader swiper-lazy-preloader-white\"><\/div>\n\t\t\t\t\t\t\t\t\t\t\t\t\t\t\t<\/div>\n\t\t\t\t\t\t\t\t\t\t\t\t\t\n\t\t\t\t\t\t\t<div class=\"swiper-slide\">\n\t\t\t\t\t\t\t\t<img class=\"swiper-lazy\" data-src=\"https:\/\/mairie-montataire.fr\/app\/uploads\/2024\/07\/2022-06-02-Guide-3-Fleurs-Fin-Fin-31-2-scaled.jpg\" alt=\"\"\/>\n\t\t\t\t\t\t\t\t<div class=\"swiper-lazy-preloader swiper-lazy-preloader-white\"><\/div>\n\t\t\t\t\t\t\t\t\t\t\t\t\t\t\t<\/div>\n\t\t\t\t\t\t\t\t\t\t\t\t\t\n\t\t\t\t\t\t\t<div class=\"swiper-slide\">\n\t\t\t\t\t\t\t\t<img class=\"swiper-lazy\" data-src=\"https:\/\/mairie-montataire.fr\/app\/uploads\/2024\/07\/Parc-du-Prieure-2-scaled.jpg\" alt=\"\"\/>\n\t\t\t\t\t\t\t\t<div class=\"swiper-lazy-preloader swiper-lazy-preloader-white\"><\/div>\n\t\t\t\t\t\t\t\t\t\t\t\t\t\t\t<\/div>\n\t\t\t\t\t\t\t\t\t\t\t<\/div>\n\t\t\t\t\t<div class=\"swiper-button-next\"><\/div>\n\t\t\t\t\t<div class=\"swiper-button-prev\"><\/div>\n\t\t\t\t<\/div>\t\t\t\n\t\t\t\t\t\t\t\t\t\t\t\t\t\t\t\t\t\t\t\t\t\t\t\t\t\t\t\t\t\t\t\t<button class='spectra-image-gallery__control-lightbox--close' aria-label=\"\u0625\u063a\u0644\u0627\u0642\">\n\t\t\t\t\t\t\t\t\t\t\t\t\t<svg xmlns=\"https:\/\/www.w3.org\/2000\/svg\" viewbox= \"0 0 320 512\"><path d=\"M310.6 361.4c12.5 12.5 12.5 32.75 0 45.25C304.4 412.9 296.2 416 288 416s-16.38-3.125-22.62-9.375L160 301.3L54.63 406.6C48.38 412.9 40.19 416 32 416S15.63 412.9 9.375 406.6c-12.5-12.5-12.5-32.75 0-45.25l105.4-105.4L9.375 150.6c-12.5-12.5-12.5-32.75 0-45.25s32.75-12.5 45.25 0L160 210.8l105.4-105.4c12.5-12.5 32.75-12.5 45.25 0s12.5 32.75 0 45.25l-105.4 105.4L310.6 361.4z\"><\/path><\/svg>\n\t\t\t\t\t\t\t\t\t\t\t\t<\/button>\n\t\t\t\t\t\t\t\t\t\t\t\t\t<\/div>\n\t\t\t\t\t\t\t\t\t\n\n\t\t\t\t\t<div\n\t\t\t\t\t\tclass=\"wp-block-uagb-image-gallery uagb-block-82deb86f\"\n\t\t\t\t\t\tstyle=\"\"\n\t\t\t\t\t>\n\t\t\t\t\t\t\t\t\t\t\t<div class=\"spectra-image-gallery spectra-image-gallery__layout--carousel\">\n\t\t\t\t\t\t\t\t<div class=\"uagb-slick-carousel uagb-block-82deb86f\">\n\t\t\t\t\t\t\t\t\t\t\t\t<div class='spectra-image-gallery__media-wrapper' data-spectra-gallery-image-id='1894'>\n\t\t\t\t\t\t\t<div class=\"spectra-image-gallery__media spectra-image-gallery__media--carousel\">\n\t\t\t\t<picture>\n\t\t\t\t\t<source media=\"(min-width: 1024px)\" srcset=\"https:\/\/mairie-montataire.fr\/app\/uploads\/2024\/07\/Parc-du-Prieure-8-scaled.jpg\">\n\t\t\t\t\t<source media=\"(min-width: 768px)\" srcset=\"https:\/\/mairie-montataire.fr\/app\/uploads\/2024\/07\/Parc-du-Prieure-8-1024x683.jpg\">\n\t\t\t\t\t<img decoding=\"async\" class=\"spectra-image-gallery__media-thumbnail spectra-image-gallery__media-thumbnail--carousel\" src=\"https:\/\/mairie-montataire.fr\/app\/uploads\/2024\/07\/Parc-du-Prieure-8-300x200.jpg\" alt=\"\" loading=\"lazy\" \/>\n\t\t\t\t<\/picture>\n\t\t\t\t<div class=\"spectra-image-gallery__media-thumbnail-blurrer\"><\/div>\n\t\t\t\t\t\t\t\t\t\t\t<div class=\"spectra-image-gallery__media-thumbnail-caption-wrapper spectra-image-gallery__media-thumbnail-caption-wrapper--overlay\"><\/div>\n\t\t\t\t\t\t\t\t<\/div>\n\t\t\t\t\t\t<\/div>\n\t\t\t\t\t\t\t\t\t\t\t<\/div>\n\t\t\t\t\t\t\t<\/div>\n\t\t\t\t\t\t\t\t\t\t\t<\/div>\n\t\t\t\t\t\t\t\t\t\t\t<div class='spectra-image-gallery__control-lightbox' tabindex='0'>\n\t\t\t\t\t\t\t\t\t\t\t<div class=\"swiper spectra-image-gallery__control-lightbox--main\" dir=\"\">\n\t\t\t\t\t<div class=\"swiper-wrapper\">\n\t\t\t\t\t\t\t\t\t\t\t\t\t\n\t\t\t\t\t\t\t<div class=\"swiper-slide\">\n\t\t\t\t\t\t\t\t<img class=\"swiper-lazy\" data-src=\"https:\/\/mairie-montataire.fr\/app\/uploads\/2024\/07\/Parc-du-Prieure-8-scaled.jpg\" alt=\"\"\/>\n\t\t\t\t\t\t\t\t<div class=\"swiper-lazy-preloader swiper-lazy-preloader-white\"><\/div>\n\t\t\t\t\t\t\t\t\t\t\t\t\t\t\t<\/div>\n\t\t\t\t\t\t\t\t\t\t\t<\/div>\n\t\t\t\t\t<div class=\"swiper-button-next\"><\/div>\n\t\t\t\t\t<div class=\"swiper-button-prev\"><\/div>\n\t\t\t\t<\/div>\t\t\t\n\t\t\t\t\t\t\t\t\t\t\t\t\t\t\t\t\t\t\t\t\t\t\t\t\t\t\t\t\t\t\t\t<button class='spectra-image-gallery__control-lightbox--close' aria-label=\"\u0625\u063a\u0644\u0627\u0642\">\n\t\t\t\t\t\t\t\t\t\t\t\t\t<svg xmlns=\"https:\/\/www.w3.org\/2000\/svg\" viewbox= \"0 0 320 512\"><path d=\"M310.6 361.4c12.5 12.5 12.5 32.75 0 45.25C304.4 412.9 296.2 416 288 416s-16.38-3.125-22.62-9.375L160 301.3L54.63 406.6C48.38 412.9 40.19 416 32 416S15.63 412.9 9.375 406.6c-12.5-12.5-12.5-32.75 0-45.25l105.4-105.4L9.375 150.6c-12.5-12.5-12.5-32.75 0-45.25s32.75-12.5 45.25 0L160 210.8l105.4-105.4c12.5-12.5 32.75-12.5 45.25 0s12.5 32.75 0 45.25l-105.4 105.4L310.6 361.4z\"><\/path><\/svg>\n\t\t\t\t\t\t\t\t\t\t\t\t<\/button>\n\t\t\t\t\t\t\t\t\t\t\t\t\t<\/div>\n\t\t\t\t\t\t\t\t\t\n\n\n<h2 class=\"wp-block-heading\"><strong>\u0627\u0644\u0645\u0646\u062d\u0644<\/strong><\/h2>\n\n\n\n<div class=\"wp-block-uagb-container uagb-block-75616928 alignfull uagb-is-root-container\"><div class=\"uagb-container-inner-blocks-wrap\">\n<div class=\"wp-block-uagb-container uagb-block-cb7428ba\">\n<figure class=\"wp-block-image size-large\"><img loading=\"lazy\" decoding=\"async\" width=\"683\" height=\"1024\" src=\"https:\/\/mairie-montataire.fr\/app\/uploads\/2024\/07\/ruches_8660-1-683x1024.jpg\" alt=\"\" class=\"wp-image-1895\" srcset=\"https:\/\/mairie-montataire.fr\/app\/uploads\/2024\/07\/ruches_8660-1-683x1024.jpg 683w, https:\/\/mairie-montataire.fr\/app\/uploads\/2024\/07\/ruches_8660-1-200x300.jpg 200w, https:\/\/mairie-montataire.fr\/app\/uploads\/2024\/07\/ruches_8660-1-768x1152.jpg 768w, https:\/\/mairie-montataire.fr\/app\/uploads\/2024\/07\/ruches_8660-1-1024x1536.jpg 1024w, https:\/\/mairie-montataire.fr\/app\/uploads\/2024\/07\/ruches_8660-1.jpg 1200w\" sizes=\"auto, (max-width: 683px) 100vw, 683px\" \/><\/figure>\n<\/div>\n\n\n\n<div class=\"wp-block-uagb-container uagb-block-07e3f9a2\">\n<p>\u0642\u0628\u0644 \u0628\u0636\u0639 \u0633\u0646\u0648\u0627\u062a\u060c \u0642\u0631\u0631\u062a \u0628\u0644\u062f\u0629 \u0645\u0648\u0646\u062a\u0627\u062a\u064a\u0631 \u0625\u0646\u0634\u0627\u0621 \u0645\u0646\u062d\u0644 \u062e\u0627\u0635 \u0628\u0647\u0627 \u0627\u0633\u062a\u062c\u0627\u0628\u0629\u064b \u0644\u0644\u062a\u0647\u062f\u064a\u062f \u0627\u0644\u0630\u064a \u062a\u062a\u0639\u0631\u0636 \u0644\u0647 \u0627\u0644\u062d\u0634\u0631\u0627\u062a\u060c \u0648\u062e\u0627\u0635\u0629 \u0627\u0644\u0646\u062d\u0644.<\/p>\n\n\n\n<p>\u0648\u0642\u062f \u062a\u0645 \u062a\u0631\u0643\u064a\u0628 \u062d\u0648\u0627\u0644\u064a \u0639\u0634\u0631 \u062e\u0644\u0627\u064a\u0627 \u0646\u062d\u0644 \u0639\u0646\u062f \u0645\u062f\u062e\u0644 \u062d\u062f\u064a\u0642\u0629 \u0628\u0631\u064a\u0648\u0631\u064a\u0647 \u0627\u0644\u062d\u0636\u0631\u064a\u0629\u060c \u0625\u0644\u0649 \u062c\u0627\u0646\u0628 \u0646\u0648\u0627\u0641\u0630 \u0634\u0641\u0627\u0641\u0629 \u0648\u0645\u0639\u0631\u0636 \u062a\u0639\u0644\u064a\u0645\u064a \u062f\u0627\u0626\u0645 \u0644\u0632\u064a\u0627\u062f\u0629 \u0627\u0644\u0648\u0639\u064a \u0627\u0644\u0639\u0627\u0645 \u0628\u0623\u0647\u0645\u064a\u0629 \u062a\u0631\u0628\u064a\u0629 \u0627\u0644\u0646\u062d\u0644. \u064a\u062a\u0645 \u062a\u0646\u0638\u064a\u0645 \u0632\u064a\u0627\u0631\u0627\u062a \u0645\u0646 \u0648\u0642\u062a \u0644\u0622\u062e\u0631\u060c \u0644\u0627 \u0633\u064a\u0645\u0627 \u062e\u0644\u0627\u0644 \u0623\u0633\u0628\u0648\u0639 \u0627\u0644\u062a\u0646\u0645\u064a\u0629 \u0627\u0644\u0645\u0633\u062a\u062f\u0627\u0645\u0629\u060c \u0644\u062a\u0639\u0644\u064a\u0645 \u062a\u0644\u0627\u0645\u064a\u0630 \u0627\u0644\u0645\u062f\u0627\u0631\u0633 \u0623\u0647\u0645\u064a\u0629 \u0627\u0644\u0646\u062d\u0644 \u0641\u064a \u0627\u0644\u0646\u0638\u0627\u0645 \u0627\u0644\u0628\u064a\u0626\u064a.<\/p>\n\n\n\n<p>\u064a\u062a\u0648\u0644\u0649 \u0639\u0645\u0627\u0644 \u0627\u0644\u0645\u0633\u0627\u062d\u0627\u062a \u0627\u0644\u062e\u0636\u0631\u0627\u0621 \u0627\u0644\u0645\u062f\u0631\u0628\u0648\u0646 \u0645\u0633\u0624\u0648\u0644\u064a\u0629 \u0645\u0631\u0627\u0642\u0628\u0629 \u062e\u0644\u0627\u064a\u0627 \u0627\u0644\u0646\u062d\u0644 \u0648\u0635\u064a\u0627\u0646\u062a\u0647\u0627\u060c \u0628\u0645\u0627 \u0641\u064a \u0630\u0644\u0643 \u0627\u0644\u062d\u0635\u0627\u062f. \u0648\u064a\u0633\u0627\u0639\u062f\u0647\u0645 \u0641\u064a \u0630\u0644\u0643 \u0645\u0631\u0628\u064a \u0646\u062d\u0644 \u0645\u062d\u0644\u064a \u0645\u062d\u062a\u0631\u0641 \u0645\u0646 \u0634\u0631\u0643\u0629 Pommabeille. \u064a\u062a\u0645 \u0627\u0644\u0622\u0646 \u062d\u0635\u0627\u062f \u0627\u0644\u0639\u0633\u0644 \u0628\u0627\u0646\u062a\u0638\u0627\u0645 \u0648\u062a\u0648\u0632\u064a\u0639\u0647 \u0641\u064a \u0627\u0644\u0645\u0646\u0627\u0633\u0628\u0627\u062a \u0627\u0644\u0628\u0644\u062f\u064a\u0629 \u0645\u062b\u0644 \u0623\u0633\u0628\u0648\u0639 \u0627\u0644\u062a\u0630\u0648\u0642 \u0648\u0623\u0633\u0628\u0648\u0639 \u0627\u0644\u062a\u0646\u0645\u064a\u0629 \u0627\u0644\u0645\u0633\u062a\u062f\u0627\u0645\u0629 \u0648\u0648\u062c\u0628\u0629 \u0627\u0644\u0645\u0648\u0638\u0641\u064a\u0646 \u0648\u0648\u062c\u0628\u0629 \u0627\u0644\u0645\u062a\u0642\u0627\u0639\u062f\u064a\u0646.&nbsp;<\/p>\n\n\n\n<p>\u0644\u0632\u064a\u0627\u0631\u0629 \u0627\u0644\u0645\u0646\u062d\u0644\u060c \u0627\u0630\u0647\u0628 \u0625\u0644\u0649 \u062d\u062f\u064a\u0642\u0629 \u0623\u0648\u0631\u0628\u0627\u0646 \u062f\u0648 \u0628\u0631\u064a\u0648\u0631\u064a\u060c \u0639\u0644\u0649 \u0637\u0631\u064a\u0642 \u0645\u0648\u0644\u0627\u0646 \u062f\u0648 \u0633\u0627\u0646 \u0644\u0648. \u062a\u0642\u0639 \u062e\u0644\u0627\u064a\u0627 \u0627\u0644\u0646\u062d\u0644 \u0639\u0644\u0649 \u0637\u0648\u0644 \u0627\u0644\u0633\u064a\u0627\u062c\u060c \u0628\u0627\u0644\u0642\u0631\u0628 \u0645\u0646 \u0627\u0644\u062e\u062f\u0645\u0627\u062a \u0627\u0644\u0641\u0646\u064a\u0629.<\/p>\n<\/div>\n<\/div><\/div>","protected":false},"excerpt":{"rendered":"<p>Le parc urbain du Prieur\u00e9 est un espace de verdure et de fra\u00eecheur qui s\u2019\u00e9tend sur plus de 30 hectares. Les visiteurs peuvent y parcourir jusqu\u2019\u00e0 deux kilom\u00e8tres en un tour, gr\u00e2ce \u00e0 des voies pi\u00e9tonnes situ\u00e9es aux abords de deux \u00e9tangs. Pour y acc\u00e9der, il faut longer le Th\u00e9rain, sur la route du moulin [&hellip;]<\/p>\n","protected":false},"author":1,"featured_media":1615,"parent":90,"menu_order":71,"comment_status":"closed","ping_status":"closed","template":"","meta":{"_acf_changed":false,"_uag_custom_page_level_css":"","footnotes":""},"class_list":["post-104","page","type-page","status-publish","has-post-thumbnail","hentry"],"acf":[],"uagb_featured_image_src":{"full":["https:\/\/mairie-montataire.fr\/app\/uploads\/2024\/07\/4.1.2_2024-05-15-Parc-du-Prieure-3-scaled.jpg",2560,1707,false],"thumbnail":["https:\/\/mairie-montataire.fr\/app\/uploads\/2024\/07\/4.1.2_2024-05-15-Parc-du-Prieure-3-150x150.jpg",150,150,true],"medium":["https:\/\/mairie-montataire.fr\/app\/uploads\/2024\/07\/4.1.2_2024-05-15-Parc-du-Prieure-3-300x200.jpg",300,200,true],"medium_large":["https:\/\/mairie-montataire.fr\/app\/uploads\/2024\/07\/4.1.2_2024-05-15-Parc-du-Prieure-3-768x512.jpg",768,512,true],"large":["https:\/\/mairie-montataire.fr\/app\/uploads\/2024\/07\/4.1.2_2024-05-15-Parc-du-Prieure-3-1024x683.jpg",1024,683,true],"1536x1536":["https:\/\/mairie-montataire.fr\/app\/uploads\/2024\/07\/4.1.2_2024-05-15-Parc-du-Prieure-3-1536x1024.jpg",1536,1024,true],"2048x2048":["https:\/\/mairie-montataire.fr\/app\/uploads\/2024\/07\/4.1.2_2024-05-15-Parc-du-Prieure-3-2048x1365.jpg",2048,1365,true],"trp-custom-language-flag":["https:\/\/mairie-montataire.fr\/app\/uploads\/2024\/07\/4.1.2_2024-05-15-Parc-du-Prieure-3-scaled.jpg",18,12,false],"gform-image-choice-sm":["https:\/\/mairie-montataire.fr\/app\/uploads\/2024\/07\/4.1.2_2024-05-15-Parc-du-Prieure-3-scaled.jpg",300,200,false],"gform-image-choice-md":["https:\/\/mairie-montataire.fr\/app\/uploads\/2024\/07\/4.1.2_2024-05-15-Parc-du-Prieure-3-scaled.jpg",400,267,false],"gform-image-choice-lg":["https:\/\/mairie-montataire.fr\/app\/uploads\/2024\/07\/4.1.2_2024-05-15-Parc-du-Prieure-3-scaled.jpg",600,400,false]},"uagb_author_info":{"display_name":"mentalworks","author_link":"https:\/\/mairie-montataire.fr\/ar\/actualites\/author\/mentalworks\/"},"uagb_comment_info":0,"uagb_excerpt":"Le parc urbain du Prieur\u00e9 est un espace de verdure et de fra\u00eecheur qui s\u2019\u00e9tend sur plus de 30 hectares. Les visiteurs peuvent y parcourir jusqu\u2019\u00e0 deux kilom\u00e8tres en un tour, gr\u00e2ce \u00e0 des voies pi\u00e9tonnes situ\u00e9es aux abords de deux \u00e9tangs. Pour y acc\u00e9der, il faut longer le Th\u00e9rain, sur la route du moulin&hellip;","_links":{"self":[{"href":"https:\/\/mairie-montataire.fr\/ar\/wp-json\/wp\/v2\/pages\/104","targetHints":{"allow":["GET"]}}],"collection":[{"href":"https:\/\/mairie-montataire.fr\/ar\/wp-json\/wp\/v2\/pages"}],"about":[{"href":"https:\/\/mairie-montataire.fr\/ar\/wp-json\/wp\/v2\/types\/page"}],"author":[{"embeddable":true,"href":"https:\/\/mairie-montataire.fr\/ar\/wp-json\/wp\/v2\/users\/1"}],"replies":[{"embeddable":true,"href":"https:\/\/mairie-montataire.fr\/ar\/wp-json\/wp\/v2\/comments?post=104"}],"version-history":[{"count":21,"href":"https:\/\/mairie-montataire.fr\/ar\/wp-json\/wp\/v2\/pages\/104\/revisions"}],"predecessor-version":[{"id":5355,"href":"https:\/\/mairie-montataire.fr\/ar\/wp-json\/wp\/v2\/pages\/104\/revisions\/5355"}],"up":[{"embeddable":true,"href":"https:\/\/mairie-montataire.fr\/ar\/wp-json\/wp\/v2\/pages\/90"}],"wp:featuredmedia":[{"embeddable":true,"href":"https:\/\/mairie-montataire.fr\/ar\/wp-json\/wp\/v2\/media\/1615"}],"wp:attachment":[{"href":"https:\/\/mairie-montataire.fr\/ar\/wp-json\/wp\/v2\/media?parent=104"}],"curies":[{"name":"\u062f\u0628\u0644\u064a\u0648 \u0628\u064a","href":"https:\/\/api.w.org\/{rel}","templated":true}]}}