{"id":984,"date":"2024-07-08T14:19:01","date_gmt":"2024-07-08T14:19:01","guid":{"rendered":"https:\/\/montataire.mentalworks.me\/?post_type=online-approach&#038;p=984"},"modified":"2025-05-23T12:32:13","modified_gmt":"2025-05-23T12:32:13","slug":"%d8%a7%d9%84%d8%b7%d9%84%d8%a8-%d8%a7%d9%84%d9%85%d9%82%d8%af%d9%85-%d8%a5%d9%84%d9%89-%d9%82%d8%a7%d8%b6%d9%8a-%d9%85%d8%ad%d9%83%d9%85%d8%a9-%d8%a7%d9%84%d8%a3%d8%b3%d8%b1%d8%a9","status":"publish","type":"online-approach","link":"https:\/\/mairie-montataire.fr\/ar\/demarches-en-ligne\/demande-au-juge-aux-affaires-familiales\/","title":{"rendered":"\u062a\u0642\u062f\u064a\u0645 \u0637\u0644\u0628 \u0625\u0644\u0649 \u0645\u062d\u0643\u0645\u0629 \u0627\u0644\u0623\u0633\u0631\u0629"},"content":{"rendered":"<h2 class=\"wp-block-heading\">\u062a\u0642\u062f\u064a\u0645 \u0637\u0644\u0628 \u0625\u0644\u0649 \u0645\u062d\u0643\u0645\u0629 \u0627\u0644\u0623\u0633\u0631\u0629<\/h2>\n\n\n\n<p><strong>\u0644\u0644\u062d\u0635\u0648\u0644 \u0639\u0644\u0649 \u062a\u062b\u0628\u064a\u062a \u0623\u0648 \u062a\u0639\u062f\u064a\u0644 \u0627\u0644\u062a\u062f\u0627\u0628\u064a\u0631 \u0627\u0644\u062a\u064a \u064a\u062d\u062f\u062f\u0647\u0627 \u0627\u0644\u0642\u0627\u0636\u064a \u0641\u064a\u0645\u0627 \u064a\u062a\u0639\u0644\u0642 \u0628\u0634\u0631\u0648\u0637 \u0645\u0645\u0627\u0631\u0633\u0629 \u0627\u0644\u0633\u0644\u0637\u0629 \u0627\u0644\u0623\u0628\u0648\u064a\u0629 \u0623\u0648 \u062d\u0642\u0648\u0642 \u0627\u0644\u0632\u064a\u0627\u0631\u0629 \u0648\u0627\u0644\u0625\u0642\u0627\u0645\u0629 \u0623\u0648 \u0627\u0644\u0646\u0641\u0642\u0629 \u0623\u0648 \u0627\u0644\u0625\u0642\u0627\u0645\u0629 \u0627\u0644\u0645\u0639\u062a\u0627\u062f\u0629 \u0644\u0644\u0623\u0637\u0641\u0627\u0644. \u064a\u0645\u0643\u0646 \u0627\u0633\u062a\u062e\u062f\u0627\u0645 \u0647\u0630\u0627 \u0627\u0644\u0646\u0645\u0648\u0630\u062c \u0645\u0646 \u0642\u0628\u0644 \u0627\u0644\u0648\u0627\u0644\u062f\u064a\u0646 \u0627\u0644\u0645\u0646\u0641\u0635\u0644\u064a\u0646 \u0623\u0648 \u0627\u0644\u0645\u0637\u0644\u0642\u064a\u0646.<\/strong><\/p>\n\n\n\n<p>\u0627\u0644\u0645\u0632\u064a\u062f \u0645\u0646 \u0627\u0644\u0645\u0639\u0644\u0648\u0645\u0627\u062a \u0639\u0646 <a href=\"https:\/\/www.service-public.fr\/particuliers\/vosdroits\/R15764\" target=\"_blank\" rel=\"noreferrer noopener\">Service-Public.fr<\/a> <\/p>\n\n\n\n<h2 class=\"wp-block-heading\">\u0643\u064a\u0641 \u062a\u0642\u0648\u0645 \u0628\u0630\u0644\u0643\u061f<\/h2>\n\n\n\n<p>\u064a\u0645\u0643\u0646\u0643 \u062a\u0642\u062f\u064a\u0645 \u0637\u0644\u0628 \u0625\u0644\u0649 \u0645\u062d\u0643\u0645\u0629 \u0627\u0644\u0623\u0633\u0631\u0629 \u0639\u0646 \u0637\u0631\u064a\u0642 \u062e\u0637\u0627\u0628. \u064a\u062c\u0628 \u0623\u0646 \u062a\u0630\u0643\u0631 \u0644\u0642\u0628\u0643 \u0648\u0627\u0633\u0645\u0643 \u0627\u0644\u0623\u0648\u0644 \u0648\u062a\u0627\u0631\u064a\u062e \u0648\u0645\u0643\u0627\u0646 \u0645\u064a\u0644\u0627\u062f\u0643 \u0648\u0639\u0646\u0648\u0627\u0646\u0643 \u0648\u0639\u0646\u0648\u0627\u0646 \u062e\u0635\u0645\u0643 \u0648\u0623\u0633\u0628\u0627\u0628 \u062f\u0639\u0648\u0627\u0643.<br><br>\u0623\u0648 \u064a\u0645\u0643\u0646\u0643 \u0625\u0631\u0633\u0627\u0644 \u0627\u0644\u0645\u0633\u062a\u0646\u062f\u0627\u062a \u0627\u0644\u0645\u0637\u0644\u0648\u0628 \u062a\u0642\u062f\u064a\u0645\u0647\u0627 \u0645\u0639 \u0627\u0644\u0623\u062f\u0644\u0629 \u0627\u0644\u062f\u0627\u0639\u0645\u0629 \u0627\u0644\u0645\u0637\u0644\u0648\u0628\u0629 \u0625\u0644\u0649 \u0627\u0644\u0645\u062d\u0643\u0645\u0629 \u0627\u0644\u0627\u0628\u062a\u062f\u0627\u0626\u064a\u0629.<\/p>\n\n\n\n<h3 class=\"wp-block-heading\">\u0627\u0644\u0645\u0633\u062a\u0646\u062f\u0627\u062a \u0627\u0644\u0645\u0637\u0644\u0648\u0628 \u062a\u0642\u062f\u064a\u0645\u0647\u0627<\/h3>\n\n\n\n<ul style=\"padding-right:var(--wp--preset--spacing--60);padding-left:var(--wp--preset--spacing--60)\" class=\"wp-block-list\">\n<li><a href=\"https:\/\/mairie-montataire.fr\/ar\/app\/uploads\/2024\/07\/notice-requete-au-juge-des-affaires-familiales-_5072010.pdf\/\" data-type=\"link\" data-id=\"https:\/\/montataire.mentalworks.me\/app\/uploads\/2024\/07\/notice-requete-au-juge-des-affaires-familiales-_5072010.pdf\" target=\"_blank\" rel=\"noreferrer noopener\">\u0625\u0634\u0639\u0627\u0631 - \u0627\u0644\u0637\u0644\u0628 \u0627\u0644\u0645\u0642\u062f\u0645 \u0625\u0644\u0649 \u0642\u0627\u0636\u064a \u0645\u062d\u0643\u0645\u0629 \u0627\u0644\u0623\u0633\u0631\u0629 - \u0633\u064a\u0631\u0641\u0627 \u0631\u0642\u0645 50720#10<\/a><\/li>\n\n\n\n<li><a href=\"https:\/\/mairie-montataire.fr\/ar\/app\/uploads\/2024\/07\/cerfa-requete-au-juge-des-affaires-familiales-_11530-11.pdf\/\" target=\"_blank\" rel=\"noreferrer noopener\">\u0637\u0644\u0628 \u0625\u0644\u0649 \u0645\u062d\u0643\u0645\u0629 \u0627\u0644\u0623\u0633\u0631\u0629 - \u0633\u064a\u0631\u0641\u0627 \u0631\u0642\u0645 11530*11 <\/a><\/li>\n<\/ul>","protected":false},"featured_media":0,"template":"","meta":{"_acf_changed":false,"_uag_custom_page_level_css":""},"online-approach-category":[17],"class_list":["post-984","online-approach","type-online-approach","status-publish","hentry","online-approach-category-centre-communal-daction-sociale-ccas"],"acf":[],"uagb_featured_image_src":{"full":false,"thumbnail":false,"medium":false,"medium_large":false,"large":false,"1536x1536":false,"2048x2048":false,"trp-custom-language-flag":false,"gform-image-choice-sm":false,"gform-image-choice-md":false,"gform-image-choice-lg":false},"uagb_author_info":{"display_name":"Laure Pubert","author_link":"https:\/\/mairie-montataire.fr\/ar\/actualites\/author\/"},"uagb_comment_info":0,"uagb_excerpt":"Demande au juge aux affaires familiales Pour obtenir la fixation ou la modification des mesures \u00e9tablies par le juge portant sur les conditions d&rsquo;exercice de l&rsquo;autorit\u00e9 parentale, du droit de visite et d&rsquo;h\u00e9bergement, de la pension alimentaire ou de la r\u00e9sidence habituelle de vos enfants. Ce formulaire est utilisable par des parents s\u00e9par\u00e9s ou divorc\u00e9s.&hellip;","_links":{"self":[{"href":"https:\/\/mairie-montataire.fr\/ar\/wp-json\/wp\/v2\/online-approach\/984","targetHints":{"allow":["GET"]}}],"collection":[{"href":"https:\/\/mairie-montataire.fr\/ar\/wp-json\/wp\/v2\/online-approach"}],"about":[{"href":"https:\/\/mairie-montataire.fr\/ar\/wp-json\/wp\/v2\/types\/online-approach"}],"wp:attachment":[{"href":"https:\/\/mairie-montataire.fr\/ar\/wp-json\/wp\/v2\/media?parent=984"}],"wp:term":[{"taxonomy":"online-approach-category","embeddable":true,"href":"https:\/\/mairie-montataire.fr\/ar\/wp-json\/wp\/v2\/online-approach-category?post=984"}],"curies":[{"name":"\u062f\u0628\u0644\u064a\u0648 \u0628\u064a","href":"https:\/\/api.w.org\/{rel}","templated":true}]}}