{"id":978,"date":"2024-07-08T13:58:10","date_gmt":"2024-07-08T13:58:10","guid":{"rendered":"https:\/\/montataire.mentalworks.me\/?post_type=online-approach&#038;p=978"},"modified":"2025-12-15T16:31:26","modified_gmt":"2025-12-15T16:31:26","slug":"%d8%b7%d9%84%d8%a8-%d8%a7%d9%84%d9%85%d8%b3%d8%a7%d8%b9%d8%af%d8%a9-%d8%a7%d9%84%d9%82%d8%a7%d9%86%d9%88%d9%86%d9%8a%d8%a9","status":"publish","type":"online-approach","link":"https:\/\/mairie-montataire.fr\/ar\/demarches-en-ligne\/demande-daide-juridictionelle\/","title":{"rendered":"\u0627\u0644\u062a\u0642\u062f\u0645 \u0628\u0637\u0644\u0628 \u0644\u0644\u062d\u0635\u0648\u0644 \u0639\u0644\u0649 \u0627\u0644\u0645\u0633\u0627\u0639\u062f\u0629 \u0627\u0644\u0642\u0627\u0646\u0648\u0646\u064a\u0629"},"content":{"rendered":"<h2 class=\"wp-block-heading\">\u0627\u0644\u062a\u0642\u062f\u0645 \u0628\u0637\u0644\u0628 \u0644\u0644\u062d\u0635\u0648\u0644 \u0639\u0644\u0649 \u0627\u0644\u0645\u0633\u0627\u0639\u062f\u0629 \u0627\u0644\u0642\u0627\u0646\u0648\u0646\u064a\u0629<\/h2>\n\n\n\n<p><strong><a href=\"https:\/\/www.service-public.fr\/particuliers\/vosdroits\/F18074\" target=\"_blank\" rel=\"noreferrer noopener\">\u0627\u0644\u0645\u0633\u0627\u0639\u062f\u0629 \u0627\u0644\u0642\u0627\u0646\u0648\u0646\u064a\u0629<\/a>\u0644\u0645\u0646\u061f \u0625\u0630\u0627 \u0643\u0627\u0646\u062a \u0645\u0648\u0627\u0631\u062f\u0643 \u0627\u0644\u0645\u0627\u0644\u064a\u0629 \u063a\u064a\u0631 \u0643\u0627\u0641\u064a\u0629 \u0644\u0644\u0646\u0638\u0631 \u0641\u064a \u0642\u0636\u064a\u062a\u0643 \u0623\u0645\u0627\u0645 \u0645\u062d\u0643\u0645\u0629 \u0641\u0631\u0646\u0633\u064a\u0629\u060c \u0641\u0642\u062f \u062a\u0643\u0648\u0646 \u0645\u0624\u0647\u0644\u0627\u064b \u0644\u0644\u062d\u0635\u0648\u0644 \u0639\u0644\u0649 \u0645\u0633\u0627\u0639\u062f\u0629 \u0645\u0627\u0644\u064a\u0629 \u0645\u0646 \u0627\u0644\u062f\u0648\u0644\u0629\u060c \u0648\u0627\u0644\u0645\u0639\u0631\u0648\u0641\u0629 \u0628\u0627\u0633\u0645 \"\u0627\u0644\u0645\u0633\u0627\u0639\u062f\u0629 \u0627\u0644\u0642\u0627\u0646\u0648\u0646\u064a\u0629\". \u0648\u0639\u0646\u062f\u0647\u0627 \u0633\u062a\u062f\u0641\u0639 \u0627\u0644\u062f\u0648\u0644\u0629 \u062a\u0643\u0627\u0644\u064a\u0641\u0643 \u0627\u0644\u0642\u0627\u0646\u0648\u0646\u064a\u0629 \u0643\u0644\u064a\u0627\u064b \u0623\u0648 \u062c\u0632\u0626\u064a\u0627\u064b.<\/strong><\/p>\n\n\n\n<h2 class=\"wp-block-heading\">\u0643\u064a\u0641 \u062a\u0642\u0648\u0645 \u0628\u0630\u0644\u0643\u061f<\/h2>\n\n\n\n<p>\u0642\u0628\u0644 \u062a\u0642\u062f\u064a\u0645 \u0627\u0644\u0637\u0644\u0628\u060c \u064a\u0645\u0643\u0646\u0643 \u0627\u0633\u062a\u062e\u062f\u0627\u0645 <a href=\"https:\/\/www.aidejuridictionnelle.justice.fr\/simulateur\" target=\"_blank\" rel=\"noreferrer noopener\">\u062c\u0647\u0627\u0632 \u0627\u0644\u0645\u062d\u0627\u0643\u0627\u0629<\/a> \u0644\u0645\u0639\u0631\u0641\u0629 \u0645\u0627 \u0625\u0630\u0627 \u0643\u0646\u062a \u0645\u0624\u0647\u0644\u0627\u064b \u0644\u0644\u062d\u0635\u0648\u0644 \u0639\u0644\u0649 \u0627\u0644\u0645\u0633\u0627\u0639\u062f\u0629 \u0627\u0644\u0642\u0627\u0646\u0648\u0646\u064a\u0629.<\/p>\n\n\n\n<h3 class=\"wp-block-heading\">\u0627\u0644\u0645\u0633\u062a\u0646\u062f\u0627\u062a \u0627\u0644\u0645\u0637\u0644\u0648\u0628 \u062a\u0642\u062f\u064a\u0645\u0647\u0627 : <\/h3>\n\n\n\n<ul style=\"padding-right:var(--wp--preset--spacing--60);padding-left:var(--wp--preset--spacing--60)\" class=\"wp-block-list\">\n<li><a href=\"https:\/\/mairie-montataire.fr\/ar\/app\/uploads\/2024\/07\/cerfa-aide-juridictionnelle_16146-03.pdf\/\" target=\"_blank\" rel=\"noreferrer noopener\">\u0627\u0633\u062a\u0645\u0627\u0631\u0629 \u0637\u0644\u0628 \u0627\u0644\u0645\u0633\u0627\u0639\u062f\u0629 \u0627\u0644\u0642\u0627\u0646\u0648\u0646\u064a\u0629 - Cerfa 16146*03<\/a><\/li>\n\n\n\n<li>\u0625\u062b\u0628\u0627\u062a \u0627\u0644\u0647\u0648\u064a\u0629<\/li>\n\n\n\n<li>\u0625\u062b\u0628\u0627\u062a \u0627\u0644\u062f\u062e\u0644<\/li>\n\n\n\n<li>\u0625\u062b\u0628\u0627\u062a \u0627\u0644\u0623\u0635\u0648\u0644<\/li>\n\n\n\n<li>\u0625\u062b\u0628\u0627\u062a \u062a\u0623\u0645\u064a\u0646 \u0627\u0644\u0645\u0635\u0627\u0631\u064a\u0641 \u0627\u0644\u0642\u0627\u0646\u0648\u0646\u064a\u0629 \u0625\u0630\u0627 \u0643\u0627\u0646 \u0644\u062f\u064a \u062a\u0623\u0645\u064a\u0646<\/li>\n\n\n\n<li>\u0625\u062b\u0628\u0627\u062a \u0627\u0644\u062a\u0645\u062b\u064a\u0644 \u0627\u0644\u0642\u0627\u0646\u0648\u0646\u064a \u0625\u0630\u0627 \u0643\u0646\u062a \u0642\u062f \u0627\u0633\u062a\u0639\u0646\u062a \u0628\u0627\u0644\u0641\u0639\u0644 \u0628\u062e\u062f\u0645\u0627\u062a \u0645\u0645\u062b\u0644 \u0642\u0627\u0646\u0648\u0646\u064a<\/li>\n\n\n\n<li>\u0634\u0647\u0627\u062f\u0629 \u0625\u0630\u0627 \u0643\u0627\u0646\u062a \u0634\u0631\u0643\u0629 \u0627\u0644\u062a\u0623\u0645\u064a\u0646 \u0644\u0627 \u062a\u063a\u0637\u064a \u0627\u0644\u062a\u0643\u0627\u0644\u064a\u0641<\/li>\n\n\n\n<li><a href=\"https:\/\/www.service-public.fr\/particuliers\/vosdroits\/R39717\" target=\"_blank\" rel=\"noreferrer noopener\">\u0634\u0647\u0627\u062f\u0629 \u062a\u063a\u0637\u064a\u0629 \u063a\u064a\u0631 \u062a\u0623\u0645\u064a\u0646\u064a\u0629<\/a> <em>(\u064a\u062c\u0628 \u0625\u0643\u0645\u0627\u0644 \u0647\u0630\u0647 \u0627\u0644\u0634\u0647\u0627\u062f\u0629 \u0645\u0646 \u0642\u0628\u0644\u0643 \u0648\u0645\u0646 \u0642\u0628\u0644 \u0634\u0631\u0643\u0629 \u0627\u0644\u062a\u0623\u0645\u064a\u0646 \u0627\u0644\u062e\u0627\u0635\u0629 \u0628\u0643 \u0625\u0630\u0627 \u0643\u0627\u0646\u062a \u0627\u0644\u0623\u062e\u064a\u0631\u0629 \u0644\u0627 \u062a\u063a\u0637\u064a \u062a\u0643\u0627\u0644\u064a\u0641 \u0627\u0644\u0645\u062d\u0627\u0643\u0645\u0629)<\/em><\/li>\n<\/ul>\n\n\n\n<h2 class=\"wp-block-heading\">\u062c\u0647\u0627\u062a \u0627\u0644\u0627\u062a\u0635\u0627\u0644<\/h2>\n\n\n\n<p>\u0644\u0648&nbsp;<a href=\"https:\/\/www.service-public.fr\/particuliers\/vosdroits\/F18074\" target=\"_blank\" rel=\"noreferrer noopener\"><strong>\u0645\u0643\u0627\u0646 \u062a\u0642\u062f\u064a\u0645 \u0627\u0644\u0637\u0644\u0628<\/strong><\/a>&nbsp;\u0647\u0648 \u0645\u0643\u062a\u0628 \u0627\u0644\u0645\u0633\u0627\u0639\u062f\u0629 \u0627\u0644\u0642\u0627\u0646\u0648\u0646\u064a\u0629 \u0627\u0644\u0645\u0633\u0624\u0648\u0644 \u0639\u0646 \u0645\u0643\u0627\u0646 \u0625\u0642\u0627\u0645\u062a\u0643.<\/p>\n\n\n\n<div style=\"height:30px\" aria-hidden=\"true\" class=\"wp-block-spacer\"><\/div>\n\n\n\n<p><strong>\u064a\u0645\u0643\u0646\u0643 \u0627\u0644\u062d\u0635\u0648\u0644 \u0639\u0644\u0649 \u0627\u0644\u0645\u0633\u0627\u0639\u062f\u0629 \u0645\u0646 :<\/strong><\/p>\n\n\n\n<div class=\"wp-block-columns is-layout-flex wp-container-core-columns-is-layout-9d6595d7 wp-block-columns-is-layout-flex\">\n<div class=\"wp-block-column is-layout-flow wp-block-column-is-layout-flow\">\n<p><strong>\u062f\u0627\u0631 \u0627\u0644\u0639\u062f\u0644 \u0648\u0627\u0644\u0642\u0627\u0646\u0648\u0646<\/strong><br><a href=\"https:\/\/www.google.fr\/maps\/dir\/\/26+Rue+Voltaire,+60100+Creil\/@49.2642296,2.4792583,16.75z\/data=!4m9!4m8!1m0!1m5!1m1!1s0x47e64a1b04af6d63:0xc8dd129be1d1ecf7!2m2!1d2.4793817!2d49.265167!3e0?entry=ttu&amp;g_ep=EgoyMDI0MDkwMi4xIKXMDSoASAFQAw%3D%3D\" target=\"_blank\" rel=\"noreferrer noopener\">26\u060c \u0634\u0627\u0631\u0639 \u0641\u0648\u0644\u062a\u064a\u0631 - 60100 \u0643\u0631\u064a\u0644<\/a><br>\u0627\u0644\u0627\u062b\u0646\u064a\u0646 2 \u0638\u0647\u0631\u0627\u064b \u0625\u0644\u0649 5 \u0645\u0633\u0627\u0621\u064b<br>\u0645\u0646 \u0627\u0644\u062b\u0644\u0627\u062b\u0627\u0621 \u0625\u0644\u0649 \u0627\u0644\u062c\u0645\u0639\u0629\u060c \u0645\u0646 9 \u0635\u0628\u0627\u062d\u0627\u064b \u0625\u0644\u0649 12 \u0638\u0647\u0631\u0627\u064b \u0648\u0645\u0646 1:30 \u0638\u0647\u0631\u0627\u064b \u0625\u0644\u0649 5 \u0645\u0633\u0627\u0621\u064b<br><a href=\"tel:03 44 64 46 70\">03 44 64 46 70<\/a><br><a href=\"https:\/\/www.creilsudoise.fr\/acces-aux-droits\/maison-de-la-justice-et-du-droit\/\" target=\"_blank\" rel=\"noreferrer noopener\">creilsudoise.fr<\/a><\/p>\n<\/div>\n\n\n\n<div class=\"wp-block-column is-layout-flow wp-block-column-is-layout-flow\">\n<p><strong>\u0645\u062d\u0627\u0645\u064a \u062a\u062d\u062a \u0627\u0644\u0637\u0644\u0628 \u0641\u064a \u062f\u0627\u0631 \u0627\u0644\u0628\u0644\u062f\u064a\u0629 <\/strong><br><a href=\"https:\/\/www.google.com\/maps\/dir\/\/Mairie+de+Montataire,+Place+Auguste+G%C3%A9nie,+Montataire\/@49.2534496,2.4368934,15.5z\/data=!4m9!4m8!1m0!1m5!1m1!1s0x47e64bdbfeedc0f9:0x37d06c42d3f4f26d!2m2!1d2.4345724!2d49.2563201!3e2?entry=ttu&amp;g_ep=EgoyMDI0MDgyOC4wIKXMDSoASAFQAw%3D%3D\" target=\"_blank\" rel=\"noreferrer noopener\">\u0633\u0627\u062d\u0629 \u0623\u0648\u063a\u0633\u062a \u062c\u064a\u0646\u064a\u064a - 60160 \u0645\u0648\u0646\u062a\u0627\u062a\u064a\u0631\u00a0<\/a><br><a href=\"tel:03 44 64 44 44\">03 44 64 44 44<\/a><br><a href=\"https:\/\/mairie-montataire.fr\/ar\/%d8%a7%d8%aa%d8%b5%d9%84-%d8%a8%d9%86%d8%a7\/\" target=\"_blank\" rel=\"noreferrer noopener\">\u0627\u062a\u0635\u0644 \u0628\u062f\u0627\u0631 \u0627\u0644\u0628\u0644\u062f\u064a\u0629<\/a><\/p>\n<\/div>\n<\/div>","protected":false},"featured_media":0,"template":"","meta":{"_acf_changed":false,"_uag_custom_page_level_css":""},"online-approach-category":[17],"class_list":["post-978","online-approach","type-online-approach","status-publish","hentry","online-approach-category-centre-communal-daction-sociale-ccas"],"acf":[],"uagb_featured_image_src":{"full":false,"thumbnail":false,"medium":false,"medium_large":false,"large":false,"1536x1536":false,"2048x2048":false,"trp-custom-language-flag":false,"gform-image-choice-sm":false,"gform-image-choice-md":false,"gform-image-choice-lg":false},"uagb_author_info":{"display_name":"Laure Pubert","author_link":"https:\/\/mairie-montataire.fr\/ar\/actualites\/author\/"},"uagb_comment_info":0,"uagb_excerpt":"Demande d&rsquo;aide juridictionelle L&rsquo;aide juridictionnelle, pour qui ? Si vos ressources financi\u00e8res sont insuffisantes pour votre proc\u00e8s devant un tribunal fran\u00e7ais, vous pouvez b\u00e9n\u00e9ficier d&rsquo;une aide financi\u00e8re de l&rsquo;\u00c9tat, appel\u00e9e \u00ab\u00a0aide juridictionnelle\u00a0\u00bb.&nbsp;Vos frais de proc\u00e9dure seront alors pris en charge totalement ou partiellement par l\u2019\u00c9tat. Comment faire ? Avant de r\u00e9aliser la demande vous pouvez&hellip;","_links":{"self":[{"href":"https:\/\/mairie-montataire.fr\/ar\/wp-json\/wp\/v2\/online-approach\/978","targetHints":{"allow":["GET"]}}],"collection":[{"href":"https:\/\/mairie-montataire.fr\/ar\/wp-json\/wp\/v2\/online-approach"}],"about":[{"href":"https:\/\/mairie-montataire.fr\/ar\/wp-json\/wp\/v2\/types\/online-approach"}],"wp:attachment":[{"href":"https:\/\/mairie-montataire.fr\/ar\/wp-json\/wp\/v2\/media?parent=978"}],"wp:term":[{"taxonomy":"online-approach-category","embeddable":true,"href":"https:\/\/mairie-montataire.fr\/ar\/wp-json\/wp\/v2\/online-approach-category?post=978"}],"curies":[{"name":"\u062f\u0628\u0644\u064a\u0648 \u0628\u064a","href":"https:\/\/api.w.org\/{rel}","templated":true}]}}