{"id":969,"date":"2024-07-08T13:10:33","date_gmt":"2024-07-08T13:10:33","guid":{"rendered":"https:\/\/montataire.mentalworks.me\/?post_type=online-approach&#038;p=969"},"modified":"2024-09-06T09:33:07","modified_gmt":"2024-09-06T09:33:07","slug":"%d8%b7%d9%84%d8%a8-%d8%a7%d9%84%d8%ad%d8%b5%d9%88%d9%84-%d8%b9%d9%84%d9%89-%d8%a7%d9%84%d8%aa%d8%a3%d9%85%d9%8a%d9%86-%d8%a7%d9%84%d8%b5%d8%ad%d9%8a-%d8%a7%d9%84%d8%aa%d9%83%d9%85%d9%8a%d9%84%d9%8a","status":"publish","type":"online-approach","link":"https:\/\/mairie-montataire.fr\/ar\/demarches-en-ligne\/demande-de-complementaire-sante-solidaire\/","title":{"rendered":"\u0637\u0644\u0628 \u0627\u0644\u062d\u0635\u0648\u0644 \u0639\u0644\u0649 \u0627\u0644\u062f\u0639\u0645 \u0627\u0644\u0635\u062d\u064a \u0627\u0644\u062a\u0636\u0627\u0645\u0646\u064a (Supp\u00e9mentaire Sant\u00e9 Solidaire)"},"content":{"rendered":"<h2 class=\"wp-block-heading\">\u0637\u0644\u0628 \u0627\u0644\u062d\u0635\u0648\u0644 \u0639\u0644\u0649 \u0627\u0644\u062f\u0639\u0645 \u0627\u0644\u0635\u062d\u064a \u0627\u0644\u062a\u0636\u0627\u0645\u0646\u064a (Supp\u00e9mentaire Sant\u00e9 Solidaire)<\/h2>\n\n\n\n<p><strong>\u064a\u0648\u0641\u0631 \u0628\u0631\u0646\u0627\u0645\u062c \u0627\u0644\u062a\u063a\u0637\u064a\u0629 \u0627\u0644\u0635\u062d\u064a\u0629 \u0627\u0644\u062a\u0643\u0645\u064a\u0644\u064a\u0629 (CSS) \u062a\u063a\u0637\u064a\u0629 \u0635\u062d\u064a\u0629 \u062a\u0643\u0645\u064a\u0644\u064a\u0629. \u0648\u062a\u0628\u0639\u0627\u064b \u0644\u0645\u0633\u062a\u0648\u0649 \u0627\u0644\u0645\u0648\u0627\u0631\u062f\u060c \u064a\u0645\u0643\u0646 \u0645\u0646\u062d \u0627\u0644\u062a\u063a\u0637\u064a\u0629 \u0627\u0644\u0635\u062d\u064a\u0629 \u0627\u0644\u062a\u0643\u0645\u064a\u0644\u064a\u0629 \u0639\u0644\u0649 \u0623\u0633\u0627\u0633 \u0627\u062e\u062a\u0628\u0627\u0631 \u0627\u0644\u0645\u0648\u0627\u0631\u062f. \u0641\u064a \u062d\u0627\u0644\u0629 \u0627\u0644\u0645\u0648\u0627\u0641\u0642\u0629\u060c \u062a\u0643\u0648\u0646 \u0627\u0644\u062a\u063a\u0637\u064a\u0629 \u0627\u0644\u0635\u062d\u064a\u0629 \u0627\u0644\u062a\u0643\u0645\u064a\u0644\u064a\u0629 \u0645\u062c\u0627\u0646\u064b\u0627 \u0623\u0648 \u062a\u062a\u0637\u0644\u0628 \u0645\u0633\u0627\u0647\u0645\u0629 \u0645\u0627\u0644\u064a\u0629 \u0645\u0646 \u0645\u0642\u062f\u0645 \u0627\u0644\u0637\u0644\u0628 (\u0628\u0645\u0628\u0627\u0644\u063a \u0635\u063a\u064a\u0631\u0629). \u0647\u0630\u0627 \u0628\u0627\u0644\u0646\u0633\u0628\u0629 \u0644\u0644\u0623\u0634\u062e\u0627\u0635 \u0627\u0644\u0645\u0631\u062a\u0628\u0637\u064a\u0646 \u0628\u0646\u0638\u0627\u0645 \u0627\u0644\u062a\u0623\u0645\u064a\u0646 \u0627\u0644\u0635\u062d\u064a (CPAM\u060c \u0648MGEN\u060c \u0648MSA\u060c \u0625\u0644\u062e) \u0648\u0645\u064f\u0639\u0627\u0644\u064a\u0647\u0645 (\u0627\u0644\u0623\u0637\u0641\u0627\u0644\u060c \u0625\u0644\u062e).<\/strong><\/p>\n\n\n\n<h2 class=\"wp-block-heading\">\u0643\u064a\u0641 \u062a\u0642\u0648\u0645 \u0628\u0630\u0644\u0643\u061f<\/h2>\n\n\n\n<ul style=\"padding-right:var(--wp--preset--spacing--60);padding-left:var(--wp--preset--spacing--60)\" class=\"wp-block-list\">\n<li>\u064a\u0645\u0643\u0646\u0643 \u0645\u062a\u0627\u0628\u0639\u0629 <strong>\u0627\u0644\u0646\u0647\u062c \u0627\u0644\u0645\u062a\u0628\u0639 \u0641\u064a \u0627\u0644\u0645\u0648\u0642\u0639<\/strong> <a href=\"https:\/\/www.ameli.fr\/assure\" data-type=\"link\" data-id=\"https:\/\/www.ameli.fr\/assure\" target=\"_blank\" rel=\"noreferrer noopener\">ameli.fr<\/a>&nbsp;\u0644\u0644\u0623\u0634\u062e\u0627\u0635 \u0627\u0644\u0645\u0633\u062c\u0644\u064a\u0646 \u0644\u062f\u0649 Caisse Primaire d'Assurance Maladie. <\/li>\n\n\n\n<li>\u0623\u0648 <strong>\u0623\u0631\u0633\u0644 \u0637\u0644\u0628\u0643<\/strong> \u0627\u0644\u0645\u0646\u0638\u0645\u0629 \u0627\u0644\u062a\u064a \u062a\u0646\u062a\u0645\u064a \u0625\u0644\u064a\u0647\u0627 (CPAM\u060c MSA\u060c MGEN\u060c \u0625\u0644\u062e).<\/li>\n<\/ul>\n\n\n\n<h3 class=\"wp-block-heading\">\u0627\u0644\u0645\u0633\u062a\u0646\u062f\u0627\u062a \u0627\u0644\u0645\u0637\u0644\u0648\u0628 \u062a\u0642\u062f\u064a\u0645\u0647\u0627 :<\/h3>\n\n\n\n<div class=\"wp-block-uagb-icon-list uagb-block-2fb74703\"><div class=\"uagb-icon-list__wrap\">\n<div class=\"wp-block-uagb-icon-list-child uagb-block-513e2b60\"><span class=\"uagb-icon-list__source-wrap\"><svg xmlns=\"https:\/\/www.w3.org\/2000\/svg\" viewbox=\"0 0 384 512\"><path d=\"M256 0v128h128L256 0zM224 128L224 0H48C21.49 0 0 21.49 0 48v416C0 490.5 21.49 512 48 512h288c26.51 0 48-21.49 48-48V160h-127.1C238.3 160 224 145.7 224 128zM272 416h-160C103.2 416 96 408.8 96 400C96 391.2 103.2 384 112 384h160c8.836 0 16 7.162 16 16C288 408.8 280.8 416 272 416zM272 352h-160C103.2 352 96 344.8 96 336C96 327.2 103.2 320 112 320h160c8.836 0 16 7.162 16 16C288 344.8 280.8 352 272 352zM288 272C288 280.8 280.8 288 272 288h-160C103.2 288 96 280.8 96 272C96 263.2 103.2 256 112 256h160C280.8 256 288 263.2 288 272z\"><\/path><\/svg><\/span><span class=\"uagb-icon-list__label\"><a href=\"https:\/\/mairie-montataire.fr\/ar\/app\/uploads\/2024\/07\/s3711-complementaire-sante-solidaire-remp-non-sec-juillet-2022-version-dec-2022.pdf\/\" target=\"_blank\" rel=\"noreferrer noopener\">\u0637\u0644\u0628 \u0627\u0644\u062d\u0635\u0648\u0644 \u0639\u0644\u0649 \u0627\u0644\u062a\u0623\u0645\u064a\u0646 \u0627\u0644\u0635\u062d\u064a \u0627\u0644\u062a\u0643\u0645\u064a\u0644\u064a - \u0646\u0634\u0631\u0629 - Cerfa \u0631\u0642\u0645 52269#04 <\/a><\/span><\/div>\n<\/div><\/div>","protected":false},"featured_media":0,"template":"","meta":{"_acf_changed":false,"_uag_custom_page_level_css":""},"online-approach-category":[17],"class_list":["post-969","online-approach","type-online-approach","status-publish","hentry","online-approach-category-centre-communal-daction-sociale-ccas"],"acf":[],"uagb_featured_image_src":{"full":false,"thumbnail":false,"medium":false,"medium_large":false,"large":false,"1536x1536":false,"2048x2048":false,"trp-custom-language-flag":false,"gform-image-choice-sm":false,"gform-image-choice-md":false,"gform-image-choice-lg":false},"uagb_author_info":{"display_name":"Laure Pubert","author_link":"https:\/\/mairie-montataire.fr\/ar\/actualites\/author\/"},"uagb_comment_info":0,"uagb_excerpt":"Demande de Compl\u00e9mentaire Sant\u00e9 Solidaire La Compl\u00e9mentaire Sant\u00e9 Solidaire (CSS) permet d\u2019avoir une compl\u00e9mentaire sant\u00e9. Selon le niveau de ressource, la CSS peut \u00eatre accord\u00e9e sous condition de ressource.&nbsp;En cas d\u2019accord, la CSS est sans participation financi\u00e8re (gratuit) soit avec une participation financi\u00e8re du demandeur (avec des montants faibles). Celle-ci est pour les personnes \u00e9tant&hellip;","_links":{"self":[{"href":"https:\/\/mairie-montataire.fr\/ar\/wp-json\/wp\/v2\/online-approach\/969","targetHints":{"allow":["GET"]}}],"collection":[{"href":"https:\/\/mairie-montataire.fr\/ar\/wp-json\/wp\/v2\/online-approach"}],"about":[{"href":"https:\/\/mairie-montataire.fr\/ar\/wp-json\/wp\/v2\/types\/online-approach"}],"wp:attachment":[{"href":"https:\/\/mairie-montataire.fr\/ar\/wp-json\/wp\/v2\/media?parent=969"}],"wp:term":[{"taxonomy":"online-approach-category","embeddable":true,"href":"https:\/\/mairie-montataire.fr\/ar\/wp-json\/wp\/v2\/online-approach-category?post=969"}],"curies":[{"name":"\u062f\u0628\u0644\u064a\u0648 \u0628\u064a","href":"https:\/\/api.w.org\/{rel}","templated":true}]}}