{"id":8266,"date":"2026-08-27T08:00:00","date_gmt":"2026-08-27T08:00:00","guid":{"rendered":"https:\/\/mairie-montataire.fr\/?post_type=event&#038;p=8266"},"modified":"2026-08-04T14:07:49","modified_gmt":"2026-08-04T14:07:49","slug":"la-semaine-bleue-4","status":"publish","type":"event","link":"https:\/\/mairie-montataire.fr\/ar\/agenda\/retraites\/la-semaine-bleue-4\/","title":{"rendered":"\u0627\u0644\u0623\u0633\u0628\u0648\u0639 \u0627\u0644\u0623\u0632\u0631\u0642"},"content":{"rendered":"<p class=\"wp-block-paragraph\">La Semaine bleue, semaine nationale d\u00e9di\u00e9e aux personnes retrait\u00e9s et \u00e2g\u00e9es, est organis\u00e9e chaque ann\u00e9e elle met en valeur la place essentielle des a\u00een\u00e9s dans notre soci\u00e9t\u00e9 et rappelle l\u2019importance des liens interg\u00e9n\u00e9rationnels.<\/p>\n\n\n\n<p class=\"wp-block-paragraph\">\u00c0 Montataire, un programme vari\u00e9 m\u00ealant activit\u00e9s physiques, bien-\u00eatre, culture, loisirs et d\u00e9couverte est propos\u00e9 pour l\u2019occasion en partenariat avec le lyc\u00e9e Andr\u00e9 Malraux, l\u2019associations Femmes solidaires et les services de la Ville du 5 au 10 octobre 2026.<\/p>\n\n\n\n<div style=\"height:39px\" aria-hidden=\"true\" class=\"wp-block-spacer\"><\/div>\n\n\n\n\n\n<div style=\"height:39px\" aria-hidden=\"true\" class=\"wp-block-spacer\"><\/div>\n\n\n\n<h3 class=\"wp-block-heading has-text-align-center\">JEUDI 8 OCTOBRE : <strong><strong>Cultivez votre cr\u00e9ativit\u00e9, \u00c9veillez votre curiosit\u00e9\u00a0!!<\/strong><\/strong><\/h3>\n\n\n\n<p class=\"wp-block-paragraph\"><strong><mark style=\"background-color:rgba(0, 0, 0, 0)\" class=\"has-inline-color has-primary-800-color\">\/\/ <\/mark>9h30 : <strong><strong>\u0641\u064a \u0627\u0644\u0633\u0643\u0646 \u0627\u0644\u0645\u0633\u062a\u0642\u0644<\/strong><\/strong><\/strong><br>Apr\u00e8s un bon caf\u00e9 ensemble, un atelier floral vous permettra de laisser libre cours \u00e0 votre cr\u00e9ativit\u00e9.<br><br><strong><mark style=\"background-color:rgba(0, 0, 0, 0)\" class=\"has-inline-color has-primary-800-color\">\/\/<\/mark><\/strong> <strong>14h : <strong>\u0641\u064a \u0627\u0644\u0633\u0643\u0646 \u0627\u0644\u0645\u0633\u062a\u0642\u0644<\/strong><br><\/strong>Jeu d&rsquo;enqu\u00eate \u00ab Sherlock Holmes \u00bb, propos\u00e9 par le service Lecture publique, invitera les participants \u00e0 r\u00e9soudre une \u00e9nigme dans une ambiance conviviale. D\u2019autres jeux seront \u00e9galement mis \u00e0 disposition.<\/p>\n\n\n\n<p class=\"wp-block-paragraph\"><\/p>","protected":false},"featured_media":4292,"parent":0,"template":"","meta":{"_acf_changed":true,"_uag_custom_page_level_css":""},"event-theme":[99],"class_list":["post-8266","event","type-event","status-publish","has-post-thumbnail","hentry","event-theme-retraites"],"acf":[],"uagb_featured_image_src":{"full":["https:\/\/mairie-montataire.fr\/app\/uploads\/2024\/09\/Agenda_SemaineBleue24.jpg",450,335,false],"thumbnail":["https:\/\/mairie-montataire.fr\/app\/uploads\/2024\/09\/Agenda_SemaineBleue24-150x150.jpg",150,150,true],"medium":["https:\/\/mairie-montataire.fr\/app\/uploads\/2024\/09\/Agenda_SemaineBleue24-300x223.jpg",300,223,true],"medium_large":["https:\/\/mairie-montataire.fr\/app\/uploads\/2024\/09\/Agenda_SemaineBleue24.jpg",450,335,false],"large":["https:\/\/mairie-montataire.fr\/app\/uploads\/2024\/09\/Agenda_SemaineBleue24.jpg",450,335,false],"1536x1536":["https:\/\/mairie-montataire.fr\/app\/uploads\/2024\/09\/Agenda_SemaineBleue24.jpg",450,335,false],"2048x2048":["https:\/\/mairie-montataire.fr\/app\/uploads\/2024\/09\/Agenda_SemaineBleue24.jpg",450,335,false],"trp-custom-language-flag":["https:\/\/mairie-montataire.fr\/app\/uploads\/2024\/09\/Agenda_SemaineBleue24-16x12.jpg",16,12,true],"gform-image-choice-sm":["https:\/\/mairie-montataire.fr\/app\/uploads\/2024\/09\/Agenda_SemaineBleue24.jpg",300,223,false],"gform-image-choice-md":["https:\/\/mairie-montataire.fr\/app\/uploads\/2024\/09\/Agenda_SemaineBleue24.jpg",400,298,false],"gform-image-choice-lg":["https:\/\/mairie-montataire.fr\/app\/uploads\/2024\/09\/Agenda_SemaineBleue24.jpg",450,335,false]},"uagb_author_info":{"display_name":"Laure Pubert","author_link":"https:\/\/mairie-montataire.fr\/ar\/actualites\/author\/"},"uagb_comment_info":0,"uagb_excerpt":"La Semaine bleue, semaine nationale d\u00e9di\u00e9e aux personnes retrait\u00e9s et \u00e2g\u00e9es, est organis\u00e9e chaque ann\u00e9e elle met en valeur la place essentielle des a\u00een\u00e9s dans notre soci\u00e9t\u00e9 et rappelle l\u2019importance des liens interg\u00e9n\u00e9rationnels. \u00c0 Montataire, un programme vari\u00e9 m\u00ealant activit\u00e9s physiques, bien-\u00eatre, culture, loisirs et d\u00e9couverte est propos\u00e9 pour l\u2019occasion en partenariat avec le lyc\u00e9e&hellip;","_links":{"self":[{"href":"https:\/\/mairie-montataire.fr\/ar\/wp-json\/wp\/v2\/event\/8266","targetHints":{"allow":["GET"]}}],"collection":[{"href":"https:\/\/mairie-montataire.fr\/ar\/wp-json\/wp\/v2\/event"}],"about":[{"href":"https:\/\/mairie-montataire.fr\/ar\/wp-json\/wp\/v2\/types\/event"}],"wp:featuredmedia":[{"embeddable":true,"href":"https:\/\/mairie-montataire.fr\/ar\/wp-json\/wp\/v2\/media\/4292"}],"wp:attachment":[{"href":"https:\/\/mairie-montataire.fr\/ar\/wp-json\/wp\/v2\/media?parent=8266"}],"wp:term":[{"taxonomy":"event-theme","embeddable":true,"href":"https:\/\/mairie-montataire.fr\/ar\/wp-json\/wp\/v2\/event-theme?post=8266"}],"curies":[{"name":"\u062f\u0628\u0644\u064a\u0648 \u0628\u064a","href":"https:\/\/api.w.org\/{rel}","templated":true}]}}