{"id":7798,"date":"2026-04-10T08:05:20","date_gmt":"2026-04-10T08:05:20","guid":{"rendered":"https:\/\/mairie-montataire.fr\/?post_type=event&#038;p=7798"},"modified":"2026-04-10T08:07:46","modified_gmt":"2026-04-10T08:07:46","slug":"%d8%b3%d9%88%d9%82-%d8%a7%d9%84%d8%b1%d8%a8%d9%8a%d8%b9-%d9%84%d9%84%d8%b3%d9%84%d8%b9-%d8%a7%d9%84%d8%b1%d8%ae%d9%8a%d8%b5%d8%a9-%d9%88%d8%a7%d9%84%d9%85%d8%b3%d8%aa%d8%b9%d9%85%d9%84%d8%a9","status":"publish","type":"event","link":"https:\/\/mairie-montataire.fr\/ar\/agenda\/vie-associative\/brocante-de-lascension-mbb\/","title":{"rendered":"\u0628\u0631\u0648\u0643\u0627\u0646\u062a\u064a \u062f\u064a \u0644\u0627\u0633\u0646\u0633\u064a\u0648\u0646 - MBB"},"content":{"rendered":"<div class=\"wp-block-columns is-layout-flex wp-container-core-columns-is-layout-9d6595d7 wp-block-columns-is-layout-flex\">\n<div class=\"wp-block-column is-layout-flow wp-block-column-is-layout-flow\" style=\"flex-basis:33.33%\">\n<div class=\"wp-block-uagb-image uagb-block-8181703c wp-block-uagb-image--layout-default wp-block-uagb-image--effect-static wp-block-uagb-image--align-none\"><figure class=\"wp-block-uagb-image__figure\"><img decoding=\"async\" srcset=\"https:\/\/mairie-montataire.fr\/app\/uploads\/2026\/04\/aff_brocante-ascension-2026_V2-724x1024.png ,https:\/\/mairie-montataire.fr\/app\/uploads\/2026\/04\/aff_brocante-ascension-2026_V2-scaled.png 780w, https:\/\/mairie-montataire.fr\/app\/uploads\/2026\/04\/aff_brocante-ascension-2026_V2-scaled.png 360w\" sizes=\"auto, (max-width: 480px) 150px\" src=\"https:\/\/mairie-montataire.fr\/app\/uploads\/2026\/04\/aff_brocante-ascension-2026_V2-724x1024.png\" alt=\"\" class=\"uag-image-7799\" width=\"724\" height=\"1024\" title=\"\u0623\u0641_\u0628\u0631\u0648\u0643\u0627\u0646\u062a\u064a \u0623\u0633\u0646\u0633\u064a\u0648\u0646 2026_V2\" loading=\"lazy\" role=\"img\"\/><\/figure><\/div>\n<\/div>\n\n\n\n<div class=\"wp-block-column is-layout-flow wp-block-column-is-layout-flow\" style=\"flex-basis:66.66%\">\n<p>\u064a\u062a\u0645 \u062a\u0646\u0638\u064a\u0645 \u0633\u0648\u0642 \u0627\u0644\u0633\u0644\u0639 \u0627\u0644\u0645\u0633\u062a\u0639\u0645\u0644\u0629 \u0645\u0646 \u0642\u0628\u0644 \u0627\u0644\u062c\u0645\u0639\u064a\u0629 <a href=\"https:\/\/mairie-montataire.fr\/ar\/%d8%a7%d9%84%d8%af%d9%84%d8%a7%d8%a6%d9%84\/%d8%a7%d9%84%d8%ac%d9%85%d8%b9%d9%8a%d8%a7%d8%aa-2\/%d8%a7%d9%84%d8%b1%d9%8a%d8%a7%d8%b6%d8%a9\/%d9%85%d9%88%d9%86%d8%aa%d8%a7%d8%aa%d8%a7%d9%8a%d8%b1-%d9%83%d8%b1%d8%a9-%d8%a7%d9%84%d8%b3%d9%84%d8%a9-%d9%85%d9%88%d9%86%d8%aa%d8%a7%d9%86%d8%a7%d9%8a%d8%b1\/\">\u0643\u0631\u0629 \u0633\u0644\u0629 \u0645\u0648\u0646\u062a\u0627\u062a\u064a\u0631 \u0645\u0648\u0646\u062a\u0627\u062a\u064a\u0631<\/a>. \u0648\u0647\u0648 \u064a\u063a\u0637\u064a \u0633\u0627\u062d\u0629 \u0627\u0644\u0628\u0644\u062f\u064a\u0629 \u0648\u0634\u0627\u0631\u0639 \u0627\u0644\u062c\u0645\u0647\u0648\u0631\u064a\u0629 \u0648\u0628\u0627\u0631\u0643 \u0645\u0627\u0631\u0633\u064a\u0644 \u0643\u0627\u0634\u0627\u0646.<\/p>\n\n\n\n<p>\u064a\u062a\u0645 \u0627\u0644\u062a\u0633\u062c\u064a\u0644 \u0623\u064a\u0627\u0645 \u0627\u0644\u062c\u0645\u0639\u0629 17 \u064824 \u0648\u0627\u0644\u062e\u0645\u064a\u0633 30 \u0623\u0628\u0631\u064a\u0644 \u0645\u0646 \u0627\u0644\u0633\u0627\u0639\u0629 6 \u0645\u0633\u0627\u0621\u064b \u0625\u0644\u0649 7:30 \u0645\u0633\u0627\u0621\u064b\u060c \u0648\u064a\u0648\u0645\u064a \u0627\u0644\u0633\u0628\u062a 2 \u06489 \u0645\u0627\u064a\u0648 \u0645\u0646 \u0627\u0644\u0633\u0627\u0639\u0629 10:30 \u0635\u0628\u0627\u062d\u0627\u064b \u0625\u0644\u0649 12 \u0638\u0647\u0631\u0627\u064b \u0641\u064a \u0642\u0627\u0639\u0629 \u0645\u0627\u0631\u0633\u064a\u0644 \u0643\u0648\u064a\u0646 \u0627\u0644\u0631\u064a\u0627\u0636\u064a\u0629\u060c \u0634\u0627\u0631\u0639 \u063a\u064a \u0645\u0648\u0648\u0643\u064a\u0647.<\/p>\n\n\n\n<p><strong> <em>\u064a\u0631\u062c\u0649 \u0645\u0644\u0627\u062d\u0638\u0629: \u0644\u0627 \u064a\u0645\u0643\u0646 \u062d\u062c\u0632 \u0623\u064a \u0645\u0644\u0627\u0639\u0628 \u0641\u064a \u0627\u0644\u064a\u0648\u0645!<\/em><\/strong><\/p>\n\n\n\n<h3 class=\"wp-block-heading\">\u0627\u0644\u0623\u0633\u0639\u0627\u0631 :<\/h3>\n\n\n\n<ul class=\"wp-block-list\">\n<li style=\"font-style:normal;font-weight:400\"><strong>\u0645\u0648\u0646\u062a\u0627\u062a\u064a\u0631<\/strong> 5 \u0644\u0643\u0644 \u0645\u062a\u0631 \u0637\u0648\u0644\u064a<\/li>\n\n\n\n<li style=\"font-style:normal;font-weight:400\"><strong>\u0641\u064a \u0627\u0644\u062e\u0627\u0631\u062c<\/strong> 5.50 \u062f\u0648\u0644\u0627\u0631 \u0644\u0643\u0644 \u0645\u062a\u0631 \u0637\u0648\u0644\u064a<\/li>\n<\/ul>\n\n\n\n<p><strong>\u062c\u0647\u0627\u062a \u0627\u0644\u0627\u062a\u0635\u0627\u0644:<\/strong> 06 64 64 77 67 67 79 \/ brocantemontatairebb@gmail.com<\/p>\n\n\n\n<ul class=\"wp-block-list\">\n<li style=\"font-style:normal;font-weight:400\"><strong>\u0627\u0644\u0645\u062d\u062a\u0631\u0641\u0648\u0646<\/strong> 5.30 \u062f\u0648\u0644\u0627\u0631 \u0644\u0643\u0644 \u0645\u062a\u0631 \u0637\u0648\u0644\u064a (\u0627\u0644\u062a\u0633\u062c\u064a\u0644 \u0645\u0639 \u0645\u0627\u064a\u0643\u0644 \u062f\u0648\u0628\u0648\u064a - 06 15 11 11 77 04)<\/li>\n<\/ul>\n<\/div>\n<\/div>","protected":false},"featured_media":7800,"parent":0,"template":"","meta":{"_acf_changed":true,"_uag_custom_page_level_css":""},"event-theme":[73],"class_list":["post-7798","event","type-event","status-publish","has-post-thumbnail","hentry","event-theme-vie-associative"],"acf":[],"uagb_featured_image_src":{"full":["https:\/\/mairie-montataire.fr\/app\/uploads\/2026\/04\/Agenda_BrocanteAcsensionMBB.jpg",450,335,false],"thumbnail":["https:\/\/mairie-montataire.fr\/app\/uploads\/2026\/04\/Agenda_BrocanteAcsensionMBB-150x150.jpg",150,150,true],"medium":["https:\/\/mairie-montataire.fr\/app\/uploads\/2026\/04\/Agenda_BrocanteAcsensionMBB-300x223.jpg",300,223,true],"medium_large":["https:\/\/mairie-montataire.fr\/app\/uploads\/2026\/04\/Agenda_BrocanteAcsensionMBB.jpg",450,335,false],"large":["https:\/\/mairie-montataire.fr\/app\/uploads\/2026\/04\/Agenda_BrocanteAcsensionMBB.jpg",450,335,false],"1536x1536":["https:\/\/mairie-montataire.fr\/app\/uploads\/2026\/04\/Agenda_BrocanteAcsensionMBB.jpg",450,335,false],"2048x2048":["https:\/\/mairie-montataire.fr\/app\/uploads\/2026\/04\/Agenda_BrocanteAcsensionMBB.jpg",450,335,false],"trp-custom-language-flag":["https:\/\/mairie-montataire.fr\/app\/uploads\/2026\/04\/Agenda_BrocanteAcsensionMBB-16x12.jpg",16,12,true],"gform-image-choice-sm":["https:\/\/mairie-montataire.fr\/app\/uploads\/2026\/04\/Agenda_BrocanteAcsensionMBB.jpg",300,223,false],"gform-image-choice-md":["https:\/\/mairie-montataire.fr\/app\/uploads\/2026\/04\/Agenda_BrocanteAcsensionMBB.jpg",400,298,false],"gform-image-choice-lg":["https:\/\/mairie-montataire.fr\/app\/uploads\/2026\/04\/Agenda_BrocanteAcsensionMBB.jpg",450,335,false]},"uagb_author_info":{"display_name":"Laure Pubert","author_link":"https:\/\/mairie-montataire.fr\/ar\/actualites\/author\/"},"uagb_comment_info":0,"uagb_excerpt":"La brocante est organis\u00e9e par l&rsquo;association Montataire Basket-Ball. Elle s&rsquo;\u00e9tend sur la place de la mairie, rue de la R\u00e9publique et le parc Marcel Cachin. Les inscriptions sont les vendredis 17, 24 et jeudi 30 avril de 18h \u00e0 19h30 et les samedis 2 et 9 mai de 10h30 \u00e0 12h \u00e0 la salle des&hellip;","_links":{"self":[{"href":"https:\/\/mairie-montataire.fr\/ar\/wp-json\/wp\/v2\/event\/7798","targetHints":{"allow":["GET"]}}],"collection":[{"href":"https:\/\/mairie-montataire.fr\/ar\/wp-json\/wp\/v2\/event"}],"about":[{"href":"https:\/\/mairie-montataire.fr\/ar\/wp-json\/wp\/v2\/types\/event"}],"wp:featuredmedia":[{"embeddable":true,"href":"https:\/\/mairie-montataire.fr\/ar\/wp-json\/wp\/v2\/media\/7800"}],"wp:attachment":[{"href":"https:\/\/mairie-montataire.fr\/ar\/wp-json\/wp\/v2\/media?parent=7798"}],"wp:term":[{"taxonomy":"event-theme","embeddable":true,"href":"https:\/\/mairie-montataire.fr\/ar\/wp-json\/wp\/v2\/event-theme?post=7798"}],"curies":[{"name":"\u062f\u0628\u0644\u064a\u0648 \u0628\u064a","href":"https:\/\/api.w.org\/{rel}","templated":true}]}}