{"id":7750,"date":"2026-04-01T13:27:44","date_gmt":"2026-04-01T13:27:44","guid":{"rendered":"https:\/\/mairie-montataire.fr\/?post_type=event&#038;p=7750"},"modified":"2026-04-01T13:27:44","modified_gmt":"2026-04-01T13:27:44","slug":"%d9%85%d9%82%d9%87%d9%89-%d9%88%d8%a7%d8%ad%d8%af-%d9%84%d9%84%d8%a3%d9%81%d9%83%d8%a7%d8%b1-%d8%a7%d9%84%d8%b5%d8%ba%d9%8a%d8%b1%d8%a9-%d9%81%d9%8a-%d8%a7%d9%84%d9%85%d8%a7%d8%b1%d8%aa%d9%8a%d9%86","status":"publish","type":"event","link":"https:\/\/mairie-montataire.fr\/ar\/agenda\/rencontres\/un-cafe-des-idees-les-petits-dejeuners-des-martinets\/","title":{"rendered":"\u0647\u0644 \u062a\u0631\u064a\u062f \u0642\u0647\u0648\u0629\u061f \u0644\u062f\u064a\u0646\u0627 \u0623\u0641\u0643\u0627\u0631! \u0641\u0637\u0648\u0631 \u0645\u0627\u0631\u062a\u064a\u0646\u064a\u062a\u0633"},"content":{"rendered":"<p>\u0628\u0639\u062f \u0645\u0648\u0627\u0626\u062f \u0627\u0644\u062d\u064a\u060c \u0647\u0627 \u0647\u064a \u0645\u0648\u0627\u0626\u062f \u0625\u0641\u0637\u0627\u0631 \u0627\u0644\u0645\u0627\u0631\u062a\u064a\u0646\u064a\u062a\u0633! \u0647\u0630\u0627 \u0647\u0648 \u0648\u0642\u062a \u0627\u0644\u062f\u064a\u0645\u0642\u0631\u0627\u0637\u064a\u0629 \u0627\u0644\u062a\u0634\u0627\u0631\u0643\u064a\u0629\u060c \u062d\u064a\u062b \u0646\u0646\u0627\u0642\u0634 \u0645\u0639\u0643\u0645 \u0645\u0634\u0627\u0643\u0644\u0643\u0645 \u0648\u0642\u0636\u0627\u064a\u0627\u0643\u0645 \u0627\u0644\u064a\u0648\u0645\u064a\u0629\u060c \u0648\u0644\u0643\u0646 \u0645\u0639 \u0644\u0645\u0633\u0629 \u0625\u0636\u0627\u0641\u064a\u0629\u060c \u062d\u064a\u062b \u0646\u0637\u0631\u062d \u0639\u062f\u062f\u0627\u064b \u0645\u0646 \u0627\u0644\u0645\u0648\u0636\u0648\u0639\u0627\u062a \u0641\u064a \u0647\u0630\u0647 \u0627\u0644\u0639\u0645\u0644\u064a\u0629: <\/p>\n\n\n\n<ul class=\"wp-block-list\">\n<li>\u0627\u0639\u0631\u0641 \u0627\u0644\u0645\u0632\u064a\u062f \u0639\u0646 \u0645\u0634\u0631\u0648\u0639 \u0627\u0644\u0635\u064a\u0627\u0646\u0629 \u0627\u0644\u0628\u064a\u0626\u064a\u0629!<\/li>\n\n\n\n<li>\u0642\u0645 \u0628\u0628\u0646\u0627\u0621 \u0627\u0644\u0628\u0631\u0646\u0627\u0645\u062c \u0644\u0640 Quartiers d'\u00e9t\u00e9 \u0627\u0644\u0642\u0627\u062f\u0645\u0629! <\/li>\n<\/ul>\n\n\n\n<p><\/p>\n\n\n\n<div style=\"height:95px\" aria-hidden=\"true\" class=\"wp-block-spacer\"><\/div>\n\n\n\n<div class=\"wp-block-uagb-image uagb-block-7b9c1003 wp-block-uagb-image--layout-default wp-block-uagb-image--effect-static wp-block-uagb-image--align-none\"><figure class=\"wp-block-uagb-image__figure\"><img decoding=\"async\" srcset=\"https:\/\/mairie-montataire.fr\/app\/uploads\/2026\/04\/Aff-ptts-dej-quartiers-V2-HD-724x1024.png ,https:\/\/mairie-montataire.fr\/app\/uploads\/2026\/04\/Aff-ptts-dej-quartiers-V2-HD-scaled.png 780w, https:\/\/mairie-montataire.fr\/app\/uploads\/2026\/04\/Aff-ptts-dej-quartiers-V2-HD-scaled.png 360w\" sizes=\"auto, (max-width: 480px) 150px\" src=\"https:\/\/mairie-montataire.fr\/app\/uploads\/2026\/04\/Aff-ptts-dej-quartiers-V2-HD-724x1024.png\" alt=\"\" class=\"uag-image-7752\" width=\"724\" height=\"1024\" title=\"\u0623\u0641 \u0628\u062a\u062a\u0633-\u062f\u064a\u062c \u0643\u0648\u0627\u0631\u062a\u0631\u0632 V2 HD\" loading=\"lazy\" role=\"img\"\/><\/figure><\/div>","protected":false},"featured_media":7751,"parent":0,"template":"","meta":{"_acf_changed":true,"_uag_custom_page_level_css":""},"event-theme":[78],"class_list":["post-7750","event","type-event","status-publish","has-post-thumbnail","hentry","event-theme-rencontres"],"acf":[],"uagb_featured_image_src":{"full":["https:\/\/mairie-montataire.fr\/app\/uploads\/2026\/04\/Agenda_PetitDejPRU.jpg",450,335,false],"thumbnail":["https:\/\/mairie-montataire.fr\/app\/uploads\/2026\/04\/Agenda_PetitDejPRU-150x150.jpg",150,150,true],"medium":["https:\/\/mairie-montataire.fr\/app\/uploads\/2026\/04\/Agenda_PetitDejPRU-300x223.jpg",300,223,true],"medium_large":["https:\/\/mairie-montataire.fr\/app\/uploads\/2026\/04\/Agenda_PetitDejPRU.jpg",450,335,false],"large":["https:\/\/mairie-montataire.fr\/app\/uploads\/2026\/04\/Agenda_PetitDejPRU.jpg",450,335,false],"1536x1536":["https:\/\/mairie-montataire.fr\/app\/uploads\/2026\/04\/Agenda_PetitDejPRU.jpg",450,335,false],"2048x2048":["https:\/\/mairie-montataire.fr\/app\/uploads\/2026\/04\/Agenda_PetitDejPRU.jpg",450,335,false],"trp-custom-language-flag":["https:\/\/mairie-montataire.fr\/app\/uploads\/2026\/04\/Agenda_PetitDejPRU-16x12.jpg",16,12,true],"gform-image-choice-sm":["https:\/\/mairie-montataire.fr\/app\/uploads\/2026\/04\/Agenda_PetitDejPRU.jpg",300,223,false],"gform-image-choice-md":["https:\/\/mairie-montataire.fr\/app\/uploads\/2026\/04\/Agenda_PetitDejPRU.jpg",400,298,false],"gform-image-choice-lg":["https:\/\/mairie-montataire.fr\/app\/uploads\/2026\/04\/Agenda_PetitDejPRU.jpg",450,335,false]},"uagb_author_info":{"display_name":"Laure Pubert","author_link":"https:\/\/mairie-montataire.fr\/ar\/actualites\/author\/"},"uagb_comment_info":0,"uagb_excerpt":"Apr\u00e8s les Tables de quartier, voici les petits d\u00e9jeuners des Martinets ! Moment de d\u00e9mocratie participative o\u00f9 on discute avec vous de vos probl\u00e9matiques et enjeux du quotidien, mais, avec un petit plus, car on vous pr\u00e9sente au passage des sujets :","_links":{"self":[{"href":"https:\/\/mairie-montataire.fr\/ar\/wp-json\/wp\/v2\/event\/7750","targetHints":{"allow":["GET"]}}],"collection":[{"href":"https:\/\/mairie-montataire.fr\/ar\/wp-json\/wp\/v2\/event"}],"about":[{"href":"https:\/\/mairie-montataire.fr\/ar\/wp-json\/wp\/v2\/types\/event"}],"wp:featuredmedia":[{"embeddable":true,"href":"https:\/\/mairie-montataire.fr\/ar\/wp-json\/wp\/v2\/media\/7751"}],"wp:attachment":[{"href":"https:\/\/mairie-montataire.fr\/ar\/wp-json\/wp\/v2\/media?parent=7750"}],"wp:term":[{"taxonomy":"event-theme","embeddable":true,"href":"https:\/\/mairie-montataire.fr\/ar\/wp-json\/wp\/v2\/event-theme?post=7750"}],"curies":[{"name":"\u062f\u0628\u0644\u064a\u0648 \u0628\u064a","href":"https:\/\/api.w.org\/{rel}","templated":true}]}}