{"id":7748,"date":"2026-04-01T13:03:34","date_gmt":"2026-04-01T13:03:34","guid":{"rendered":"https:\/\/mairie-montataire.fr\/?post_type=event&#038;p=7748"},"modified":"2026-04-01T13:03:34","modified_gmt":"2026-04-01T13:03:34","slug":"%d8%ad%d9%81%d9%84-%d9%85%d9%88%d8%b3%d9%8a%d9%82%d9%8a-%d9%84%d8%b1%d9%85%d8%b2%d9%8a-%d8%a3%d8%a8%d9%88-%d8%b1%d8%b6%d9%88%d8%a7%d9%86-%d9%88%d9%81%d8%b1%d9%82%d8%aa%d9%87-%d8%af%d9%84%d8%b9%d9%88","status":"publish","type":"event","link":"https:\/\/mairie-montataire.fr\/ar\/agenda\/vie-associative\/concert-de-ramzi-aburedwan-et-son-ensemble-dalouna\/","title":{"rendered":"\u062d\u0641\u0644 \u0645\u0648\u0633\u064a\u0642\u064a \u0644\u0631\u0645\u0632\u064a \u0623\u0628\u0648 \u0631\u0636\u0648\u0627\u0646 \u0648\u0641\u0631\u0642\u062a\u0647 \"\u062f\u0644\u0639\u0648\u0646\u0627"},"content":{"rendered":"<p>\u0644\u0648 <a href=\"https:\/\/mairie-montataire.fr\/ar\/%d8%a7%d9%84%d8%af%d9%84%d8%a7%d8%a6%d9%84\/%d8%a7%d9%84%d8%ac%d9%85%d8%b9%d9%8a%d8%a7%d8%aa-2\/%d8%a7%d9%84%d8%aa%d9%88%d8%a3%d9%85%d8%a9-%d9%88%d8%a7%d9%84%d8%aa%d9%88%d8%a3%d9%85%d8%a9-%d8%a7%d9%84%d8%af%d9%88%d9%84%d9%8a%d8%a9\/%d9%84%d8%ac%d9%86%d8%a9-%d8%aa%d9%88%d8%a3%d9%85%d8%a9-%d8%a7%d9%84%d9%85%d9%88%d9%86%d8%aa%d9%8a%d8%b1-%d8%a7%d9%84%d8%af%d9%87%d9%8a%d8%b4%d8%a9\/\">\u0644\u062c\u0646\u0629 \u062a\u0648\u0623\u0645\u0629 \u0645\u0648\u0646\u062a\u0627\u062a\u064a\u0631 - \u0627\u0644\u062f\u0647\u064a\u0634\u0629<\/a> \u062a\u062f\u0639\u0648\u0643 \u0644\u0627\u0643\u062a\u0634\u0627\u0641 \u0639\u0627\u0644\u0645 \u0645\u0648\u0633\u064a\u0642\u064a \u0645\u0646 \u0627\u0644\u0634\u0631\u0642 \u064a\u0648\u0645 \u0627\u0644\u0633\u0628\u062a 11 \u0623\u0628\u0631\u064a\u0644 \u0641\u064a \u062a\u0645\u0627\u0645 \u0627\u0644\u0633\u0627\u0639\u0629 8 \u0645\u0633\u0627\u0621\u064b \u0641\u064a \u0627\u0644\u0642\u0635\u0631. <\/p>\n\n\n\n<p><strong>\u0631\u0645\u0632\u064a \u0623\u0628\u0648 \u0631\u0636\u0648\u0627\u0646<\/strong> \u0623\u0646\u0634\u0623\u2019<strong><a href=\"https:\/\/www.ziadbenyoussef.com\/dalouna\/\" target=\"_blank\" rel=\"noreferrer noopener\">\u0641\u0631\u0642\u0629 \u062f\u0627\u0644\u0648\u0646\u0627<\/a><\/strong> \u0641\u064a \u0639\u0627\u0645 2000\u060c \u0633\u0645\u064a\u062a \u0628\u0627\u0633\u0645 \u0645\u0648\u0633\u064a\u0642\u0649 \u0627\u0644\u0623\u0639\u064a\u0627\u062f \u0627\u0644\u0641\u0644\u0633\u0637\u064a\u0646\u064a\u0629 \u0627\u0644\u062a\u0642\u0644\u064a\u062f\u064a\u0629\u060c \u0648\u0647\u064a \u0645\u0648\u0633\u064a\u0642\u0649 \u062a\u063a\u0646\u064a \u0648\u062a\u0639\u0632\u0641 \u0627\u0644\u062d\u064a\u0627\u0629 \u0627\u0644\u064a\u0648\u0645\u064a\u0629 \u0641\u064a \u0641\u0644\u0633\u0637\u064a\u0646. \u0645\u0646 \u062e\u0644\u0627\u0644 \u0627\u0644\u0645\u0648\u0633\u064a\u0642\u0649 \u0627\u0644\u062a\u064a \u062a\u062a\u062e\u0637\u0649 \u0627\u0644\u062d\u062f\u0648\u062f\u060c \u062a\u0639\u0628\u0631 \u0627\u0644\u0641\u0631\u0642\u0629 \u0639\u0646 \u0622\u0645\u0627\u0644 \u0634\u0639\u0628 \u0645\u0631\u062d\u0628 \u064a\u062d\u0628 \u0627\u0644\u062d\u064a\u0627\u0629 \u0648\u0627\u0644\u0636\u062d\u0643 \u0648\u0627\u0644\u063a\u0646\u0627\u0621.<\/p>\n\n\n\n<figure class=\"wp-block-embed is-type-video is-provider-youtube wp-block-embed-youtube wp-embed-aspect-16-9 wp-has-aspect-ratio\"><div class=\"wp-block-embed__wrapper\">\n<script>document.addEventListener('DOMContentLoaded', function() {(tarteaucitron.job = tarteaucitron.job || []).push('youtube');});<\/script><div class=\"youtube_player\" videoid=\"2-ljLq2mk_c\" width=\"100%\" height=\"100%\" style=\"height:50vw\" theme=\"light\" rel=\"0\" controls=\"1\" showinfo=\"1\" autoplay=\"0\"><\/div>\n<\/div><\/figure>\n\n\n\n<p><\/p>","protected":false},"featured_media":7749,"parent":0,"template":"","meta":{"_acf_changed":true,"_uag_custom_page_level_css":""},"event-theme":[73],"class_list":["post-7748","event","type-event","status-publish","has-post-thumbnail","hentry","event-theme-vie-associative"],"acf":[],"uagb_featured_image_src":{"full":["https:\/\/mairie-montataire.fr\/app\/uploads\/2026\/04\/Agenda_ConcertJumelage.jpg",450,335,false],"thumbnail":["https:\/\/mairie-montataire.fr\/app\/uploads\/2026\/04\/Agenda_ConcertJumelage-150x150.jpg",150,150,true],"medium":["https:\/\/mairie-montataire.fr\/app\/uploads\/2026\/04\/Agenda_ConcertJumelage-300x223.jpg",300,223,true],"medium_large":["https:\/\/mairie-montataire.fr\/app\/uploads\/2026\/04\/Agenda_ConcertJumelage.jpg",450,335,false],"large":["https:\/\/mairie-montataire.fr\/app\/uploads\/2026\/04\/Agenda_ConcertJumelage.jpg",450,335,false],"1536x1536":["https:\/\/mairie-montataire.fr\/app\/uploads\/2026\/04\/Agenda_ConcertJumelage.jpg",450,335,false],"2048x2048":["https:\/\/mairie-montataire.fr\/app\/uploads\/2026\/04\/Agenda_ConcertJumelage.jpg",450,335,false],"trp-custom-language-flag":["https:\/\/mairie-montataire.fr\/app\/uploads\/2026\/04\/Agenda_ConcertJumelage-16x12.jpg",16,12,true],"gform-image-choice-sm":["https:\/\/mairie-montataire.fr\/app\/uploads\/2026\/04\/Agenda_ConcertJumelage.jpg",300,223,false],"gform-image-choice-md":["https:\/\/mairie-montataire.fr\/app\/uploads\/2026\/04\/Agenda_ConcertJumelage.jpg",400,298,false],"gform-image-choice-lg":["https:\/\/mairie-montataire.fr\/app\/uploads\/2026\/04\/Agenda_ConcertJumelage.jpg",450,335,false]},"uagb_author_info":{"display_name":"Laure Pubert","author_link":"https:\/\/mairie-montataire.fr\/ar\/actualites\/author\/"},"uagb_comment_info":0,"uagb_excerpt":"Le comit\u00e9 de jumelage Montataire-Dheisheh vous propose de d\u00e9couvrir un univers musical du levant le samedi 11 avril \u00e0 20h au Palace. Ramzi Aburedwan a cr\u00e9e l\u2019Ensemble Dal\u2019Ouna en 2000, du nom de la musique festive typique palestinienne, une musique qui chante et joue la vie quotidienne en Palestine. Gr\u00e2ce \u00e0 la musique qui transcende&hellip;","_links":{"self":[{"href":"https:\/\/mairie-montataire.fr\/ar\/wp-json\/wp\/v2\/event\/7748","targetHints":{"allow":["GET"]}}],"collection":[{"href":"https:\/\/mairie-montataire.fr\/ar\/wp-json\/wp\/v2\/event"}],"about":[{"href":"https:\/\/mairie-montataire.fr\/ar\/wp-json\/wp\/v2\/types\/event"}],"wp:featuredmedia":[{"embeddable":true,"href":"https:\/\/mairie-montataire.fr\/ar\/wp-json\/wp\/v2\/media\/7749"}],"wp:attachment":[{"href":"https:\/\/mairie-montataire.fr\/ar\/wp-json\/wp\/v2\/media?parent=7748"}],"wp:term":[{"taxonomy":"event-theme","embeddable":true,"href":"https:\/\/mairie-montataire.fr\/ar\/wp-json\/wp\/v2\/event-theme?post=7748"}],"curies":[{"name":"\u062f\u0628\u0644\u064a\u0648 \u0628\u064a","href":"https:\/\/api.w.org\/{rel}","templated":true}]}}