{"id":7738,"date":"2026-03-26T15:58:26","date_gmt":"2026-03-26T15:58:26","guid":{"rendered":"https:\/\/mairie-montataire.fr\/?post_type=event&#038;p=7738"},"modified":"2026-03-26T15:58:26","modified_gmt":"2026-03-26T15:58:26","slug":"%d9%85%d9%84%d8%b9%d8%a8-%d8%ac%d8%a7%d9%83-%d8%af%d9%8a%d9%83%d9%88%d8%b1-%d8%ac%d8%a7%d9%83-%d8%af%d9%8a%d9%83%d9%88%d8%b1-%d9%8a%d8%ad%d8%b5%d9%84-%d8%b9%d9%84%d9%89-%d8%aa%d8%ba%d9%8a%d9%8a%d8%b1","status":"publish","type":"event","link":"https:\/\/mairie-montataire.fr\/ar\/agenda\/rencontres\/laire-de-jeux-jacques-decour-se-renove-grace-a-vos-idees\/","title":{"rendered":"\u064a\u062a\u0645 \u062a\u062c\u062f\u064a\u062f \u0645\u0644\u0639\u0628 \u062c\u0627\u0643 \u062f\u064a\u0643\u0648\u0631 \u062c\u0627\u0643 \u062f\u064a\u0643\u0648\u0631 \u0628\u0641\u0636\u0644 \u0623\u0641\u0643\u0627\u0631\u0643!"},"content":{"rendered":"<p>\u0641\u064a \u0627\u062c\u062a\u0645\u0627\u0639 \u0627\u0644\u062d\u064a \u0641\u064a \u0634\u0627\u0631\u0639 \u062c\u0627\u0643 \u062f\u064a\u0643\u0648\u0631\u060c \u062f\u0639\u0627 \u0627\u0644\u0633\u0643\u0627\u0646 \u0627\u0644\u0645\u062d\u0644\u064a\u0648\u0646 \u0625\u0644\u0649 \u062a\u062c\u062f\u064a\u062f \u0645\u0646\u0637\u0642\u0629 \u0627\u0644\u0644\u0639\u0628 \u0644\u062c\u0639\u0644\u0647\u0627 \u0623\u0643\u062b\u0631 \u062c\u0627\u0630\u0628\u064a\u0629 \u0648\u0645\u0644\u0627\u0626\u0645\u0629 \u0644\u0644\u0623\u0637\u0641\u0627\u0644.<\/p>\n\n\n\n<p>\u0623\u0631\u0627\u062f\u062a \u0627\u0644\u0645\u062f\u064a\u0646\u0629 \u0623\u0646 \u062a\u0633\u062a\u0644\u0647\u0645 \u0645\u0646 \u0623\u0641\u0643\u0627\u0631 \u0627\u0644\u0645\u0633\u062a\u062e\u062f\u0645\u064a\u0646 \u0627\u0644\u0623\u0648\u0627\u0626\u0644: \u0627\u0644\u0623\u0637\u0641\u0627\u0644! \u0648\u062a\u062d\u0642\u064a\u0642\u0627\u064b \u0644\u0647\u0630\u0647 \u0627\u0644\u063a\u0627\u064a\u0629\u060c \u0648\u062e\u0644\u0627\u0644 \u0641\u0639\u0627\u0644\u064a\u0629 \"\u0623\u062d\u064a\u0627\u0621 2025\"\u060c \u0646\u0638\u0645\u062a \u0645\u0648\u0646\u062a\u0627\u062a\u064a\u0631 \u0648\u0631\u0634\u0629 \u0639\u0645\u0644 \u0644\u0644\u0631\u0633\u0645. \u0642\u0627\u062f \u0647\u0630\u0627 \u0627\u0644\u0646\u0634\u0627\u0637 \u0627\u0644\u0625\u0628\u062f\u0627\u0639\u064a \u0627\u0644\u0641\u0646\u0627\u0646 \u0623\u0645\u064a\u0646 \u0628\u0631\u062d\u064a\u0644\u0629 \u0645\u0646 \u0645\u0648\u0646\u062a\u0627\u062a\u064a\u0631. \u0637\u064f\u0644\u0628 \u0645\u0646 \u0627\u0644\u0623\u0637\u0641\u0627\u0644 \u0627\u0644\u0645\u0634\u0627\u0631\u0643\u064a\u0646 \u0631\u0633\u0645 \u0645\u0644\u0639\u0628\u0647\u0645 \u0627\u0644\u0645\u062b\u0627\u0644\u064a.<\/p>\n\n\n\n<p><strong>\u0633\u062a\u0642\u062f\u0645 \u0627\u0644\u0645\u062f\u064a\u0646\u0629 \u0627\u0644\u0645\u0634\u0631\u0648\u0639 \u064a\u0648\u0645 31 \u0645\u0627\u0631\u0633 \u0645\u0646 \u0627\u0644\u0633\u0627\u0639\u0629 4:30 \u0639\u0635\u0631\u0627\u064b \u0641\u064a \u0645\u0644\u0639\u0628 \u062c\u0627\u0643 \u062f\u064a\u0643\u0648\u0631 \u0641\u064a 31 \u0645\u0627\u0631\u0633.<\/strong><\/p>\n\n\n\n<div class=\"wp-block-uagb-image aligncenter uagb-block-637f0013 wp-block-uagb-image--layout-default wp-block-uagb-image--effect-static wp-block-uagb-image--align-center\"><figure class=\"wp-block-uagb-image__figure\"><img decoding=\"async\" srcset=\"https:\/\/mairie-montataire.fr\/app\/uploads\/2026\/03\/Affiches-aire-de-jeux-V3-HD-724x1024.png ,https:\/\/mairie-montataire.fr\/app\/uploads\/2026\/03\/Affiches-aire-de-jeux-V3-HD-scaled.png 780w, https:\/\/mairie-montataire.fr\/app\/uploads\/2026\/03\/Affiches-aire-de-jeux-V3-HD-scaled.png 360w\" sizes=\"auto, (max-width: 480px) 150px\" src=\"https:\/\/mairie-montataire.fr\/app\/uploads\/2026\/03\/Affiches-aire-de-jeux-V3-HD-724x1024.png\" alt=\"\" class=\"uag-image-7739\" width=\"724\" height=\"1024\" title=\"\u0645\u0644\u0635\u0642\u0627\u062a \u0645\u0644\u0627\u0639\u0628 V3 HD\" loading=\"lazy\" role=\"img\"\/><\/figure><\/div>","protected":false},"featured_media":7740,"parent":0,"template":"","meta":{"_acf_changed":true,"_uag_custom_page_level_css":""},"event-theme":[78],"class_list":["post-7738","event","type-event","status-publish","has-post-thumbnail","hentry","event-theme-rencontres"],"acf":[],"uagb_featured_image_src":{"full":["https:\/\/mairie-montataire.fr\/app\/uploads\/2026\/03\/Actu_AiredeJeuxJacquesDecour.jpg",450,335,false],"thumbnail":["https:\/\/mairie-montataire.fr\/app\/uploads\/2026\/03\/Actu_AiredeJeuxJacquesDecour-150x150.jpg",150,150,true],"medium":["https:\/\/mairie-montataire.fr\/app\/uploads\/2026\/03\/Actu_AiredeJeuxJacquesDecour-300x223.jpg",300,223,true],"medium_large":["https:\/\/mairie-montataire.fr\/app\/uploads\/2026\/03\/Actu_AiredeJeuxJacquesDecour.jpg",450,335,false],"large":["https:\/\/mairie-montataire.fr\/app\/uploads\/2026\/03\/Actu_AiredeJeuxJacquesDecour.jpg",450,335,false],"1536x1536":["https:\/\/mairie-montataire.fr\/app\/uploads\/2026\/03\/Actu_AiredeJeuxJacquesDecour.jpg",450,335,false],"2048x2048":["https:\/\/mairie-montataire.fr\/app\/uploads\/2026\/03\/Actu_AiredeJeuxJacquesDecour.jpg",450,335,false],"trp-custom-language-flag":["https:\/\/mairie-montataire.fr\/app\/uploads\/2026\/03\/Actu_AiredeJeuxJacquesDecour-16x12.jpg",16,12,true],"gform-image-choice-sm":["https:\/\/mairie-montataire.fr\/app\/uploads\/2026\/03\/Actu_AiredeJeuxJacquesDecour.jpg",300,223,false],"gform-image-choice-md":["https:\/\/mairie-montataire.fr\/app\/uploads\/2026\/03\/Actu_AiredeJeuxJacquesDecour.jpg",400,298,false],"gform-image-choice-lg":["https:\/\/mairie-montataire.fr\/app\/uploads\/2026\/03\/Actu_AiredeJeuxJacquesDecour.jpg",450,335,false]},"uagb_author_info":{"display_name":"Laure Pubert","author_link":"https:\/\/mairie-montataire.fr\/ar\/actualites\/author\/"},"uagb_comment_info":0,"uagb_excerpt":"Lors d\u2019une table de quartier sur la rue Jacques Decour, des habitants et habitantes du quartier ont demand\u00e9 \u00e0 ce que l\u2019aire de jeux situ\u00e9e \u00e0 cet endroit soit r\u00e9nov\u00e9e pour \u00eatre plus attractive et plus adapt\u00e9e aux enfants. La Ville a souhait\u00e9 s\u2019inspirer des id\u00e9es des premiers utilisateurs : les enfants ! Pour cela,&hellip;","_links":{"self":[{"href":"https:\/\/mairie-montataire.fr\/ar\/wp-json\/wp\/v2\/event\/7738","targetHints":{"allow":["GET"]}}],"collection":[{"href":"https:\/\/mairie-montataire.fr\/ar\/wp-json\/wp\/v2\/event"}],"about":[{"href":"https:\/\/mairie-montataire.fr\/ar\/wp-json\/wp\/v2\/types\/event"}],"wp:featuredmedia":[{"embeddable":true,"href":"https:\/\/mairie-montataire.fr\/ar\/wp-json\/wp\/v2\/media\/7740"}],"wp:attachment":[{"href":"https:\/\/mairie-montataire.fr\/ar\/wp-json\/wp\/v2\/media?parent=7738"}],"wp:term":[{"taxonomy":"event-theme","embeddable":true,"href":"https:\/\/mairie-montataire.fr\/ar\/wp-json\/wp\/v2\/event-theme?post=7738"}],"curies":[{"name":"\u062f\u0628\u0644\u064a\u0648 \u0628\u064a","href":"https:\/\/api.w.org\/{rel}","templated":true}]}}