{"id":7713,"date":"2026-03-20T10:05:58","date_gmt":"2026-03-20T10:05:58","guid":{"rendered":"https:\/\/mairie-montataire.fr\/?post_type=event&#038;p=7713"},"modified":"2026-03-27T15:09:54","modified_gmt":"2026-03-27T15:09:54","slug":"%d8%aa%d8%b9%d8%a7%d9%88%d9%86%d8%aa-%d9%83%d9%84-%d9%85%d9%86-amour-denfants-picardie-%d9%88%d9%85%d8%b3%d8%b1%d8%ad-%d8%a8%d9%8a%d9%83%d8%a7%d8%b1%d8%af%d9%8a-%d9%84%d9%85%d8%b3%d8%a7%d8%b9%d8%af","status":"publish","type":"event","link":"https:\/\/mairie-montataire.fr\/ar\/agenda\/vie-associative\/amour-denfants-picardie-et-theatrarires-unis-pour-venir-en-aide-aux-enfants\/","title":{"rendered":"Amour d'enfants Picardie \u0648 Th\u00e9\u00e2tr\u00e0Rires: \u0627\u0644\u0639\u0645\u0644 \u0645\u0639\u064b\u0627 \u0644\u0645\u0633\u0627\u0639\u062f\u0629 \u0627\u0644\u0623\u0637\u0641\u0627\u0644"},"content":{"rendered":"<p>\u0627\u0644\u062b\u064a\u062a\u0627\u0631\u0627\u064a\u0631 \u0648 <a href=\"https:\/\/mairie-montataire.fr\/ar\/%d8%a7%d9%84%d8%af%d9%84%d8%a7%d8%a6%d9%84\/%d8%a7%d9%84%d8%ac%d9%85%d8%b9%d9%8a%d8%a7%d8%aa-2\/%d8%a7%d9%84%d8%aa%d8%b6%d8%a7%d9%85%d9%86\/%d8%b9%d9%85%d9%88%d8%b1-%d8%af%d9%8a%d9%86%d9%81%d8%a7%d9%86%d8%aa%d8%b3-%d8%a8%d9%8a%d9%83%d8%a7%d8%b1%d8%af%d9%8a\/\">\u0623\u0645\u0648\u0631 \u0627\u0644\u0623\u0637\u0641\u0627\u0644 \u0628\u064a\u0643\u0627\u0631\u062f\u064a<\/a> \u064a\u0646\u0638\u0645\u0648\u0646 \u0623\u0645\u0633\u064a\u0629 \u0645\u0633\u0631\u062d\u064a\u0629 \u0645\u0639\u00ab\u00a0<strong>\u0633\u0646\u062a\u0646\u0627\u0648\u0644 \u0627\u0644\u0639\u0634\u0627\u0621 \u0641\u064a \u0627\u0644\u0633\u0631\u064a\u0631<\/strong>\u00a0\u00bb\u0641\u064a \u0642\u0627\u0639\u0629 \u0627\u0644\u0641\u0646\u0648\u0646 \u0648\u0627\u0644\u062b\u0642\u0627\u0641\u0629 \u0641\u064a \u0633\u0627\u0646 \u0644\u064a\u0648 \u062f\u064a\u0632\u064a\u0631\u064a\u0647 \u0641\u064a \u0633\u0627\u0646 \u0644\u064a\u0648 \u062f\u064a\u0632\u064a\u0631\u064a\u0647 \u0641\u064a <strong>\u0627\u0644\u0633\u0628\u062a 11 \u0623\u0628\u0631\u064a\u0644 2026 \u0627\u0644\u0633\u0627\u0639\u0629 8:30 \u0645\u0633\u0627\u0621\u064b<\/strong>, \u0628\u0645\u0633\u0627\u0639\u062f\u0629 \u0648\u062f\u0639\u0645 \u0627\u0644\u0628\u0644\u062f\u064a\u0629 \u0627\u0644\u0645\u0636\u064a\u0641\u0629.<\/p>\n\n\n\n<p>\u0633\u062a\u0643\u0648\u0646 \u0623\u0645\u0633\u064a\u0629 \u0627\u062d\u062a\u0641\u0627\u0644\u064a\u0629 \u0645\u0639 \u0645\u0645\u062b\u0644\u064a\u0646 \u0645\u0648\u0647\u0648\u0628\u064a\u0646 \u0648\u0644\u064a\u0644\u0629 \u062a\u0636\u0627\u0645\u0646\u064a\u0629. <strong>\u0633\u062a\u0633\u0627\u0639\u062f \u0627\u0644\u0623\u0631\u0628\u0627\u062d \u0641\u064a \u062a\u0645\u0648\u064a\u0644 \u0645\u0628\u0627\u062f\u0631\u0627\u062a\u0647\u0645 \u0627\u0644\u0627\u062c\u062a\u0645\u0627\u0639\u064a\u0629 \u0644\u0644\u0623\u0637\u0641\u0627\u0644 \u0630\u0648\u064a \u0627\u0644\u0625\u0639\u0627\u0642\u0629.<\/strong>.<\/p>\n\n\n\n<div class=\"wp-block-uagb-image aligncenter uagb-block-07bb63f2 wp-block-uagb-image--layout-default wp-block-uagb-image--effect-static wp-block-uagb-image--align-center\"><figure class=\"wp-block-uagb-image__figure\"><img decoding=\"async\" srcset=\"https:\/\/mairie-montataire.fr\/app\/uploads\/2026\/03\/AEP_2026_OnDineraaulit_Affiche_V1_Pixel-683x1024.jpg ,https:\/\/mairie-montataire.fr\/app\/uploads\/2026\/03\/AEP_2026_OnDineraaulit_Affiche_V1_Pixel-scaled.jpg 780w, https:\/\/mairie-montataire.fr\/app\/uploads\/2026\/03\/AEP_2026_OnDineraaulit_Affiche_V1_Pixel-scaled.jpg 360w\" sizes=\"auto, (max-width: 480px) 150px\" src=\"https:\/\/mairie-montataire.fr\/app\/uploads\/2026\/03\/AEP_2026_OnDineraaulit_Affiche_V1_Pixel-683x1024.jpg\" alt=\"\" class=\"uag-image-7714\" width=\"683\" height=\"1024\" title=\"AEP_2026_OnDineraaulit_Poster_V1_Pixel\" loading=\"lazy\" role=\"img\"\/><\/figure><\/div>","protected":false},"featured_media":7715,"parent":0,"template":"","meta":{"_acf_changed":true,"_uag_custom_page_level_css":""},"event-theme":[73],"class_list":["post-7713","event","type-event","status-publish","has-post-thumbnail","hentry","event-theme-vie-associative"],"acf":[],"uagb_featured_image_src":{"full":["https:\/\/mairie-montataire.fr\/app\/uploads\/2026\/03\/Actu_Amourdenfanttheatre.jpg",450,335,false],"thumbnail":["https:\/\/mairie-montataire.fr\/app\/uploads\/2026\/03\/Actu_Amourdenfanttheatre-150x150.jpg",150,150,true],"medium":["https:\/\/mairie-montataire.fr\/app\/uploads\/2026\/03\/Actu_Amourdenfanttheatre-300x223.jpg",300,223,true],"medium_large":["https:\/\/mairie-montataire.fr\/app\/uploads\/2026\/03\/Actu_Amourdenfanttheatre.jpg",450,335,false],"large":["https:\/\/mairie-montataire.fr\/app\/uploads\/2026\/03\/Actu_Amourdenfanttheatre.jpg",450,335,false],"1536x1536":["https:\/\/mairie-montataire.fr\/app\/uploads\/2026\/03\/Actu_Amourdenfanttheatre.jpg",450,335,false],"2048x2048":["https:\/\/mairie-montataire.fr\/app\/uploads\/2026\/03\/Actu_Amourdenfanttheatre.jpg",450,335,false],"trp-custom-language-flag":["https:\/\/mairie-montataire.fr\/app\/uploads\/2026\/03\/Actu_Amourdenfanttheatre-16x12.jpg",16,12,true],"gform-image-choice-sm":["https:\/\/mairie-montataire.fr\/app\/uploads\/2026\/03\/Actu_Amourdenfanttheatre.jpg",300,223,false],"gform-image-choice-md":["https:\/\/mairie-montataire.fr\/app\/uploads\/2026\/03\/Actu_Amourdenfanttheatre.jpg",400,298,false],"gform-image-choice-lg":["https:\/\/mairie-montataire.fr\/app\/uploads\/2026\/03\/Actu_Amourdenfanttheatre.jpg",450,335,false]},"uagb_author_info":{"display_name":"Laure Pubert","author_link":"https:\/\/mairie-montataire.fr\/ar\/actualites\/author\/"},"uagb_comment_info":0,"uagb_excerpt":"L\u2019association Th\u00e9\u00e2tr\u00e0Rires et Amour d&rsquo;enfants Picardie organisent une soir\u00e9e th\u00e9\u00e2tre avec \u00ab\u00a0On d\u00eenera au lit\u00a0\u00bb \u00e0 la salle Art et Culture de Saint-Leu-d\u2019Esserent le samedi 11 avril 2026 \u00e0 20h30, avec le concours et le support de la commune accueillante. Cette soir\u00e9e sera festive, avec des acteurs de talent, et solidaire car les b\u00e9n\u00e9fices contribueront&hellip;","_links":{"self":[{"href":"https:\/\/mairie-montataire.fr\/ar\/wp-json\/wp\/v2\/event\/7713","targetHints":{"allow":["GET"]}}],"collection":[{"href":"https:\/\/mairie-montataire.fr\/ar\/wp-json\/wp\/v2\/event"}],"about":[{"href":"https:\/\/mairie-montataire.fr\/ar\/wp-json\/wp\/v2\/types\/event"}],"wp:featuredmedia":[{"embeddable":true,"href":"https:\/\/mairie-montataire.fr\/ar\/wp-json\/wp\/v2\/media\/7715"}],"wp:attachment":[{"href":"https:\/\/mairie-montataire.fr\/ar\/wp-json\/wp\/v2\/media?parent=7713"}],"wp:term":[{"taxonomy":"event-theme","embeddable":true,"href":"https:\/\/mairie-montataire.fr\/ar\/wp-json\/wp\/v2\/event-theme?post=7713"}],"curies":[{"name":"\u062f\u0628\u0644\u064a\u0648 \u0628\u064a","href":"https:\/\/api.w.org\/{rel}","templated":true}]}}