{"id":7655,"date":"2026-03-09T14:10:00","date_gmt":"2026-03-09T14:10:00","guid":{"rendered":"https:\/\/mairie-montataire.fr\/?post_type=event&#038;p=7655"},"modified":"2026-03-09T14:17:01","modified_gmt":"2026-03-09T14:17:01","slug":"%d8%a7%d9%84%d9%83%d8%a3%d8%b3-%d8%a7%d9%84%d9%88%d8%b7%d9%86%d9%8a%d8%a9-%d9%84%d9%83%d8%b1%d8%a9-%d8%a7%d9%84%d9%85%d8%ae%d9%84%d9%84","status":"publish","type":"event","link":"https:\/\/mairie-montataire.fr\/ar\/agenda\/vie-associative\/national-cup-pickleball\/","title":{"rendered":"\u0627\u0644\u0643\u0623\u0633 \u0627\u0644\u0648\u0637\u0646\u064a\u0629 \u0644\u0643\u0631\u0629 \u0627\u0644\u0645\u062e\u0644\u0644"},"content":{"rendered":"<p><strong>\u0644\u0648 <a href=\"https:\/\/mairie-montataire.fr\/ar\/%d8%a7%d9%84%d8%af%d9%84%d8%a7%d8%a6%d9%84\/%d8%a7%d9%84%d8%ac%d9%85%d8%b9%d9%8a%d8%a7%d8%aa-2\/%d8%a7%d9%84%d8%b1%d9%8a%d8%a7%d8%b6%d8%a9\/%d9%86%d8%a7%d8%af%d9%8a-%d9%85%d9%88%d9%86%d8%aa%d8%a7%d8%aa%d9%8a%d8%b1-%d9%84%d9%84%d8%aa%d9%86%d8%b3\/\">\u0646\u0627\u062f\u064a \u0645\u0648\u0646\u062a\u0627\u062a\u064a\u0631 \u0644\u0644\u062a\u0646\u0633<\/a> \u062a\u062a\u0634\u0631\u0641 \u0628\u0643\u0648\u0646\u0647\u0627 \u0648\u0627\u062d\u062f\u0629 \u0645\u0646 12 \u0645\u0631\u062d\u0644\u0629 \u062a\u0645 \u0627\u062e\u062a\u064a\u0627\u0631\u0647\u0627 \u0645\u0646 \u0642\u0628\u0644 \u0631\u0627\u0628\u0637\u0629 \u0641\u0631\u0646\u0633\u0627 \u0627\u0644\u0639\u0644\u064a\u0627<\/strong> - \u0628\u0645\u0627 \u0641\u064a \u0630\u0644\u0643 \u0646\u0627\u062f\u064a\u064a\u0646 \u0641\u0642\u0637 \u0641\u064a \u0645\u0646\u0637\u0642\u0629 \u0623\u0648\u0632 - \u0644\u062a\u0646\u0638\u064a\u0645 \u0628\u0637\u0648\u0644\u0629 \u0627\u0644\u0643\u0623\u0633 \u0627\u0644\u0648\u0637\u0646\u064a\u0629 \u0644\u0644\u0643\u0631\u0629 \u0627\u0644\u062d\u062f\u064a\u062f\u064a\u0629. \u0633\u062a\u0643\u0648\u0646 \u0647\u0630\u0647 \u0647\u064a \u0627\u0644\u0628\u0637\u0648\u0644\u0629 \u0627\u0644\u0631\u0633\u0645\u064a\u0629 \u0627\u0644\u0623\u0648\u0644\u0649 \u0644\u0644\u0646\u0627\u062f\u064a\u060c \u0648\u0627\u0644\u062a\u064a \u0633\u062a\u0642\u0627\u0645 \u0641\u064a <strong>\u0627\u0644\u0623\u062d\u062f 29 \u0645\u0627\u0631\u0633\u060c \u0637\u0648\u0627\u0644 \u0627\u0644\u064a\u0648\u0645.<\/strong><\/p>\n\n\n\n<p>\u0633\u062a\u062c\u0645\u0639 \u0647\u0630\u0647 \u0627\u0644\u0641\u0639\u0627\u0644\u064a\u0629 \u0628\u064a\u0646 <strong>16 \u0641\u0631\u064a\u0642\u0627\u064b \u0644\u0643\u0644 \u0641\u0626\u0629 <\/strong>(\u0632\u0648\u062c\u064a \u0627\u0644\u0631\u062c\u0627\u0644 \u0648\u0627\u0644\u0633\u064a\u062f\u0627\u062a \u0641\u064a \u0627\u0644\u0635\u0628\u0627\u062d\u060c \u0648\u0627\u0644\u0632\u0648\u062c\u064a \u0627\u0644\u0645\u062e\u062a\u0644\u0637 \u0628\u0639\u062f \u0627\u0644\u0638\u0647\u0631), <strong>\u0645\u0627 \u0645\u062c\u0645\u0648\u0639\u0647 96 \u0645\u0634\u0627\u0631\u0643\u0627\u064b<\/strong>.<\/p>\n\n\n\n<p><strong><em>\u0644\u0627 \u062a\u062a\u0631\u062f\u062f \u0641\u064a \u0627\u0644\u062d\u0636\u0648\u0631 \u0644\u0627\u0643\u062a\u0634\u0627\u0641 \u0647\u0630\u0627 \u0627\u0644\u062d\u062f\u062b \u0627\u0644\u0630\u064a \u064a\u062f\u0648\u0631 \u062d\u0648\u0644 \u0627\u0644\u0631\u064a\u0627\u0636\u0629 \u0648\u0627\u0644\u0645\u0634\u0627\u0631\u0643\u0629 \u0648\u0627\u0644\u0628\u0647\u062c\u0629.<\/em><\/strong><\/p>\n\n\n\n<h3 class=\"wp-block-heading\">\u0627\u0644\u0645\u0632\u064a\u062f \u0639\u0646 \u0643\u0631\u0629 \u0627\u0644\u0645\u062e\u0644\u0644<\/h3>\n\n\n\n<p>\u00ab\u0628\u064a\u0643\u0644 \u0628\u0648\u0644\u00bb \u0647\u064a \u0631\u064a\u0627\u0636\u0629 \u0645\u0636\u0631\u0628 \u062a\u062c\u0645\u0639 \u0628\u064a\u0646 \u0639\u0646\u0627\u0635\u0631 \u0627\u0644\u062a\u0646\u0633 \u0648\u0627\u0644\u0628\u0627\u062f\u0645\u0646\u062a\u0648\u0646 \u0648\u062a\u0646\u0633 \u0627\u0644\u0631\u064a\u0634\u0629 \u0648\u062a\u0646\u0633 \u0627\u0644\u0637\u0627\u0648\u0644\u0629. \u062a\u064f\u0644\u0639\u0628 \u0628\u0645\u0636\u0631\u0628 \u0648\u0643\u0631\u0629 \u0628\u0644\u0627\u0633\u062a\u064a\u0643\u064a\u0629 \u0645\u062b\u0642\u0648\u0628\u0629 \u0639\u0644\u0649 \u0645\u0644\u0639\u0628 \u062a\u0646\u0633 \u0627\u0644\u0631\u064a\u0634\u0629 \u0641\u0648\u0642 \u0634\u0628\u0643\u0629 \u0645\u0646 \u0646\u0648\u0639 \u0627\u0644\u062a\u0646\u0633. \u0639\u0627\u062f\u0629\u064b \u0645\u0627 \u062a\u064f\u0644\u0639\u0628 \u0643\u0631\u0629 \u0627\u0644\u0631\u064a\u0634\u0629 \u0627\u0644\u0637\u0627\u0626\u0631\u0629 \u0641\u064a \u0632\u0648\u062c\u064a\u060c \u0648\u0644\u0643\u0646 \u064a\u0645\u0643\u0646 \u0644\u0639\u0628\u0647\u0627 \u0623\u064a\u0636\u0627\u064b \u0641\u064a \u0627\u0644\u0641\u0631\u062f\u064a \u0644\u0645\u0646 \u064a\u0628\u062d\u062b\u0648\u0646 \u0639\u0646 \u062a\u062d\u062f\u064d \u0623\u0643\u0628\u0631. \u0648\u0647\u064a \u0631\u064a\u0627\u0636\u0629 \u062a\u0646\u0627\u0633\u0628 \u062c\u0645\u064a\u0639 \u0627\u0644\u0623\u062d\u0648\u0627\u0644 \u0627\u0644\u062c\u0648\u064a\u0629 \u0648\u064a\u0645\u0643\u0646 \u0645\u0645\u0627\u0631\u0633\u062a\u0647\u0627 \u0641\u064a \u0627\u0644\u062f\u0627\u062e\u0644 \u0648\u0627\u0644\u062e\u0627\u0631\u062c.\u00bb <br><em>\u0648\u0641\u0642\u0627\u064b \u0644\u0645\u0648\u0642\u0639 pickleballfrance.org.<\/em><\/p>\n\n\n\n<p><\/p>","protected":false},"featured_media":7656,"parent":0,"template":"","meta":{"_acf_changed":true,"_uag_custom_page_level_css":""},"event-theme":[73],"class_list":["post-7655","event","type-event","status-publish","has-post-thumbnail","hentry","event-theme-vie-associative"],"acf":[],"uagb_featured_image_src":{"full":["https:\/\/mairie-montataire.fr\/app\/uploads\/2026\/03\/Agenda_NationalCupPickleball.jpg",450,335,false],"thumbnail":["https:\/\/mairie-montataire.fr\/app\/uploads\/2026\/03\/Agenda_NationalCupPickleball-150x150.jpg",150,150,true],"medium":["https:\/\/mairie-montataire.fr\/app\/uploads\/2026\/03\/Agenda_NationalCupPickleball-300x223.jpg",300,223,true],"medium_large":["https:\/\/mairie-montataire.fr\/app\/uploads\/2026\/03\/Agenda_NationalCupPickleball.jpg",450,335,false],"large":["https:\/\/mairie-montataire.fr\/app\/uploads\/2026\/03\/Agenda_NationalCupPickleball.jpg",450,335,false],"1536x1536":["https:\/\/mairie-montataire.fr\/app\/uploads\/2026\/03\/Agenda_NationalCupPickleball.jpg",450,335,false],"2048x2048":["https:\/\/mairie-montataire.fr\/app\/uploads\/2026\/03\/Agenda_NationalCupPickleball.jpg",450,335,false],"trp-custom-language-flag":["https:\/\/mairie-montataire.fr\/app\/uploads\/2026\/03\/Agenda_NationalCupPickleball-16x12.jpg",16,12,true],"gform-image-choice-sm":["https:\/\/mairie-montataire.fr\/app\/uploads\/2026\/03\/Agenda_NationalCupPickleball.jpg",300,223,false],"gform-image-choice-md":["https:\/\/mairie-montataire.fr\/app\/uploads\/2026\/03\/Agenda_NationalCupPickleball.jpg",400,298,false],"gform-image-choice-lg":["https:\/\/mairie-montataire.fr\/app\/uploads\/2026\/03\/Agenda_NationalCupPickleball.jpg",450,335,false]},"uagb_author_info":{"display_name":"Laure Pubert","author_link":"https:\/\/mairie-montataire.fr\/ar\/actualites\/author\/"},"uagb_comment_info":0,"uagb_excerpt":"Le Tennis Club de Montataire a l\u2019honneur de faire partie des 12 \u00e9tapes retenues par la Ligue des Hauts-de-France \u2014 dont seulement deux clubs dans l\u2019Oise \u2014 pour l\u2019organisation de la National Cup Pickleball. Il s\u2019agira du premier tournoi officiel du club, qui se d\u00e9roulera le dimanche 29 mars sur toute la journ\u00e9e. Cet \u00e9v\u00e9nement&hellip;","_links":{"self":[{"href":"https:\/\/mairie-montataire.fr\/ar\/wp-json\/wp\/v2\/event\/7655","targetHints":{"allow":["GET"]}}],"collection":[{"href":"https:\/\/mairie-montataire.fr\/ar\/wp-json\/wp\/v2\/event"}],"about":[{"href":"https:\/\/mairie-montataire.fr\/ar\/wp-json\/wp\/v2\/types\/event"}],"wp:featuredmedia":[{"embeddable":true,"href":"https:\/\/mairie-montataire.fr\/ar\/wp-json\/wp\/v2\/media\/7656"}],"wp:attachment":[{"href":"https:\/\/mairie-montataire.fr\/ar\/wp-json\/wp\/v2\/media?parent=7655"}],"wp:term":[{"taxonomy":"event-theme","embeddable":true,"href":"https:\/\/mairie-montataire.fr\/ar\/wp-json\/wp\/v2\/event-theme?post=7655"}],"curies":[{"name":"\u062f\u0628\u0644\u064a\u0648 \u0628\u064a","href":"https:\/\/api.w.org\/{rel}","templated":true}]}}