{"id":7258,"date":"2025-11-28T13:04:56","date_gmt":"2025-11-28T13:04:56","guid":{"rendered":"https:\/\/mairie-montataire.fr\/?post_type=event&#038;p=7258"},"modified":"2025-11-28T13:04:57","modified_gmt":"2025-11-28T13:04:57","slug":"%d8%ad%d8%b2%d9%85%d8%a9-%d9%86%d9%87%d8%a7%d9%8a%d8%a9-%d8%a7%d9%84%d8%b3%d9%86%d8%a9-%d9%84%d9%84%d9%85%d8%b9%d8%a7%d8%b4%d8%a7%d8%aa-%d8%a7%d9%84%d8%aa%d9%82%d8%a7%d8%b9%d8%af%d9%8a%d8%a9","status":"publish","type":"event","link":"https:\/\/mairie-montataire.fr\/ar\/agenda\/retraites\/colis-de-fin-dannee-pour-les-retraites\/","title":{"rendered":"\u0637\u0631\u0648\u062f \u0646\u0647\u0627\u064a\u0629 \u0627\u0644\u0639\u0627\u0645 \u0644\u0644\u0645\u062a\u0642\u0627\u0639\u062f\u064a\u0646"},"content":{"rendered":"<p>\u062a\u0644\u0642\u0649 \u0627\u0644\u0645\u062a\u0642\u0627\u0639\u062f\u0648\u0646 \u0641\u064a \u0627\u0644\u0645\u062f\u064a\u0646\u0629 \u0628\u0637\u0627\u0642\u0629 \u062f\u0639\u0648\u0629 \u0625\u0644\u0649 \u0645\u0646\u0627\u0632\u0644\u0647\u0645 \u0642\u0628\u0644 \u0628\u0636\u0639\u0629 \u0623\u064a\u0627\u0645 \u0645\u0646 \u0627\u0644\u062a\u0648\u0632\u064a\u0639 \u0644\u062a\u0630\u0643\u064a\u0631\u0647\u0645 \u0628\u0627\u0644\u062a\u0627\u0631\u064a\u062e \u0648\u0627\u0644\u0648\u0642\u062a \u0648\u0627\u0644\u0645\u0643\u0627\u0646 \u0648\u0627\u0644\u0637\u0631\u062f \u0627\u0644\u0645\u0637\u0644\u0648\u0628 (\u062a\u0642\u0644\u064a\u062f\u064a \u0623\u0648 \u062d\u0644\u0648). \u064a\u062c\u0628 \u062a\u0633\u0644\u064a\u0645\u0647\u0627 \u0641\u064a \u0627\u0644\u064a\u0648\u0645 \u0627\u0644\u0645\u062d\u062f\u062f \u0644\u0627\u0633\u062a\u0644\u0627\u0645 \u0627\u0644\u0637\u0631\u062f. \u064a\u0645\u0643\u0646 \u062a\u0642\u062f\u064a\u0645 \u062a\u0648\u0643\u064a\u0644 (\u0639\u0644\u0649 \u0638\u0647\u0631 \u0627\u0644\u062f\u0639\u0648\u0629).<\/p>\n\n\n\n<p>\u062d\u062a\u0649 \u0644\u0627 \u064a\u062a\u0645 \u0625\u0647\u0645\u0627\u0644 \u0623\u064a \u0634\u062e\u0635\u060c \u0633\u064a\u062a\u0645 \u062a\u0648\u0632\u064a\u0639 \u0627\u0644\u0637\u0631\u0648\u062f \u0641\u064a \u062f\u0648\u0631 \u0631\u0639\u0627\u064a\u0629 \u0627\u0644\u0645\u0633\u0646\u064a\u0646 \u0641\u064a \u0634\u0647\u0631 \u062f\u064a\u0633\u0645\u0628\u0631 \u0644\u062a\u0633\u0644\u064a\u0645 \u0627\u0644\u0637\u0631\u0648\u062f \u0625\u0644\u0649 \u0627\u0644\u0623\u0634\u062e\u0627\u0635 \u0627\u0644\u0630\u064a\u0646 \u063a\u0627\u062f\u0631\u0648\u0627 \u0627\u0644\u0628\u0644\u062f\u0629.<br><\/p>\n\n\n\n<p><\/p>","protected":false},"featured_media":7259,"parent":0,"template":"","meta":{"_acf_changed":true,"_uag_custom_page_level_css":""},"event-theme":[99],"class_list":["post-7258","event","type-event","status-publish","has-post-thumbnail","hentry","event-theme-retraites"],"acf":[],"uagb_featured_image_src":{"full":["https:\/\/mairie-montataire.fr\/app\/uploads\/2025\/11\/Agenda_ColisRetraites.jpg",450,335,false],"thumbnail":["https:\/\/mairie-montataire.fr\/app\/uploads\/2025\/11\/Agenda_ColisRetraites-150x150.jpg",150,150,true],"medium":["https:\/\/mairie-montataire.fr\/app\/uploads\/2025\/11\/Agenda_ColisRetraites-300x223.jpg",300,223,true],"medium_large":["https:\/\/mairie-montataire.fr\/app\/uploads\/2025\/11\/Agenda_ColisRetraites.jpg",450,335,false],"large":["https:\/\/mairie-montataire.fr\/app\/uploads\/2025\/11\/Agenda_ColisRetraites.jpg",450,335,false],"1536x1536":["https:\/\/mairie-montataire.fr\/app\/uploads\/2025\/11\/Agenda_ColisRetraites.jpg",450,335,false],"2048x2048":["https:\/\/mairie-montataire.fr\/app\/uploads\/2025\/11\/Agenda_ColisRetraites.jpg",450,335,false],"trp-custom-language-flag":["https:\/\/mairie-montataire.fr\/app\/uploads\/2025\/11\/Agenda_ColisRetraites-16x12.jpg",16,12,true],"gform-image-choice-sm":["https:\/\/mairie-montataire.fr\/app\/uploads\/2025\/11\/Agenda_ColisRetraites.jpg",300,223,false],"gform-image-choice-md":["https:\/\/mairie-montataire.fr\/app\/uploads\/2025\/11\/Agenda_ColisRetraites.jpg",400,298,false],"gform-image-choice-lg":["https:\/\/mairie-montataire.fr\/app\/uploads\/2025\/11\/Agenda_ColisRetraites.jpg",450,335,false]},"uagb_author_info":{"display_name":"Laure Pubert","author_link":"https:\/\/mairie-montataire.fr\/ar\/actualites\/author\/"},"uagb_comment_info":0,"uagb_excerpt":"Les retrait\u00e9s de la Ville ont re\u00e7u un carton d&rsquo;invitation \u00e0 domicile quelques jours avant la distribution pour rappeler la date, l&rsquo;heure, le lieu et le colis qui a \u00e9t\u00e9 demand\u00e9 (traditionnel ou sucr\u00e9). Il faudra le remettre le jour j pour r\u00e9cup\u00e9rer le colis. Il est possible de faire une procuration (au dos de&hellip;","_links":{"self":[{"href":"https:\/\/mairie-montataire.fr\/ar\/wp-json\/wp\/v2\/event\/7258","targetHints":{"allow":["GET"]}}],"collection":[{"href":"https:\/\/mairie-montataire.fr\/ar\/wp-json\/wp\/v2\/event"}],"about":[{"href":"https:\/\/mairie-montataire.fr\/ar\/wp-json\/wp\/v2\/types\/event"}],"wp:featuredmedia":[{"embeddable":true,"href":"https:\/\/mairie-montataire.fr\/ar\/wp-json\/wp\/v2\/media\/7259"}],"wp:attachment":[{"href":"https:\/\/mairie-montataire.fr\/ar\/wp-json\/wp\/v2\/media?parent=7258"}],"wp:term":[{"taxonomy":"event-theme","embeddable":true,"href":"https:\/\/mairie-montataire.fr\/ar\/wp-json\/wp\/v2\/event-theme?post=7258"}],"curies":[{"name":"\u062f\u0628\u0644\u064a\u0648 \u0628\u064a","href":"https:\/\/api.w.org\/{rel}","templated":true}]}}