{"id":7197,"date":"2025-11-14T09:26:07","date_gmt":"2025-11-14T09:26:07","guid":{"rendered":"https:\/\/mairie-montataire.fr\/?post_type=event&#038;p=7197"},"modified":"2025-11-14T09:26:39","modified_gmt":"2025-11-14T09:26:39","slug":"%d8%aa%d8%ac%d8%af%d9%8a%d8%af-%d8%b9%d8%b6%d9%88%d9%8a%d8%a9-%d8%ac%d9%85%d8%b9%d9%8a%d8%a9-%d8%b1%d8%b9%d8%a7%d9%8a%d8%a9-%d8%a7%d9%84%d8%a8%d8%b3%d8%aa%d9%86%d8%a9-%d9%81%d9%8a-%d8%b3%d8%a7%d9%86","status":"publish","type":"event","link":"https:\/\/mairie-montataire.fr\/ar\/agenda\/vie-associative\/societe-ouvriere-dhorticulture-st-de-temperance-renouvellement-des-cotisation-2026\/","title":{"rendered":"Soci\u00e9t\u00e9 Ouvri\u00e8re d'Horticulture et de Temp\u00e9rance - \u062a\u062c\u062f\u064a\u062f \u0627\u0634\u062a\u0631\u0627\u0643\u0627\u062a 2026"},"content":{"rendered":"<p>\u0645\u0646 \u0623\u062c\u0644 \u062a\u062d\u062f\u064a\u062b \u0627\u0634\u062a\u0631\u0627\u0643\u0627\u062a \u0623\u0639\u0636\u0627\u0626\u0647\u0627\u060c \u062a\u0641\u062a\u062d \u062c\u0645\u0639\u064a\u0629 \u0627\u0644\u0628\u0633\u062a\u0646\u0629 \u0648\u0627\u0644\u0628\u0633\u062a\u0646\u0629 \u0641\u064a \u0645\u0648\u0646\u062a\u0627\u062a\u064a\u0631 \u0645\u0642\u0631\u0647\u0627 \u0641\u064a <strong>\u0627\u0644\u0633\u0628\u062a 15 \u064822 \u0646\u0648\u0641\u0645\u0628\u0631<\/strong>\u0645\u0646 <strong>\u0645\u0646 9 \u0635\u0628\u0627\u062d\u0627\u064b \u0625\u0644\u0649 5 \u0645\u0633\u0627\u0621\u064b<\/strong> \u062f\u0648\u0646 \u0627\u0646\u0642\u0637\u0627\u0639.<\/p>\n\n\n\n<p>\u0633\u064a\u062a\u0645 \u0625\u0635\u062f\u0627\u0631 \u0628\u0637\u0627\u0642\u0627\u062a \u0648\u0637\u0644\u0628\u0627\u062a \u0634\u0631\u0627\u0621 \u0627\u0644\u0646\u0628\u0627\u062a\u0627\u062a \u0648\u0627\u0644\u0628\u0630\u0648\u0631 \u0644\u0645\u0648\u0633\u0645 2026.<\/p>\n\n\n\n<p><mark style=\"background-color:rgba(0, 0, 0, 0)\" class=\"has-inline-color has-secondary-700-color\">\u0628\u0639\u062f \u0647\u0630\u0627 \u0627\u0644\u0645\u0648\u0639\u062f \u0627\u0644\u0646\u0647\u0627\u0626\u064a\u060c \u0633\u064a\u062a\u0645 \u0633\u062d\u0628 \u0627\u0644\u062d\u062f\u064a\u0642\u0629.<\/mark><\/p>\n\n\n\n<p><\/p>","protected":false},"featured_media":2749,"parent":0,"template":"","meta":{"_acf_changed":false,"_uag_custom_page_level_css":""},"event-theme":[73],"class_list":["post-7197","event","type-event","status-publish","has-post-thumbnail","hentry","event-theme-vie-associative"],"acf":[],"uagb_featured_image_src":{"full":["https:\/\/mairie-montataire.fr\/app\/uploads\/2024\/08\/Logo_SocieteOuvriereHorticultureTemperanceMontataire.jpg",270,230,false],"thumbnail":["https:\/\/mairie-montataire.fr\/app\/uploads\/2024\/08\/Logo_SocieteOuvriereHorticultureTemperanceMontataire-150x150.jpg",150,150,true],"medium":["https:\/\/mairie-montataire.fr\/app\/uploads\/2024\/08\/Logo_SocieteOuvriereHorticultureTemperanceMontataire.jpg",270,230,false],"medium_large":["https:\/\/mairie-montataire.fr\/app\/uploads\/2024\/08\/Logo_SocieteOuvriereHorticultureTemperanceMontataire.jpg",270,230,false],"large":["https:\/\/mairie-montataire.fr\/app\/uploads\/2024\/08\/Logo_SocieteOuvriereHorticultureTemperanceMontataire.jpg",270,230,false],"1536x1536":["https:\/\/mairie-montataire.fr\/app\/uploads\/2024\/08\/Logo_SocieteOuvriereHorticultureTemperanceMontataire.jpg",270,230,false],"2048x2048":["https:\/\/mairie-montataire.fr\/app\/uploads\/2024\/08\/Logo_SocieteOuvriereHorticultureTemperanceMontataire.jpg",270,230,false],"trp-custom-language-flag":["https:\/\/mairie-montataire.fr\/app\/uploads\/2024\/08\/Logo_SocieteOuvriereHorticultureTemperanceMontataire.jpg",14,12,false],"gform-image-choice-sm":["https:\/\/mairie-montataire.fr\/app\/uploads\/2024\/08\/Logo_SocieteOuvriereHorticultureTemperanceMontataire.jpg",270,230,false],"gform-image-choice-md":["https:\/\/mairie-montataire.fr\/app\/uploads\/2024\/08\/Logo_SocieteOuvriereHorticultureTemperanceMontataire.jpg",270,230,false],"gform-image-choice-lg":["https:\/\/mairie-montataire.fr\/app\/uploads\/2024\/08\/Logo_SocieteOuvriereHorticultureTemperanceMontataire.jpg",270,230,false]},"uagb_author_info":{"display_name":"Laure Pubert","author_link":"https:\/\/mairie-montataire.fr\/ar\/actualites\/author\/"},"uagb_comment_info":0,"uagb_excerpt":"Pour mettre \u00e0 jour la cotisation de ses membres, la Soci\u00e9t\u00e9 Ouvri\u00e8re d&rsquo;Horticulture et de Temp\u00e9rance de Montataire ouvre ses locaux les samedis 15 et 22 novembre, de 9h \u00e0 17h sans interruption. Les cartes ainsi que les commandes de plants et de graines seront remises pour la saison 2026. Pass\u00e9 ce d\u00e9lai, un retrait&hellip;","_links":{"self":[{"href":"https:\/\/mairie-montataire.fr\/ar\/wp-json\/wp\/v2\/event\/7197","targetHints":{"allow":["GET"]}}],"collection":[{"href":"https:\/\/mairie-montataire.fr\/ar\/wp-json\/wp\/v2\/event"}],"about":[{"href":"https:\/\/mairie-montataire.fr\/ar\/wp-json\/wp\/v2\/types\/event"}],"wp:featuredmedia":[{"embeddable":true,"href":"https:\/\/mairie-montataire.fr\/ar\/wp-json\/wp\/v2\/media\/2749"}],"wp:attachment":[{"href":"https:\/\/mairie-montataire.fr\/ar\/wp-json\/wp\/v2\/media?parent=7197"}],"wp:term":[{"taxonomy":"event-theme","embeddable":true,"href":"https:\/\/mairie-montataire.fr\/ar\/wp-json\/wp\/v2\/event-theme?post=7197"}],"curies":[{"name":"\u062f\u0628\u0644\u064a\u0648 \u0628\u064a","href":"https:\/\/api.w.org\/{rel}","templated":true}]}}