{"id":7179,"date":"2025-11-07T15:26:22","date_gmt":"2025-11-07T15:26:22","guid":{"rendered":"https:\/\/mairie-montataire.fr\/?post_type=event&#038;p=7179"},"modified":"2025-11-13T10:10:39","modified_gmt":"2025-11-13T10:10:39","slug":"%d8%b5%d9%88%d8%aa-%d9%87%d9%86%d8%af-%d8%b1%d8%ac%d8%a8-%d9%81%d9%8a-%d8%a7%d9%84%d8%b9%d8%b1%d8%b6-%d8%a7%d9%84%d8%a3%d9%88%d9%84","status":"publish","type":"event","link":"https:\/\/mairie-montataire.fr\/ar\/agenda\/culture\/la-voix-de-hind-rajab-en-avant-premiere\/","title":{"rendered":"\u00ab\u0635\u0648\u062a \u0647\u0646\u062f \u0631\u062c\u0628\u00bb \u0641\u064a \u0627\u0644\u0639\u0631\u0636 \u0627\u0644\u0623\u0648\u0644"},"content":{"rendered":"<p><strong>\u0627\u0643\u062a\u0634\u0641\u0648\u0627 \u0647\u0630\u0627 \u0627\u0644\u0641\u064a\u0644\u0645 \u0627\u0644\u0645\u0624\u062b\u0631 \u0641\u064a \u0639\u0631\u0636 \u0623\u0648\u0644\u064a \u0648\u0645\u062a\u0639\u062f\u062f \u0627\u0644\u0628\u062b\u060c \u064a\u0644\u064a\u0647 \u0628\u062b \u0645\u0628\u0627\u0634\u0631 \u0645\u0639 \u0627\u0644\u0645\u062e\u0631\u062c\u0629 \u0643\u0648\u062b\u0631 \u0628\u0646 \u062d\u0627\u0646\u064a\u0627.<\/strong> \u0641\u064a <a href=\"https:\/\/www.pathe.fr\/films\/la-voix-de-hind-rajab-49679\">\u0633\u064a\u0646\u0645\u0627 \u0628\u0627\u062a\u064a \u0645\u0648\u0646\u062a\u0627\u062a\u064a\u0631<\/a>.<\/p>\n\n\n\n<p><em>\u0627\u0644\u0641\u064a\u0644\u0645 \u0628\u0627\u0644\u0644\u063a\u0629 \u0627\u0644\u0641\u0631\u0646\u0633\u064a\u0629 \u0648\u0627\u0644\u0623\u063a\u0627\u0646\u064a \u0628\u0627\u0644\u0644\u063a\u0629 \u0627\u0644\u0623\u0635\u0644\u064a\u0629.<\/em><\/p>\n\n\n\n<p>\u00ab29 \u064a\u0646\u0627\u064a\u0631 2024. \u064a\u062a\u0644\u0642\u0649 \u0645\u062a\u0637\u0648\u0639\u0648 \u0627\u0644\u0647\u0644\u0627\u0644 \u0627\u0644\u0623\u062d\u0645\u0631 \u0645\u0643\u0627\u0644\u0645\u0629 \u0637\u0648\u0627\u0631\u0626. \u0641\u062a\u0627\u0629 \u062a\u0628\u0644\u063a \u0645\u0646 \u0627\u0644\u0639\u0645\u0631 \u0633\u062a \u0633\u0646\u0648\u0627\u062a \u0645\u062d\u0627\u0635\u0631\u0629 \u0641\u064a \u0633\u064a\u0627\u0631\u0629 \u062a\u062d\u062a \u0648\u0627\u0628\u0644 \u0645\u0646 \u0627\u0644\u0646\u064a\u0631\u0627\u0646 \u0641\u064a \u063a\u0632\u0629 \u0648\u062a\u0633\u062a\u0646\u062c\u062f \u0628\u0627\u0644\u0645\u0633\u0627\u0639\u062f\u0629. \u0628\u064a\u0646\u0645\u0627 \u064a\u062d\u0627\u0648\u0644\u0648\u0646 \u0625\u0628\u0642\u0627\u0626\u0647\u0627 \u0639\u0644\u0649 \u0627\u0644\u062e\u0637\u060c \u064a\u0628\u0630\u0644\u0648\u0646 \u0642\u0635\u0627\u0631\u0649 \u062c\u0647\u062f\u0647\u0645 \u0644\u0625\u0631\u0633\u0627\u0644 \u0633\u064a\u0627\u0631\u0629 \u0625\u0633\u0639\u0627\u0641 \u0625\u0644\u064a\u0647\u0627. \u0643\u0627\u0646\u062a \u0627\u0633\u0645\u0647\u0627 \u0647\u0646\u062f \u0631\u062c\u0628.\u00bb<\/p>\n\n\n\n<p><\/p>\n\n\n\n<figure class=\"wp-block-embed is-type-video is-provider-youtube wp-block-embed-youtube wp-embed-aspect-16-9 wp-has-aspect-ratio\"><div class=\"wp-block-embed__wrapper\">\n<script>document.addEventListener('DOMContentLoaded', function() {(tarteaucitron.job = tarteaucitron.job || []).push('youtube');});<\/script><div class=\"youtube_player\" videoid=\"vtfzaSQi8Fw\" width=\"100%\" height=\"100%\" style=\"height:50vw\" theme=\"light\" rel=\"0\" controls=\"1\" showinfo=\"1\" autoplay=\"0\"><\/div>\n<\/div><\/figure>","protected":false},"featured_media":7183,"parent":0,"template":"","meta":{"_acf_changed":true,"_uag_custom_page_level_css":""},"event-theme":[72],"class_list":["post-7179","event","type-event","status-publish","has-post-thumbnail","hentry","event-theme-culture"],"acf":[],"uagb_featured_image_src":{"full":["https:\/\/mairie-montataire.fr\/app\/uploads\/2025\/11\/logo-pathe-ok.png",1221,845,false],"thumbnail":["https:\/\/mairie-montataire.fr\/app\/uploads\/2025\/11\/logo-pathe-ok-150x150.png",150,150,true],"medium":["https:\/\/mairie-montataire.fr\/app\/uploads\/2025\/11\/logo-pathe-ok-300x208.png",300,208,true],"medium_large":["https:\/\/mairie-montataire.fr\/app\/uploads\/2025\/11\/logo-pathe-ok-768x531.png",768,531,true],"large":["https:\/\/mairie-montataire.fr\/app\/uploads\/2025\/11\/logo-pathe-ok-1024x709.png",1024,709,true],"1536x1536":["https:\/\/mairie-montataire.fr\/app\/uploads\/2025\/11\/logo-pathe-ok.png",1221,845,false],"2048x2048":["https:\/\/mairie-montataire.fr\/app\/uploads\/2025\/11\/logo-pathe-ok.png",1221,845,false],"trp-custom-language-flag":["https:\/\/mairie-montataire.fr\/app\/uploads\/2025\/11\/logo-pathe-ok-18x12.png",18,12,true],"gform-image-choice-sm":["https:\/\/mairie-montataire.fr\/app\/uploads\/2025\/11\/logo-pathe-ok.png",300,208,false],"gform-image-choice-md":["https:\/\/mairie-montataire.fr\/app\/uploads\/2025\/11\/logo-pathe-ok.png",400,277,false],"gform-image-choice-lg":["https:\/\/mairie-montataire.fr\/app\/uploads\/2025\/11\/logo-pathe-ok.png",600,415,false]},"uagb_author_info":{"display_name":"Laure Pubert","author_link":"https:\/\/mairie-montataire.fr\/ar\/actualites\/author\/"},"uagb_comment_info":0,"uagb_excerpt":"D\u00e9couvrez ce film poignant en avant-premi\u00e8re et multidiffusion suivi d&rsquo;un direct avec la r\u00e9alisatrice Kaouther Ben Hania au cin\u00e9ma Path\u00e9 Montataire. Le film est en fran\u00e7ais et les parties chant\u00e9es en version originale. \u00ab\u00a029 janvier 2024. Les b\u00e9n\u00e9voles du Croissant-Rouge re\u00e7oivent un appel d&rsquo;urgence. Une fillette de six ans est pi\u00e9g\u00e9e dans une voiture sous&hellip;","_links":{"self":[{"href":"https:\/\/mairie-montataire.fr\/ar\/wp-json\/wp\/v2\/event\/7179","targetHints":{"allow":["GET"]}}],"collection":[{"href":"https:\/\/mairie-montataire.fr\/ar\/wp-json\/wp\/v2\/event"}],"about":[{"href":"https:\/\/mairie-montataire.fr\/ar\/wp-json\/wp\/v2\/types\/event"}],"wp:featuredmedia":[{"embeddable":true,"href":"https:\/\/mairie-montataire.fr\/ar\/wp-json\/wp\/v2\/media\/7183"}],"wp:attachment":[{"href":"https:\/\/mairie-montataire.fr\/ar\/wp-json\/wp\/v2\/media?parent=7179"}],"wp:term":[{"taxonomy":"event-theme","embeddable":true,"href":"https:\/\/mairie-montataire.fr\/ar\/wp-json\/wp\/v2\/event-theme?post=7179"}],"curies":[{"name":"\u062f\u0628\u0644\u064a\u0648 \u0628\u064a","href":"https:\/\/api.w.org\/{rel}","templated":true}]}}