{"id":7149,"date":"2025-11-04T09:19:36","date_gmt":"2025-11-04T09:19:36","guid":{"rendered":"https:\/\/mairie-montataire.fr\/?post_type=event&#038;p=7149"},"modified":"2025-11-13T13:11:53","modified_gmt":"2025-11-13T13:11:53","slug":"%d8%b9%d9%8a%d9%88%d9%86-%d9%85%d9%81%d8%aa%d9%88%d8%ad%d8%a9-%d8%b9%d9%84%d9%89-%d9%85%d9%87%d8%b1%d8%ac%d8%a7%d9%86-%d8%a7%d9%84%d8%aa%d9%86%d9%88%d8%b9","status":"publish","type":"event","link":"https:\/\/mairie-montataire.fr\/ar\/agenda\/festival-films-et-debats\/festival-les-yeux-ouverts-sur-la-diversite\/","title":{"rendered":"\u0627\u0644\u0645\u0647\u0631\u062c\u0627\u0646 - \u0639\u064a\u0648\u0646 \u0645\u0641\u062a\u0648\u062d\u0629 \u0639\u0644\u0649 \u0627\u0644\u062a\u0646\u0648\u0639"},"content":{"rendered":"<p>\u0628\u0627\u0644\u0646\u0633\u0628\u0629 \u0625\u0644\u0649 20<sup>e<\/sup> \u0627\u0644\u0625\u0635\u062f\u0627\u0631\u060c \u0641\u0625\u0646 <strong>\u0645\u0647\u0631\u062c\u0627\u0646 \u201c\u0639\u064a\u0648\u0646 \u0645\u0641\u062a\u0648\u062d\u0629 \u0639\u0644\u0649 \u0627\u0644\u062a\u0646\u0648\u0639\u201d<\/strong> \u064a\u0639\u0648\u062f \u0625\u0644\u0649 \u0645\u0648\u0646\u062a\u0627\u062a\u064a\u0631<br>\u0646\u0638\u0645\u0647\u0627 <strong><a href=\"https:\/\/laligue.org\/\" target=\"_blank\" rel=\"noreferrer noopener\">\u0631\u0627\u0628\u0637\u0629 \u0627\u0644\u062a\u0639\u0644\u064a\u0645 \u0641\u064a \u0644\u0648\u064a\u0632 (Ligue de l'enseignement de l'Oise)<\/a><\/strong> \u0648 <strong><a href=\"https:\/\/www.image-in60.com\/\" target=\"_blank\" rel=\"noreferrer noopener\">\u0635\u0648\u0631\u0629'\u0625\u0646<\/a><\/strong>, \u062a\u062d\u062a\u0641\u064a \u0647\u0630\u0647 \u0627\u0644\u0641\u0639\u0627\u0644\u064a\u0629 \u0628\u0627\u0644\u0633\u064a\u0646\u0645\u0627 \u0643\u0623\u062f\u0627\u0629 \u0644\u0644\u0627\u0646\u0641\u062a\u0627\u062d \u0648\u0627\u0644\u062a\u0623\u0645\u0644 \u0641\u064a \u0627\u0644\u0639\u0627\u0644\u0645.<\/p>\n\n\n\n<p>\u0648\u0645\u0631\u0629 \u0623\u062e\u0631\u0649 \u0647\u0630\u0627 \u0627\u0644\u0639\u0627\u0645\u060c \u064a\u0642\u0627\u0645 \u0627\u0644\u0645\u0647\u0631\u062c\u0627\u0646 \u0647\u0630\u0627 \u0627\u0644\u0639\u0627\u0645 \u0641\u064a <strong>\u0645\u062f\u0627\u0631\u0633 \u0645\u0648\u0646\u062a\u0627\u062a\u064a\u0631<\/strong> - \u0627\u0644\u0645\u062f\u0631\u0633\u0629 \u0627\u0644\u0625\u0639\u062f\u0627\u062f\u064a\u0629 \u0648\u0627\u0644\u062b\u0627\u0646\u0648\u064a\u0629 - \u0644\u062a\u0645\u0643\u064a\u0646 \u0627\u0644\u062a\u0644\u0627\u0645\u064a\u0630 \u0645\u0646 \u0627\u0643\u062a\u0634\u0627\u0641 \u0627\u0644\u0623\u0641\u0644\u0627\u0645 \u0627\u0644\u062a\u064a \u062a\u0639\u0627\u0644\u062c \u0627\u0644\u0642\u0636\u0627\u064a\u0627 \u0627\u0644\u0631\u0626\u064a\u0633\u064a\u0629 \u0627\u0644\u062a\u064a \u062a\u0648\u0627\u062c\u0647 \u0627\u0644\u0645\u062c\u062a\u0645\u0639 \u0628\u0637\u0631\u064a\u0642\u0629 \u062f\u0642\u064a\u0642\u0629: <strong>\u0627\u0644\u0645\u0633\u0627\u0648\u0627\u0629\u060c \u0648\u0627\u0644\u062a\u0636\u0627\u0645\u0646\u060c \u0648\u0627\u0644\u062a\u0636\u0627\u0645\u0646\u060c \u0648\u0627\u0644\u0647\u062c\u0631\u0629\u060c \u0648\u0627\u0644\u0627\u0644\u062a\u0632\u0627\u0645\u060c \u0648\u0627\u0644\u0628\u064a\u0626\u0629<\/strong>...<\/p>\n\n\n\n<h2 class=\"wp-block-heading\">\u062a\u0633\u0644\u064a\u0637 \u0627\u0644\u0636\u0648\u0621 \u0645\u0641\u062a\u0648\u062d \u0644\u0644\u062c\u0645\u064a\u0639<\/h2>\n\n\n\n<p><strong>\u0639\u0631\u0636 \u0648\u0645\u0646\u0627\u0642\u0634\u0629 \u0627\u0644\u0641\u064a\u0644\u0645 <em>\u0642\u0635\u0629 \u0633\u0644\u064a\u0645\u0627\u0646<\/em><\/strong> \u0628\u0642\u0644\u0645 \u0628\u0648\u0631\u064a\u0633 \u0644\u0648\u062c\u0643\u064a\u0646 (2024)<\/p>\n\n\n\n<p>\u00ab\u0623\u062b\u0646\u0627\u0621 \u062a\u062c\u0648\u0644\u0647 \u0641\u064a \u0634\u0648\u0627\u0631\u0639 \u0628\u0627\u0631\u064a\u0633 \u0644\u062a\u0648\u0632\u064a\u0639 \u0648\u062c\u0628\u0627\u062a \u0627\u0644\u0637\u0639\u0627\u0645\u060c \u064a\u0643\u0631\u0631 \u0633\u0644\u064a\u0645\u0627\u0646 \u0642\u0635\u062a\u0647. \u0641\u064a \u063a\u0636\u0648\u0646 \u064a\u0648\u0645\u064a\u0646\u060c \u0639\u0644\u064a\u0647 \u0623\u0646 \u064a\u062d\u0636\u0631 \u0645\u0642\u0627\u0628\u0644\u0629 \u0627\u0644\u0644\u062c\u0648\u0621\u060c \u0648\u0647\u064a \u0645\u0641\u062a\u0627\u062d \u0627\u0644\u062d\u0635\u0648\u0644 \u0639\u0644\u0649 \u0623\u0648\u0631\u0627\u0642\u0647. \u0644\u0643\u0646 \u0633\u0644\u064a\u0645\u0627\u0646 \u0644\u064a\u0633 \u0645\u0633\u062a\u0639\u062f\u0627\u064b.\u00bb<\/p>\n\n\n\n<figure class=\"wp-block-embed is-type-video is-provider-youtube wp-block-embed-youtube wp-embed-aspect-16-9 wp-has-aspect-ratio\"><div class=\"wp-block-embed__wrapper\">\n<script>document.addEventListener('DOMContentLoaded', function() {(tarteaucitron.job = tarteaucitron.job || []).push('youtube');});<\/script><div class=\"youtube_player\" videoid=\"CCMvdrBkb6w\" width=\"100%\" height=\"100%\" style=\"height:50vw\" theme=\"light\" rel=\"0\" controls=\"1\" showinfo=\"1\" autoplay=\"0\"><\/div>\n<\/div><\/figure>\n\n\n\n<p>\u064a\u064f\u0644\u0642\u064a \u0647\u0630\u0627 \u0627\u0644\u0641\u064a\u0644\u0645 \u0627\u0644\u062d\u0627\u0626\u0632 \u0639\u0644\u0649 \u062c\u0627\u0626\u0632\u0629 \u0645\u0647\u0631\u062c\u0627\u0646 \u0643\u0627\u0646 \u0648\u062c\u0627\u0626\u0632\u0629 \u0633\u064a\u0632\u0627\u0631 \u0646\u0638\u0631\u0629 \u062d\u0645\u064a\u0645\u0629 \u0639\u0644\u0649 \u0627\u0644\u0648\u0627\u0642\u0639 \u0627\u0644\u0625\u062f\u0627\u0631\u064a \u0644\u0644\u0647\u062c\u0631\u0629 \u0641\u064a \u0641\u0631\u0646\u0633\u0627 \u0645\u0646 \u062e\u0644\u0627\u0644 \u0639\u064a\u0648\u0646 \u0634\u0627\u0628 \u063a\u064a\u0646\u064a \u064a\u0639\u0645\u0644 \u0641\u064a \u062a\u0648\u0635\u064a\u0644 \u0627\u0644\u0637\u0644\u0628\u0627\u062a.<\/p>","protected":false},"featured_media":7186,"parent":0,"template":"","meta":{"_acf_changed":true,"_uag_custom_page_level_css":""},"event-theme":[76],"class_list":["post-7149","event","type-event","status-publish","has-post-thumbnail","hentry","event-theme-festival-films-et-debats"],"acf":[],"uagb_featured_image_src":{"full":["https:\/\/mairie-montataire.fr\/app\/uploads\/2025\/11\/Agenda_FestivalYeuxOuvertsDiversite_2025-2.jpg",450,335,false],"thumbnail":["https:\/\/mairie-montataire.fr\/app\/uploads\/2025\/11\/Agenda_FestivalYeuxOuvertsDiversite_2025-2-150x150.jpg",150,150,true],"medium":["https:\/\/mairie-montataire.fr\/app\/uploads\/2025\/11\/Agenda_FestivalYeuxOuvertsDiversite_2025-2-300x223.jpg",300,223,true],"medium_large":["https:\/\/mairie-montataire.fr\/app\/uploads\/2025\/11\/Agenda_FestivalYeuxOuvertsDiversite_2025-2.jpg",450,335,false],"large":["https:\/\/mairie-montataire.fr\/app\/uploads\/2025\/11\/Agenda_FestivalYeuxOuvertsDiversite_2025-2.jpg",450,335,false],"1536x1536":["https:\/\/mairie-montataire.fr\/app\/uploads\/2025\/11\/Agenda_FestivalYeuxOuvertsDiversite_2025-2.jpg",450,335,false],"2048x2048":["https:\/\/mairie-montataire.fr\/app\/uploads\/2025\/11\/Agenda_FestivalYeuxOuvertsDiversite_2025-2.jpg",450,335,false],"trp-custom-language-flag":["https:\/\/mairie-montataire.fr\/app\/uploads\/2025\/11\/Agenda_FestivalYeuxOuvertsDiversite_2025-2-16x12.jpg",16,12,true],"gform-image-choice-sm":["https:\/\/mairie-montataire.fr\/app\/uploads\/2025\/11\/Agenda_FestivalYeuxOuvertsDiversite_2025-2.jpg",300,223,false],"gform-image-choice-md":["https:\/\/mairie-montataire.fr\/app\/uploads\/2025\/11\/Agenda_FestivalYeuxOuvertsDiversite_2025-2.jpg",400,298,false],"gform-image-choice-lg":["https:\/\/mairie-montataire.fr\/app\/uploads\/2025\/11\/Agenda_FestivalYeuxOuvertsDiversite_2025-2.jpg",450,335,false]},"uagb_author_info":{"display_name":"Laure Pubert","author_link":"https:\/\/mairie-montataire.fr\/ar\/actualites\/author\/"},"uagb_comment_info":0,"uagb_excerpt":"Pour sa 20e \u00e9dition, le festival \u201cLes yeux ouverts sur la diversit\u00e9\u201d revient \u00e0 Montataire !Organis\u00e9 par la Ligue de l\u2019enseignement de l\u2019Oise et Image\u2019IN, cet \u00e9v\u00e9nement met \u00e0 l\u2019honneur le cin\u00e9ma comme outil d\u2019ouverture et de r\u00e9flexion sur le monde. Cette ann\u00e9e encore, le festival s\u2019invite dans les \u00e9tablissements scolaires de Montataire \u2013 coll\u00e8ge&hellip;","_links":{"self":[{"href":"https:\/\/mairie-montataire.fr\/ar\/wp-json\/wp\/v2\/event\/7149","targetHints":{"allow":["GET"]}}],"collection":[{"href":"https:\/\/mairie-montataire.fr\/ar\/wp-json\/wp\/v2\/event"}],"about":[{"href":"https:\/\/mairie-montataire.fr\/ar\/wp-json\/wp\/v2\/types\/event"}],"wp:featuredmedia":[{"embeddable":true,"href":"https:\/\/mairie-montataire.fr\/ar\/wp-json\/wp\/v2\/media\/7186"}],"wp:attachment":[{"href":"https:\/\/mairie-montataire.fr\/ar\/wp-json\/wp\/v2\/media?parent=7149"}],"wp:term":[{"taxonomy":"event-theme","embeddable":true,"href":"https:\/\/mairie-montataire.fr\/ar\/wp-json\/wp\/v2\/event-theme?post=7149"}],"curies":[{"name":"\u062f\u0628\u0644\u064a\u0648 \u0628\u064a","href":"https:\/\/api.w.org\/{rel}","templated":true}]}}