{"id":6991,"date":"2025-10-03T14:03:18","date_gmt":"2025-10-03T14:03:18","guid":{"rendered":"https:\/\/mairie-montataire.fr\/?post_type=event&#038;p=6991"},"modified":"2025-10-03T14:03:19","modified_gmt":"2025-10-03T14:03:19","slug":"%d9%85%d9%82%d9%87%d9%89-%d8%a7%d9%84%d9%88%d8%a7%d9%84%d8%af%d9%8a%d9%86","status":"publish","type":"event","link":"https:\/\/mairie-montataire.fr\/ar\/agenda\/rencontres\/cafe-parents\/","title":{"rendered":"\u0645\u0642\u0647\u0649 \u0627\u0644\u0622\u0628\u0627\u0621 \u0648\u0627\u0644\u0623\u0645\u0647\u0627\u062a"},"content":{"rendered":"<p>\u062a\u0646\u0638\u0651\u0645 \u0628\u0644\u062f\u0629 \u0645\u0648\u0646\u062a\u0627\u062a\u064a\u0631 \u0641\u064a \u0645\u062f\u064a\u0646\u0629 \u0645\u0648\u0646\u062a\u0627\u062a\u064a\u0631 <strong>\u0645\u0642\u0647\u0649 \u0627\u0644\u0622\u0628\u0627\u0621 \u0648\u0627\u0644\u0623\u0645\u0647\u0627\u062a<\/strong> \u0641\u0625\u0646 <strong>\u0627\u0644\u062b\u0644\u0627\u062b\u0627\u0621 14 \u0623\u0643\u062a\u0648\u0628\u0631 2025<\/strong>\u0645\u0646 <strong>\u0645\u0646 5 \u0645\u0633\u0627\u0621\u064b \u0625\u0644\u0649 7 \u0645\u0633\u0627\u0621\u064b<\/strong>\u0641\u064a <strong>\u0643\u0648\u0644\u064a\u062c \u0623\u0646\u0627\u062a\u0648\u0644 \u0641\u0631\u0627\u0646\u0633 (1 \u0634\u0627\u0631\u0639 \u0627\u0644\u0634\u0627\u0645\u0628\u0627\u0646\u060c \u0645\u0648\u0646\u062a\u0627\u062a\u064a\u0631)<\/strong>.<\/p>\n\n\n\n<p>\u0647\u0630\u0647 \u0627\u0644\u0641\u0639\u0627\u0644\u064a\u0629 \u0627\u0644\u0645\u062c\u0627\u0646\u064a\u0629 \u0647\u064a \u0641\u0631\u0635\u0629 \u0644\u0623\u0648\u0644\u064a\u0627\u0621 \u0623\u0645\u0648\u0631 \u0627\u0644\u062a\u0644\u0627\u0645\u064a\u0630 \u0645\u0646 <strong>CM1 \u0648 CM2 \u0648\u0627\u0644\u0643\u0644\u064a\u0651\u0629 \u0648\u0627\u0644\u0645\u062f\u0631\u0633\u0629 \u0627\u0644\u062b\u0627\u0646\u0648\u064a\u0629<\/strong> \u0646\u062c\u062a\u0645\u0639 \u0645\u0639\u0627\u064b \u0641\u064a \u0623\u062c\u0648\u0627\u0621 \u0648\u062f\u064a\u0629 \u0645\u0639 \u062a\u0646\u0627\u0648\u0644 \u0627\u0644\u0642\u0647\u0648\u0629 \u0645\u062c\u0627\u0646\u0627\u064b.<br>\u0648\u0642\u062a \u0644<strong>\u0627\u0644\u062a\u0628\u0627\u062f\u0644 \u0648\u0627\u0644\u0645\u0634\u0627\u0631\u0643\u0629 \u0648\u0627\u0644\u0627\u0633\u062a\u0645\u0627\u0639<\/strong>\u0644\u0645\u0646\u0627\u0642\u0634\u0629 \u0627\u0644\u062a\u0631\u0628\u064a\u0629 \u0627\u0644\u064a\u0648\u0645\u064a\u0629 \u0648\u0627\u0644\u062a\u0648\u0635\u0644 \u0625\u0644\u0649 \u0623\u0641\u0643\u0627\u0631 \u0645\u0639\u064b\u0627.<\/p>\n\n\n\n<h3 class=\"wp-block-heading\">\u0631\u0639\u0627\u064a\u0629 \u0627\u0644\u0623\u0637\u0641\u0627\u0644 \u0639\u0646 \u0637\u0631\u064a\u0642 \u0627\u0644\u062a\u0639\u064a\u064a\u0646<\/h3>\n\n\n\n<p>\u0648\u0644\u0636\u0645\u0627\u0646 \u0645\u0634\u0627\u0631\u0643\u0629 \u0627\u0644\u062c\u0645\u064a\u0639 \u0641\u064a \u0627\u0644\u062d\u062f\u062b \u0628\u0631\u0627\u062d\u0629 \u0628\u0627\u0644\u060c \u0641\u0625\u0646 <strong>\u064a\u062a\u0645 \u062a\u0642\u062f\u064a\u0645 \u0631\u0639\u0627\u064a\u0629 \u0627\u0644\u0623\u0637\u0641\u0627\u0644<\/strong>.<br><a href=\"https:\/\/questionnaire.apps.education.fr\/visualizer\/DKpNq97rjsx6bY8e7\">\u0633\u062c\u0651\u0644 \u0628\u0627\u062a\u0628\u0627\u0639 \u0627\u0644\u0631\u0627\u0628\u0637<\/a> <strong>\u064a\u0631\u062c\u0649 \u0645\u0644\u0627\u062d\u0638\u0629 \u0623\u0646 \u0627\u0644\u0645\u0648\u0639\u062f \u0627\u0644\u0646\u0647\u0627\u0626\u064a \u0644\u0644\u062a\u0633\u062c\u064a\u0644 \u0647\u0648 9 \u0623\u0643\u062a\u0648\u0628\u0631.<\/strong><\/p>","protected":false},"featured_media":6992,"parent":0,"template":"","meta":{"_acf_changed":true,"_uag_custom_page_level_css":""},"event-theme":[78],"class_list":["post-6991","event","type-event","status-publish","has-post-thumbnail","hentry","event-theme-rencontres"],"acf":[],"uagb_featured_image_src":{"full":["https:\/\/mairie-montataire.fr\/app\/uploads\/2025\/10\/Agenda_CafeParentsCiteEducative.jpg",450,335,false],"thumbnail":["https:\/\/mairie-montataire.fr\/app\/uploads\/2025\/10\/Agenda_CafeParentsCiteEducative-150x150.jpg",150,150,true],"medium":["https:\/\/mairie-montataire.fr\/app\/uploads\/2025\/10\/Agenda_CafeParentsCiteEducative-300x223.jpg",300,223,true],"medium_large":["https:\/\/mairie-montataire.fr\/app\/uploads\/2025\/10\/Agenda_CafeParentsCiteEducative.jpg",450,335,false],"large":["https:\/\/mairie-montataire.fr\/app\/uploads\/2025\/10\/Agenda_CafeParentsCiteEducative.jpg",450,335,false],"1536x1536":["https:\/\/mairie-montataire.fr\/app\/uploads\/2025\/10\/Agenda_CafeParentsCiteEducative.jpg",450,335,false],"2048x2048":["https:\/\/mairie-montataire.fr\/app\/uploads\/2025\/10\/Agenda_CafeParentsCiteEducative.jpg",450,335,false],"trp-custom-language-flag":["https:\/\/mairie-montataire.fr\/app\/uploads\/2025\/10\/Agenda_CafeParentsCiteEducative-16x12.jpg",16,12,true],"gform-image-choice-sm":["https:\/\/mairie-montataire.fr\/app\/uploads\/2025\/10\/Agenda_CafeParentsCiteEducative.jpg",300,223,false],"gform-image-choice-md":["https:\/\/mairie-montataire.fr\/app\/uploads\/2025\/10\/Agenda_CafeParentsCiteEducative.jpg",400,298,false],"gform-image-choice-lg":["https:\/\/mairie-montataire.fr\/app\/uploads\/2025\/10\/Agenda_CafeParentsCiteEducative.jpg",450,335,false]},"uagb_author_info":{"display_name":"Laure Pubert","author_link":"https:\/\/mairie-montataire.fr\/ar\/actualites\/author\/"},"uagb_comment_info":0,"uagb_excerpt":"La Ville de Montataire organise un caf\u00e9-parents le mardi 14 octobre 2025, de 17h \u00e0 19h, au coll\u00e8ge Anatole France (1 chemin des Champarts, Montataire). Cet \u00e9v\u00e9nement gratuit est l\u2019occasion pour les parents d\u2019\u00e9l\u00e8ves du CM1, CM2, du coll\u00e8ge et du lyc\u00e9e de se retrouver dans une ambiance conviviale, autour d\u2019un caf\u00e9 offert.Un temps d\u2019\u00e9change,&hellip;","_links":{"self":[{"href":"https:\/\/mairie-montataire.fr\/ar\/wp-json\/wp\/v2\/event\/6991","targetHints":{"allow":["GET"]}}],"collection":[{"href":"https:\/\/mairie-montataire.fr\/ar\/wp-json\/wp\/v2\/event"}],"about":[{"href":"https:\/\/mairie-montataire.fr\/ar\/wp-json\/wp\/v2\/types\/event"}],"wp:featuredmedia":[{"embeddable":true,"href":"https:\/\/mairie-montataire.fr\/ar\/wp-json\/wp\/v2\/media\/6992"}],"wp:attachment":[{"href":"https:\/\/mairie-montataire.fr\/ar\/wp-json\/wp\/v2\/media?parent=6991"}],"wp:term":[{"taxonomy":"event-theme","embeddable":true,"href":"https:\/\/mairie-montataire.fr\/ar\/wp-json\/wp\/v2\/event-theme?post=6991"}],"curies":[{"name":"\u062f\u0628\u0644\u064a\u0648 \u0628\u064a","href":"https:\/\/api.w.org\/{rel}","templated":true}]}}