{"id":6794,"date":"2025-08-27T08:00:00","date_gmt":"2025-08-27T08:00:00","guid":{"rendered":"https:\/\/mairie-montataire.fr\/?post_type=event&#038;p=6794"},"modified":"2025-08-22T06:57:22","modified_gmt":"2025-08-22T06:57:22","slug":"%d8%a7%d9%84%d8%a8%d9%8a%d8%aa-%d8%a7%d9%84%d9%85%d9%81%d8%aa%d9%88%d8%ad-%d9%81%d9%8a-%d8%a8%d9%8a%d8%aa-%d9%85%d9%81%d8%aa%d9%88%d8%ad-%d9%85%d9%8a%d9%85-%d8%af%d9%8a-15-%d9%85%d9%88%d9%8a%d8%b3","status":"publish","type":"event","link":"https:\/\/mairie-montataire.fr\/ar\/agenda\/vie-associative\/portes-ouvertes-emm-des-15-mois\/","title":{"rendered":"\u0627\u0644\u0628\u064a\u062a \u0627\u0644\u0645\u0641\u062a\u0648\u062d EMM - \u0645\u0646 15 \u0634\u0647\u0631\u064b\u0627"},"content":{"rendered":"<p>\u0627\u0644\u062c\u0645\u0639\u064a\u0629 <a href=\"https:\/\/mairie-montataire.fr\/ar\/%d8%a7%d9%84%d8%af%d9%84%d8%a7%d8%a6%d9%84\/%d8%a7%d9%84%d8%ac%d9%85%d8%b9%d9%8a%d8%a7%d8%aa-2\/%d8%a7%d9%84%d8%b1%d9%8a%d8%a7%d8%b6%d8%a9\/%d8%a5%d8%b3%d8%a8%d9%8a%d8%b1%d8%a7%d9%86%d8%b3-%d8%a8%d9%84%d8%af%d9%8a%d8%a9-%d9%85%d9%88%d9%86%d8%aa%d8%a7%d8%aa%d9%8a%d8%b1\/\">\u0625\u0633\u0628\u064a\u0631\u0627\u0646\u0633 \u0628\u0644\u062f\u064a\u0629 \u0645\u0648\u0646\u062a\u0627\u062a\u064a\u0631<\/a> \u062a\u0642\u062f\u0645 \u0631\u064a\u0627\u0636\u0629 \u0627\u0644\u062c\u0645\u0628\u0627\u0632 \u0644\u0644\u0623\u0637\u0641\u0627\u0644 \u0627\u0644\u0635\u063a\u0627\u0631 \u0645\u0646 \u0639\u0645\u0631 15 \u0634\u0647\u0631\u0627\u064b \u0641\u0623\u0643\u062b\u0631\u060c \u0633\u0648\u0627\u0621\u064b \u0627\u0644\u0623\u0637\u0641\u0627\u0644 \u0627\u0644\u0623\u0633\u0648\u064a\u0627\u0621 \u0623\u0648 \u0627\u0644\u0645\u0639\u0627\u0642\u064a\u0646. <\/p>\n\n\n\n<p><strong>\u0641\u064a \u0627\u0644\u0628\u0631\u0646\u0627\u0645\u062c:<\/strong>&nbsp;<\/p>\n\n\n\n<ul class=\"wp-block-list\">\n<li style=\"font-style:normal;font-weight:400\">\u062f\u0648\u0631\u0629 \u0627\u0644\u0645\u0647\u0627\u0631\u0627\u062a \u0627\u0644\u062d\u0631\u0643\u064a\u0629 \u0627\u0644\u0639\u0645\u0644\u0627\u0642\u0629 (\u0644\u062a\u0639\u0644\u0645 \u0627\u0644\u062a\u0623\u0631\u062c\u062d \u0648\u0627\u0644\u062a\u062f\u062d\u0631\u062c \u0648\u0627\u0644\u0645\u0634\u064a \u0639\u0644\u0649 \u0627\u0644\u0639\u0627\u0631\u0636\u0629\u060c \u0625\u0644\u062e)<\/li>\n\n\n\n<li style=\"font-style:normal;font-weight:400\">\u0623\u0644\u0639\u0627\u0628 \u062c\u0645\u0627\u0639\u064a\u0629 (\u0623\u0637\u0648\u0627\u0642\u060c \u0643\u0631\u0627\u062a\u060c \u0625\u0644\u062e)<\/li>\n\n\n\n<li style=\"font-style:normal;font-weight:400\">\u0623\u063a\u0627\u0646\u064a \u0627\u0644\u0623\u0637\u0641\u0627\u0644<\/li>\n<\/ul>\n\n\n\n<p>\u0625\u0646\u0647 \u0627\u0644\u0646\u0634\u0627\u0637 \u0627\u0644\u0645\u062b\u0627\u0644\u064a \u0644\u0645\u0634\u0627\u0631\u0643\u0629 \u0644\u062d\u0638\u0629 \u0645\u0645\u064a\u0632\u0629 \u0645\u0639 \u0627\u0644\u0623\u0645 \u0648\u0627\u0644\u0623\u0628 \u0648\u0627\u0644\u062e\u0627\u0644\u0629 \u0648\u0627\u0644\u062c\u062f... \u064a\u062c\u0628 \u0623\u0646 \u064a\u0643\u0648\u0646 \u0643\u0644 \u0637\u0641\u0644 \u0628\u0631\u0641\u0642\u0629 \u0634\u062e\u0635 \u0628\u0627\u0644\u063a \u0641\u064a \u0645\u0646\u0637\u0642\u0629 \u0627\u0644\u062a\u062f\u0631\u064a\u0628. \u064a\u0648\u0635\u0649 \u0628\u0627\u0631\u062a\u062f\u0627\u0621 \u0645\u0644\u0627\u0628\u0633 \u0631\u064a\u0627\u0636\u064a\u0629 \u0645\u0631\u064a\u062d\u0629 \u0644\u0643\u0644 \u0645\u0646 \u0627\u0644\u0637\u0641\u0644 \u0648\u0627\u0644\u0628\u0627\u0644\u063a.<\/p>\n\n\n\n<div class=\"wp-block-uagb-image aligncenter uagb-block-a1abe891 wp-block-uagb-image--layout-default wp-block-uagb-image--effect-static wp-block-uagb-image--align-center\"><figure class=\"wp-block-uagb-image__figure\"><img decoding=\"async\" srcset=\"https:\/\/mairie-montataire.fr\/app\/uploads\/2025\/08\/BEBE-1-682x1024.jpg ,https:\/\/mairie-montataire.fr\/app\/uploads\/2025\/08\/BEBE-1.jpg 780w, https:\/\/mairie-montataire.fr\/app\/uploads\/2025\/08\/BEBE-1.jpg 360w\" sizes=\"auto, (max-width: 480px) 150px\" src=\"https:\/\/mairie-montataire.fr\/app\/uploads\/2025\/08\/BEBE-1-682x1024.jpg\" alt=\"\" class=\"uag-image-6798\" width=\"682\" height=\"1024\" title=\"BABY2\" loading=\"lazy\" role=\"img\"\/><\/figure><\/div>\n\n\n\n<p class=\"has-text-align-center\"><em>\u0627\u0633\u0628\u064a\u0631\u0627\u0646\u0633 \u0628\u0644\u062f\u064a\u0629 \u0645\u0648\u0646\u062a\u0627\u062a\u064a\u0631<\/em><\/p>\n\n\n\n<p>\u0623\u0646\u0634\u0637\u0629 \u0623\u062e\u0631\u0649 : <\/p>\n\n\n\n<ul class=\"wp-block-list\">\n<li style=\"font-style:normal;font-weight:400\">\u0627\u0644\u0644\u064a\u0627\u0642\u0629 \u0627\u0644\u0628\u062f\u0646\u064a\u0629: 10 \u062d\u0635\u0635 \u0644\u064a\u0627\u0642\u0629 \u0628\u062f\u0646\u064a\u0629 \u062c\u0645\u0627\u0639\u064a\u0629\u060c \u0645\u0646 8 \u0625\u0644\u0649 19 \u0633\u0628\u062a\u0645\u0628\u0631 \u0641\u064a \u0635\u0627\u0644\u0627\u062a \u0631\u064a\u0627\u0636\u064a\u0629 \u0645\u062e\u062a\u0644\u0641\u0629 \u0641\u064a \u0645\u0648\u0646\u062a\u0627\u062a\u064a\u0631 \u0648\u0641\u064a \u0645\u062c\u0645\u0639 \u0645\u0627\u0631\u064a \u0643\u0648\u0631\u064a \u0641\u064a \u0646\u0648\u062c\u0627\u0646 \u0633\u0648\u0631 \u0623\u0648\u0632.<\/li>\n\n\n\n<li style=\"font-style:normal;font-weight:400\">\u0627\u0644\u0628\u0627\u0631\u0643\u0648\u0631\u060c \u0627\u0644\u062c\u0645\u0628\u0627\u0632 \u0627\u0644\u062d\u0636\u0631\u064a \u0644\u0639\u0627\u0645 2016 \u06482015 \u0648\u0645\u0627 \u0641\u0648\u0642\u060c \u0627\u0644\u0623\u0631\u0628\u0639\u0627\u0621 10 \u0633\u0628\u062a\u0645\u0628\u0631 \u0645\u0646 \u0627\u0644\u0633\u0627\u0639\u0629 8 \u0645\u0633\u0627\u0621\u064b \u0625\u0644\u0649 9:15 \u0645\u0633\u0627\u0621\u064b\u060c \u0648\u0627\u0644\u062c\u0645\u0639\u0629 12 \u0633\u0628\u062a\u0645\u0628\u0631 \u0645\u0646 \u0627\u0644\u0633\u0627\u0639\u0629 8:15 \u0645\u0633\u0627\u0621\u064b \u0625\u0644\u0649 9:30 \u0645\u0633\u0627\u0621\u064b.&nbsp;<\/li>\n\n\n\n<li style=\"font-style:normal;font-weight:400\">\u0635\u0627\u0644\u0629 \u0627\u0644\u0623\u0644\u0639\u0627\u0628 \u0627\u0644\u0631\u064a\u0627\u0636\u064a\u0629 \u0627\u0644\u064a\u062f\u0648\u064a\u0629\u060c \u0644\u0644\u0628\u0627\u0644\u063a\u064a\u0646 \u0641\u064a \u062f\u0648\u0631 \u0627\u0644\u0631\u0639\u0627\u064a\u0629\u060c \u0623\u0648 \u0641\u064a \u0627\u0644\u0645\u0646\u0632\u0644 \u0639\u0646\u062f \u0627\u0644\u0637\u0644\u0628. \u0627\u0644\u062c\u0644\u0633\u0627\u062a \u0645\u0645\u062a\u0639\u0629 \u0648\u0648\u062f\u064a\u0629.<\/li>\n\n\n\n<li style=\"font-style:normal;font-weight:400\">\u062c\u0645\u0628\u0627\u0632 \u0627\u0644\u0623\u062c\u0647\u0632\u0629 \u0627\u0644\u062a\u0631\u0641\u064a\u0647\u064a\u0629 \u0648\u0627\u0644\u062a\u0646\u0627\u0641\u0633\u064a\u0629 \u0644\u0644\u0623\u0639\u0645\u0627\u0631 \u0645\u0646 6 \u0633\u0646\u0648\u0627\u062a \u0641\u0645\u0627 \u0641\u0648\u0642.<\/li>\n<\/ul>\n\n\n\n<p><\/p>","protected":false},"featured_media":6795,"parent":0,"template":"","meta":{"_acf_changed":false,"_uag_custom_page_level_css":""},"event-theme":[73],"class_list":["post-6794","event","type-event","status-publish","has-post-thumbnail","hentry","event-theme-vie-associative"],"acf":[],"uagb_featured_image_src":{"full":["https:\/\/mairie-montataire.fr\/app\/uploads\/2025\/08\/BEBE-e1755786034903.jpg",1364,990,false],"thumbnail":["https:\/\/mairie-montataire.fr\/app\/uploads\/2025\/08\/BEBE-e1755786034903-150x150.jpg",150,150,true],"medium":["https:\/\/mairie-montataire.fr\/app\/uploads\/2025\/08\/BEBE-e1755786034903-300x218.jpg",300,218,true],"medium_large":["https:\/\/mairie-montataire.fr\/app\/uploads\/2025\/08\/BEBE-e1755786034903-768x557.jpg",768,557,true],"large":["https:\/\/mairie-montataire.fr\/app\/uploads\/2025\/08\/BEBE-e1755786034903-1024x743.jpg",1024,743,true],"1536x1536":["https:\/\/mairie-montataire.fr\/app\/uploads\/2025\/08\/BEBE-1023x1536.jpg",1023,1536,true],"2048x2048":["https:\/\/mairie-montataire.fr\/app\/uploads\/2025\/08\/BEBE-e1755786034903.jpg",1364,990,false],"trp-custom-language-flag":["https:\/\/mairie-montataire.fr\/app\/uploads\/2025\/08\/BEBE-e1755786034903-18x12.jpg",18,12,true],"gform-image-choice-sm":["https:\/\/mairie-montataire.fr\/app\/uploads\/2025\/08\/BEBE-e1755786034903-300x300.jpg",300,300,true],"gform-image-choice-md":["https:\/\/mairie-montataire.fr\/app\/uploads\/2025\/08\/BEBE-e1755786034903-400x400.jpg",400,400,true],"gform-image-choice-lg":["https:\/\/mairie-montataire.fr\/app\/uploads\/2025\/08\/BEBE-e1755786034903-600x600.jpg",600,600,true]},"uagb_author_info":{"display_name":"Laure Pubert","author_link":"https:\/\/mairie-montataire.fr\/ar\/actualites\/author\/"},"uagb_comment_info":0,"uagb_excerpt":"L&rsquo;association Esp\u00e9rance Municipale de Montataire vous propose de la gym pour a petite enfance d\u00e8s 15 mois, enfants valides ou en situation de handicap. Au programme :&nbsp; C&rsquo;est l&rsquo;activit\u00e9 id\u00e9ale pour partager un moment privil\u00e9gi\u00e9 avec maman, papa, tatie, papi&#8230;&nbsp;Chaque enfant doit \u00eatre accompagn\u00e9 d&rsquo;un adulte sur l&rsquo;aire de pratique. Tenue confortable\/de sport conseill\u00e9e pour&hellip;","_links":{"self":[{"href":"https:\/\/mairie-montataire.fr\/ar\/wp-json\/wp\/v2\/event\/6794","targetHints":{"allow":["GET"]}}],"collection":[{"href":"https:\/\/mairie-montataire.fr\/ar\/wp-json\/wp\/v2\/event"}],"about":[{"href":"https:\/\/mairie-montataire.fr\/ar\/wp-json\/wp\/v2\/types\/event"}],"wp:featuredmedia":[{"embeddable":true,"href":"https:\/\/mairie-montataire.fr\/ar\/wp-json\/wp\/v2\/media\/6795"}],"wp:attachment":[{"href":"https:\/\/mairie-montataire.fr\/ar\/wp-json\/wp\/v2\/media?parent=6794"}],"wp:term":[{"taxonomy":"event-theme","embeddable":true,"href":"https:\/\/mairie-montataire.fr\/ar\/wp-json\/wp\/v2\/event-theme?post=6794"}],"curies":[{"name":"\u062f\u0628\u0644\u064a\u0648 \u0628\u064a","href":"https:\/\/api.w.org\/{rel}","templated":true}]}}