{"id":6752,"date":"2025-08-31T08:16:50","date_gmt":"2025-08-31T08:16:50","guid":{"rendered":"https:\/\/mairie-montataire.fr\/?post_type=event&#038;p=6752"},"modified":"2025-08-18T09:00:11","modified_gmt":"2025-08-18T09:00:11","slug":"%d8%b3%d9%88%d9%82-%d9%85%d9%8a%d8%b3%d9%84-%d9%84%d9%84%d8%b3%d9%84%d8%b9-%d8%a7%d9%84%d9%85%d8%b3%d8%aa%d8%b9%d9%85%d9%84%d8%a9","status":"publish","type":"event","link":"https:\/\/mairie-montataire.fr\/ar\/agenda\/vie-associative\/brocante-maysel\/","title":{"rendered":"\u0633\u0648\u0642 \u0645\u064a\u0633\u0644 \u0644\u0644\u0633\u0644\u0639 \u0627\u0644\u0645\u0633\u062a\u0639\u0645\u0644\u0629"},"content":{"rendered":"<p>\u062a\u0646\u0638\u0645 \u062c\u0645\u0639\u064a\u0629 La Ma\u00ffselloise \u0633\u0648\u0642\u064b\u0627 \u0644\u0644\u0633\u0644\u0639 \u0627\u0644\u0645\u0633\u062a\u0639\u0645\u0644\u0629 \u0641\u064a \u0645\u064a\u0633\u0644 \u064a\u0648\u0645 \u0627\u0644\u0623\u062d\u062f 21 \u0633\u0628\u062a\u0645\u0628\u0631 2025\u060c \u0645\u0646 \u0627\u0644\u0633\u0627\u0639\u0629 8 \u0635\u0628\u0627\u062d\u064b\u0627 \u062d\u062a\u0649 6 \u0645\u0633\u0627\u0621\u064b \u0641\u064a \u0633\u0627\u062d\u0629 \u062f\u0627\u0631 \u0627\u0644\u0628\u0644\u062f\u064a\u0629. <\/p>\n\n\n\n<p>\u0633\u062a\u062a\u0648\u0641\u0631 \u0627\u0644\u0645\u0631\u0637\u0628\u0627\u062a \u0648\u0627\u0644\u0637\u0639\u0627\u0645 \u0641\u064a \u0627\u0644\u0645\u0648\u0642\u0639\u060c \u0648\u0633\u064a\u0643\u0648\u0646 \u0647\u0646\u0627\u0643 \u0627\u0644\u0643\u062b\u064a\u0631 \u0645\u0646 \u0627\u0644\u0641\u0639\u0627\u0644\u064a\u0627\u062a \u0627\u0644\u062a\u0631\u0641\u064a\u0647\u064a\u0629 \u0637\u0648\u0627\u0644 \u0627\u0644\u064a\u0648\u0645!<\/p>\n\n\n\n<h2 class=\"wp-block-heading\">\u0627\u0644\u062a\u0633\u062c\u064a\u0644\u0627\u062a <\/h2>\n\n\n\n<p><a href=\"mailto:lamayselloise@gmail.com\">lamayselloise@gmail.com<\/a><br><a href=\"tel:065632729\">06 5 63 27 29<\/a><\/p>\n\n\n\n<h2 class=\"wp-block-heading\">\u0627\u0644\u0623\u0633\u0639\u0627\u0631<\/h2>\n\n\n\n<p>\u0645\u0647\u0646\u064a \u0623\u0648 \u062e\u0627\u0631\u062c\u064a : <strong>4\u20ac\/m<\/strong> <em>(2 \u0645 \u0643\u062d\u062f \u0623\u062f\u0646\u0649)<\/em><\/p>\n\n\n\n<p>\u0627\u0644\u0645\u0642\u064a\u0645\u0648\u0646 : <strong>3\u20ac\/m<\/strong> <em>(2 \u0645 \u0645\u062c\u0627\u0646\u0627\u064b \u0644\u0623\u0639\u0636\u0627\u0621 \u0627\u0644\u062c\u0645\u0639\u064a\u0629)<\/em><\/p>\n\n\n\n<p><\/p>","protected":false},"featured_media":6753,"parent":0,"template":"","meta":{"_acf_changed":true,"_uag_custom_page_level_css":""},"event-theme":[73],"class_list":["post-6752","event","type-event","status-publish","has-post-thumbnail","hentry","event-theme-vie-associative"],"acf":[],"uagb_featured_image_src":{"full":["https:\/\/mairie-montataire.fr\/app\/uploads\/2025\/08\/Agenda_BrocanteMaysel.jpg",450,335,false],"thumbnail":["https:\/\/mairie-montataire.fr\/app\/uploads\/2025\/08\/Agenda_BrocanteMaysel-150x150.jpg",150,150,true],"medium":["https:\/\/mairie-montataire.fr\/app\/uploads\/2025\/08\/Agenda_BrocanteMaysel-300x223.jpg",300,223,true],"medium_large":["https:\/\/mairie-montataire.fr\/app\/uploads\/2025\/08\/Agenda_BrocanteMaysel.jpg",450,335,false],"large":["https:\/\/mairie-montataire.fr\/app\/uploads\/2025\/08\/Agenda_BrocanteMaysel.jpg",450,335,false],"1536x1536":["https:\/\/mairie-montataire.fr\/app\/uploads\/2025\/08\/Agenda_BrocanteMaysel.jpg",450,335,false],"2048x2048":["https:\/\/mairie-montataire.fr\/app\/uploads\/2025\/08\/Agenda_BrocanteMaysel.jpg",450,335,false],"trp-custom-language-flag":["https:\/\/mairie-montataire.fr\/app\/uploads\/2025\/08\/Agenda_BrocanteMaysel-16x12.jpg",16,12,true],"gform-image-choice-sm":["https:\/\/mairie-montataire.fr\/app\/uploads\/2025\/08\/Agenda_BrocanteMaysel.jpg",300,223,false],"gform-image-choice-md":["https:\/\/mairie-montataire.fr\/app\/uploads\/2025\/08\/Agenda_BrocanteMaysel.jpg",400,298,false],"gform-image-choice-lg":["https:\/\/mairie-montataire.fr\/app\/uploads\/2025\/08\/Agenda_BrocanteMaysel.jpg",450,335,false]},"uagb_author_info":{"display_name":"Laure Pubert","author_link":"https:\/\/mairie-montataire.fr\/ar\/actualites\/author\/"},"uagb_comment_info":0,"uagb_excerpt":"L&rsquo;association La Ma\u00ffselloise organise une brocante \u00e0 Maysel le dimanche 21 septembre 2025, de 8h \u00e0 18h sur la place de la mairie. Buvette et restauration sur place et plusieurs animations sont pr\u00e9vues dans la journ\u00e9e ! Inscriptions lamayselloise@gmail.com06 5 63 27 29 Tarifs Professionnels ou ext\u00e9rieurs : 4\u20ac\/m (minimum 2m) R\u00e9sidents : 3\u20ac\/m (2m&hellip;","_links":{"self":[{"href":"https:\/\/mairie-montataire.fr\/ar\/wp-json\/wp\/v2\/event\/6752","targetHints":{"allow":["GET"]}}],"collection":[{"href":"https:\/\/mairie-montataire.fr\/ar\/wp-json\/wp\/v2\/event"}],"about":[{"href":"https:\/\/mairie-montataire.fr\/ar\/wp-json\/wp\/v2\/types\/event"}],"wp:featuredmedia":[{"embeddable":true,"href":"https:\/\/mairie-montataire.fr\/ar\/wp-json\/wp\/v2\/media\/6753"}],"wp:attachment":[{"href":"https:\/\/mairie-montataire.fr\/ar\/wp-json\/wp\/v2\/media?parent=6752"}],"wp:term":[{"taxonomy":"event-theme","embeddable":true,"href":"https:\/\/mairie-montataire.fr\/ar\/wp-json\/wp\/v2\/event-theme?post=6752"}],"curies":[{"name":"\u062f\u0628\u0644\u064a\u0648 \u0628\u064a","href":"https:\/\/api.w.org\/{rel}","templated":true}]}}