{"id":6730,"date":"2025-08-16T06:00:00","date_gmt":"2025-08-16T06:00:00","guid":{"rendered":"https:\/\/mairie-montataire.fr\/?post_type=event&#038;p=6730"},"modified":"2025-08-12T13:32:21","modified_gmt":"2025-08-12T13:32:21","slug":"%d9%85%d9%87%d8%b1%d8%ac%d8%a7%d9%86-%d8%a7%d9%84%d8%ac%d9%85%d8%b9%d9%8a%d8%a7%d8%aa","status":"publish","type":"event","link":"https:\/\/mairie-montataire.fr\/ar\/agenda\/vie-associative\/fete-des-associations\/","title":{"rendered":"\u0645\u0647\u0631\u062c\u0627\u0646 \u0627\u0644\u062c\u0645\u0639\u064a\u0627\u062a"},"content":{"rendered":"<p>\u0633\u062a\u062d\u0636\u0631 \u0627\u0644\u0639\u0634\u0631\u0627\u062a \u0645\u0646 \u0627\u0644\u062c\u0645\u0639\u064a\u0627\u062a \u0627\u0644\u0645\u0646\u062a\u0627\u062a\u064a\u0631\u064a\u0629 \u0644\u0639\u0631\u0636 \u0623\u0646\u0634\u0637\u062a\u0647\u0627 \u0627\u0644\u0645\u062a\u0646\u0648\u0639\u0629: \u0627\u0644\u0631\u064a\u0627\u0636\u0629\u060c \u0648\u0627\u0644\u0645\u0648\u0633\u064a\u0642\u0649\u060c \u0648\u0627\u0644\u0646\u0634\u0627\u0637\u060c \u0648\u0627\u0644\u062a\u0628\u0627\u062f\u0644 \u0627\u0644\u062b\u0642\u0627\u0641\u064a\u060c \u0648\u0639\u0644\u0645 \u0627\u0644\u0641\u0637\u0631\u064a\u0627\u062a\u060c \u0648\u0627\u0644\u062a\u0635\u0648\u064a\u0631 \u0627\u0644\u0641\u0648\u062a\u0648\u063a\u0631\u0627\u0641\u064a... \u0648\u063a\u064a\u0631\u0647\u0627 \u0627\u0644\u0643\u062b\u064a\u0631.<br>\u0633\u062a\u064f\u0642\u0627\u0645 \u0641\u0639\u0627\u0644\u064a\u0629 \u0647\u0630\u0627 \u0627\u0644\u0639\u0627\u0645 <strong>\u0641\u064a \u0627\u0644\u062f\u0627\u062e\u0644 \u0648\u0627\u0644\u062e\u0627\u0631\u062c<\/strong>\u0635\u060c \u0645\u0639 <strong>\u0627\u0644\u0639\u0631\u0648\u0636 \u0627\u0644\u062a\u0648\u0636\u064a\u062d\u064a\u0629<\/strong>\u0648 <strong>\u0647\u064a\u0627\u0643\u0644 \u0642\u0627\u0628\u0644\u0629 \u0644\u0644\u0646\u0641\u062e<\/strong> \u0648 <strong>\u062d\u0627\u0645\u0644 \u0627\u0644\u0645\u0643\u064a\u0627\u062c <\/strong>\u0644\u0644\u0623\u0637\u0641\u0627\u0644.<\/p>\n\n\n\n<p><strong>\u0625\u0646\u0647\u0627 \u0627\u0644\u0637\u0631\u064a\u0642\u0629 \u0627\u0644\u0645\u062b\u0627\u0644\u064a\u0629 \u0644\u0627\u0643\u062a\u0634\u0627\u0641 \u0634\u063a\u0641 \u062c\u062f\u064a\u062f \u0648\u0645\u0634\u0627\u0631\u0643\u0629 \u0628\u0639\u0636 \u0627\u0644\u0645\u0631\u062d \u0627\u0644\u0639\u0627\u0626\u0644\u064a \u0639\u0644\u0649 \u0639\u062a\u0628\u0629 \u0645\u0646\u0632\u0644\u0643.<\/strong><\/p>\n\n\n\n<div class=\"wp-block-uagb-buttons uagb-buttons__outer-wrap uagb-btn__default-btn uagb-btn-tablet__default-btn uagb-btn-mobile__default-btn uagb-block-0b8c87de\"><div class=\"uagb-buttons__wrap uagb-buttons-layout-wrap\">\n<div class=\"wp-block-uagb-buttons-child uagb-buttons__outer-wrap uagb-block-90b8d8db wp-block-button\"><div class=\"uagb-button__wrapper\"><a class=\"uagb-buttons-repeater wp-block-button__link\" aria-label=\"\" href=\"https:\/\/mairie-montataire.fr\/ar\/%d8%a7%d9%84%d8%af%d9%84%d8%a7%d8%a6%d9%84\/?categorie=associations&amp;ordre=a-z\" rel=\"follow noopener\" target=\"_self\" role=\"button\"><div class=\"uagb-button__link\">\u0642\u0627\u0626\u0645\u0629 \u0627\u0644\u062c\u0645\u0639\u064a\u0627\u062a \u0641\u064a \u0645\u0648\u0646\u062a\u0627\u062a\u064a\u0631<\/div><\/a><\/div><\/div>\n<\/div><\/div>\n\n\n\n<p><\/p>","protected":false},"featured_media":6731,"parent":0,"template":"","meta":{"_acf_changed":false,"_uag_custom_page_level_css":""},"event-theme":[73],"class_list":["post-6730","event","type-event","status-publish","has-post-thumbnail","hentry","event-theme-vie-associative"],"acf":[],"uagb_featured_image_src":{"full":["https:\/\/mairie-montataire.fr\/app\/uploads\/2025\/08\/Fete-des-assos_2025-Actu-site.jpg",1191,842,false],"thumbnail":["https:\/\/mairie-montataire.fr\/app\/uploads\/2025\/08\/Fete-des-assos_2025-Actu-site-150x150.jpg",150,150,true],"medium":["https:\/\/mairie-montataire.fr\/app\/uploads\/2025\/08\/Fete-des-assos_2025-Actu-site-300x212.jpg",300,212,true],"medium_large":["https:\/\/mairie-montataire.fr\/app\/uploads\/2025\/08\/Fete-des-assos_2025-Actu-site-768x543.jpg",768,543,true],"large":["https:\/\/mairie-montataire.fr\/app\/uploads\/2025\/08\/Fete-des-assos_2025-Actu-site-1024x724.jpg",1024,724,true],"1536x1536":["https:\/\/mairie-montataire.fr\/app\/uploads\/2025\/08\/Fete-des-assos_2025-Actu-site.jpg",1191,842,false],"2048x2048":["https:\/\/mairie-montataire.fr\/app\/uploads\/2025\/08\/Fete-des-assos_2025-Actu-site.jpg",1191,842,false],"trp-custom-language-flag":["https:\/\/mairie-montataire.fr\/app\/uploads\/2025\/08\/Fete-des-assos_2025-Actu-site-18x12.jpg",18,12,true],"gform-image-choice-sm":["https:\/\/mairie-montataire.fr\/app\/uploads\/2025\/08\/Fete-des-assos_2025-Actu-site.jpg",300,212,false],"gform-image-choice-md":["https:\/\/mairie-montataire.fr\/app\/uploads\/2025\/08\/Fete-des-assos_2025-Actu-site.jpg",400,283,false],"gform-image-choice-lg":["https:\/\/mairie-montataire.fr\/app\/uploads\/2025\/08\/Fete-des-assos_2025-Actu-site.jpg",600,424,false]},"uagb_author_info":{"display_name":"Laure Pubert","author_link":"https:\/\/mairie-montataire.fr\/ar\/actualites\/author\/"},"uagb_comment_info":0,"uagb_excerpt":"Plusieurs dizaines d&rsquo;associations montatairiennes vous attendent pour pr\u00e9senter la diversit\u00e9 de leurs activit\u00e9s : sports, musique, militantisme, \u00e9changes culturels, mycologie, photographie\u2026 et bien plus encore.Cette \u00e9dition se d\u00e9roulera \u00e0 la fois en int\u00e9rieur et en ext\u00e9rieur, avec des d\u00e9monstrations, des structures gonflables et un stand de maquillage pour les enfants. Un rendez-vous id\u00e9al pour d\u00e9couvrir&hellip;","_links":{"self":[{"href":"https:\/\/mairie-montataire.fr\/ar\/wp-json\/wp\/v2\/event\/6730","targetHints":{"allow":["GET"]}}],"collection":[{"href":"https:\/\/mairie-montataire.fr\/ar\/wp-json\/wp\/v2\/event"}],"about":[{"href":"https:\/\/mairie-montataire.fr\/ar\/wp-json\/wp\/v2\/types\/event"}],"wp:featuredmedia":[{"embeddable":true,"href":"https:\/\/mairie-montataire.fr\/ar\/wp-json\/wp\/v2\/media\/6731"}],"wp:attachment":[{"href":"https:\/\/mairie-montataire.fr\/ar\/wp-json\/wp\/v2\/media?parent=6730"}],"wp:term":[{"taxonomy":"event-theme","embeddable":true,"href":"https:\/\/mairie-montataire.fr\/ar\/wp-json\/wp\/v2\/event-theme?post=6730"}],"curies":[{"name":"\u062f\u0628\u0644\u064a\u0648 \u0628\u064a","href":"https:\/\/api.w.org\/{rel}","templated":true}]}}