{"id":6680,"date":"2025-08-01T10:04:37","date_gmt":"2025-08-01T10:04:37","guid":{"rendered":"https:\/\/mairie-montataire.fr\/?post_type=event&#038;p=6680"},"modified":"2025-08-07T13:34:59","modified_gmt":"2025-08-07T13:34:59","slug":"%d8%a5%d8%ad%d9%8a%d8%a7%d8%a1%d9%8b-%d9%84%d8%b0%d9%83%d8%b1%d9%89-%d8%aa%d8%ad%d8%b1%d9%8a%d8%b1-%d8%a7%d9%84%d9%85%d8%af%d9%8a%d9%86%d8%a9","status":"publish","type":"event","link":"https:\/\/mairie-montataire.fr\/ar\/agenda\/evenement\/commemoration-liberation-de-la-ville\/","title":{"rendered":"\u0625\u062d\u064a\u0627\u0621 \u0627\u0644\u0630\u0643\u0631\u0649 - \u062a\u062d\u0631\u064a\u0631 \u0627\u0644\u0628\u0644\u062f\u0629"},"content":{"rendered":"<p>\u062a\u062f\u0639\u0648\u0643 \u0628\u0644\u062f\u0629 \u0645\u0648\u0646\u062a\u0627\u062a\u064a\u0631 \u0644\u0644\u0645\u0634\u0627\u0631\u0643\u0629 \u0641\u064a \u0627\u0644\u0627\u062d\u062a\u0641\u0627\u0644 \u0644\u0625\u062d\u064a\u0627\u0621 \u0630\u0643\u0631\u0649 <strong>81<sup>e<\/sup> \u0630\u0643\u0631\u0649 \u062a\u062d\u0631\u064a\u0631 \u0645\u0648\u0646\u062a\u0627\u062a\u064a\u0631<\/strong>\u0641\u0625\u0646 <strong>\u0627\u0644\u0623\u062d\u062f 31 \u0623\u063a\u0633\u0637\u0633 2025 \u0641\u064a \u0627\u0644\u0633\u0627\u0639\u0629 10:30 \u0635\u0628\u0627\u062d\u0627\u064b<\/strong>, <strong>\u0645\u0642\u0627\u0628\u0644 \u0645\u062c\u0645\u0648\u0639\u0629 \u0645\u062f\u0627\u0631\u0633 \u0625\u062f\u0645\u0648\u0646 \u0644\u064a\u0641\u064a\u064a\u0647<\/strong>.<\/p>\n\n\n\n<p>\u0641\u064a 31 \u0623\u063a\u0633\u0637\u0633 1944\u060c \u0627\u0633\u062a\u0639\u0627\u062f\u062a \u0645\u0648\u0646\u062a\u0627\u062a\u064a\u0631 \u062d\u0631\u064a\u062a\u0647\u0627 \u0628\u0639\u062f \u0623\u0631\u0628\u0639 \u0633\u0646\u0648\u0627\u062a \u0645\u0646 \u0627\u0644\u0627\u062d\u062a\u0644\u0627\u0644 \u0627\u0644\u0623\u0644\u0645\u0627\u0646\u064a. \u0648\u0642\u062f \u062a\u0645\u064a\u0632 \u0647\u0630\u0627 \u0627\u0644\u064a\u0648\u0645 \u0627\u0644\u062a\u0627\u0631\u064a\u062e\u064a \u0628\u062f\u062e\u0648\u0644 \u0642\u0648\u0627\u062a \u0627\u0644\u062d\u0644\u0641\u0627\u0621 \u0625\u0644\u0649 \u0627\u0644\u0628\u0644\u062f\u0629 \u0645\u062f\u0639\u0648\u0645\u0629 \u0628\u0627\u0644\u0623\u0639\u0645\u0627\u0644 \u0627\u0644\u0634\u062c\u0627\u0639\u0629 \u0644\u0644\u0645\u0642\u0627\u0648\u0645\u0629 \u0627\u0644\u0645\u062d\u0644\u064a\u0629. \u0648\u0641\u064a \u0643\u0644 \u0639\u0627\u0645\u060c \u064a\u0642\u0648\u0645 \u0645\u062c\u0644\u0633 \u0627\u0644\u0628\u0644\u062f\u0629 \u0628\u062a\u0643\u0631\u064a\u0645 \u0623\u0648\u0644\u0626\u0643 \u0627\u0644\u0630\u064a\u0646 \u0642\u0627\u062a\u0644\u0648\u0627 \u0645\u0646 \u0623\u062c\u0644 \u0627\u0644\u062d\u0631\u064a\u0629\u060c \u062d\u062a\u0649 \u0644\u0627 \u062a\u0646\u0633\u0649 \u0627\u0644\u0623\u062c\u064a\u0627\u0644 \u0627\u0644\u062d\u0627\u0644\u064a\u0629 \u062b\u0645\u0646 \u0627\u0644\u0633\u0644\u0627\u0645.<\/p>\n\n\n\n<h2 class=\"wp-block-heading\">\u0627\u0644\u0628\u0631\u0646\u0627\u0645\u062c \u0627\u0644\u0635\u0628\u0627\u062d\u064a :<\/h2>\n\n\n\n<p><strong>10h30<\/strong> :<\/p>\n\n\n\n<ul class=\"wp-block-list\">\n<li style=\"font-style:normal;font-weight:400\">\u062a\u062c\u0645\u0639 \u0623\u0645\u0627\u0645 \u0645\u062f\u0631\u0633\u0629 \u0625\u062f\u0645\u0648\u0646\u062f \u0644\u0648\u0641\u064a\u064a\u0647<\/li>\n\n\n\n<li style=\"font-style:normal;font-weight:400\">\u0645\u0648\u0643\u0628 \u0625\u0644\u0649 \u0627\u0644\u0646\u0635\u0628 \u0627\u0644\u062a\u0630\u0643\u0627\u0631\u064a (\u0633\u0627\u062d\u0629 \u0627\u0644\u0628\u0644\u062f\u064a\u0629)<\/li>\n\n\n\n<li style=\"font-style:normal;font-weight:400\">\u0648\u0636\u0639 \u0623\u0643\u0627\u0644\u064a\u0644 \u0627\u0644\u0632\u0647\u0648\u0631\u060c \u0648\u0625\u0644\u0642\u0627\u0621 \u0627\u0644\u0643\u0644\u0645\u0627\u062a\u060c \u0648\u0627\u0644\u0648\u0642\u0648\u0641 \u062f\u0642\u064a\u0642\u0629 \u0635\u0645\u062a\u060c \u0648\u0627\u0644\u0645\u0627\u0631\u0633\u064a\u0644\u064a\u0627<\/li>\n<\/ul>\n\n\n\n<p><strong>11h00<\/strong> :<\/p>\n\n\n\n<ul class=\"wp-block-list\">\n<li style=\"font-style:normal;font-weight:400\">\u0627\u0633\u062a\u0626\u0646\u0627\u0641 \u0627\u0644\u0645\u0633\u064a\u0631\u0629 \u0625\u0644\u0649 \u0627\u0644\u0646\u0635\u0628 \u0627\u0644\u062a\u0630\u0643\u0627\u0631\u064a \u0644\u0644\u0645\u0628\u0639\u062f\u064a\u0646 (\u0634\u0627\u0631\u0639 \u0627\u0644\u0645\u0628\u0639\u062f\u064a\u0646)<\/li>\n\n\n\n<li style=\"font-style:normal;font-weight:400\">\u0648\u0636\u0639 \u0623\u0643\u0627\u0644\u064a\u0644 \u0627\u0644\u0632\u0647\u0648\u0631\u060c \u0648\u0625\u0644\u0642\u0627\u0621 \u0627\u0644\u0643\u0644\u0645\u0627\u062a\u060c \u0648\u0627\u0644\u0648\u0642\u0648\u0641 \u062f\u0642\u064a\u0642\u0629 \u0635\u0645\u062a\u060c \u0648\u0627\u0644\u0645\u0627\u0631\u0633\u064a\u0644\u064a\u0627<\/li>\n<\/ul>\n\n\n\n<p>\u0633\u064a\u064f\u062e\u062a\u062a\u0645 \u0627\u0644\u062d\u0641\u0644 \u0628\u0644\u062d\u0638\u0629 \u0628\u0647\u064a\u062c\u0629 \u0639\u0644\u0649 \u0645\u0642\u0628\u0644\u0627\u062a. <strong>\u062d\u0641\u0644 \u0627\u0633\u062a\u0642\u0628\u0627\u0644 \u0627\u0644\u0646\u0628\u064a\u0630<\/strong> \u0627\u0644\u0645\u0639\u0631\u0648\u0636\u0629 \u0639\u0644\u0649 <strong>\u0635\u0627\u0644\u0648\u0646 \u0627\u0644\u062a\u062d\u0631\u064a\u0631<\/strong>.<\/p>","protected":false},"featured_media":6681,"parent":0,"template":"","meta":{"_acf_changed":true,"_uag_custom_page_level_css":""},"event-theme":[88],"class_list":["post-6680","event","type-event","status-publish","has-post-thumbnail","hentry","event-theme-evenement"],"acf":[],"uagb_featured_image_src":{"full":["https:\/\/mairie-montataire.fr\/app\/uploads\/2025\/08\/Agenda_ComLiberationVille.jpg",450,335,false],"thumbnail":["https:\/\/mairie-montataire.fr\/app\/uploads\/2025\/08\/Agenda_ComLiberationVille-150x150.jpg",150,150,true],"medium":["https:\/\/mairie-montataire.fr\/app\/uploads\/2025\/08\/Agenda_ComLiberationVille-300x223.jpg",300,223,true],"medium_large":["https:\/\/mairie-montataire.fr\/app\/uploads\/2025\/08\/Agenda_ComLiberationVille.jpg",450,335,false],"large":["https:\/\/mairie-montataire.fr\/app\/uploads\/2025\/08\/Agenda_ComLiberationVille.jpg",450,335,false],"1536x1536":["https:\/\/mairie-montataire.fr\/app\/uploads\/2025\/08\/Agenda_ComLiberationVille.jpg",450,335,false],"2048x2048":["https:\/\/mairie-montataire.fr\/app\/uploads\/2025\/08\/Agenda_ComLiberationVille.jpg",450,335,false],"trp-custom-language-flag":["https:\/\/mairie-montataire.fr\/app\/uploads\/2025\/08\/Agenda_ComLiberationVille-16x12.jpg",16,12,true],"gform-image-choice-sm":["https:\/\/mairie-montataire.fr\/app\/uploads\/2025\/08\/Agenda_ComLiberationVille.jpg",300,223,false],"gform-image-choice-md":["https:\/\/mairie-montataire.fr\/app\/uploads\/2025\/08\/Agenda_ComLiberationVille.jpg",400,298,false],"gform-image-choice-lg":["https:\/\/mairie-montataire.fr\/app\/uploads\/2025\/08\/Agenda_ComLiberationVille.jpg",450,335,false]},"uagb_author_info":{"display_name":"Laure Pubert","author_link":"https:\/\/mairie-montataire.fr\/ar\/actualites\/author\/"},"uagb_comment_info":0,"uagb_excerpt":"La Ville de Montataire vous invite \u00e0 participer \u00e0 la \u00e0 la c\u00e9r\u00e9monie de comm\u00e9moration du 81e anniversaire de la Lib\u00e9ration de Montataire, le dimanche 31 ao\u00fbt 2025 \u00e0 10h30, face au groupe scolaire Edmond L\u00e9veill\u00e9. Le 31 ao\u00fbt 1944, Montataire retrouvait la libert\u00e9 apr\u00e8s quatre ann\u00e9es d\u2019occupation allemande. Cette journ\u00e9e historique fut marqu\u00e9e par&hellip;","_links":{"self":[{"href":"https:\/\/mairie-montataire.fr\/ar\/wp-json\/wp\/v2\/event\/6680","targetHints":{"allow":["GET"]}}],"collection":[{"href":"https:\/\/mairie-montataire.fr\/ar\/wp-json\/wp\/v2\/event"}],"about":[{"href":"https:\/\/mairie-montataire.fr\/ar\/wp-json\/wp\/v2\/types\/event"}],"wp:featuredmedia":[{"embeddable":true,"href":"https:\/\/mairie-montataire.fr\/ar\/wp-json\/wp\/v2\/media\/6681"}],"wp:attachment":[{"href":"https:\/\/mairie-montataire.fr\/ar\/wp-json\/wp\/v2\/media?parent=6680"}],"wp:term":[{"taxonomy":"event-theme","embeddable":true,"href":"https:\/\/mairie-montataire.fr\/ar\/wp-json\/wp\/v2\/event-theme?post=6680"}],"curies":[{"name":"\u062f\u0628\u0644\u064a\u0648 \u0628\u064a","href":"https:\/\/api.w.org\/{rel}","templated":true}]}}