{"id":6668,"date":"2025-08-01T09:39:49","date_gmt":"2025-08-01T09:39:49","guid":{"rendered":"https:\/\/mairie-montataire.fr\/?post_type=event&#038;p=6668"},"modified":"2025-08-01T09:39:49","modified_gmt":"2025-08-01T09:39:49","slug":"%d9%85%d8%b3%d8%a7%d8%a8%d9%82%d8%a9-%d8%a7%d9%84%d8%b5%d9%8a%d8%af-%d9%81%d9%8a-%d8%a7%d9%84%d9%85%d9%84%d8%a7%d9%87%d9%8a","status":"publish","type":"event","link":"https:\/\/mairie-montataire.fr\/ar\/agenda\/evenement\/fete-foraine-concours-de-peche\/","title":{"rendered":"\u0645\u0647\u0631\u062c\u0627\u0646 \u0627\u0644\u0645\u0631\u062d - \u0645\u0633\u0627\u0628\u0642\u0629 \u0635\u064a\u062f \u0627\u0644\u0633\u0645\u0643"},"content":{"rendered":"<p>\u0627\u062d\u0630\u0631 \u0639\u0634\u0627\u0642 \u0627\u0644\u0635\u064a\u062f!<br>L'<strong><a href=\"https:\/\/mairie-montataire.fr\/ar\/%d8%a7%d9%84%d8%af%d9%84%d8%a7%d8%a6%d9%84\/%d8%a7%d9%84%d8%ac%d9%85%d8%b9%d9%8a%d8%a7%d8%aa-2\/%d8%a7%d9%84%d8%a8%d9%8a%d8%a6%d8%a9-%d9%88%d8%a7%d9%84%d8%b7%d8%a8%d9%8a%d8%b9%d8%a9\/%d9%84%d9%8a%d9%87-%d9%85%d8%a7%d8%b1%d8%aa%d9%8a%d9%86%d8%b2-%d8%a8%d9%8a%d8%b4%d9%8a%d8%b1%d8%b2-%d8%af%d9%8a-%d9%85%d9%88%d9%86%d8%aa%d8%a7%d8%aa%d9%8a%d8%b1\/\">\u0631\u0627\u0628\u0637\u0629 \u0645\u0627\u0631\u062a\u064a\u0646\u0632-\u0628\u064a\u0634\u0648\u0631\u0632 (Association des Martins-P\u00eacheurs)<\/a><\/strong> \u062a\u064f\u0646\u0638\u0651\u0645 \u0634\u0631\u0643\u0629 <strong>\u0645\u0633\u0627\u0628\u0642\u0629 \u0635\u064a\u062f \u0627\u0644\u0633\u0645\u0643<\/strong> <strong>\u0645\u0639 \u0633\u0645\u0643 \u0627\u0644\u0633\u0644\u0645\u0648\u0646 \u0627\u0644\u0645\u0631\u0642\u0637<\/strong> \u0635\u0628\u0627\u062d \u064a\u0648\u0645 \u0627\u0644\u0623\u062d\u062f 24 \u0623\u063a\u0633\u0637\u0633\u060c \u0645\u0646 <strong>\u0645\u0646 7 \u0635\u0628\u0627\u062d\u0627\u064b \u0625\u0644\u0649 11 \u0635\u0628\u0627\u062d\u0627\u064b<\/strong>\u0639\u0644\u0649 \u0636\u0641\u0627\u0641 \u0646\u0647\u0631 \u062a\u064a\u0631\u064a\u0646 (\u0645\u0648\u0642\u0641 \u0633\u064a\u0627\u0631\u0627\u062a \u0623\u0645\u0628\u0631\u0648\u0627\u0632 \u0643\u0631\u0648\u064a\u0632\u0627\u062a).<\/p>\n\n\n\n<p>\u062a\u0639\u0627\u0644 \u0648\u0623\u063a\u0636\u0628 \u0627\u0644\u0633\u0645\u0643 \u0641\u064a \u062c\u0648 \u0648\u062f\u064a \u0648\u062d\u0627\u0648\u0644 \u0627\u0644\u0641\u0648\u0632 \u0628\u0640 <strong>\u0642\u0637\u0639<\/strong> \u0623\u0648 \u0623\u062d\u062f <strong>\u0627\u0644\u0639\u062f\u064a\u062f \u0645\u0646 \u0627\u0644\u062c\u0648\u0627\u0626\u0632<\/strong> \u0639\u0644\u0649 \u0627\u0644\u0645\u062d\u0643<\/p>\n\n\n\n<p>\ud83c\udf9f\ufe0f \u064a\u0631\u062c\u0649 \u0627\u0644\u0645\u0644\u0627\u062d\u0638\u0629: <strong>50 \u062a\u0630\u0643\u0631\u0629 \u0628\u0646\u0635\u0641 \u0627\u0644\u0633\u0639\u0631 (5 \u064a\u0648\u0631\u0648 \u0644\u0644\u0641\u0631\u062f)<\/strong> \u0633\u064a\u062a\u0645 \u062a\u0642\u062f\u064a\u0645\u0647\u0627 <strong>\u062e\u0644\u0627\u0644 \u0627\u0644\u0645\u0647\u0631\u062c\u0627\u0646 \u0627\u0644\u062a\u0631\u0641\u064a\u0647\u064a<\/strong> (\u062a\u0648\u0627\u0631\u064a\u062e \u062f\u0642\u064a\u0642\u0629 \u0641\u064a \u0648\u0642\u062a \u0644\u0627\u062d\u0642).<br>\u0644\u0627 \u062a\u0646\u0633\u0649 \u0623\u0646 \u062a\u062c\u0645\u0639 \u062d\u0635\u062a\u0643... \u0644\u0646 \u064a\u0643\u0648\u0646 \u0647\u0646\u0627\u0643 \u0645\u0627 \u064a\u0643\u0641\u064a \u0644\u0644\u062c\u0645\u064a\u0639!<\/p>\n\n\n\n<p><\/p>","protected":false},"featured_media":6670,"parent":0,"template":"","meta":{"_acf_changed":true,"_uag_custom_page_level_css":""},"event-theme":[88],"class_list":["post-6668","event","type-event","status-publish","has-post-thumbnail","hentry","event-theme-evenement"],"acf":[],"uagb_featured_image_src":{"full":["https:\/\/mairie-montataire.fr\/app\/uploads\/2025\/08\/Agenda_ConcoursPeche.jpg",450,335,false],"thumbnail":["https:\/\/mairie-montataire.fr\/app\/uploads\/2025\/08\/Agenda_ConcoursPeche-150x150.jpg",150,150,true],"medium":["https:\/\/mairie-montataire.fr\/app\/uploads\/2025\/08\/Agenda_ConcoursPeche-300x223.jpg",300,223,true],"medium_large":["https:\/\/mairie-montataire.fr\/app\/uploads\/2025\/08\/Agenda_ConcoursPeche.jpg",450,335,false],"large":["https:\/\/mairie-montataire.fr\/app\/uploads\/2025\/08\/Agenda_ConcoursPeche.jpg",450,335,false],"1536x1536":["https:\/\/mairie-montataire.fr\/app\/uploads\/2025\/08\/Agenda_ConcoursPeche.jpg",450,335,false],"2048x2048":["https:\/\/mairie-montataire.fr\/app\/uploads\/2025\/08\/Agenda_ConcoursPeche.jpg",450,335,false],"trp-custom-language-flag":["https:\/\/mairie-montataire.fr\/app\/uploads\/2025\/08\/Agenda_ConcoursPeche-16x12.jpg",16,12,true],"gform-image-choice-sm":["https:\/\/mairie-montataire.fr\/app\/uploads\/2025\/08\/Agenda_ConcoursPeche.jpg",300,223,false],"gform-image-choice-md":["https:\/\/mairie-montataire.fr\/app\/uploads\/2025\/08\/Agenda_ConcoursPeche.jpg",400,298,false],"gform-image-choice-lg":["https:\/\/mairie-montataire.fr\/app\/uploads\/2025\/08\/Agenda_ConcoursPeche.jpg",450,335,false]},"uagb_author_info":{"display_name":"Laure Pubert","author_link":"https:\/\/mairie-montataire.fr\/ar\/actualites\/author\/"},"uagb_comment_info":0,"uagb_excerpt":"Avis aux amateurs de p\u00eache !L\u2019association des Martins-P\u00eacheurs organise un grand concours de p\u00eache \u00e0 la truite le matin du dimanche 24 ao\u00fbt, de 7h \u00e0 11h, sur les berges du Th\u00e9rain (Parking Ambroise Croizat). Venez taquiner le poisson dans une ambiance conviviale et tentez de remporter une coupe ou l\u2019un des nombreux lots mis&hellip;","_links":{"self":[{"href":"https:\/\/mairie-montataire.fr\/ar\/wp-json\/wp\/v2\/event\/6668","targetHints":{"allow":["GET"]}}],"collection":[{"href":"https:\/\/mairie-montataire.fr\/ar\/wp-json\/wp\/v2\/event"}],"about":[{"href":"https:\/\/mairie-montataire.fr\/ar\/wp-json\/wp\/v2\/types\/event"}],"wp:featuredmedia":[{"embeddable":true,"href":"https:\/\/mairie-montataire.fr\/ar\/wp-json\/wp\/v2\/media\/6670"}],"wp:attachment":[{"href":"https:\/\/mairie-montataire.fr\/ar\/wp-json\/wp\/v2\/media?parent=6668"}],"wp:term":[{"taxonomy":"event-theme","embeddable":true,"href":"https:\/\/mairie-montataire.fr\/ar\/wp-json\/wp\/v2\/event-theme?post=6668"}],"curies":[{"name":"\u062f\u0628\u0644\u064a\u0648 \u0628\u064a","href":"https:\/\/api.w.org\/{rel}","templated":true}]}}