{"id":6667,"date":"2025-08-01T09:26:13","date_gmt":"2025-08-01T09:26:13","guid":{"rendered":"https:\/\/mairie-montataire.fr\/?post_type=event&#038;p=6667"},"modified":"2025-08-01T09:41:01","modified_gmt":"2025-08-01T09:41:01","slug":"%d8%aa%d9%85%d8%a7%d8%a6%d9%85-%d8%a3%d8%b1%d8%b6-%d8%a7%d9%84%d9%85%d8%b9%d8%a7%d8%b1%d8%b6-2","status":"publish","type":"event","link":"https:\/\/mairie-montataire.fr\/ar\/agenda\/evenement\/fete-foraine-mascottes-2\/","title":{"rendered":"\u0627\u0644\u0645\u0644\u0627\u0647\u064a - \u0627\u0644\u062a\u0645\u0627\u0626\u0645"},"content":{"rendered":"<p>\u0647\u0630\u0627 \u0627\u0644\u0639\u0627\u0645\u060c \u0633\u064a\u0643\u0648\u0646 \u0627\u0644\u0645\u0647\u0631\u062c\u0627\u0646 \u0627\u0644\u062a\u0631\u0641\u064a\u0647\u064a \u0623\u0643\u062b\u0631 \u0633\u062d\u0631\u0627\u064b \u0645\u0639 \u0648\u062c\u0648\u062f <strong>\u062b\u0646\u0627\u0626\u064a\u0627\u062a \u0627\u0644\u062a\u0645\u0627\u0626\u0645<\/strong> \u0627\u0644\u0630\u064a\u0646 \u0633\u064a\u0623\u062a\u0648\u0646 \u0644\u0645\u0642\u0627\u0628\u0644\u0629 \u0627\u0644\u0623\u0637\u0641\u0627\u0644 (\u0648\u0627\u0644\u0643\u0628\u0627\u0631!).<\/p>\n\n\n\n<p>\ud83d\udd50 <strong>\u0627\u0644\u0633\u0627\u0639\u0629 \u0627\u0644\u0623\u0648\u0644\u0649<\/strong> \u0633\u0648\u0641 \u064a\u062a\u062c\u0648\u0644 \u0627\u0644\u062b\u0646\u0627\u0626\u064a \u0627\u0644\u0623\u0648\u0644 \u0645\u0646 \u0627\u0644\u0634\u062e\u0635\u064a\u0627\u062a \u0627\u0644\u0645\u0644\u0648\u0646\u0629 \u0641\u064a \u0627\u0644\u0645\u0645\u0631\u0627\u062a\u060c \u0648\u0647\u0645 \u0639\u0644\u0649 \u0627\u0633\u062a\u0639\u062f\u0627\u062f \u0644\u062a\u0648\u0632\u064a\u0639 \u0627\u0644\u0627\u0628\u062a\u0633\u0627\u0645\u0627\u062a \u0648\u0627\u0644\u0623\u062d\u0636\u0627\u0646\u060c \u0648\u0644\u0645\u064e \u0644\u0627 \u0627\u0644\u062a\u0642\u0627\u0637 \u0628\u0639\u0636 \u0627\u0644\u0635\u0648\u0631 \u0627\u0644\u062a\u0630\u0643\u0627\u0631\u064a\u0629!<\/p>\n\n\n\n<p>\ud83d\udd51 <strong>\u0627\u0644\u0633\u0627\u0639\u0629 \u0627\u0644\u062b\u0627\u0646\u064a\u0629<\/strong> \u0625\u0641\u0633\u0627\u062d \u0627\u0644\u0645\u062c\u0627\u0644 \u0644 <strong>\u062b\u0646\u0627\u0626\u064a \u0627\u0644\u062a\u0645\u064a\u0645\u0629 \u0627\u0644\u062c\u062f\u064a\u062f<\/strong>, \u0644\u0625\u0628\u0642\u0627\u0621 \u0627\u0644\u0635\u063a\u0627\u0631 \u064a\u062d\u0644\u0645\u0648\u0646 \u0648\u064a\u0636\u0641\u0648\u0646 \u0627\u0644\u0628\u0647\u062c\u0629 \u0639\u0644\u0649 \u0623\u062c\u0648\u0627\u0621 \u0627\u0644\u062d\u0641\u0644\u0629.<\/p>\n\n\n\n<p>\u0641\u0639\u0627\u0644\u064a\u0629 \u0645\u0644\u064a\u0626\u0629 \u0628\u0627\u0644\u0645\u0631\u062d \u0648\u0647\u064a \u0627\u0644\u0637\u0631\u064a\u0642\u0629 \u0627\u0644\u0645\u062b\u0644\u0649 \u0644\u062a\u062e\u0644\u064a\u062f \u0632\u064a\u0627\u0631\u062a\u0643 \u0625\u0644\u0649 \u0627\u0644\u0645\u0644\u0627\u0647\u064a!<\/p>\n\n\n\n<p><strong><mark style=\"background-color:rgba(0, 0, 0, 0)\" class=\"has-inline-color has-secondary-700-color\">\u062a\u062d\u0630\u064a\u0631 \u0627\u0644\u0631\u0633\u0645 \u0627\u0644\u062a\u0648\u0636\u064a\u062d\u064a \u0627\u0644\u0645\u0633\u062a\u062e\u062f\u0645 \u0644\u0627 \u064a\u0645\u062b\u0644 \u0627\u0644\u0634\u062e\u0635\u064a\u0627\u062a \u0627\u0644\u0645\u0648\u062c\u0648\u062f\u0629 \u0647\u0630\u0627 \u0627\u0644\u0639\u0627\u0645. <\/mark><\/strong><\/p>\n\n\n\n<p><\/p>","protected":false},"featured_media":6671,"parent":0,"template":"","meta":{"_acf_changed":true,"_uag_custom_page_level_css":""},"event-theme":[88],"class_list":["post-6667","event","type-event","status-publish","has-post-thumbnail","hentry","event-theme-evenement"],"acf":[],"uagb_featured_image_src":{"full":["https:\/\/mairie-montataire.fr\/app\/uploads\/2025\/08\/Agenda_Mascottes.jpg",450,335,false],"thumbnail":["https:\/\/mairie-montataire.fr\/app\/uploads\/2025\/08\/Agenda_Mascottes-150x150.jpg",150,150,true],"medium":["https:\/\/mairie-montataire.fr\/app\/uploads\/2025\/08\/Agenda_Mascottes-300x223.jpg",300,223,true],"medium_large":["https:\/\/mairie-montataire.fr\/app\/uploads\/2025\/08\/Agenda_Mascottes.jpg",450,335,false],"large":["https:\/\/mairie-montataire.fr\/app\/uploads\/2025\/08\/Agenda_Mascottes.jpg",450,335,false],"1536x1536":["https:\/\/mairie-montataire.fr\/app\/uploads\/2025\/08\/Agenda_Mascottes.jpg",450,335,false],"2048x2048":["https:\/\/mairie-montataire.fr\/app\/uploads\/2025\/08\/Agenda_Mascottes.jpg",450,335,false],"trp-custom-language-flag":["https:\/\/mairie-montataire.fr\/app\/uploads\/2025\/08\/Agenda_Mascottes-16x12.jpg",16,12,true],"gform-image-choice-sm":["https:\/\/mairie-montataire.fr\/app\/uploads\/2025\/08\/Agenda_Mascottes.jpg",300,223,false],"gform-image-choice-md":["https:\/\/mairie-montataire.fr\/app\/uploads\/2025\/08\/Agenda_Mascottes.jpg",400,298,false],"gform-image-choice-lg":["https:\/\/mairie-montataire.fr\/app\/uploads\/2025\/08\/Agenda_Mascottes.jpg",450,335,false]},"uagb_author_info":{"display_name":"Laure Pubert","author_link":"https:\/\/mairie-montataire.fr\/ar\/actualites\/author\/"},"uagb_comment_info":0,"uagb_excerpt":"Cette ann\u00e9e, la f\u00eate foraine sera encore plus magique avec la pr\u00e9sence de duos de mascottes qui viendront \u00e0 la rencontre des enfants (et des grands enfants !). \ud83d\udd50 Premi\u00e8re heure : un premier duo de personnages hauts en couleur d\u00e9ambulera dans les all\u00e9es, pr\u00eat \u00e0 distribuer des sourires, des c\u00e2lins, et pourquoi pas quelques&hellip;","_links":{"self":[{"href":"https:\/\/mairie-montataire.fr\/ar\/wp-json\/wp\/v2\/event\/6667","targetHints":{"allow":["GET"]}}],"collection":[{"href":"https:\/\/mairie-montataire.fr\/ar\/wp-json\/wp\/v2\/event"}],"about":[{"href":"https:\/\/mairie-montataire.fr\/ar\/wp-json\/wp\/v2\/types\/event"}],"wp:featuredmedia":[{"embeddable":true,"href":"https:\/\/mairie-montataire.fr\/ar\/wp-json\/wp\/v2\/media\/6671"}],"wp:attachment":[{"href":"https:\/\/mairie-montataire.fr\/ar\/wp-json\/wp\/v2\/media?parent=6667"}],"wp:term":[{"taxonomy":"event-theme","embeddable":true,"href":"https:\/\/mairie-montataire.fr\/ar\/wp-json\/wp\/v2\/event-theme?post=6667"}],"curies":[{"name":"\u062f\u0628\u0644\u064a\u0648 \u0628\u064a","href":"https:\/\/api.w.org\/{rel}","templated":true}]}}