{"id":6601,"date":"2025-09-01T06:00:00","date_gmt":"2025-09-01T06:00:00","guid":{"rendered":"https:\/\/mairie-montataire.fr\/?post_type=event&#038;p=6601"},"modified":"2025-07-30T07:34:13","modified_gmt":"2025-07-30T07:34:13","slug":"%d9%85%d8%ad%d9%84%d8%a8","status":"publish","type":"event","link":"https:\/\/mairie-montataire.fr\/ar\/agenda\/concert-dessine\/mahaleb\/","title":{"rendered":"\u0645\u062d\u0644\u0628"},"content":{"rendered":"<h2 class=\"wp-block-heading\">\u062d\u0641\u0644\u0629 \u0645\u0648\u0633\u064a\u0642\u064a\u0629 \u0645\u0646 \u062a\u0635\u0645\u064a\u0645 \u064a\u0627\u0646 \u062f\u0627\u0645\u0632\u064a\u0646<\/h2>\n\n\n\n<div class=\"wp-block-uagb-image aligncenter uagb-block-f67768a2 wp-block-uagb-image--layout-default wp-block-uagb-image--effect-static wp-block-uagb-image--align-center\"><figure class=\"wp-block-uagb-image__figure\"><img decoding=\"async\" srcset=\"https:\/\/mairie-montataire.fr\/app\/uploads\/2025\/07\/2025-03-CIMN-Echoracines-13-1024x683.jpg ,https:\/\/mairie-montataire.fr\/app\/uploads\/2025\/07\/2025-03-CIMN-Echoracines-13-scaled.jpg 780w, https:\/\/mairie-montataire.fr\/app\/uploads\/2025\/07\/2025-03-CIMN-Echoracines-13-scaled.jpg 360w\" sizes=\"auto, (max-width: 480px) 150px\" src=\"https:\/\/mairie-montataire.fr\/app\/uploads\/2025\/07\/2025-03-CIMN-Echoracines-13-1024x683.jpg\" alt=\"\" class=\"uag-image-6609\" width=\"3000\" height=\"2001\" title=\"2025-03-CIMN-Echoracines-13\" loading=\"lazy\" role=\"img\"\/><figcaption class=\"uagb-image-caption\">\u0628\u064a\u0646\u0648\u0627 \u0643\u0627\u0628\u0648\u0646\u064a<\/figcaption><\/figure><\/div>\n\n\n\n<div style=\"height:32px\" aria-hidden=\"true\" class=\"wp-block-spacer\"><\/div>\n\n\n\n<p><strong>\u0646\u0634\u0623 \u062b\u0644\u0627\u062b\u064a \u0645\u062d\u0644\u0628\u060c \u0627\u0644\u0630\u064a \u062a\u0623\u0633\u0633 \u0641\u064a \u0639\u0627\u0645 2015\u060c \u0645\u0646 \u0631\u062d\u0644\u0629 \u0643\u0627\u0631\u0648\u0644 \u0645\u0627\u0631\u0643\u064a \u0628\u0648\u0627\u0631\u062a \u0627\u0644\u0634\u062e\u0635\u064a\u0629 \u0628\u062d\u062b\u0627\u064b \u0639\u0646 \u0623\u0635\u0648\u0644\u0647\u0627 \u0627\u0644\u0623\u0631\u0645\u0646\u064a\u0629 \u0641\u064a \u062a\u0631\u0643\u064a\u0627.<br>\u064a\u0642\u062f\u0651\u0645 \u0645\u062d\u0644\u0628 \u062d\u0648\u0627\u0631\u0627\u064b \u0641\u0646\u064a\u0627\u064b \u0628\u064a\u0646 \u0627\u0644\u0645\u0648\u0633\u064a\u0642\u0649 \u0627\u0644\u062a\u0631\u0643\u064a\u0629 \u0648\u0627\u0644\u0623\u0631\u0645\u0646\u064a\u0629\u060c \u0631\u062d\u0644\u0629 \u0645\u0644\u064a\u0626\u0629 \u0628\u0627\u0644\u0645\u063a\u0627\u0645\u0631\u0629 \u0648\u0627\u0644\u062d\u0646\u064a\u0646 \u0625\u0644\u0649 \u0627\u0644\u0645\u0627\u0636\u064a. \u0645\u0646 \u062e\u0644\u0627\u0644 \u0627\u0644\u0623\u0644\u062d\u0627\u0646 \u0627\u0644\u0627\u062d\u062a\u0641\u0627\u0644\u064a\u0629 \u0648\u0627\u0644\u062d\u0632\u064a\u0646\u0629 \u0641\u064a \u0622\u0646\u064d \u0648\u0627\u062d\u062f\u060c \u0648\u0627\u0644\u0645\u0631\u062a\u0628\u0637\u0629 \u0628\u0642\u0635\u0635 \u0627\u0644\u062d\u064a\u0627\u0629 \u0627\u0644\u064a\u0648\u0645\u064a\u0629 (\u0627\u0644\u062d\u0628 \u0627\u0644\u0628\u0639\u064a\u062f\u060c \u0627\u0644\u062d\u0628 \u0627\u0644\u0639\u0627\u0637\u0641\u064a\u060c \u0627\u0644\u0631\u062d\u064a\u0644\u060c \u0627\u0644\u0645\u0646\u0641\u0649\u060c \u0627\u0644\u0627\u062d\u062a\u0641\u0627\u0644\u0627\u062a...)\u060c \u062a\u0646\u062d\u0644 \u0627\u0644\u0623\u0644\u0633\u0646\u0629 \u0648\u062a\u0631\u062a\u0628\u0637 \u0627\u0644\u0645\u0648\u0633\u064a\u0642\u0649.<\/strong><\/p>\n\n\n\n<div style=\"height:32px\" aria-hidden=\"true\" class=\"wp-block-spacer\"><\/div>\n\n\n\n<figure class=\"wp-block-embed is-type-video is-provider-youtube wp-block-embed-youtube wp-embed-aspect-16-9 wp-has-aspect-ratio\"><div class=\"wp-block-embed__wrapper\">\n<script>document.addEventListener('DOMContentLoaded', function() {(tarteaucitron.job = tarteaucitron.job || []).push('youtube');});<\/script><div class=\"youtube_player\" videoid=\"Wn-xWnRZRVI\" width=\"100%\" height=\"100%\" style=\"height:50vw\" theme=\"light\" rel=\"0\" controls=\"1\" showinfo=\"1\" autoplay=\"0\"><\/div>\n<\/div><\/figure>\n\n\n\n<div style=\"height:19px\" aria-hidden=\"true\" class=\"wp-block-spacer\"><\/div>\n\n\n\n<div class=\"wp-block-uagb-separator uagb-block-bf7086f3\"><div class=\"wp-block-uagb-separator__inner\" style=\"--my-background-image:\"><\/div><\/div>\n\n\n\n<h3 class=\"wp-block-heading\">\u0627\u0644\u0625\u0646\u062a\u0627\u062c \u0648\u0627\u0644\u0645\u0635\u0627\u062f\u0642\u0627\u062a<\/h3>\n\n\n\n<p><strong>\u0627\u0644\u063a\u0646\u0627\u0621 \u0648\u0627\u0644\u0645\u0632\u0645\u0627\u0631 \u0627\u0644\u062a\u0631\u0643\u064a \u0648\u0627\u0644\u062f\u0648\u062f\u0648\u0643 \u0648\u0627\u0644\u0628\u0627\u062c\u0644\u0627\u0645\u0627: <\/strong>\u0643\u0627\u0631\u0648\u0644 \u0645\u0627\u0631\u0643\u064a-\u0628. \u0643\u0627\u0641\u062a\u0627\u0646\u062f\u062c\u064a\u0627\u0646 <br><strong>\u0623\u0643\u0648\u0631\u062f\u064a\u0648\u0646 :<\/strong> \u0625\u0644\u0633\u0627 \u0625\u064a\u0644\u0644\u064a<br><strong>\u0627\u0644\u0625\u064a\u0642\u0627\u0639 :<\/strong> \u062c\u064a\u0631\u0648\u0645 \u0633\u0627\u0644\u0648\u0645\u0648\u0646 <br><strong>\u062a\u0635\u0645\u064a\u0645 :<\/strong> \u064a\u0627\u0646 \u062f\u0627\u0645\u0632\u064a\u0646 <\/p>\n\n\n\n<div style=\"height:19px\" aria-hidden=\"true\" class=\"wp-block-spacer\"><\/div>\n\n\n\n<div class=\"wp-block-uagb-separator uagb-block-5799be37\"><div class=\"wp-block-uagb-separator__inner\" style=\"--my-background-image:\"><\/div><\/div>\n\n\n\n<div class=\"wp-block-columns is-layout-flex wp-container-core-columns-is-layout-9d6595d7 wp-block-columns-is-layout-flex\">\n<div class=\"wp-block-column is-layout-flow wp-block-column-is-layout-flow\">\n<h3 class=\"wp-block-heading\">\u062c\u0647\u0627\u062a \u0627\u062a\u0635\u0627\u0644 \u0627\u0644\u0634\u0631\u0643\u0629<\/h3>\n\n\n\n<p>\ud83c\udf10 <a href=\"https:\/\/mahaleb.wixsite.com\/mahaleb?fbclid=IwY2xjawL0dDNleHRuA2FlbQIxMABicmlkETFCNGZWcm5mQTh5RjlXeXliAR5ItQMXnbB1cex13SoLhKKthcIRBnxvZ0bOK2pzaGOdUIffYdxKupiRjmLdUw_aem_Uo_pj9Z2hvL4P6GrqD4zPg\" target=\"_blank\" rel=\"noreferrer noopener\">mahaleb.wixsite.com\/mahaleb<\/a><\/p>\n\n\n\n<p><a href=\"https:\/\/www.facebook.com\/Mahaleb1\" target=\"_blank\" rel=\"noreferrer noopener\"><img loading=\"lazy\" decoding=\"async\" width=\"60\" height=\"58\" class=\"wp-image-4481\" style=\"width: 60px;\" src=\"https:\/\/mairie-montataire.fr\/app\/uploads\/2024\/09\/Facebook.png\" alt=\"\" srcset=\"https:\/\/mairie-montataire.fr\/app\/uploads\/2024\/09\/Facebook.png 398w, https:\/\/mairie-montataire.fr\/app\/uploads\/2024\/09\/Facebook-300x292.png 300w, https:\/\/mairie-montataire.fr\/app\/uploads\/2024\/09\/Facebook-12x12.png 12w\" sizes=\"auto, (max-width: 60px) 100vw, 60px\" \/><\/a><a href=\"https:\/\/www.instagram.com\/yanndamezin\/\" target=\"_blank\" rel=\"noreferrer noopener\"><img loading=\"lazy\" decoding=\"async\" width=\"60\" height=\"58\" class=\"wp-image-4482\" style=\"width: 60px;\" src=\"https:\/\/mairie-montataire.fr\/app\/uploads\/2024\/09\/Instagram.png\" alt=\"\" srcset=\"https:\/\/mairie-montataire.fr\/app\/uploads\/2024\/09\/Instagram.png 399w, https:\/\/mairie-montataire.fr\/app\/uploads\/2024\/09\/Instagram-300x292.png 300w, https:\/\/mairie-montataire.fr\/app\/uploads\/2024\/09\/Instagram-12x12.png 12w\" sizes=\"auto, (max-width: 60px) 100vw, 60px\" \/><\/a><a href=\"https:\/\/www.youtube.com\/watch?v=Wn-xWnRZRVI\" target=\"_blank\" rel=\"noreferrer noopener\"><img loading=\"lazy\" decoding=\"async\" width=\"60\" height=\"58\" class=\"wp-image-4286\" style=\"width: 60px;\" src=\"https:\/\/mairie-montataire.fr\/app\/uploads\/2024\/09\/Youtube.png\" alt=\"\" srcset=\"https:\/\/mairie-montataire.fr\/app\/uploads\/2024\/09\/Youtube.png 398w, https:\/\/mairie-montataire.fr\/app\/uploads\/2024\/09\/Youtube-300x292.png 300w, https:\/\/mairie-montataire.fr\/app\/uploads\/2024\/09\/Youtube-12x12.png 12w\" sizes=\"auto, (max-width: 60px) 100vw, 60px\" \/><\/a><\/p>\n<\/div>\n\n\n\n<div class=\"wp-block-column is-layout-flow wp-block-column-is-layout-flow\">\n<h3 class=\"wp-block-heading\">\u062c\u0647\u0627\u062a \u0627\u062a\u0635\u0627\u0644 \u0627\u0644\u0642\u0635\u0631<\/h3>\n\n\n\n<p><strong><a href=\"https:\/\/mairie-montataire.fr\/ar\/%d9%85%d9%84%d8%a1-%d8%a7%d9%84%d9%81%d8%b1%d8%a7%d8%ba\/%d8%a7%d9%84%d9%82%d8%b5%d8%b1\/\" target=\"_blank\" rel=\"noreferrer noopener\">\u0644\u0648 \u0628\u0627\u0644\u0627\u0633 - \u0627\u0644\u062e\u062f\u0645\u0629 \u0627\u0644\u062b\u0642\u0627\u0641\u064a\u0629<br><\/a><\/strong><a href=\"https:\/\/www.google.com\/maps\/dir\/\/8+bis+Rue+des+D%C3%A9port%C3%A9s,+60160+Montataire\/@49.2560594,2.3962432,13z\/data=!3m1!4b1!4m8!4m7!1m0!1m5!1m1!1s0x47e6497d005f6e8b:0xd4944e46ec7768c5!2m2!1d2.4375282!2d49.2560668?entry=ttu\" target=\"_blank\" rel=\"noreferrer noopener\">8 bis, rue des D\u00e9port\u00e9s - 60160 Montataire<\/a><br>\u0645\u0646 \u0627\u0644\u0627\u062b\u0646\u064a\u0646 \u0625\u0644\u0649 \u0627\u0644\u062c\u0645\u0639\u0629\u060c \u0645\u0646 9 \u0635\u0628\u0627\u062d\u0627\u064b \u0625\u0644\u0649 12 \u0638\u0647\u0631\u0627\u064b \u0648\u0645\u0646 2 \u0638\u0647\u0631\u0627\u064b \u0625\u0644\u0649 5:30 \u0645\u0633\u0627\u0621\u064b<br><a href=\"tel:03 44 24 69 97\">03 44 24 69 97<\/a><br><a href=\"https:\/\/mairie-montataire.fr\/ar\/%d8%a7%d9%84%d8%a5%d8%ac%d8%b1%d8%a7%d8%a1%d8%a7%d8%aa-%d8%b9%d8%a8%d8%b1-%d8%a7%d9%84%d8%a5%d9%86%d8%aa%d8%b1%d9%86%d8%aa\/%d8%a7%d8%aa%d8%b5%d9%84-%d8%a8%d8%a7%d9%84%d9%82%d8%b5%d8%b1\/\" target=\"_blank\" rel=\"noreferrer noopener\">\u0646\u0645\u0648\u0630\u062c \u0627\u0644\u0627\u062a\u0635\u0627\u0644<\/a><\/p>\n<\/div>\n<\/div>\n\n\n\n<p><\/p>","protected":false},"featured_media":6575,"parent":0,"template":"","meta":{"_acf_changed":true,"_uag_custom_page_level_css":""},"event-theme":[94],"class_list":["post-6601","event","type-event","status-publish","has-post-thumbnail","hentry","event-theme-concert-dessine"],"acf":[],"uagb_featured_image_src":{"full":["https:\/\/mairie-montataire.fr\/app\/uploads\/2025\/07\/Agenda_Mahaleb.jpg",450,335,false],"thumbnail":["https:\/\/mairie-montataire.fr\/app\/uploads\/2025\/07\/Agenda_Mahaleb-150x150.jpg",150,150,true],"medium":["https:\/\/mairie-montataire.fr\/app\/uploads\/2025\/07\/Agenda_Mahaleb-300x223.jpg",300,223,true],"medium_large":["https:\/\/mairie-montataire.fr\/app\/uploads\/2025\/07\/Agenda_Mahaleb.jpg",450,335,false],"large":["https:\/\/mairie-montataire.fr\/app\/uploads\/2025\/07\/Agenda_Mahaleb.jpg",450,335,false],"1536x1536":["https:\/\/mairie-montataire.fr\/app\/uploads\/2025\/07\/Agenda_Mahaleb.jpg",450,335,false],"2048x2048":["https:\/\/mairie-montataire.fr\/app\/uploads\/2025\/07\/Agenda_Mahaleb.jpg",450,335,false],"trp-custom-language-flag":["https:\/\/mairie-montataire.fr\/app\/uploads\/2025\/07\/Agenda_Mahaleb-16x12.jpg",16,12,true],"gform-image-choice-sm":["https:\/\/mairie-montataire.fr\/app\/uploads\/2025\/07\/Agenda_Mahaleb.jpg",300,223,false],"gform-image-choice-md":["https:\/\/mairie-montataire.fr\/app\/uploads\/2025\/07\/Agenda_Mahaleb.jpg",400,298,false],"gform-image-choice-lg":["https:\/\/mairie-montataire.fr\/app\/uploads\/2025\/07\/Agenda_Mahaleb.jpg",450,335,false]},"uagb_author_info":{"display_name":"Laure Pubert","author_link":"https:\/\/mairie-montataire.fr\/ar\/actualites\/author\/"},"uagb_comment_info":0,"uagb_excerpt":"Concert dessin\u00e9 par Yann Damezin Le trio Mahaleb, cr\u00e9\u00e9 en 2015, est n\u00e9 du parcours personnel de Carole Marque-Bouaret \u00e0 la recherche de ses origines arm\u00e9niennes de Turquie.Dans un voyage empreint d\u2019aventure et de nostalgie, Mahaleb propose un dialogue artistique entre les musiques turques et arm\u00e9niennes. \u00c0 travers des m\u00e9lodies aux \u00e9lans \u00e0 la fois&hellip;","_links":{"self":[{"href":"https:\/\/mairie-montataire.fr\/ar\/wp-json\/wp\/v2\/event\/6601","targetHints":{"allow":["GET"]}}],"collection":[{"href":"https:\/\/mairie-montataire.fr\/ar\/wp-json\/wp\/v2\/event"}],"about":[{"href":"https:\/\/mairie-montataire.fr\/ar\/wp-json\/wp\/v2\/types\/event"}],"wp:featuredmedia":[{"embeddable":true,"href":"https:\/\/mairie-montataire.fr\/ar\/wp-json\/wp\/v2\/media\/6575"}],"wp:attachment":[{"href":"https:\/\/mairie-montataire.fr\/ar\/wp-json\/wp\/v2\/media?parent=6601"}],"wp:term":[{"taxonomy":"event-theme","embeddable":true,"href":"https:\/\/mairie-montataire.fr\/ar\/wp-json\/wp\/v2\/event-theme?post=6601"}],"curies":[{"name":"\u062f\u0628\u0644\u064a\u0648 \u0628\u064a","href":"https:\/\/api.w.org\/{rel}","templated":true}]}}