{"id":6581,"date":"2025-09-01T06:00:00","date_gmt":"2025-09-01T06:00:00","guid":{"rendered":"https:\/\/mairie-montataire.fr\/?post_type=event&#038;p=6581"},"modified":"2025-07-30T07:33:30","modified_gmt":"2025-07-30T07:33:30","slug":"%d8%b3%d9%8a%d9%85%d9%81%d9%88%d9%86%d9%8a","status":"publish","type":"event","link":"https:\/\/mairie-montataire.fr\/ar\/agenda\/arts-de-la-rue-le-palace\/symfeuny\/","title":{"rendered":"\u0633\u064a\u0645\u0641\u0648\u0646\u064a"},"content":{"rendered":"<h2 class=\"wp-block-heading\">\u0645\u0646 \u0634\u0631\u0643\u0629 \u062f\u064a\u0628\u0631\u0648 \u0628\u064a\u0644\u062a\u0632\u0627\u0643<\/h2>\n\n\n\n<div class=\"wp-block-uagb-image aligncenter uagb-block-f67768a2 wp-block-uagb-image--layout-default wp-block-uagb-image--effect-static wp-block-uagb-image--align-center\"><figure class=\"wp-block-uagb-image__figure\"><img decoding=\"async\" srcset=\"https:\/\/mairie-montataire.fr\/app\/uploads\/2025\/07\/Deabrubeltzak-synfeuny-06-2-1024x683.jpg ,https:\/\/mairie-montataire.fr\/app\/uploads\/2025\/07\/Deabrubeltzak-synfeuny-06-2.jpg 780w, https:\/\/mairie-montataire.fr\/app\/uploads\/2025\/07\/Deabrubeltzak-synfeuny-06-2.jpg 360w\" sizes=\"auto, (max-width: 480px) 150px\" src=\"https:\/\/mairie-montataire.fr\/app\/uploads\/2025\/07\/Deabrubeltzak-synfeuny-06-2-1024x683.jpg\" alt=\"\" class=\"uag-image-6615\" width=\"3000\" height=\"2001\" title=\"\u062f\u064a\u0628\u0631\u0648\u0628\u064a\u0644\u062a\u0632\u0627\u0643-\u0633\u064a\u0646\u0641\u0648\u0646\u064a-06-2\" loading=\"lazy\" role=\"img\"\/><figcaption class=\"uagb-image-caption\">\u062f\u064a\u0628\u0631\u0648 \u0628\u0644\u062a\u0632\u0627\u0643<\/figcaption><\/figure><\/div>\n\n\n\n<div style=\"height:32px\" aria-hidden=\"true\" class=\"wp-block-spacer\"><\/div>\n\n\n\n<p><strong>\u064a\u0633\u062a\u062d\u0636\u0631 \u0647\u0630\u0627 \u0627\u0644\u0639\u0631\u0636 \u0627\u0644\u0645\u062f\u0647\u0634 \u0627\u0634\u062a\u0628\u0627\u0643 \u0627\u0644\u0625\u064a\u0642\u0627\u0639 \u0648\u0627\u0644\u0646\u0627\u0631\u060c \u0648\u0627\u0644\u062d\u0627\u062c\u0629 \u0625\u0644\u0649 \u0627\u0644\u0627\u0633\u062a\u0645\u0627\u0639 \u0648\u0627\u0644\u0625\u062d\u0633\u0627\u0633\u060c \u0648\u064a\u0634\u062c\u0639 \u0647\u0630\u0627 \u0627\u0644\u0639\u0631\u0636 \u0627\u0644\u0645\u062f\u0647\u0634 \u0639\u0644\u0649 \u0627\u0644\u0644\u0642\u0627\u0621 \u0648\u0627\u0644\u062a\u0641\u0627\u0639\u0644 \u0645\u0639 \u0627\u0644\u062c\u0645\u0647\u0648\u0631. \u0628\u0639\u062f \u0638\u0647\u0648\u0631 \u0645\u0630\u0647\u0644\u060c \u064a\u062e\u0631\u062c \u0639\u0627\u0632\u0641\u0648 \u0627\u0644\u0625\u064a\u0642\u0627\u0639 \u0644\u0645\u0642\u0627\u0628\u0644\u0629 \u0627\u0644\u062c\u0645\u0647\u0648\u0631 \u0648\u064a\u062c\u0639\u0644\u0648\u0646 \u0637\u0628\u0648\u0644\u0647\u0645 \u062a\u0647\u062a\u0632 \u0641\u064a \u0623\u0642\u0631\u0628 \u0645\u0643\u0627\u0646 \u0645\u0645\u0643\u0646 \u0645\u0646 \u0627\u0644\u062c\u0645\u0647\u0648\u0631. \u0639\u064a\u062f\u0627\u0646 \u0637\u0628\u0648\u0644 \u0645\u062a\u0642\u0627\u0637\u0639\u0629\u060c \u0648\u0648\u062c\u0648\u0647 \u0645\u0635\u0637\u0646\u0639\u0629 \u062a\u062d\u062f\u0642 \u0641\u064a \u0628\u0639\u0636\u0647\u0627 \u0627\u0644\u0628\u0639\u0636 \u0628\u064a\u0646\u0645\u0627 \u064a\u0646\u0637\u0644\u0642\u0648\u0646 \u0641\u064a \u0631\u062d\u0644\u0629. \u0627\u0644\u0647\u062f\u0641 \u0627\u0644\u0648\u062d\u064a\u062f \u0645\u0646 \u0647\u0630\u0647 \u0627\u0644\u0645\u0648\u0627\u062c\u0647\u0629 \u0627\u0644\u0631\u0645\u0632\u064a\u0629 \u0647\u0648 \u062a\u063a\u064a\u064a\u0631 \u0627\u0644\u0634\u0627\u0631\u0639 \u0648\u0627\u0644\u0645\u062a\u0641\u0631\u062c.<\/strong><\/p>\n\n\n\n<div class=\"wp-block-columns is-layout-flex wp-container-core-columns-is-layout-9d6595d7 wp-block-columns-is-layout-flex\">\n<div class=\"wp-block-column is-vertically-aligned-center is-layout-flow wp-block-column-is-layout-flow\" style=\"flex-basis:66.66%\">\n<p>\u0643\u062c\u0632\u0621 \u0645\u0646 \u0645\u0647\u0631\u062c\u0627\u0646 \u0645\u0648\u0632\u0627\u064a\u064a\u0643 \u0627\u0644\u0630\u064a \u064a\u0646\u0638\u0645\u0647 \u0645\u0633\u0631\u062d \u0644\u0627 \u0641\u064a\u0646\u0633\u064a\u0631\u064a - \u0645\u0633\u0631\u062d \u0643\u0631\u064a\u0644. <\/p>\n\n\n\n<div class=\"wp-block-uagb-buttons uagb-buttons__outer-wrap uagb-btn__default-btn uagb-btn-tablet__default-btn uagb-btn-mobile__default-btn uagb-block-f31fdf59\"><div class=\"uagb-buttons__wrap uagb-buttons-layout-wrap\">\n<div class=\"wp-block-uagb-buttons-child uagb-buttons__outer-wrap uagb-block-fdffd621 wp-block-button\"><div class=\"uagb-button__wrapper\"><a class=\"uagb-buttons-repeater wp-block-button__link\" aria-label=\"\" href=\"https:\/\/faiencerie-theatre.com\/mosaique\" rel=\"follow noopener\" target=\"_blank\" role=\"button\"><div class=\"uagb-button__link\">\u0627\u0644\u0628\u0631\u0646\u0627\u0645\u062c \u0627\u0644\u0643\u0627\u0645\u0644 \u0644\u0645\u0647\u0631\u062c\u0627\u0646 \u0645\u0648\u0632\u0627\u064a\u064a\u0643<\/div><span class=\"uagb-button__icon uagb-button__icon-position-after\"><svg xmlns=\"https:\/\/www.w3.org\/2000\/svg\" viewbox=\"0 0 448 512\" aria-hidden=\"true\" focussable=\"false\"><path d=\"M438.6 278.6l-160 160C272.4 444.9 264.2 448 256 448s-16.38-3.125-22.62-9.375c-12.5-12.5-12.5-32.75 0-45.25L338.8 288H32C14.33 288 .0016 273.7 .0016 256S14.33 224 32 224h306.8l-105.4-105.4c-12.5-12.5-12.5-32.75 0-45.25s32.75-12.5 45.25 0l160 160C451.1 245.9 451.1 266.1 438.6 278.6z\"><\/path><\/svg><\/span><\/a><\/div><\/div>\n<\/div><\/div>\n<\/div>\n\n\n\n<div class=\"wp-block-column is-layout-flow wp-block-column-is-layout-flow\" style=\"flex-basis:15%\">\n<figure class=\"wp-block-image size-full\"><img loading=\"lazy\" decoding=\"async\" width=\"842\" height=\"1190\" src=\"https:\/\/mairie-montataire.fr\/app\/uploads\/2025\/07\/Affiche_Mosaique_2025_BD-1.jpg\" alt=\"\" class=\"wp-image-6585\" srcset=\"https:\/\/mairie-montataire.fr\/app\/uploads\/2025\/07\/Affiche_Mosaique_2025_BD-1.jpg 842w, https:\/\/mairie-montataire.fr\/app\/uploads\/2025\/07\/Affiche_Mosaique_2025_BD-1-212x300.jpg 212w, https:\/\/mairie-montataire.fr\/app\/uploads\/2025\/07\/Affiche_Mosaique_2025_BD-1-725x1024.jpg 725w, https:\/\/mairie-montataire.fr\/app\/uploads\/2025\/07\/Affiche_Mosaique_2025_BD-1-768x1085.jpg 768w, https:\/\/mairie-montataire.fr\/app\/uploads\/2025\/07\/Affiche_Mosaique_2025_BD-1-8x12.jpg 8w\" sizes=\"auto, (max-width: 842px) 100vw, 842px\" \/><\/figure>\n<\/div>\n<\/div>\n\n\n\n<figure class=\"wp-block-embed is-type-video is-provider-youtube wp-block-embed-youtube wp-embed-aspect-16-9 wp-has-aspect-ratio\"><div class=\"wp-block-embed__wrapper\">\n<script>document.addEventListener('DOMContentLoaded', function() {(tarteaucitron.job = tarteaucitron.job || []).push('youtube');});<\/script><div class=\"youtube_player\" videoid=\"5J7001Wzbko\" width=\"100%\" height=\"100%\" style=\"height:50vw\" theme=\"light\" rel=\"0\" controls=\"1\" showinfo=\"1\" autoplay=\"0\"><\/div>\n<\/div><\/figure>\n\n\n\n<div style=\"height:19px\" aria-hidden=\"true\" class=\"wp-block-spacer\"><\/div>\n\n\n\n<div class=\"wp-block-uagb-separator uagb-block-bf7086f3\"><div class=\"wp-block-uagb-separator__inner\" style=\"--my-background-image:\"><\/div><\/div>\n\n\n\n<h3 class=\"wp-block-heading\">\u0627\u0644\u0625\u0646\u062a\u0627\u062c \u0648\u0627\u0644\u0645\u0635\u0627\u062f\u0642\u0627\u062a<\/h3>\n\n\n\n<p><strong>\u0627\u0644\u0645\u0624\u0644\u0641 \/ \u0627\u0644\u0645\u062f\u064a\u0631 \u0627\u0644\u0641\u0646\u064a :<\/strong> \u063a\u0627\u0631\u0628\u064a\u062a\u0643\u0633\u0648 <br><strong>\u062a\u0635\u0645\u064a\u0645 \u0627\u0644\u0645\u062c\u0645\u0648\u0639\u0629 :<\/strong> \u0625\u064a\u0646\u064a\u0627\u0643\u064a \u0625\u062a\u0643\u0633\u0627\u0646\u062f\u064a\u0627 <br><strong>\u0627\u0644\u0623\u0632\u064a\u0627\u0621 :<\/strong> \u0625\u064a\u0643\u064a\u0631\u0646 \u062e\u064a\u0645\u064a\u0646\u064a\u0632 <br><strong>\u0627\u0644\u062a\u0623\u0644\u064a\u0641 \u0627\u0644\u0645\u0648\u0633\u064a\u0642\u064a :<\/strong> \u062f\u064a\u0628\u0631\u0648 \u0628\u0644\u062a\u0632\u0627\u0643\u060c \u0623\u064a\u062a\u0648\u0631 \u0641\u0648\u0631\u0648\u0646\u062f\u0627\u0631\u064a\u0646\u0627 <br><strong>\u0627\u0644\u0645\u0648\u0633\u064a\u0642\u064a\u0648\u0646\/\u0627\u0644\u0645\u0645\u062b\u0644\u0648\u0646 :<\/strong> \u0631\u0648\u0628\u0646 \u0633\u0627\u0633\u062a\u0631\u064a\u060c \u062f\u0627\u0631\u064a\u0648 \u0643\u0627\u0645\u0628\u0648\u0633\u060c \u062f\u0627\u0631\u064a\u0648 \u0643\u0627\u0645\u0628\u0648\u0633\u060c \u0623\u0644\u064a\u0643\u0633 \u0623\u0644\u0648\u0646\u0633\u0648\u060c \u0632\u064a\u0633\u0627\u0631 \u0623. \u0623\u0648\u063a\u0627\u0631\u0627\u060c \u0625\u0631\u0644\u0627\u0646\u062a\u0633 \u0625\u064a\u0632\u0645\u0646\u062f\u064a\u060c \u0625\u064a\u0643\u0631 \u0628\u0627\u0631\u064a\u064a\u0646\u062a\u0648\u0633 <br><strong>\u0627\u0644\u062d\u0631\u0641\u064a\u0648\u0646 :<\/strong> \u063a\u064a\u0648\u0645 \u0628\u0648\u062c\u0648\u0644 \/ \u063a\u0627\u0631\u0628\u064a\u062a\u0643\u0633\u0648 <br><strong>\u0627\u0644\u0635\u0648\u062a :<\/strong> \u0641\u0631\u0627\u0646\u0633\u0648\u0627 \u062d\u0648\u0631\u062a\u0627\u0646 <br><strong>\u0627\u0644\u0625\u0636\u0627\u0621\u0629 :<\/strong> \u0628\u0627\u062a\u0643\u0633\u064a \u0628\u0627\u0633\u0643\u0648\u0627\u0644 <br><strong>\u062a\u0635\u0645\u064a\u0645 \u0627\u0644\u0623\u0644\u0639\u0627\u0628 \u0646\u0627\u0631\u064a\u0629 :<\/strong> \u063a\u064a\u0648\u0645 \u0628\u0648\u062c\u0648\u0644 - \u0628\u0627\u064a\u0631\u0648\u0632\u064a\u0647<\/p>\n\n\n\n<div style=\"height:19px\" aria-hidden=\"true\" class=\"wp-block-spacer\"><\/div>\n\n\n\n<div class=\"wp-block-uagb-separator uagb-block-9f2e038b\"><div class=\"wp-block-uagb-separator__inner\" style=\"--my-background-image:\"><\/div><\/div>\n\n\n\n<div class=\"wp-block-columns is-layout-flex wp-container-core-columns-is-layout-9d6595d7 wp-block-columns-is-layout-flex\">\n<div class=\"wp-block-column is-layout-flow wp-block-column-is-layout-flow\">\n<h3 class=\"wp-block-heading\">\u062c\u0647\u0627\u062a \u0627\u062a\u0635\u0627\u0644 \u0627\u0644\u0634\u0631\u0643\u0629<\/h3>\n\n\n\n<p>\ud83c\udf10 <a href=\"https:\/\/deabrubeltzak.com\/fr\/espectaculo\/symfeuny-fr\/\" target=\"_blank\" rel=\"noreferrer noopener\">deabrubrubeltzak.com<\/a><\/p>\n\n\n\n<p><a href=\"https:\/\/www.facebook.com\/deabrubeltzakantzerkia\/\" target=\"_blank\" rel=\"noreferrer noopener\"><img loading=\"lazy\" decoding=\"async\" width=\"60\" height=\"58\" class=\"wp-image-4481\" style=\"width: 60px;\" src=\"https:\/\/mairie-montataire.fr\/app\/uploads\/2024\/09\/Facebook.png\" alt=\"\" srcset=\"https:\/\/mairie-montataire.fr\/app\/uploads\/2024\/09\/Facebook.png 398w, https:\/\/mairie-montataire.fr\/app\/uploads\/2024\/09\/Facebook-300x292.png 300w, https:\/\/mairie-montataire.fr\/app\/uploads\/2024\/09\/Facebook-12x12.png 12w\" sizes=\"auto, (max-width: 60px) 100vw, 60px\" \/><\/a><a href=\"https:\/\/www.youtube.com\/watch?v=5J7001Wzbko\" target=\"_blank\" rel=\"noreferrer noopener\"><img loading=\"lazy\" decoding=\"async\" width=\"60\" height=\"58\" class=\"wp-image-4286\" style=\"width: 60px;\" src=\"https:\/\/mairie-montataire.fr\/app\/uploads\/2024\/09\/Youtube.png\" alt=\"\" srcset=\"https:\/\/mairie-montataire.fr\/app\/uploads\/2024\/09\/Youtube.png 398w, https:\/\/mairie-montataire.fr\/app\/uploads\/2024\/09\/Youtube-300x292.png 300w, https:\/\/mairie-montataire.fr\/app\/uploads\/2024\/09\/Youtube-12x12.png 12w\" sizes=\"auto, (max-width: 60px) 100vw, 60px\" \/><\/a><\/p>\n<\/div>\n\n\n\n<div class=\"wp-block-column is-layout-flow wp-block-column-is-layout-flow\">\n<h3 class=\"wp-block-heading\">\u062c\u0647\u0627\u062a \u0627\u062a\u0635\u0627\u0644 \u0627\u0644\u0642\u0635\u0631<\/h3>\n\n\n\n<p><strong><a href=\"https:\/\/mairie-montataire.fr\/ar\/%d9%85%d9%84%d8%a1-%d8%a7%d9%84%d9%81%d8%b1%d8%a7%d8%ba\/%d8%a7%d9%84%d9%82%d8%b5%d8%b1\/\" target=\"_blank\" rel=\"noreferrer noopener\">\u0644\u0648 \u0628\u0627\u0644\u0627\u0633 - \u0627\u0644\u062e\u062f\u0645\u0629 \u0627\u0644\u062b\u0642\u0627\u0641\u064a\u0629<br><\/a><\/strong><a href=\"https:\/\/www.google.com\/maps\/dir\/\/8+bis+Rue+des+D%C3%A9port%C3%A9s,+60160+Montataire\/@49.2560594,2.3962432,13z\/data=!3m1!4b1!4m8!4m7!1m0!1m5!1m1!1s0x47e6497d005f6e8b:0xd4944e46ec7768c5!2m2!1d2.4375282!2d49.2560668?entry=ttu\" target=\"_blank\" rel=\"noreferrer noopener\">8 bis, rue des D\u00e9port\u00e9s - 60160 Montataire<\/a><br>\u0645\u0646 \u0627\u0644\u0627\u062b\u0646\u064a\u0646 \u0625\u0644\u0649 \u0627\u0644\u062c\u0645\u0639\u0629\u060c \u0645\u0646 9 \u0635\u0628\u0627\u062d\u0627\u064b \u0625\u0644\u0649 12 \u0638\u0647\u0631\u0627\u064b \u0648\u0645\u0646 2 \u0638\u0647\u0631\u0627\u064b \u0625\u0644\u0649 5:30 \u0645\u0633\u0627\u0621\u064b<br><a href=\"tel:03 44 24 69 97\">03 44 24 69 97<\/a><br><a href=\"https:\/\/mairie-montataire.fr\/ar\/%d8%a7%d9%84%d8%a5%d8%ac%d8%b1%d8%a7%d8%a1%d8%a7%d8%aa-%d8%b9%d8%a8%d8%b1-%d8%a7%d9%84%d8%a5%d9%86%d8%aa%d8%b1%d9%86%d8%aa\/%d8%a7%d8%aa%d8%b5%d9%84-%d8%a8%d8%a7%d9%84%d9%82%d8%b5%d8%b1\/\" target=\"_blank\" rel=\"noreferrer noopener\">\u0646\u0645\u0648\u0630\u062c \u0627\u0644\u0627\u062a\u0635\u0627\u0644<\/a><\/p>\n<\/div>\n<\/div>\n\n\n\n<p><\/p>","protected":false},"featured_media":6578,"parent":0,"template":"","meta":{"_acf_changed":false,"_uag_custom_page_level_css":""},"event-theme":[66],"class_list":["post-6581","event","type-event","status-publish","has-post-thumbnail","hentry","event-theme-arts-de-la-rue-le-palace"],"acf":[],"uagb_featured_image_src":{"full":["https:\/\/mairie-montataire.fr\/app\/uploads\/2025\/07\/Agenda_Symfeuny.jpg",450,335,false],"thumbnail":["https:\/\/mairie-montataire.fr\/app\/uploads\/2025\/07\/Agenda_Symfeuny-150x150.jpg",150,150,true],"medium":["https:\/\/mairie-montataire.fr\/app\/uploads\/2025\/07\/Agenda_Symfeuny-300x223.jpg",300,223,true],"medium_large":["https:\/\/mairie-montataire.fr\/app\/uploads\/2025\/07\/Agenda_Symfeuny.jpg",450,335,false],"large":["https:\/\/mairie-montataire.fr\/app\/uploads\/2025\/07\/Agenda_Symfeuny.jpg",450,335,false],"1536x1536":["https:\/\/mairie-montataire.fr\/app\/uploads\/2025\/07\/Agenda_Symfeuny.jpg",450,335,false],"2048x2048":["https:\/\/mairie-montataire.fr\/app\/uploads\/2025\/07\/Agenda_Symfeuny.jpg",450,335,false],"trp-custom-language-flag":["https:\/\/mairie-montataire.fr\/app\/uploads\/2025\/07\/Agenda_Symfeuny-16x12.jpg",16,12,true],"gform-image-choice-sm":["https:\/\/mairie-montataire.fr\/app\/uploads\/2025\/07\/Agenda_Symfeuny.jpg",300,223,false],"gform-image-choice-md":["https:\/\/mairie-montataire.fr\/app\/uploads\/2025\/07\/Agenda_Symfeuny.jpg",400,298,false],"gform-image-choice-lg":["https:\/\/mairie-montataire.fr\/app\/uploads\/2025\/07\/Agenda_Symfeuny.jpg",450,335,false]},"uagb_author_info":{"display_name":"Laure Pubert","author_link":"https:\/\/mairie-montataire.fr\/ar\/actualites\/author\/"},"uagb_comment_info":0,"uagb_excerpt":"par la Compagnie Deabru Beltzak \u00c9voquant le choc de la percussion et du feu, le besoin d\u2019\u00e9couter et de sentir, ce spectacle surprenant favorise la rencontre et l\u2019interaction avec le public. Apr\u00e8s une apparition spectaculaire, les percussionnistes vont \u00e0 la rencontre des spectateurs et font vibrer leurs tambours au plus pr\u00e8s du public. Des baguettes&hellip;","_links":{"self":[{"href":"https:\/\/mairie-montataire.fr\/ar\/wp-json\/wp\/v2\/event\/6581","targetHints":{"allow":["GET"]}}],"collection":[{"href":"https:\/\/mairie-montataire.fr\/ar\/wp-json\/wp\/v2\/event"}],"about":[{"href":"https:\/\/mairie-montataire.fr\/ar\/wp-json\/wp\/v2\/types\/event"}],"wp:featuredmedia":[{"embeddable":true,"href":"https:\/\/mairie-montataire.fr\/ar\/wp-json\/wp\/v2\/media\/6578"}],"wp:attachment":[{"href":"https:\/\/mairie-montataire.fr\/ar\/wp-json\/wp\/v2\/media?parent=6581"}],"wp:term":[{"taxonomy":"event-theme","embeddable":true,"href":"https:\/\/mairie-montataire.fr\/ar\/wp-json\/wp\/v2\/event-theme?post=6581"}],"curies":[{"name":"\u062f\u0628\u0644\u064a\u0648 \u0628\u064a","href":"https:\/\/api.w.org\/{rel}","templated":true}]}}