{"id":6580,"date":"2025-09-01T06:00:00","date_gmt":"2025-09-01T06:00:00","guid":{"rendered":"https:\/\/mairie-montataire.fr\/?post_type=event&#038;p=6580"},"modified":"2025-09-18T13:53:29","modified_gmt":"2025-09-18T13:53:29","slug":"%d8%a7%d9%81%d8%aa%d8%aa%d8%a7%d8%ad%d9%8a%d8%a9-%d8%a7%d9%84%d9%85%d9%88%d8%b3%d9%85-%d9%85%d8%b9-%d9%86%d8%a7%d8%af%d9%8a-%d8%b4%d8%a7%d9%86%d8%aa%d9%8a%d9%84%d9%8a-%d8%a7%d9%84%d9%83%d9%88%d9%85","status":"publish","type":"event","link":"https:\/\/mairie-montataire.fr\/ar\/agenda\/humour\/ouverture-de-saison-avec-le-comedy-chantilly-club\/","title":{"rendered":"\u0627\u0641\u062a\u062a\u0627\u062d\u064a\u0629 \u0627\u0644\u0645\u0648\u0633\u0645 \u0645\u0639 \u0646\u0627\u062f\u064a \u0634\u0627\u0646\u062a\u064a\u0644\u064a \u0627\u0644\u0643\u0648\u0645\u064a\u062f\u064a"},"content":{"rendered":"<div class=\"wp-block-columns is-layout-flex wp-container-core-columns-is-layout-9d6595d7 wp-block-columns-is-layout-flex\">\n<div class=\"wp-block-column is-layout-flow wp-block-column-is-layout-flow\">\n<figure class=\"wp-block-image size-large\"><img loading=\"lazy\" decoding=\"async\" width=\"682\" height=\"1024\" src=\"https:\/\/mairie-montataire.fr\/app\/uploads\/2025\/07\/IMG-20250712-WA0002-682x1024.jpg\" alt=\"\" class=\"wp-image-6622\" srcset=\"https:\/\/mairie-montataire.fr\/app\/uploads\/2025\/07\/IMG-20250712-WA0002-682x1024.jpg 682w, https:\/\/mairie-montataire.fr\/app\/uploads\/2025\/07\/IMG-20250712-WA0002-200x300.jpg 200w, https:\/\/mairie-montataire.fr\/app\/uploads\/2025\/07\/IMG-20250712-WA0002-768x1153.jpg 768w, https:\/\/mairie-montataire.fr\/app\/uploads\/2025\/07\/IMG-20250712-WA0002-1023x1536.jpg 1023w, https:\/\/mairie-montataire.fr\/app\/uploads\/2025\/07\/IMG-20250712-WA0002-8x12.jpg 8w, https:\/\/mairie-montataire.fr\/app\/uploads\/2025\/07\/IMG-20250712-WA0002.jpg 1066w\" sizes=\"auto, (max-width: 682px) 100vw, 682px\" \/><\/figure>\n\n\n\n<p class=\"has-text-align-center\"><em>\u0627\u0633\u062a\u0648\u062f\u064a\u0648 CRDC \u0623\u0644\u0627\u0646 \u0643\u064a\u0631\u0633\u0648\u0644\u064a\u0643<\/em><\/p>\n<\/div>\n\n\n\n<div class=\"wp-block-column is-layout-flow wp-block-column-is-layout-flow\">\n<p><strong>\u062f\u0639\u0648\u0646\u0627 \u0646\u0641\u062a\u062a\u062d \u0647\u0630\u0627 \u0627\u0644\u0645\u0648\u0633\u0645 \u0627\u0644\u062b\u0642\u0627\u0641\u064a \u0627\u0644\u062c\u062f\u064a\u062f \u0628\u0627\u0628\u062a\u0633\u0627\u0645\u0629!<br>\u0633\u064a\u0633\u062a\u0636\u064a\u0641 \u0643\u0648\u0643\u0633 \u0647\u0630\u0647 \u0627\u0644\u0623\u0645\u0633\u064a\u0629 \u0627\u0644\u0627\u062d\u062a\u0641\u0627\u0644\u064a\u0629 \u0648\u0633\u0637 \u0645\u062c\u0645\u0648\u0639\u0629 \u0631\u0627\u0626\u0639\u0629 \u0645\u0646 \u0627\u0644\u0641\u0646\u0627\u0646\u064a\u0646. \u0625\u0646\u0647\u0627 \u0627\u0644\u0623\u0645\u0633\u064a\u0629 \u0627\u0644\u0645\u062b\u0627\u0644\u064a\u0629 \u0644\u0627\u0643\u062a\u0634\u0627\u0641 \u0627\u0644\u0628\u0631\u0646\u0627\u0645\u062c \u0627\u0644\u0642\u0627\u062f\u0645... \u0648\u0627\u0644\u0645\u063a\u0627\u062f\u0631\u0629 \u0628\u0627\u0628\u062a\u0633\u0627\u0645\u0629 \u0639\u0644\u0649 \u0648\u062c\u0647\u0643!<\/strong><\/p>\n<\/div>\n<\/div>\n\n\n\n<div style=\"height:64px\" aria-hidden=\"true\" class=\"wp-block-spacer\"><\/div>\n\n\n\n<figure class=\"wp-block-embed is-type-video is-provider-youtube wp-block-embed-youtube wp-embed-aspect-16-9 wp-has-aspect-ratio\"><div class=\"wp-block-embed__wrapper\">\n<iframe loading=\"lazy\" title=\"PV - \u062f\u064a\u0646\u0627\u0635\u0648\u0631 \u0648\u0645\u0642\u0647\u0649 \u0648\u0639\u0645\u0644\u064a\u0629 \u0633\u0637\u0648\" width=\"500\" height=\"281\" src=\"https:\/\/www.youtube.com\/embed\/Sh2AMcFoIKE?feature=oembed\" frameborder=\"0\" allow=\"accelerometer; autoplay; clipboard-write; encrypted-media; gyroscope; picture-in-picture; web-share\" referrerpolicy=\"strict-origin-when-cross-origin\" allowfullscreen><\/iframe>\n<\/div><\/figure>\n\n\n\n<div style=\"height:19px\" aria-hidden=\"true\" class=\"wp-block-spacer\"><\/div>\n\n\n\n<div class=\"wp-block-uagb-separator uagb-block-51db5186\"><div class=\"wp-block-uagb-separator__inner\" style=\"--my-background-image:\"><\/div><\/div>\n\n\n\n<div class=\"wp-block-columns is-layout-flex wp-container-core-columns-is-layout-9d6595d7 wp-block-columns-is-layout-flex\">\n<div class=\"wp-block-column is-layout-flow wp-block-column-is-layout-flow\">\n<h3 class=\"wp-block-heading\">\u062c\u0647\u0627\u062a \u0627\u062a\u0635\u0627\u0644 \u0627\u0644\u0646\u0627\u062f\u064a<\/h3>\n\n\n\n<p>\ud83c\udf10 <a href=\"https:\/\/www.comedychantilly.fr\/\" target=\"_blank\" rel=\"noreferrer noopener\">comedychantilly.fr<\/a><\/p>\n\n\n\n<p><a href=\"https:\/\/www.facebook.com\/profile.php?id=61565870303709\" target=\"_blank\" rel=\"noreferrer noopener\"><img loading=\"lazy\" decoding=\"async\" width=\"60\" height=\"58\" class=\"wp-image-4481\" style=\"width: 60px;\" src=\"https:\/\/mairie-montataire.fr\/app\/uploads\/2024\/09\/Facebook.png\" alt=\"\" srcset=\"https:\/\/mairie-montataire.fr\/app\/uploads\/2024\/09\/Facebook.png 398w, https:\/\/mairie-montataire.fr\/app\/uploads\/2024\/09\/Facebook-300x292.png 300w, https:\/\/mairie-montataire.fr\/app\/uploads\/2024\/09\/Facebook-12x12.png 12w\" sizes=\"auto, (max-width: 60px) 100vw, 60px\" \/><\/a><a href=\"https:\/\/www.instagram.com\/comedy_chantilly\/\" target=\"_blank\" rel=\"noreferrer noopener\"><img loading=\"lazy\" decoding=\"async\" width=\"60\" height=\"58\" class=\"wp-image-4482\" style=\"width: 60px;\" src=\"https:\/\/mairie-montataire.fr\/app\/uploads\/2024\/09\/Instagram.png\" alt=\"\" srcset=\"https:\/\/mairie-montataire.fr\/app\/uploads\/2024\/09\/Instagram.png 399w, https:\/\/mairie-montataire.fr\/app\/uploads\/2024\/09\/Instagram-300x292.png 300w, https:\/\/mairie-montataire.fr\/app\/uploads\/2024\/09\/Instagram-12x12.png 12w\" sizes=\"auto, (max-width: 60px) 100vw, 60px\" \/><\/a><a href=\"https:\/\/www.youtube.com\/@ComedyChantilly\" target=\"_blank\" rel=\"noreferrer noopener\"><img loading=\"lazy\" decoding=\"async\" width=\"60\" height=\"58\" class=\"wp-image-4286\" style=\"width: 60px;\" src=\"https:\/\/mairie-montataire.fr\/app\/uploads\/2024\/09\/Youtube.png\" alt=\"\" srcset=\"https:\/\/mairie-montataire.fr\/app\/uploads\/2024\/09\/Youtube.png 398w, https:\/\/mairie-montataire.fr\/app\/uploads\/2024\/09\/Youtube-300x292.png 300w, https:\/\/mairie-montataire.fr\/app\/uploads\/2024\/09\/Youtube-12x12.png 12w\" sizes=\"auto, (max-width: 60px) 100vw, 60px\" \/><\/a><\/p>\n<\/div>\n\n\n\n<div class=\"wp-block-column is-layout-flow wp-block-column-is-layout-flow\">\n<h3 class=\"wp-block-heading\">\u062c\u0647\u0627\u062a \u0627\u062a\u0635\u0627\u0644 \u0627\u0644\u0642\u0635\u0631<\/h3>\n\n\n\n<p><strong><a href=\"https:\/\/mairie-montataire.fr\/ar\/%d9%85%d9%84%d8%a1-%d8%a7%d9%84%d9%81%d8%b1%d8%a7%d8%ba\/%d8%a7%d9%84%d9%82%d8%b5%d8%b1\/\" target=\"_blank\" rel=\"noreferrer noopener\">\u0644\u0648 \u0628\u0627\u0644\u0627\u0633 - \u0627\u0644\u062e\u062f\u0645\u0629 \u0627\u0644\u062b\u0642\u0627\u0641\u064a\u0629<br><\/a><\/strong><a href=\"https:\/\/www.google.com\/maps\/dir\/\/8+bis+Rue+des+D%C3%A9port%C3%A9s,+60160+Montataire\/@49.2560594,2.3962432,13z\/data=!3m1!4b1!4m8!4m7!1m0!1m5!1m1!1s0x47e6497d005f6e8b:0xd4944e46ec7768c5!2m2!1d2.4375282!2d49.2560668?entry=ttu\" target=\"_blank\" rel=\"noreferrer noopener\">8 bis, rue des D\u00e9port\u00e9s - 60160 Montataire<\/a><br>\u0645\u0646 \u0627\u0644\u0627\u062b\u0646\u064a\u0646 \u0625\u0644\u0649 \u0627\u0644\u062c\u0645\u0639\u0629\u060c \u0645\u0646 9 \u0635\u0628\u0627\u062d\u0627\u064b \u0625\u0644\u0649 12 \u0638\u0647\u0631\u0627\u064b \u0648\u0645\u0646 2 \u0638\u0647\u0631\u0627\u064b \u0625\u0644\u0649 5 \u0645\u0633\u0627\u0621\u064b<br><a href=\"tel:03 44 24 69 97\">03 44 24 69 97<\/a><br><a href=\"https:\/\/mairie-montataire.fr\/ar\/%d8%a7%d9%84%d8%a5%d8%ac%d8%b1%d8%a7%d8%a1%d8%a7%d8%aa-%d8%b9%d8%a8%d8%b1-%d8%a7%d9%84%d8%a5%d9%86%d8%aa%d8%b1%d9%86%d8%aa\/%d8%a7%d8%aa%d8%b5%d9%84-%d8%a8%d8%a7%d9%84%d9%82%d8%b5%d8%b1\/\" target=\"_blank\" rel=\"noreferrer noopener\">\u0646\u0645\u0648\u0630\u062c \u0627\u0644\u0627\u062a\u0635\u0627\u0644<\/a><\/p>\n<\/div>\n<\/div>\n\n\n\n<p><\/p>","protected":false},"featured_media":6577,"parent":0,"template":"","meta":{"_acf_changed":false,"_uag_custom_page_level_css":""},"event-theme":[77],"class_list":["post-6580","event","type-event","status-publish","has-post-thumbnail","hentry","event-theme-humour"],"acf":[],"uagb_featured_image_src":{"full":["https:\/\/mairie-montataire.fr\/app\/uploads\/2025\/07\/Agenda_OuverturedesaisonChantillyComedyClub.jpg",450,335,false],"thumbnail":["https:\/\/mairie-montataire.fr\/app\/uploads\/2025\/07\/Agenda_OuverturedesaisonChantillyComedyClub-150x150.jpg",150,150,true],"medium":["https:\/\/mairie-montataire.fr\/app\/uploads\/2025\/07\/Agenda_OuverturedesaisonChantillyComedyClub-300x223.jpg",300,223,true],"medium_large":["https:\/\/mairie-montataire.fr\/app\/uploads\/2025\/07\/Agenda_OuverturedesaisonChantillyComedyClub.jpg",450,335,false],"large":["https:\/\/mairie-montataire.fr\/app\/uploads\/2025\/07\/Agenda_OuverturedesaisonChantillyComedyClub.jpg",450,335,false],"1536x1536":["https:\/\/mairie-montataire.fr\/app\/uploads\/2025\/07\/Agenda_OuverturedesaisonChantillyComedyClub.jpg",450,335,false],"2048x2048":["https:\/\/mairie-montataire.fr\/app\/uploads\/2025\/07\/Agenda_OuverturedesaisonChantillyComedyClub.jpg",450,335,false],"trp-custom-language-flag":["https:\/\/mairie-montataire.fr\/app\/uploads\/2025\/07\/Agenda_OuverturedesaisonChantillyComedyClub-16x12.jpg",16,12,true],"gform-image-choice-sm":["https:\/\/mairie-montataire.fr\/app\/uploads\/2025\/07\/Agenda_OuverturedesaisonChantillyComedyClub.jpg",300,223,false],"gform-image-choice-md":["https:\/\/mairie-montataire.fr\/app\/uploads\/2025\/07\/Agenda_OuverturedesaisonChantillyComedyClub.jpg",400,298,false],"gform-image-choice-lg":["https:\/\/mairie-montataire.fr\/app\/uploads\/2025\/07\/Agenda_OuverturedesaisonChantillyComedyClub.jpg",450,335,false]},"uagb_author_info":{"display_name":"Laure Pubert","author_link":"https:\/\/mairie-montataire.fr\/ar\/actualites\/author\/"},"uagb_comment_info":0,"uagb_excerpt":"\u00a9 CRDC Studio Allan Kersulec Ouvrons ensemble cette nouvelle saison culturelle avec le sourire !Cox animera ce moment festif et complice, entour\u00e9 d\u2019une belle brochette d\u2019artistes. Une soir\u00e9e id\u00e9ale pour d\u00e9couvrir la programmation \u00e0 venir\u2026 et repartir le sourire aux l\u00e8vres ! Contacts du club \ud83c\udf10 comedychantilly.fr Contacts du Palace Le Palace \u2013 Service Culturel8&hellip;","_links":{"self":[{"href":"https:\/\/mairie-montataire.fr\/ar\/wp-json\/wp\/v2\/event\/6580","targetHints":{"allow":["GET"]}}],"collection":[{"href":"https:\/\/mairie-montataire.fr\/ar\/wp-json\/wp\/v2\/event"}],"about":[{"href":"https:\/\/mairie-montataire.fr\/ar\/wp-json\/wp\/v2\/types\/event"}],"wp:featuredmedia":[{"embeddable":true,"href":"https:\/\/mairie-montataire.fr\/ar\/wp-json\/wp\/v2\/media\/6577"}],"wp:attachment":[{"href":"https:\/\/mairie-montataire.fr\/ar\/wp-json\/wp\/v2\/media?parent=6580"}],"wp:term":[{"taxonomy":"event-theme","embeddable":true,"href":"https:\/\/mairie-montataire.fr\/ar\/wp-json\/wp\/v2\/event-theme?post=6580"}],"curies":[{"name":"\u062f\u0628\u0644\u064a\u0648 \u0628\u064a","href":"https:\/\/api.w.org\/{rel}","templated":true}]}}