{"id":6428,"date":"2025-07-03T13:21:25","date_gmt":"2025-07-03T13:21:25","guid":{"rendered":"https:\/\/mairie-montataire.fr\/?post_type=event&#038;p=6428"},"modified":"2025-07-18T09:06:54","modified_gmt":"2025-07-18T09:06:54","slug":"%d9%85%d8%a7%d8%a6%d8%af%d8%a9-%d8%a7%d9%84%d8%a5%d9%86%d8%b3%d8%a7%d9%86%d9%8a%d8%a9","status":"publish","type":"event","link":"https:\/\/mairie-montataire.fr\/ar\/agenda\/rencontres\/la-table-de-lhumanite\/","title":{"rendered":"\u0645\u0627\u0626\u062f\u0629 \u0627\u0644\u0625\u0646\u0633\u0627\u0646\u064a\u0629"},"content":{"rendered":"<p>\u0648\u062c\u0628\u0629 \u062c\u0645\u0627\u0639\u064a\u0629 \u062a\u0636\u0645 \u0623\u0637\u0628\u0627\u0642\u0627\u064b \u062c\u0645\u0627\u0639\u064a\u0629 \u0645\u0646 \u0627\u0644\u0645\u0637\u0628\u062e \u0627\u0644\u0625\u0642\u0644\u064a\u0645\u064a\u060c \u0648\u0645\u0646\u0635\u0629 \u062d\u0644\u0648\u064a\u0627\u062a \u064a\u062f\u064a\u0631\u0647\u0627 \u0645\u062a\u0637\u0648\u0639\u0648\u0646 \u0635\u064a\u0641\u064a\u0648\u0646\u060c \u0648\u0645\u0639\u0631\u0636 \u062a\u0648\u0639\u0648\u064a<br>\u0639\u0646 \u0641\u0631\u0632 \u0627\u0644\u0645\u0643\u062a\u0628\u0629 \u0627\u0644\u0645\u062a\u0646\u0642\u0644\u0629 \u0648\u0623\u0644\u0639\u0627\u0628\u0647\u0627 \u0627\u0644\u0631\u0627\u0626\u0639\u0629 \u0623\u062c\u0648\u0627\u0621 \u0645\u0648\u0633\u064a\u0642\u064a\u0629 \u0631\u0627\u0626\u0639\u0629 \u0645\u0639 \u0641\u0631\u0642\u0629 \u0644\u0648 \u063a\u0631\u0627\u0646\u062f \u0628\u0648\u0628 (Le Bal \u00e0 chanter)<\/p>\n\n\n<div class=\"highlight\">\n                <div class=\"highlight__description\"><p style=\"text-align: center;\"><strong>\u0644\u0627 \u062a\u062a\u0631\u062f\u062f \u0641\u064a \u0625\u062d\u0636\u0627\u0631 \u0645\u0634\u0631\u0648\u0628\u0627\u062a\u0643 \u0627\u0644\u062e\u0627\u0635\u0629 (\u062c\u062f\u064a\u062f\u0629 \u0648\u0645\u062e\u062a\u0648\u0645\u0629).<\/strong><\/p>\n<p style=\"text-align: center;\"><span style=\"color: #ff0000;\"><strong>\u0644\u0627 \u0645\u062d\u0644\u064a\u0629 \u0627\u0644\u0635\u0646\u0639 \u0648\u0644\u0627 \u0643\u062d\u0648\u0644.<\/strong><\/span><\/p>\n<\/div>\n    <\/div>\n\n\n<div style=\"height:56px\" aria-hidden=\"true\" class=\"wp-block-spacer\"><\/div>\n\n\n\n<div class=\"wp-block-uagb-separator uagb-block-1b39294a\"><div class=\"uagb-separator-spacing-wrapper\"><div class=\"wp-block-uagb-separator__inner\" style=\"--my-background-image:\"><\/div><\/div><\/div>\n\n\n\n<p>\u0643\u062c\u0632\u0621 \u0645\u0646 \u0623\u062d\u064a\u0627\u0621 2025.<\/p>\n\n\n\n<div class=\"wp-block-uagb-buttons uagb-buttons__outer-wrap uagb-btn__default-btn uagb-btn-tablet__default-btn uagb-btn-mobile__default-btn uagb-block-bc33e191\"><div class=\"uagb-buttons__wrap uagb-buttons-layout-wrap\">\n<div class=\"wp-block-uagb-buttons-child uagb-buttons__outer-wrap uagb-block-88b40543 wp-block-button\"><div class=\"uagb-button__wrapper\"><a class=\"uagb-buttons-repeater wp-block-button__link\" aria-label=\"\" href=\"https:\/\/mairie-montataire.fr\/ar\/app\/uploads\/2025\/06\/QE2025-progA5-BD.pdf\/\" rel=\"follow noopener\" target=\"_blank\" role=\"button\"><div class=\"uagb-button__link\">\u062a\u0639\u0631\u0651\u0641 \u0639\u0644\u0649 \u0643\u0644 \u0634\u064a\u0621 \u0639\u0646 \u0628\u0631\u0646\u0627\u0645\u062c \"\u0623\u0631\u0628\u0627\u0639 \u062f\u064a\u062a\u064a\u0647\" \u0647\u0646\u0627!<\/div><\/a><\/div><\/div>\n<\/div><\/div>\n\n\n\n<div style=\"height:12px\" aria-hidden=\"true\" class=\"wp-block-spacer\"><\/div>\n\n\n\n<p>\u062a\u0645 \u062a\u0646\u0638\u064a\u0645 \u0647\u0630\u0627 \u0627\u0644\u062d\u062f\u062b \u0628\u062f\u0639\u0645 \u0645\u0646 \u0645\u0646\u0637\u0642\u0629 Hauts-de-France\u060c \u0648\u0627\u0644\u0648\u0643\u0627\u0644\u0629 \u0627\u0644\u0648\u0637\u0646\u064a\u0629 \u0644\u0644\u062a\u0645\u0627\u0633\u0643 \u0627\u0644\u0625\u0642\u0644\u064a\u0645\u064a\u060c \u0648\u0645\u062d\u0627\u0641\u0638 \u0623\u0648\u0632\u060c \u0648\u0645\u062d\u0627\u0641\u0638\u0629 \u0623\u0648\u0632\u060c \u0648\u0645\u0642\u0627\u0637\u0639\u0629 \u0623\u0648\u0632\u060c \u0648Et\u00e9 culturel 2025\u060c \u0648Caf\u060c \u0648Oise habitat\u060c \u0648S.A. HLM du d\u00e9partement de l'Oise\u060c \u0648\u0645\u062c\u0645\u0648\u0639\u0629 Habitat en r\u00e9gion.<\/p>","protected":false},"featured_media":6385,"parent":0,"template":"","meta":{"_acf_changed":true,"_uag_custom_page_level_css":""},"event-theme":[78],"class_list":["post-6428","event","type-event","status-publish","has-post-thumbnail","hentry","event-theme-rencontres"],"acf":[],"uagb_featured_image_src":{"full":["https:\/\/mairie-montataire.fr\/app\/uploads\/2025\/06\/Agenda_Tabledulhumanite25.jpg",450,335,false],"thumbnail":["https:\/\/mairie-montataire.fr\/app\/uploads\/2025\/06\/Agenda_Tabledulhumanite25-150x150.jpg",150,150,true],"medium":["https:\/\/mairie-montataire.fr\/app\/uploads\/2025\/06\/Agenda_Tabledulhumanite25-300x223.jpg",300,223,true],"medium_large":["https:\/\/mairie-montataire.fr\/app\/uploads\/2025\/06\/Agenda_Tabledulhumanite25.jpg",450,335,false],"large":["https:\/\/mairie-montataire.fr\/app\/uploads\/2025\/06\/Agenda_Tabledulhumanite25.jpg",450,335,false],"1536x1536":["https:\/\/mairie-montataire.fr\/app\/uploads\/2025\/06\/Agenda_Tabledulhumanite25.jpg",450,335,false],"2048x2048":["https:\/\/mairie-montataire.fr\/app\/uploads\/2025\/06\/Agenda_Tabledulhumanite25.jpg",450,335,false],"trp-custom-language-flag":["https:\/\/mairie-montataire.fr\/app\/uploads\/2025\/06\/Agenda_Tabledulhumanite25-16x12.jpg",16,12,true],"gform-image-choice-sm":["https:\/\/mairie-montataire.fr\/app\/uploads\/2025\/06\/Agenda_Tabledulhumanite25.jpg",300,223,false],"gform-image-choice-md":["https:\/\/mairie-montataire.fr\/app\/uploads\/2025\/06\/Agenda_Tabledulhumanite25.jpg",400,298,false],"gform-image-choice-lg":["https:\/\/mairie-montataire.fr\/app\/uploads\/2025\/06\/Agenda_Tabledulhumanite25.jpg",450,335,false]},"uagb_author_info":{"display_name":"Laure Pubert","author_link":"https:\/\/mairie-montataire.fr\/ar\/actualites\/author\/"},"uagb_comment_info":0,"uagb_excerpt":"Repas collectif faisant honneur aux sp\u00e9cialit\u00e9s culinaires r\u00e9gionales, stand de desserts tenu par les b\u00e9n\u00e9voles de l\u2019\u00e9t\u00e9, Exposition de sensibilisationconcernant le tri Le bibliobus et ses grands jeux Ambiance musicale avec Le Bal \u00e0 chanter du collectif Le Grand Pop Dans le cadre des Quartiers d&rsquo;\u00e9t\u00e9 2025. Un \u00e9v\u00e9nement organis\u00e9 avec le soutien de la&hellip;","_links":{"self":[{"href":"https:\/\/mairie-montataire.fr\/ar\/wp-json\/wp\/v2\/event\/6428","targetHints":{"allow":["GET"]}}],"collection":[{"href":"https:\/\/mairie-montataire.fr\/ar\/wp-json\/wp\/v2\/event"}],"about":[{"href":"https:\/\/mairie-montataire.fr\/ar\/wp-json\/wp\/v2\/types\/event"}],"wp:featuredmedia":[{"embeddable":true,"href":"https:\/\/mairie-montataire.fr\/ar\/wp-json\/wp\/v2\/media\/6385"}],"wp:attachment":[{"href":"https:\/\/mairie-montataire.fr\/ar\/wp-json\/wp\/v2\/media?parent=6428"}],"wp:term":[{"taxonomy":"event-theme","embeddable":true,"href":"https:\/\/mairie-montataire.fr\/ar\/wp-json\/wp\/v2\/event-theme?post=6428"}],"curies":[{"name":"\u062f\u0628\u0644\u064a\u0648 \u0628\u064a","href":"https:\/\/api.w.org\/{rel}","templated":true}]}}