{"id":6370,"date":"2025-06-13T14:21:35","date_gmt":"2025-06-13T14:21:35","guid":{"rendered":"https:\/\/mairie-montataire.fr\/?post_type=event&#038;p=6370"},"modified":"2025-07-03T13:22:22","modified_gmt":"2025-07-03T13:22:22","slug":"%d9%85%d9%87%d8%b1%d8%ac%d8%a7%d9%86-%d8%a7%d9%84%d9%85%d8%b1%d9%83%d8%b2-%d8%a7%d9%84%d8%a7%d8%ac%d8%aa%d9%85%d8%a7%d8%b9%d9%8a","status":"publish","type":"event","link":"https:\/\/mairie-montataire.fr\/ar\/agenda\/evenement\/fete-du-centre-social\/","title":{"rendered":"\u0645\u0647\u0631\u062c\u0627\u0646 \u0627\u0644\u0645\u0631\u0643\u0632 \u0627\u0644\u0627\u062c\u062a\u0645\u0627\u0639\u064a"},"content":{"rendered":"<p>\u062a\u062f\u0639\u0648\u0643 \u0645\u062f\u064a\u0646\u0629 \u0645\u0648\u0646\u062a\u0627\u062a\u064a\u0631 \u0625\u0644\u0649 <strong>\u0627\u0644\u0633\u0628\u062a 5 \u064a\u0648\u0644\u064a\u0648 2025<\/strong>\u0645\u0646 <strong>1:30 \u0638\u0647\u0631\u0627\u064b \u0625\u0644\u0649 5:30 \u0645\u0633\u0627\u0621\u064b<\/strong>\u0644\u0644\u062a\u0642\u0644\u064a\u062f\u064a\u0629 <strong>\u0645\u0647\u0631\u062c\u0627\u0646 \u0627\u0644\u0645\u0631\u0643\u0632 \u0627\u0644\u0627\u062c\u062a\u0645\u0627\u0639\u064a<\/strong>\u0627\u0644\u062a\u064a \u062a\u0646\u0638\u0645 \u0641\u064a \u0625\u0633\u0628\u0627\u0633 \u0647\u0648\u0628\u064a\u0631 \u062f\u0648 \u0647\u0648\u0643\u0631. \u0633\u062a\u0639\u0631\u0636 \u0641\u0639\u0627\u0644\u064a\u0629 \u0647\u0630\u0627 \u0627\u0644\u0639\u0627\u0645 \u0627\u0644\u062b\u0642\u0627\u0641\u0627\u062a \u0627\u0644\u0622\u0633\u064a\u0648\u064a\u0629 \u0645\u0646 \u062e\u0644\u0627\u0644 \u0628\u0631\u0646\u0627\u0645\u062c \u062b\u0631\u064a \u0648\u0645\u062a\u0646\u0648\u0639 \u0641\u064a \u0645\u062a\u0646\u0627\u0648\u0644 \u0627\u0644\u062c\u0645\u064a\u0639.<\/p>\n\n\n\n<h3 class=\"wp-block-heading\">\u0639\u0631\u0648\u0636 \u062b\u0642\u0627\u0641\u064a\u0629 \u0648\u062a\u0631\u0641\u064a\u0647\u064a\u0629 \u0644\u062c\u0645\u064a\u0639 \u0623\u0641\u0631\u0627\u062f \u0627\u0644\u0639\u0627\u0626\u0644\u0629<\/h3>\n\n\n\n<p>\u0633\u064a\u062a\u062e\u0644\u0644 \u0641\u062a\u0631\u0629 \u0645\u0627 \u0628\u0639\u062f \u0627\u0644\u0638\u0647\u064a\u0631\u0629 \u062d\u062f\u062b\u0627\u0646 \u0628\u0627\u0631\u0632\u0627\u0646:<\/p>\n\n\n\n<ul class=\"wp-block-list\">\n<li style=\"font-style:normal;font-weight:400\">\u00c0 <strong>15h<\/strong>a <strong>\u0639\u0631\u0636 \u0631\u0642\u0635 \u0627\u0644\u0623\u0633\u062f \u0627\u0644\u0631\u0627\u0642\u0635<\/strong> \u0633\u064a\u0641\u062a\u062a\u062d \u0627\u0644\u0627\u062d\u062a\u0641\u0627\u0644\u0627\u062a,<\/li>\n\n\n\n<li style=\"font-style:normal;font-weight:400\">\u00c0 <strong>16h30<\/strong>a <strong>\u0623\u062f\u0627\u0621 \u0631\u0642\u0635 \u0628\u0648\u0644\u064a\u0648\u0648\u062f \u0627\u0644\u0631\u0627\u0642\u0635<\/strong> \u0633\u064a\u064f\u062e\u062a\u062a\u0645 \u0639\u0631\u0636 \u0647\u0630\u0627 \u0627\u0644\u0639\u0627\u0645 \u0641\u064a \u0623\u062c\u0648\u0627\u0621 \u0645\u0641\u0639\u0645\u0629 \u0628\u0627\u0644\u0623\u0644\u0648\u0627\u0646 \u0648\u0627\u0644\u062d\u064a\u0648\u064a\u0629.<\/li>\n<\/ul>\n\n\n\n<p>\u064a\u0645\u0643\u0646 \u0644\u0644\u0632\u0648\u0627\u0631 \u0623\u064a\u0636\u0627\u064b \u0627\u0644\u0627\u0633\u062a\u0645\u062a\u0627\u0639 \u0628\u0645\u062c\u0645\u0648\u0639\u0629 \u0643\u0628\u064a\u0631\u0629 \u0645\u0646 \u0627\u0644\u0623\u0646\u0634\u0637\u0629 \u0639\u0644\u0649 \u0645\u062f\u0627\u0631 \u0627\u0644\u064a\u0648\u0645:<\/p>\n\n\n\n<ul class=\"wp-block-list\">\n<li style=\"font-style:normal;font-weight:400\">\u0623\u0644\u0639\u0627\u0628 \u062e\u0634\u0628\u064a\u0629\u060c \u0648\u0623\u0644\u063a\u0627\u0632\u060c \u0648\u0643\u0627\u0628\u064a\u0646\u0629 \u062a\u0635\u0648\u064a\u0631\u060c \u0648\u0642\u0631\u0627\u0621\u0627\u062a \u0627\u0644\u0645\u0627\u0646\u062c\u0627,<\/li>\n\n\n\n<li style=\"font-style:normal;font-weight:400\">\u0648\u0631\u0634 \u0639\u0645\u0644 \u0625\u0628\u062f\u0627\u0639\u064a\u0629: \u0627\u0644\u0642\u0628\u0639\u0627\u062a \u0627\u0644\u0635\u064a\u0646\u064a\u0629 \u0648\u0627\u0644\u0645\u0631\u0627\u0648\u062d \u0648\u0627\u0644\u062a\u0646\u0627\u0646\u064a\u0646 \u0648\u063a\u064a\u0631\u0647\u0627,<\/li>\n\n\n\n<li style=\"font-style:normal;font-weight:400\">\u0627\u0644\u0631\u0633\u0645 \u0639\u0644\u0649 \u0627\u0644\u0648\u062c\u0647\u060c \u0648\u0646\u062d\u062a \u0627\u0644\u0628\u0627\u0644\u0648\u0646\u0627\u062a\u060c \u0648\u0645\u0635\u0627\u0631\u0639\u0629 \u0627\u0644\u0633\u0648\u0645\u0648,<\/li>\n\n\n\n<li style=\"font-style:normal;font-weight:400\">\u0635\u0646\u0639 \u0644\u0641\u0627\u0626\u0641 \u0627\u0644\u0633\u0628\u0631\u064a\u0646\u063a \u0631\u0648\u0644\u0632,<\/li>\n\n\n\n<li style=\"font-style:normal;font-weight:400\">\u062a\u0630\u0648\u0651\u0642 \u0627\u0644\u0623\u0637\u0628\u0627\u0642 \u0627\u0644\u0622\u0633\u064a\u0648\u064a\u0629 \u0627\u0644\u0645\u0645\u064a\u0632\u0629,<\/li>\n\n\n\n<li style=\"font-style:normal;font-weight:400\">\u0633\u062a\u0643\u0648\u0646 \u0627\u0644\u0645\u0643\u062a\u0628\u0629 \u0627\u0644\u0645\u062a\u0646\u0642\u0644\u0629 \u0645\u062a\u0627\u062d\u0629 \u0644\u0639\u0634\u0627\u0642 \u0627\u0644\u0643\u062a\u0628.<\/li>\n<\/ul>\n\n\n\n<h3 class=\"wp-block-heading\">\u0645\u0647\u0631\u062c\u0627\u0646 \u0644\u0644\u0627\u0643\u062a\u0634\u0627\u0641 \u0648\u0627\u0644\u0645\u0634\u0627\u0631\u0643\u0629<\/h3>\n\n\n\n<p>\u064a\u0647\u062f\u0641 \u0647\u0630\u0627 \u0627\u0644\u0645\u0647\u0631\u062c\u0627\u0646 \u0627\u0644\u0630\u064a \u062a\u0645 \u062a\u0646\u0638\u064a\u0645\u0647 \u0628\u062f\u0639\u0645 \u0645\u0646 \u0627\u0644\u0639\u062f\u064a\u062f \u0645\u0646 \u0627\u0644\u0634\u0631\u0643\u0627\u0621 \u0625\u0644\u0649 \u062a\u0639\u0632\u064a\u0632 \u0627\u0644\u062a\u0646\u0648\u0639 \u0627\u0644\u062b\u0642\u0627\u0641\u064a \u0648\u062a\u0642\u0648\u064a\u0629 \u0627\u0644\u0631\u0648\u0627\u0628\u0637 \u0628\u064a\u0646 \u0627\u0644\u0633\u0643\u0627\u0646. \u0648\u0647\u0648 <strong>\u0645\u062c\u0627\u0646\u0627\u064b<\/strong> \u0648 <strong>\u0645\u062a\u0627\u062d \u0644\u0644\u062c\u0645\u064a\u0639<\/strong>\u0644\u0644\u0635\u063a\u0627\u0631 \u0648\u0627\u0644\u0643\u0628\u0627\u0631 \u0639\u0644\u0649 \u062d\u062f \u0633\u0648\u0627\u0621.<\/p>\n\n\n\n<div style=\"height:56px\" aria-hidden=\"true\" class=\"wp-block-spacer\"><\/div>\n\n\n\n<div class=\"wp-block-columns is-layout-flex wp-container-core-columns-is-layout-9d6595d7 wp-block-columns-is-layout-flex\">\n<div class=\"wp-block-column is-layout-flow wp-block-column-is-layout-flow\">\n<div class=\"wp-block-uagb-image aligncenter uagb-block-dfbff711 wp-block-uagb-image--layout-default wp-block-uagb-image--effect-static wp-block-uagb-image--align-center\"><figure class=\"wp-block-uagb-image__figure\"><img decoding=\"async\" srcset=\"https:\/\/mairie-montataire.fr\/app\/uploads\/2025\/06\/affiches-QE-etc-OK-HD_Page_1-726x1024.jpg ,https:\/\/mairie-montataire.fr\/app\/uploads\/2025\/06\/affiches-QE-etc-OK-HD_Page_1.jpg 780w, https:\/\/mairie-montataire.fr\/app\/uploads\/2025\/06\/affiches-QE-etc-OK-HD_Page_1.jpg 360w\" sizes=\"auto, (max-width: 480px) 150px\" src=\"https:\/\/mairie-montataire.fr\/app\/uploads\/2025\/06\/affiches-QE-etc-OK-HD_Page_1-726x1024.jpg\" alt=\"\" class=\"uag-image-6391\" width=\"726\" height=\"1024\" title=\"\u0627\u0644\u0645\u0644\u0635\u0642\u0627\u062a QE \u0625\u0644\u062e \u062d\u0633\u0646\u0627\u064b HD_Page_1\" loading=\"lazy\" role=\"img\"\/><\/figure><\/div>\n<\/div>\n\n\n\n<div class=\"wp-block-column is-layout-flow wp-block-column-is-layout-flow\">\n<div class=\"wp-block-uagb-image aligncenter uagb-block-d8cc6ab7 wp-block-uagb-image--layout-default wp-block-uagb-image--effect-static wp-block-uagb-image--align-center\"><figure class=\"wp-block-uagb-image__figure\"><img decoding=\"async\" srcset=\"https:\/\/mairie-montataire.fr\/app\/uploads\/2025\/06\/affiche-A3-fete-EHH-v2-724x1024.jpg ,https:\/\/mairie-montataire.fr\/app\/uploads\/2025\/06\/affiche-A3-fete-EHH-v2.jpg 780w, https:\/\/mairie-montataire.fr\/app\/uploads\/2025\/06\/affiche-A3-fete-EHH-v2.jpg 360w\" sizes=\"auto, (max-width: 480px) 150px\" src=\"https:\/\/mairie-montataire.fr\/app\/uploads\/2025\/06\/affiche-A3-fete-EHH-v2-724x1024.jpg\" alt=\"\" class=\"uag-image-6390\" width=\"724\" height=\"1024\" title=\"\u0645\u0644\u0635\u0642 \u0645\u0642\u0627\u0633 A3 \u0645\u0647\u0631\u062c\u0627\u0646 EHH V2\" loading=\"lazy\" role=\"img\"\/><\/figure><\/div>\n<\/div>\n<\/div>\n\n\n\n<div style=\"height:56px\" aria-hidden=\"true\" class=\"wp-block-spacer\"><\/div>\n\n\n\n<div class=\"wp-block-uagb-separator uagb-block-1b39294a\"><div class=\"uagb-separator-spacing-wrapper\"><div class=\"wp-block-uagb-separator__inner\" style=\"--my-background-image:\"><\/div><\/div><\/div>\n\n\n\n<p>\u0643\u062c\u0632\u0621 \u0645\u0646 \u0623\u062d\u064a\u0627\u0621 2025.<\/p>\n\n\n\n<div class=\"wp-block-uagb-buttons uagb-buttons__outer-wrap uagb-btn__default-btn uagb-btn-tablet__default-btn uagb-btn-mobile__default-btn uagb-block-bc33e191\"><div class=\"uagb-buttons__wrap uagb-buttons-layout-wrap\">\n<div class=\"wp-block-uagb-buttons-child uagb-buttons__outer-wrap uagb-block-88b40543 wp-block-button\"><div class=\"uagb-button__wrapper\"><a class=\"uagb-buttons-repeater wp-block-button__link\" aria-label=\"\" href=\"#\" rel=\"follow noopener\" target=\"_blank\" role=\"button\"><div class=\"uagb-button__link\">\u062a\u0639\u0631\u0651\u0641 \u0639\u0644\u0649 \u0643\u0644 \u0634\u064a\u0621 \u0639\u0646 \u0628\u0631\u0646\u0627\u0645\u062c \"\u0623\u0631\u0628\u0627\u0639 \u062f\u064a\u062a\u064a\u0647\" \u0647\u0646\u0627!<\/div><\/a><\/div><\/div>\n<\/div><\/div>\n\n\n\n<div style=\"height:12px\" aria-hidden=\"true\" class=\"wp-block-spacer\"><\/div>\n\n\n\n<p>\u062a\u0645 \u062a\u0646\u0638\u064a\u0645 \u0647\u0630\u0627 \u0627\u0644\u062d\u062f\u062b \u0628\u062f\u0639\u0645 \u0645\u0646 \u0645\u0646\u0637\u0642\u0629 Hauts-de-France\u060c \u0648\u0627\u0644\u0648\u0643\u0627\u0644\u0629 \u0627\u0644\u0648\u0637\u0646\u064a\u0629 \u0644\u0644\u062a\u0645\u0627\u0633\u0643 \u0627\u0644\u0625\u0642\u0644\u064a\u0645\u064a\u060c \u0648\u0645\u062d\u0627\u0641\u0638 \u0623\u0648\u0632\u060c \u0648\u0645\u062d\u0627\u0641\u0638\u0629 \u0623\u0648\u0632\u060c \u0648\u0645\u0642\u0627\u0637\u0639\u0629 \u0623\u0648\u0632\u060c \u0648Et\u00e9 culturel 2025\u060c \u0648Caf\u060c \u0648Oise habitat\u060c \u0648S.A. HLM du d\u00e9partement de l'Oise\u060c \u0648\u0645\u062c\u0645\u0648\u0639\u0629 Habitat en r\u00e9gion.<\/p>","protected":false},"featured_media":6387,"parent":0,"template":"","meta":{"_acf_changed":false,"_uag_custom_page_level_css":""},"event-theme":[88],"class_list":["post-6370","event","type-event","status-publish","has-post-thumbnail","hentry","event-theme-evenement"],"acf":[],"uagb_featured_image_src":{"full":["https:\/\/mairie-montataire.fr\/app\/uploads\/2025\/06\/GabaritActu-fete-ehh.jpg",450,335,false],"thumbnail":["https:\/\/mairie-montataire.fr\/app\/uploads\/2025\/06\/GabaritActu-fete-ehh-150x150.jpg",150,150,true],"medium":["https:\/\/mairie-montataire.fr\/app\/uploads\/2025\/06\/GabaritActu-fete-ehh-300x223.jpg",300,223,true],"medium_large":["https:\/\/mairie-montataire.fr\/app\/uploads\/2025\/06\/GabaritActu-fete-ehh.jpg",450,335,false],"large":["https:\/\/mairie-montataire.fr\/app\/uploads\/2025\/06\/GabaritActu-fete-ehh.jpg",450,335,false],"1536x1536":["https:\/\/mairie-montataire.fr\/app\/uploads\/2025\/06\/GabaritActu-fete-ehh.jpg",450,335,false],"2048x2048":["https:\/\/mairie-montataire.fr\/app\/uploads\/2025\/06\/GabaritActu-fete-ehh.jpg",450,335,false],"trp-custom-language-flag":["https:\/\/mairie-montataire.fr\/app\/uploads\/2025\/06\/GabaritActu-fete-ehh-16x12.jpg",16,12,true],"gform-image-choice-sm":["https:\/\/mairie-montataire.fr\/app\/uploads\/2025\/06\/GabaritActu-fete-ehh.jpg",300,223,false],"gform-image-choice-md":["https:\/\/mairie-montataire.fr\/app\/uploads\/2025\/06\/GabaritActu-fete-ehh.jpg",400,298,false],"gform-image-choice-lg":["https:\/\/mairie-montataire.fr\/app\/uploads\/2025\/06\/GabaritActu-fete-ehh.jpg",450,335,false]},"uagb_author_info":{"display_name":"Laure Pubert","author_link":"https:\/\/mairie-montataire.fr\/ar\/actualites\/author\/"},"uagb_comment_info":0,"uagb_excerpt":"La Ville de Montataire vous donne rendez-vous le samedi 5 juillet 2025, de 13h30 \u00e0 17h30, pour la traditionnelle F\u00eate du Centre Social, organis\u00e9e \u00e0 l\u2019Espace Hubert d\u2019Hoker. Cette \u00e9dition mettra \u00e0 l\u2019honneur les cultures d\u2019Asie \u00e0 travers une programmation riche et vari\u00e9e, accessible \u00e0 toutes et tous. Des spectacles culturels et des animations pour&hellip;","_links":{"self":[{"href":"https:\/\/mairie-montataire.fr\/ar\/wp-json\/wp\/v2\/event\/6370","targetHints":{"allow":["GET"]}}],"collection":[{"href":"https:\/\/mairie-montataire.fr\/ar\/wp-json\/wp\/v2\/event"}],"about":[{"href":"https:\/\/mairie-montataire.fr\/ar\/wp-json\/wp\/v2\/types\/event"}],"wp:featuredmedia":[{"embeddable":true,"href":"https:\/\/mairie-montataire.fr\/ar\/wp-json\/wp\/v2\/media\/6387"}],"wp:attachment":[{"href":"https:\/\/mairie-montataire.fr\/ar\/wp-json\/wp\/v2\/media?parent=6370"}],"wp:term":[{"taxonomy":"event-theme","embeddable":true,"href":"https:\/\/mairie-montataire.fr\/ar\/wp-json\/wp\/v2\/event-theme?post=6370"}],"curies":[{"name":"\u062f\u0628\u0644\u064a\u0648 \u0628\u064a","href":"https:\/\/api.w.org\/{rel}","templated":true}]}}