{"id":6238,"date":"2025-05-26T15:29:16","date_gmt":"2025-05-26T15:29:16","guid":{"rendered":"https:\/\/mairie-montataire.fr\/?post_type=event&#038;p=6238"},"modified":"2025-05-26T15:31:21","modified_gmt":"2025-05-26T15:31:21","slug":"%d8%b3%d9%88%d9%82-%d9%85%d9%88%d9%86%d8%aa%d8%a7%d8%aa%d9%8a%d8%b1-%d9%84%d9%83%d8%b1%d8%a9-%d8%a7%d9%84%d8%b3%d9%84%d8%a9-%d8%a7%d9%84%d9%85%d8%b3%d8%aa%d8%b9%d9%85%d9%84%d8%a9","status":"publish","type":"event","link":"https:\/\/mairie-montataire.fr\/ar\/agenda\/vie-associative\/brocante-du-montataire-basket-ball\/","title":{"rendered":"\u0628\u0631\u0648\u0643\u0627\u0646\u062a\u064a \u062f\u0648 \u0645\u0648\u0646\u062a\u0627\u062a\u064a\u0631 \u0644\u0643\u0631\u0629 \u0627\u0644\u0633\u0644\u0629"},"content":{"rendered":"<p>\u064a\u0646\u0638\u0645 \u0646\u0627\u062f\u064a \u0645\u0648\u0646\u062a\u0627\u062a\u064a\u0631 \u0644\u0643\u0631\u0629 \u0627\u0644\u0633\u0644\u0629 \u0641\u064a \u0645\u0648\u0646\u062a\u0627\u062a\u064a\u0631 <strong>31<sup>e<\/sup> \u0646\u0633\u062e\u0629 \u0645\u0646 \u0633\u0648\u0642 \u0627\u0644\u0633\u0644\u0639 \u0627\u0644\u0645\u0633\u062a\u0639\u0645\u0644\u0629 \u0627\u0644\u062a\u0642\u0644\u064a\u062f\u064a<\/strong> \u0641\u0625\u0646 <strong>\u0627\u0644\u0623\u062d\u062f 29 \u064a\u0648\u0646\u064a\u0648 2025<\/strong>\u0634\u0627\u0631\u0639 \u0623\u0645\u0628\u0631\u0648\u0627\u0632 \u0643\u0631\u0648\u064a\u0632\u0627\u062a \u0648\u0627\u0644\u0634\u0648\u0627\u0631\u0639 \u0627\u0644\u0645\u062d\u064a\u0637\u0629 \u0628\u0647.<\/p>\n\n\n\n<p>\u0648\u0643\u0645\u0627 \u0647\u0648 \u0627\u0644\u062d\u0627\u0644 \u0643\u0644 \u0639\u0627\u0645\u060c \u0633\u064a\u062c\u0645\u0639 \u0647\u0630\u0627 \u0627\u0644\u062d\u062f\u062b \u0639\u0634\u0627\u0642 \u0627\u0644\u0645\u062a\u0639\u0629 \u0648\u0627\u0644\u0639\u0627\u0626\u0644\u0627\u062a \u0648\u0627\u0644\u0641\u0636\u0648\u0644\u064a\u064a\u0646 \u0641\u064a \u064a\u0648\u0645 \u0645\u0646 \u0627\u0644\u0635\u0641\u0642\u0627\u062a \u0648\u0627\u0644\u0628\u0647\u062c\u0629 \u0648\u0627\u0644\u0627\u0643\u062a\u0634\u0627\u0641\u0627\u062a.<\/p>\n\n\n\n<p><strong>\u0627\u0644\u0628\u0631\u0646\u0627\u0645\u062c<\/strong> :<\/p>\n\n\n\n<ul class=\"wp-block-list\">\n<li style=\"font-style:normal;font-weight:400\">\u0623\u0643\u0634\u0627\u0643 \u0645\u062a\u0646\u0648\u0639\u0629 (\u062a\u062d\u0641 \u0648\u0642\u0637\u0639 \u0632\u064a\u0646\u0629 \u0648\u0645\u0644\u0627\u0628\u0633 \u0648\u0643\u062a\u0628 \u0648\u063a\u064a\u0631\u0647\u0627)<\/li>\n\n\n\n<li style=\"font-style:normal;font-weight:400\">\u062a\u0642\u062f\u064a\u0645 \u0627\u0644\u0637\u0639\u0627\u0645 \u0641\u064a \u0627\u0644\u0645\u0648\u0642\u0639<\/li>\n\n\n\n<li style=\"font-style:normal;font-weight:400\">\u0627\u0644\u0633\u0644\u0627\u0645\u0629 \u0645\u0636\u0645\u0648\u0646\u0629 \u0637\u0648\u0627\u0644 \u0627\u0644\u064a\u0648\u0645<\/li>\n<\/ul>\n\n\n\n<h2 class=\"wp-block-heading\"><strong>\u0627\u0644\u062a\u0633\u062c\u064a\u0644 \u0627\u0639\u062a\u0628\u0627\u0631\u0627\u064b \u0645\u0646 5 \u064a\u0648\u0646\u064a\u0648<\/strong><\/h2>\n\n\n\n<p>\u0633\u062a\u062a\u0645 <strong>\u0643\u0644 \u064a\u0648\u0645 \u062e\u0645\u064a\u0633 \u0648\u062c\u0645\u0639\u0629 \u0645\u0646 \u0627\u0644\u0633\u0627\u0639\u0629 6 \u0645\u0633\u0627\u0621\u064b \u0625\u0644\u0649 8 \u0645\u0633\u0627\u0621\u064b<\/strong>\u0641\u0625\u0646 <strong>\u063a\u0631\u0641\u0629 \u0645\u0627\u0631\u0633\u064a\u0644 \u0643\u0648\u064a\u0646<\/strong>\u062c\u0627\u062f\u0629 \u063a\u064a \u0645\u0648\u0643\u064a\u0647\u060c \u0645\u0648\u0646\u062a\u0627\u062a\u064a\u0631.<\/p>","protected":false},"featured_media":6239,"parent":0,"template":"","meta":{"_acf_changed":true,"_uag_custom_page_level_css":""},"event-theme":[73],"class_list":["post-6238","event","type-event","status-publish","has-post-thumbnail","hentry","event-theme-vie-associative"],"acf":[],"uagb_featured_image_src":{"full":["https:\/\/mairie-montataire.fr\/app\/uploads\/2025\/05\/Agenda_31BrocanteMBB.jpg",450,335,false],"thumbnail":["https:\/\/mairie-montataire.fr\/app\/uploads\/2025\/05\/Agenda_31BrocanteMBB-150x150.jpg",150,150,true],"medium":["https:\/\/mairie-montataire.fr\/app\/uploads\/2025\/05\/Agenda_31BrocanteMBB-300x223.jpg",300,223,true],"medium_large":["https:\/\/mairie-montataire.fr\/app\/uploads\/2025\/05\/Agenda_31BrocanteMBB.jpg",450,335,false],"large":["https:\/\/mairie-montataire.fr\/app\/uploads\/2025\/05\/Agenda_31BrocanteMBB.jpg",450,335,false],"1536x1536":["https:\/\/mairie-montataire.fr\/app\/uploads\/2025\/05\/Agenda_31BrocanteMBB.jpg",450,335,false],"2048x2048":["https:\/\/mairie-montataire.fr\/app\/uploads\/2025\/05\/Agenda_31BrocanteMBB.jpg",450,335,false],"trp-custom-language-flag":["https:\/\/mairie-montataire.fr\/app\/uploads\/2025\/05\/Agenda_31BrocanteMBB-16x12.jpg",16,12,true],"gform-image-choice-sm":["https:\/\/mairie-montataire.fr\/app\/uploads\/2025\/05\/Agenda_31BrocanteMBB.jpg",300,223,false],"gform-image-choice-md":["https:\/\/mairie-montataire.fr\/app\/uploads\/2025\/05\/Agenda_31BrocanteMBB.jpg",400,298,false],"gform-image-choice-lg":["https:\/\/mairie-montataire.fr\/app\/uploads\/2025\/05\/Agenda_31BrocanteMBB.jpg",450,335,false]},"uagb_author_info":{"display_name":"Laure Pubert","author_link":"https:\/\/mairie-montataire.fr\/ar\/actualites\/author\/"},"uagb_comment_info":0,"uagb_excerpt":"Le club de Montataire Basket Ball organise la 31e \u00e9dition de sa traditionnelle brocante le dimanche 29 juin 2025, avenue Ambroise Croizat et dans les rues alentours. Comme chaque ann\u00e9e, l\u2019\u00e9v\u00e9nement r\u00e9unira passionn\u00e9s, familles et curieux pour une journ\u00e9e de bonnes affaires, de convivialit\u00e9 et de d\u00e9couvertes. Au programme : Inscriptions \u00e0 partir du 5&hellip;","_links":{"self":[{"href":"https:\/\/mairie-montataire.fr\/ar\/wp-json\/wp\/v2\/event\/6238","targetHints":{"allow":["GET"]}}],"collection":[{"href":"https:\/\/mairie-montataire.fr\/ar\/wp-json\/wp\/v2\/event"}],"about":[{"href":"https:\/\/mairie-montataire.fr\/ar\/wp-json\/wp\/v2\/types\/event"}],"wp:featuredmedia":[{"embeddable":true,"href":"https:\/\/mairie-montataire.fr\/ar\/wp-json\/wp\/v2\/media\/6239"}],"wp:attachment":[{"href":"https:\/\/mairie-montataire.fr\/ar\/wp-json\/wp\/v2\/media?parent=6238"}],"wp:term":[{"taxonomy":"event-theme","embeddable":true,"href":"https:\/\/mairie-montataire.fr\/ar\/wp-json\/wp\/v2\/event-theme?post=6238"}],"curies":[{"name":"\u062f\u0628\u0644\u064a\u0648 \u0628\u064a","href":"https:\/\/api.w.org\/{rel}","templated":true}]}}