{"id":6099,"date":"2026-01-28T10:26:16","date_gmt":"2026-01-28T10:26:16","guid":{"rendered":"https:\/\/mairie-montataire.fr\/?post_type=event&#038;p=6099"},"modified":"2026-01-28T10:26:16","modified_gmt":"2026-01-28T10:26:16","slug":"%d9%85%d9%86%d8%aa%d8%af%d9%89-%d8%b5%d8%ba%d9%8a%d8%b1","status":"publish","type":"event","link":"https:\/\/mairie-montataire.fr\/ar\/agenda\/rencontres\/mini-forum\/","title":{"rendered":"\u0627\u0644\u0645\u0646\u062a\u062f\u0649 \u0627\u0644\u0645\u0635\u063a\u0631"},"content":{"rendered":"<p><a href=\"https:\/\/mlvo.net\/\" target=\"_blank\" rel=\"noreferrer noopener\">\u0645\u0648\u0642\u0639 \u0627\u0644\u0645\u0647\u0645\u0629<\/a>\u064a\u062f\u0639\u0648\u0643 \u0625\u0644\u0649 <strong>\u0645\u0646\u062a\u062f\u0649 \u0627\u0644\u062a\u0648\u0638\u064a\u0641 \u0627\u0644\u0645\u0635\u063a\u0631<\/strong> \u0641\u0625\u0646 <strong>\u0627\u0644\u062b\u0644\u0627\u062b\u0627\u0621 3 \u0641\u0628\u0631\u0627\u064a\u0631 2026<\/strong>\u0645\u0646 <strong>2 \u0638\u0647\u0631\u0627\u064b \u0625\u0644\u0649 4 \u0639\u0635\u0631\u0627\u064b<\/strong>\u0641\u0625\u0646 <strong>\u062f\u0627\u0631 \u0643\u0631\u064a\u0644\u0648\u0627\u0632 \u0644\u0644\u062c\u0645\u0639\u064a\u0627\u062a<\/strong> (11 \u0634\u0627\u0631\u0639 11 \u0634\u0627\u0631\u0639 \u0647\u064a\u0631\u0648\u0646\u0641\u0627\u0644\u060c 60100 \u0643\u0631\u064a\u0644).<\/p>\n\n\n\n<p>\u064a\u0639\u062f \u0647\u0630\u0627 \u0627\u0644\u062d\u062f\u062b \u0641\u0631\u0635\u0629 \u0645\u062b\u0627\u0644\u064a\u0629 \u0644\u0644\u0642\u0627\u0621 \u0623\u0643\u062b\u0631 \u0645\u0646 \u0639\u0634\u0631\u0629 \u0634\u0631\u0643\u0627\u0621 \u0645\u062d\u0644\u064a\u064a\u0646\u060c \u0648\u0627\u0643\u062a\u0634\u0627\u0641 \u0627\u0644\u0641\u0631\u0635 \u0627\u0644\u0645\u062a\u0627\u062d\u0629 \u0641\u064a \u0642\u0637\u0627\u0639\u0627\u062a \u0627\u0644\u0623\u0639\u0645\u0627\u0644 \u0627\u0644\u0645\u062e\u062a\u0644\u0641\u0629\u060c \u0648\u0627\u0644\u062a\u062d\u062f\u062b \u0645\u0628\u0627\u0634\u0631\u0629\u064b \u0645\u0639 \u0627\u0644\u0645\u062a\u062e\u0635\u0635\u064a\u0646 \u0645\u0646 \u0642\u0637\u0627\u0639\u0627\u062a \u0627\u0644\u062e\u062f\u0645\u0627\u062a \u0648\u0627\u0644\u0641\u0646\u0627\u062f\u0642 \u0648\u0627\u0644\u0645\u0637\u0627\u0639\u0645 \u0648\u0627\u0644\u062e\u062f\u0645\u0627\u062a \u0627\u0644\u0644\u0648\u062c\u0633\u062a\u064a\u0629 \u0648\u0627\u0644\u0628\u0646\u0627\u0621 \u0648\u0627\u0644\u0635\u0646\u0627\u0639\u0629.<\/p>\n\n\n\n<p class=\"has-text-align-center\"><strong>\u0644\u0627 \u062a\u0646\u0633\u0649 \u0625\u062d\u0636\u0627\u0631 \u0633\u064a\u0631\u062a\u0643 \u0627\u0644\u0630\u0627\u062a\u064a\u0629!<\/strong><\/p>\n\n\n\n<p>\u0647\u0630\u0627 \u0627\u0644\u0645\u0646\u062a\u062f\u0649 \u0645\u062e\u0635\u0635 \u0644\u0643\u0644 \u0645\u0646 \u064a\u0631\u064a\u062f <strong>\u0627\u0644\u0639\u062b\u0648\u0631 \u0639\u0644\u0649 \u0627\u062a\u062c\u0627\u0647\u0627\u062a\u0643 \u0623\u0648 \u062a\u062f\u0631\u064a\u0628\u0643 \u0623\u0648 \u0648\u0638\u064a\u0641\u062a\u0643<\/strong>.<\/p>\n\n\n\n<div class=\"wp-block-uagb-image aligncenter uagb-block-181887e8 wp-block-uagb-image--layout-default wp-block-uagb-image--effect-static wp-block-uagb-image--align-center\"><figure class=\"wp-block-uagb-image__figure\"><img decoding=\"async\" srcset=\"https:\/\/mairie-montataire.fr\/app\/uploads\/2025\/10\/Mini-Forum-Janvier-2026_Impression-725x1024.png ,https:\/\/mairie-montataire.fr\/app\/uploads\/2025\/10\/Mini-Forum-Janvier-2026_Impression-scaled.png 780w, https:\/\/mairie-montataire.fr\/app\/uploads\/2025\/10\/Mini-Forum-Janvier-2026_Impression-scaled.png 360w\" sizes=\"auto, (max-width: 480px) 150px\" src=\"https:\/\/mairie-montataire.fr\/app\/uploads\/2025\/10\/Mini-Forum-Janvier-2026_Impression-725x1024.png\" alt=\"\" class=\"uag-image-7519\" width=\"725\" height=\"1024\" title=\"\u0627\u0644\u0645\u0646\u062a\u062f\u0649 \u0627\u0644\u0645\u0635\u063a\u0651\u0631 \u064a\u0646\u0627\u064a\u0631 2026_\u0637\u0628\u0639\u0629 \u064a\u0646\u0627\u064a\u0631 2026\" loading=\"lazy\" role=\"img\"\/><\/figure><\/div>","protected":false},"featured_media":7518,"parent":0,"template":"","meta":{"_acf_changed":true,"_uag_custom_page_level_css":""},"event-theme":[78],"class_list":["post-6099","event","type-event","status-publish","has-post-thumbnail","hentry","event-theme-rencontres"],"acf":[],"uagb_featured_image_src":{"full":["https:\/\/mairie-montataire.fr\/app\/uploads\/2025\/10\/Agenda_MiniForumMLVO.jpg",450,335,false],"thumbnail":["https:\/\/mairie-montataire.fr\/app\/uploads\/2025\/10\/Agenda_MiniForumMLVO-150x150.jpg",150,150,true],"medium":["https:\/\/mairie-montataire.fr\/app\/uploads\/2025\/10\/Agenda_MiniForumMLVO-300x223.jpg",300,223,true],"medium_large":["https:\/\/mairie-montataire.fr\/app\/uploads\/2025\/10\/Agenda_MiniForumMLVO.jpg",450,335,false],"large":["https:\/\/mairie-montataire.fr\/app\/uploads\/2025\/10\/Agenda_MiniForumMLVO.jpg",450,335,false],"1536x1536":["https:\/\/mairie-montataire.fr\/app\/uploads\/2025\/10\/Agenda_MiniForumMLVO.jpg",450,335,false],"2048x2048":["https:\/\/mairie-montataire.fr\/app\/uploads\/2025\/10\/Agenda_MiniForumMLVO.jpg",450,335,false],"trp-custom-language-flag":["https:\/\/mairie-montataire.fr\/app\/uploads\/2025\/10\/Agenda_MiniForumMLVO-16x12.jpg",16,12,true],"gform-image-choice-sm":["https:\/\/mairie-montataire.fr\/app\/uploads\/2025\/10\/Agenda_MiniForumMLVO.jpg",300,223,false],"gform-image-choice-md":["https:\/\/mairie-montataire.fr\/app\/uploads\/2025\/10\/Agenda_MiniForumMLVO.jpg",400,298,false],"gform-image-choice-lg":["https:\/\/mairie-montataire.fr\/app\/uploads\/2025\/10\/Agenda_MiniForumMLVO.jpg",450,335,false]},"uagb_author_info":{"display_name":"Laure Pubert","author_link":"https:\/\/mairie-montataire.fr\/ar\/actualites\/author\/"},"uagb_comment_info":0,"uagb_excerpt":"La Mission Locale, vous invite \u00e0 un Mini Forum de l\u2019Emploi le mardi 3 f\u00e9vrier 2026, de 14h \u00e0 16h, \u00e0 la Maison Creilloise des Associations (11 rue des Hironvalles, 60100 Creil). Cet \u00e9v\u00e9nement est l\u2019occasion id\u00e9ale pour rencontrer plus d\u2019une dizaine de partenaires locaux, d\u00e9couvrir des opportunit\u00e9s dans diff\u00e9rents secteurs d\u2019activit\u00e9, et \u00e9changer directement&hellip;","_links":{"self":[{"href":"https:\/\/mairie-montataire.fr\/ar\/wp-json\/wp\/v2\/event\/6099","targetHints":{"allow":["GET"]}}],"collection":[{"href":"https:\/\/mairie-montataire.fr\/ar\/wp-json\/wp\/v2\/event"}],"about":[{"href":"https:\/\/mairie-montataire.fr\/ar\/wp-json\/wp\/v2\/types\/event"}],"wp:featuredmedia":[{"embeddable":true,"href":"https:\/\/mairie-montataire.fr\/ar\/wp-json\/wp\/v2\/media\/7518"}],"wp:attachment":[{"href":"https:\/\/mairie-montataire.fr\/ar\/wp-json\/wp\/v2\/media?parent=6099"}],"wp:term":[{"taxonomy":"event-theme","embeddable":true,"href":"https:\/\/mairie-montataire.fr\/ar\/wp-json\/wp\/v2\/event-theme?post=6099"}],"curies":[{"name":"\u062f\u0628\u0644\u064a\u0648 \u0628\u064a","href":"https:\/\/api.w.org\/{rel}","templated":true}]}}