{"id":5996,"date":"2026-04-27T08:00:00","date_gmt":"2026-04-27T08:00:00","guid":{"rendered":"https:\/\/mairie-montataire.fr\/?post_type=event&#038;p=5996"},"modified":"2026-04-24T11:58:46","modified_gmt":"2026-04-24T11:58:46","slug":"%d8%a5%d8%ad%d9%8a%d8%a7%d8%a1-%d8%b0%d9%83%d8%b1%d9%89-%d8%a7%d8%b3%d8%aa%d8%b3%d9%84%d8%a7%d9%85-%d8%a3%d9%84%d9%85%d8%a7%d9%86%d9%8a%d8%a7-%d8%a7%d9%84%d9%86%d8%a7%d8%b2%d9%8a%d8%a9","status":"publish","type":"event","link":"https:\/\/mairie-montataire.fr\/ar\/agenda\/evenement\/commemoration-capitulation-de-lallemagne-nazie\/","title":{"rendered":"\u0625\u062d\u064a\u0627\u0621 \u0627\u0644\u0630\u0643\u0631\u0649 - \u0627\u0633\u062a\u0633\u0644\u0627\u0645 \u0623\u0644\u0645\u0627\u0646\u064a\u0627 \u0627\u0644\u0646\u0627\u0632\u064a\u0629"},"content":{"rendered":"<p>\u0628\u0645\u0646\u0627\u0633\u0628\u0629 <strong>81<sup>e<\/sup> \u0630\u0643\u0631\u0649 \u0627\u0633\u062a\u0633\u0644\u0627\u0645 \u0623\u0644\u0645\u0627\u0646\u064a\u0627 \u0627\u0644\u0646\u0627\u0632\u064a\u0629<\/strong>, \u062a\u0646\u0638\u0645 \u0645\u062f\u064a\u0646\u0629 \u0645\u0648\u0646\u062a\u0627\u062a\u064a\u0631\u060c \u0628\u0627\u0644\u0627\u0634\u062a\u0631\u0627\u0643 \u0645\u0639 \u0627\u0644\u062c\u0645\u0639\u064a\u0627\u062a \u0627\u0644\u0648\u0637\u0646\u064a\u0629\u060c \u0627\u062d\u062a\u0641\u0627\u0644\u064b\u0627 \u0644\u0625\u062d\u064a\u0627\u0621 \u0627\u0644\u0630\u0643\u0631\u0649 \u0645\u0641\u062a\u0648\u062d\u064b\u0627 \u0644\u0644\u062c\u0645\u064a\u0639. <strong>8 \u0645\u0627\u064a\u0648 2026<\/strong>.<\/p>\n\n\n\n<p>\u0643\u0627\u0646 \u0627\u0633\u062a\u0633\u0644\u0627\u0645 \u0623\u0644\u0645\u0627\u0646\u064a\u0627 \u0627\u0644\u0646\u0627\u0632\u064a\u0629 \u0628\u0645\u062b\u0627\u0628\u0629 \u0646\u0647\u0627\u064a\u0629 \u0627\u0644\u062d\u0631\u0628 \u0627\u0644\u0639\u0627\u0644\u0645\u064a\u0629 \u0627\u0644\u062b\u0627\u0646\u064a\u0629 \u0641\u064a \u0623\u0648\u0631\u0648\u0628\u0627. \u0648\u0642\u062f \u062a\u0645 \u0639\u0644\u0649 \u0645\u0631\u062d\u0644\u062a\u064a\u0646\u060c \u0641\u064a 7 \u06488 \u0645\u0627\u064a\u0648 1945. \u0641\u064a 7 \u0645\u0627\u064a\u0648\u060c \u0648\u0642\u0651\u0639 \u0645\u0645\u062b\u0644\u0648 \u0627\u0644\u062c\u064a\u0634 \u0627\u0644\u0623\u0644\u0645\u0627\u0646\u064a \u0639\u0644\u0649 \u0648\u062b\u064a\u0642\u0629 \u0627\u0633\u062a\u0633\u0644\u0627\u0645 \u0641\u064a \u0645\u062f\u064a\u0646\u0629 \u0631\u064a\u0645\u0633 \u0628\u0641\u0631\u0646\u0633\u0627 \u0641\u064a \u0645\u0642\u0631 \u0627\u0644\u062c\u0646\u0631\u0627\u0644 \u0623\u064a\u0632\u0646\u0647\u0627\u0648\u0631 \u0642\u0627\u0626\u062f \u0642\u0648\u0627\u062a \u0627\u0644\u062d\u0644\u0641\u0627\u0621. \u0648\u0636\u0639\u062a \u0647\u0630\u0647 \u0627\u0644\u0648\u062b\u064a\u0642\u0629 \u0646\u0647\u0627\u064a\u0629 \u0644\u0644\u0642\u062a\u0627\u0644 \u0639\u0644\u0649 \u0627\u0644\u062c\u0628\u0647\u0629 \u0627\u0644\u063a\u0631\u0628\u064a\u0629.<\/p>\n\n\n\n<p>\u0648\u0645\u0639 \u0630\u0644\u0643\u060c \u0637\u0644\u0628 \u0627\u0644\u0627\u062a\u062d\u0627\u062f \u0627\u0644\u0633\u0648\u0641\u064a\u062a\u064a \u0625\u0642\u0627\u0645\u0629 \u0627\u062d\u062a\u0641\u0627\u0644 \u0631\u0633\u0645\u064a \u062b\u0627\u0646\u064d. \u0623\u0642\u064a\u0645 \u0647\u0630\u0627 \u0627\u0644\u0627\u062d\u062a\u0641\u0627\u0644 \u0641\u064a 8 \u0645\u0627\u064a\u0648 \u0641\u064a \u0628\u0631\u0644\u064a\u0646 \u0628\u062d\u0636\u0648\u0631 \u0642\u0648\u0627\u062a \u0627\u0644\u062d\u0644\u0641\u0627\u0621 \u0648\u0627\u0644\u0642\u0648\u0627\u062a \u0627\u0644\u0633\u0648\u0641\u064a\u062a\u064a\u0629. \u0648\u0641\u064a \u0647\u0630\u0627 \u0627\u0644\u062d\u0641\u0644\u060c \u062a\u0645 \u0627\u0644\u062a\u0648\u0642\u064a\u0639 \u0639\u0644\u0649 \u0627\u0644\u0627\u0633\u062a\u0633\u0644\u0627\u0645 \u0645\u0631\u0629 \u0623\u062e\u0631\u0649\u060c \u0648\u0647\u0630\u0647 \u0627\u0644\u0645\u0631\u0629 \u0623\u0645\u0627\u0645 \u0627\u0644\u0645\u0645\u062b\u0644\u064a\u0646 \u0627\u0644\u0639\u0633\u0643\u0631\u064a\u064a\u0646 \u0644\u062c\u0645\u064a\u0639 \u0642\u0648\u0627\u062a \u0627\u0644\u062d\u0644\u0641\u0627\u0621 \u0627\u0644\u0631\u0626\u064a\u0633\u064a\u0629. \u0648\u0646\u0638\u0631\u0627\u064b \u0644\u0627\u062e\u062a\u0644\u0627\u0641 \u0627\u0644\u062a\u0648\u0642\u064a\u062a\u060c \u062a\u0645 \u0627\u0644\u0627\u062d\u062a\u0641\u0627\u0644 \u0628\u0627\u0646\u062a\u0647\u0627\u0621 \u0627\u0644\u062d\u0631\u0628 \u0631\u0633\u0645\u064a\u0627\u064b \u0641\u064a 8 \u0645\u0627\u064a\u0648 \u0641\u064a \u0623\u0648\u0631\u0648\u0628\u0627\u060c \u0648\u0644\u0643\u0646 \u0641\u064a 9 \u0645\u0627\u064a\u0648 \u0641\u064a \u0631\u0648\u0633\u064a\u0627.<\/p>\n\n\n\n<h3 class=\"wp-block-heading\">\u0627\u0644\u0628\u0631\u0646\u0627\u0645\u062c \u0627\u0644\u0635\u0628\u0627\u062d\u064a :<\/h3>\n\n\n\n<p>10 \u0635\u0628\u0627\u062d\u0627\u064b - \u062d\u0641\u0644 \u0627\u0644\u0634\u0639\u0644\u0629 :<\/p>\n\n\n\n<ul class=\"wp-block-list\">\n<li style=\"font-style:normal;font-weight:400\">\u0627\u0644\u062a\u062c\u0645\u0639 \u0641\u064a \u0627\u0644\u0645\u0642\u0628\u0631\u0629<\/li>\n\n\n\n<li style=\"font-style:normal;font-weight:400\">\u0625\u0636\u0627\u0621\u0629 \u0627\u0644\u0634\u0639\u0644\u0629<\/li>\n\n\n\n<li style=\"font-style:normal;font-weight:400\">\u0648\u0636\u0639 \u0623\u0643\u0627\u0644\u064a\u0644 \u0627\u0644\u0632\u0647\u0648\u0631\u060c \u0648\u0627\u0644\u0648\u0642\u0648\u0641 \u062f\u0642\u064a\u0642\u0629 \u0635\u0645\u062a\u060c \u0648\u0627\u0644\u0645\u0627\u0631\u0633\u064a\u0644\u064a\u0627<\/li>\n<\/ul>\n\n\n\n<p><strong>10h30<\/strong> :<\/p>\n\n\n\n<ul class=\"wp-block-list\">\n<li style=\"font-style:normal;font-weight:400\">\u062a\u062c\u0645\u0639 \u0623\u0645\u0627\u0645 \u0645\u062f\u0631\u0633\u0629 \u0625\u062f\u0645\u0648\u0646\u062f \u0644\u0648\u0641\u064a\u064a\u0647<\/li>\n\n\n\n<li style=\"font-style:normal;font-weight:400\">\u0645\u0648\u0643\u0628 \u0625\u0644\u0649 \u0627\u0644\u0646\u0635\u0628 \u0627\u0644\u062a\u0630\u0643\u0627\u0631\u064a (\u0633\u0627\u062d\u0629 \u0627\u0644\u0628\u0644\u062f\u064a\u0629)<\/li>\n\n\n\n<li style=\"font-style:normal;font-weight:400\">\u0648\u0636\u0639 \u0623\u0643\u0627\u0644\u064a\u0644 \u0627\u0644\u0632\u0647\u0648\u0631\u060c \u0648\u0625\u0644\u0642\u0627\u0621 \u0627\u0644\u0643\u0644\u0645\u0627\u062a\u060c \u0648\u0627\u0644\u0648\u0642\u0648\u0641 \u062f\u0642\u064a\u0642\u0629 \u0635\u0645\u062a\u060c \u0648\u0627\u0644\u0645\u0627\u0631\u0633\u064a\u0644\u064a\u0627<\/li>\n<\/ul>\n\n\n\n<p>\u0633\u064a\u064f\u062e\u062a\u062a\u0645 \u0627\u0644\u062d\u0641\u0644 \u0628\u0644\u062d\u0638\u0629 \u0628\u0647\u064a\u062c\u0629 \u0639\u0644\u0649 \u0645\u0642\u0628\u0644\u0627\u062a. <strong>\u062d\u0641\u0644 \u0627\u0633\u062a\u0642\u0628\u0627\u0644 \u0627\u0644\u0646\u0628\u064a\u0630<\/strong> \u0639\u0631\u0636\u062a \u0639\u0644\u0649 <strong>\u0627\u0644\u0637\u0627\u0628\u0642 \u0627\u0644\u0633\u0641\u0644\u064a \u0628<\/strong>.<\/p>\n\n\n\n<p><\/p>","protected":false},"featured_media":5997,"parent":0,"template":"","meta":{"_acf_changed":true,"_uag_custom_page_level_css":""},"event-theme":[88],"class_list":["post-5996","event","type-event","status-publish","has-post-thumbnail","hentry","event-theme-evenement"],"acf":[],"uagb_featured_image_src":{"full":["https:\/\/mairie-montataire.fr\/app\/uploads\/2025\/04\/Agenda_ceremonie8mai.jpg",450,335,false],"thumbnail":["https:\/\/mairie-montataire.fr\/app\/uploads\/2025\/04\/Agenda_ceremonie8mai-150x150.jpg",150,150,true],"medium":["https:\/\/mairie-montataire.fr\/app\/uploads\/2025\/04\/Agenda_ceremonie8mai-300x223.jpg",300,223,true],"medium_large":["https:\/\/mairie-montataire.fr\/app\/uploads\/2025\/04\/Agenda_ceremonie8mai.jpg",450,335,false],"large":["https:\/\/mairie-montataire.fr\/app\/uploads\/2025\/04\/Agenda_ceremonie8mai.jpg",450,335,false],"1536x1536":["https:\/\/mairie-montataire.fr\/app\/uploads\/2025\/04\/Agenda_ceremonie8mai.jpg",450,335,false],"2048x2048":["https:\/\/mairie-montataire.fr\/app\/uploads\/2025\/04\/Agenda_ceremonie8mai.jpg",450,335,false],"trp-custom-language-flag":["https:\/\/mairie-montataire.fr\/app\/uploads\/2025\/04\/Agenda_ceremonie8mai-16x12.jpg",16,12,true],"gform-image-choice-sm":["https:\/\/mairie-montataire.fr\/app\/uploads\/2025\/04\/Agenda_ceremonie8mai.jpg",300,223,false],"gform-image-choice-md":["https:\/\/mairie-montataire.fr\/app\/uploads\/2025\/04\/Agenda_ceremonie8mai.jpg",400,298,false],"gform-image-choice-lg":["https:\/\/mairie-montataire.fr\/app\/uploads\/2025\/04\/Agenda_ceremonie8mai.jpg",450,335,false]},"uagb_author_info":{"display_name":"Laure Pubert","author_link":"https:\/\/mairie-montataire.fr\/ar\/actualites\/author\/"},"uagb_comment_info":0,"uagb_excerpt":"\u00c0 l\u2019occasion du 81e anniversaire de la Capitulation de l&rsquo;Allemagne nazie, la Ville de Montataire, en lien avec les associations patriotiques, organise une c\u00e9r\u00e9monie de comm\u00e9moration ouverte \u00e0 toutes et tous le 8 mai 2026. La capitulation de l&rsquo;Allemagne nazie marque la fin de la Seconde Guerre mondiale en Europe. Elle a eu lieu en&hellip;","_links":{"self":[{"href":"https:\/\/mairie-montataire.fr\/ar\/wp-json\/wp\/v2\/event\/5996","targetHints":{"allow":["GET"]}}],"collection":[{"href":"https:\/\/mairie-montataire.fr\/ar\/wp-json\/wp\/v2\/event"}],"about":[{"href":"https:\/\/mairie-montataire.fr\/ar\/wp-json\/wp\/v2\/types\/event"}],"wp:featuredmedia":[{"embeddable":true,"href":"https:\/\/mairie-montataire.fr\/ar\/wp-json\/wp\/v2\/media\/5997"}],"wp:attachment":[{"href":"https:\/\/mairie-montataire.fr\/ar\/wp-json\/wp\/v2\/media?parent=5996"}],"wp:term":[{"taxonomy":"event-theme","embeddable":true,"href":"https:\/\/mairie-montataire.fr\/ar\/wp-json\/wp\/v2\/event-theme?post=5996"}],"curies":[{"name":"\u062f\u0628\u0644\u064a\u0648 \u0628\u064a","href":"https:\/\/api.w.org\/{rel}","templated":true}]}}