{"id":5993,"date":"2025-04-19T11:46:06","date_gmt":"2025-04-19T11:46:06","guid":{"rendered":"https:\/\/mairie-montataire.fr\/?post_type=event&#038;p=5993"},"modified":"2025-04-15T11:59:20","modified_gmt":"2025-04-15T11:59:20","slug":"%d8%a3%d9%85%d8%b3%d9%8a%d8%a9-%d8%a7%d8%b3%d8%aa%d9%83%d8%b4%d8%a7%d9%81%d9%8a%d8%a9-%d9%81%d9%8a-%d8%a7%d9%84%d9%82%d8%b5%d8%b1","status":"publish","type":"event","link":"https:\/\/mairie-montataire.fr\/ar\/agenda\/culture\/soiree-decouverte-au-chateau\/","title":{"rendered":"\u0623\u0645\u0633\u064a\u0629 \u0627\u0633\u062a\u0643\u0634\u0627\u0641\u064a\u0629 \u0641\u064a \u0627\u0644\u0642\u0635\u0631"},"content":{"rendered":"<p>\u0647\u0646\u0627\u0643 <strong>130 \u0639\u0627\u0645\u0627\u064b<\/strong>\u0641\u064a \u0642\u0644\u0628 <strong>\u0634\u0627\u062a\u0648 \u062f\u064a \u0645\u0648\u0646\u062a\u0627\u062a\u064a\u0631<\/strong>\u0645\u0648\u0633\u064a\u0642\u0649 <strong>\u0627\u0644\u0645\u0648\u0633\u064a\u0642\u064a \u0627\u0644\u0634\u0647\u064a\u0631: \u0633\u062a\u064a\u0641\u0627\u0646\u0648 \u062e\u0627\u0631\u062f\u064a\u0633<\/strong>. \u0633\u062a\u062a\u064a\u062d \u0644\u0643 \u0647\u0630\u0647 \u0627\u0644\u0623\u0645\u0633\u064a\u0629 \u0627\u0644\u0627\u0633\u062a\u062b\u0646\u0627\u0626\u064a\u0629 \u0627\u0644\u0641\u0631\u0635\u0629 \u0644\u0627\u0643\u062a\u0634\u0627\u0641 \u0623\u0648 \u0625\u0639\u0627\u062f\u0629 \u0627\u0643\u062a\u0634\u0627\u0641 <strong>\u0645\u0648\u0633\u064a\u0642\u064a \u0627\u0633\u062a\u062b\u0646\u0627\u0626\u064a<\/strong> \u0627\u0644\u0630\u064a\u0646 \u0639\u0627\u0634\u0648\u0627 \u062f\u0627\u062e\u0644 \u0623\u0633\u0648\u0627\u0631 \u0627\u0644\u0642\u0644\u0639\u0629.<\/p>\n\n\n\n<p><strong>\u0628\u0631\u064a\u062c\u064a\u062a \u0643\u0648\u064a\u0633\u0627\u0631<\/strong>\u0639\u0627\u0632\u0641 \u0628\u064a\u0627\u0646\u0648 \u0645\u0648\u0647\u0648\u0628\u060c \u0648 <strong>\u062f\u064a\u0627\u0646 \u0643\u0627\u0633\u064a\u0646\u064a<\/strong>\u0627\u0644\u0645\u063a\u0646\u064a \u0627\u0644\u063a\u0646\u0627\u0626\u064a\u060c \u0623\u062f\u0639\u0648\u0643\u0645 \u0625\u0644\u0649 \u062d\u0641\u0644\u0629 \u063a\u0646\u0627\u0626\u064a\u0629 \u0644\u0627 \u062a\u064f\u0646\u0633\u0649 <strong>\u0627\u0644\u0633\u0641\u0631 \u0639\u0628\u0631 \u0627\u0644\u0632\u0645\u0646<\/strong>. \u0648\u0633\u064a\u0642\u0648\u0645\u0627\u0646 \u0645\u0639\u0627\u064b \u0628\u0625\u062d\u064a\u0627\u0621 \u0627\u0644\u0639\u0627\u0644\u0645 \u0627\u0644\u0645\u0648\u0633\u064a\u0642\u064a \u0644\u0640 <strong>\u0633\u062a\u064a\u0641\u0627\u0646\u0648 \u062e\u0627\u0631\u062f\u064a\u0633<\/strong>\u0645\u0632\u064a\u062c \u0645\u0646 \u0627\u0644\u0631\u0648\u0645\u0627\u0646\u0633\u064a\u0629 \u0648\u0627\u0644\u0639\u0627\u0637\u0641\u0629 \u0648\u0627\u0644\u0623\u0646\u0627\u0642\u0629.<\/p>\n\n\n\n<p>\u0645\u0639 \u0645\u062c\u0645\u0648\u0639\u0629 \u0645\u062e\u062a\u0627\u0631\u0629 \u0645\u0646 \u0627\u0644\u0623\u0639\u0645\u0627\u0644 \u0627\u0644\u0646\u0627\u062f\u0631\u0629 \u0648\u0633\u0631\u062f \u0644\u062d\u064a\u0627\u0629 \u0627\u0644\u0645\u0644\u062d\u0646\u060c \u0633\u062a\u063a\u0645\u0631\u0643 \u0647\u0630\u0647 \u0627\u0644\u0623\u0645\u0633\u064a\u0629 \u0641\u064a \u0627\u0644\u0623\u062c\u0648\u0627\u0621 \u0627\u0644\u0641\u0646\u064a\u0629 \u0641\u064a \u0623\u0648\u0627\u062e\u0631 \u0627\u0644\u0642\u0631\u0646 \u0627\u0644\u062a\u0627\u0633\u0639 \u0639\u0634\u0631.<sup>e<\/sup> \u0642\u0631\u0646 \u0641\u064a \u0645\u0648\u0646\u062a\u0627\u062a\u064a\u0631<\/p>\n\n\n\n<div class=\"wp-block-uagb-image uagb-block-884efb15 wp-block-uagb-image--layout-default wp-block-uagb-image--effect-static wp-block-uagb-image--align-none\"><figure class=\"wp-block-uagb-image__figure\"><img decoding=\"async\" srcset=\"https:\/\/mairie-montataire.fr\/app\/uploads\/2025\/04\/AFFICHE-CONCERT-KHARDYS-10-MAI-2025-724x1024.png ,https:\/\/mairie-montataire.fr\/app\/uploads\/2025\/04\/AFFICHE-CONCERT-KHARDYS-10-MAI-2025.png 780w, https:\/\/mairie-montataire.fr\/app\/uploads\/2025\/04\/AFFICHE-CONCERT-KHARDYS-10-MAI-2025.png 360w\" sizes=\"auto, (max-width: 480px) 150px\" src=\"https:\/\/mairie-montataire.fr\/app\/uploads\/2025\/04\/AFFICHE-CONCERT-KHARDYS-10-MAI-2025-724x1024.png\" alt=\"\" class=\"uag-image-5995\" width=\"724\" height=\"1024\" title=\"\u0645\u0644\u0635\u0642 \u062d\u0641\u0644 \u062e\u0627\u0631\u062f\u064a\u0632 10 \u0645\u0627\u064a\u0648 2025\" loading=\"lazy\" role=\"img\"\/><\/figure><\/div>","protected":false},"featured_media":5994,"parent":0,"template":"","meta":{"_acf_changed":true,"_uag_custom_page_level_css":""},"event-theme":[72],"class_list":["post-5993","event","type-event","status-publish","has-post-thumbnail","hentry","event-theme-culture"],"acf":[],"uagb_featured_image_src":{"full":["https:\/\/mairie-montataire.fr\/app\/uploads\/2025\/04\/Agenda_ConcertChateau.jpg",450,335,false],"thumbnail":["https:\/\/mairie-montataire.fr\/app\/uploads\/2025\/04\/Agenda_ConcertChateau-150x150.jpg",150,150,true],"medium":["https:\/\/mairie-montataire.fr\/app\/uploads\/2025\/04\/Agenda_ConcertChateau-300x223.jpg",300,223,true],"medium_large":["https:\/\/mairie-montataire.fr\/app\/uploads\/2025\/04\/Agenda_ConcertChateau.jpg",450,335,false],"large":["https:\/\/mairie-montataire.fr\/app\/uploads\/2025\/04\/Agenda_ConcertChateau.jpg",450,335,false],"1536x1536":["https:\/\/mairie-montataire.fr\/app\/uploads\/2025\/04\/Agenda_ConcertChateau.jpg",450,335,false],"2048x2048":["https:\/\/mairie-montataire.fr\/app\/uploads\/2025\/04\/Agenda_ConcertChateau.jpg",450,335,false],"trp-custom-language-flag":["https:\/\/mairie-montataire.fr\/app\/uploads\/2025\/04\/Agenda_ConcertChateau-16x12.jpg",16,12,true],"gform-image-choice-sm":["https:\/\/mairie-montataire.fr\/app\/uploads\/2025\/04\/Agenda_ConcertChateau.jpg",300,223,false],"gform-image-choice-md":["https:\/\/mairie-montataire.fr\/app\/uploads\/2025\/04\/Agenda_ConcertChateau.jpg",400,298,false],"gform-image-choice-lg":["https:\/\/mairie-montataire.fr\/app\/uploads\/2025\/04\/Agenda_ConcertChateau.jpg",450,335,false]},"uagb_author_info":{"display_name":"Laure Pubert","author_link":"https:\/\/mairie-montataire.fr\/ar\/actualites\/author\/"},"uagb_comment_info":0,"uagb_excerpt":"Il y a 130 ans, au c\u0153ur du Ch\u00e2teau de Montataire, r\u00e9sonnait la musique d\u2019un musicien c\u00e9l\u00e8bre : Stefano Khardys. \u00c0 l\u2019occasion d\u2019une soir\u00e9e exceptionnelle, vous pourrez d\u00e9couvrir ou red\u00e9couvrir ce musicien hors du commun qui v\u00e9cut entre les murs du ch\u00e2teau. Brigitte Coissard, pianiste talentueuse, et Diane Cassini, chanteuse lyrique, vous invitent \u00e0 un&hellip;","_links":{"self":[{"href":"https:\/\/mairie-montataire.fr\/ar\/wp-json\/wp\/v2\/event\/5993","targetHints":{"allow":["GET"]}}],"collection":[{"href":"https:\/\/mairie-montataire.fr\/ar\/wp-json\/wp\/v2\/event"}],"about":[{"href":"https:\/\/mairie-montataire.fr\/ar\/wp-json\/wp\/v2\/types\/event"}],"wp:featuredmedia":[{"embeddable":true,"href":"https:\/\/mairie-montataire.fr\/ar\/wp-json\/wp\/v2\/media\/5994"}],"wp:attachment":[{"href":"https:\/\/mairie-montataire.fr\/ar\/wp-json\/wp\/v2\/media?parent=5993"}],"wp:term":[{"taxonomy":"event-theme","embeddable":true,"href":"https:\/\/mairie-montataire.fr\/ar\/wp-json\/wp\/v2\/event-theme?post=5993"}],"curies":[{"name":"\u062f\u0628\u0644\u064a\u0648 \u0628\u064a","href":"https:\/\/api.w.org\/{rel}","templated":true}]}}