{"id":5991,"date":"2026-04-21T07:50:54","date_gmt":"2026-04-21T07:50:54","guid":{"rendered":"https:\/\/mairie-montataire.fr\/?post_type=event&#038;p=5991"},"modified":"2026-04-21T07:51:18","modified_gmt":"2026-04-21T07:51:18","slug":"%d8%b3%d9%88%d9%82-%d8%b3%d8%a7%d9%86%d8%aa-%d9%84%d9%8a%d9%88-%d9%84%d9%84%d8%b3%d9%84%d8%b9-%d8%a7%d9%84%d9%85%d8%b3%d8%aa%d8%b9%d9%85%d9%84%d8%a9","status":"publish","type":"event","link":"https:\/\/mairie-montataire.fr\/ar\/agenda\/vie-associative\/brocante-de-saint-leu\/","title":{"rendered":"\u0633\u0648\u0642 \u0633\u0627\u0646 \u0644\u064a\u0648 \u0644\u0644\u0633\u0644\u0639 \u0627\u0644\u0645\u0633\u062a\u0639\u0645\u0644\u0629"},"content":{"rendered":"<p>\u0644\u0627 \u062a\u0641\u0648\u0651\u062a <strong>\u062d\u062f\u062b \u0627\u0644\u0631\u0628\u064a\u0639 \u0627\u0644\u0630\u064a \u0644\u0627 \u064a\u0646\u0628\u063a\u064a \u062a\u0641\u0648\u064a\u062a\u0647<\/strong> \u0641\u064a \u0633\u0627\u0646 \u0644\u064a\u0648 \u062f\u064a\u0632\u064a\u0631\u064a\u0647: \u0641\u064a \u0633\u0627\u0646 \u0644\u064a\u0648 \u062f\u064a\u0633\u0631\u064a\u0646\u062a <strong>10<sup>e<\/sup> \u0637\u0628\u0639\u0629 \u0627\u0644\u0628\u0631\u0648\u0643\u0627\u0646\u062a\u064a<\/strong> \u0645\u0646 <a href=\"https:\/\/mairie-montataire.fr\/ar\/%d8%a7%d9%84%d8%af%d9%84%d8%a7%d8%a6%d9%84\/%d8%a7%d9%84%d8%a8%d9%86%d9%89-%d8%a7%d9%84%d8%aa%d8%ad%d8%aa%d9%8a%d8%a9-%d8%a7%d9%84%d8%a3%d8%ae%d8%b1%d9%89\/%d9%85%d8%b1%d9%83%d8%b2-%d8%b3%d8%a7%d9%86%d8%aa-%d9%84%d9%8a%d9%88-%d8%af%d9%8a%d8%b3%d8%b1%d9%8a%d9%86%d8%aa-%d8%a7%d9%84%d8%aa%d8%b1%d9%81%d9%8a%d9%87%d9%8a-%d8%a7%d9%84%d9%85%d8%b4%d8%aa%d8%b1\/\">\u0627\u0644\u0642\u0627\u0639\u062f\u0629<\/a>\u0648\u0627\u0644\u062a\u064a \u0633\u062a\u062a\u0645 <strong>\u064a\u0648\u0645 \u0627\u0644\u0623\u062d\u062f 10 \u0645\u0627\u064a\u0648 2026<\/strong> \u0641\u064a <strong>19, rue de la Garenne - 60340 Saint-Leu-d'Esserent<\/strong>.<\/p>\n\n\n\n<p>\u0648\u0643\u0645\u0627 \u0647\u0648 \u0627\u0644\u062d\u0627\u0644 \u0641\u064a \u0643\u0644 \u0639\u0627\u0645\u060c \u064a\u0639\u062f \u0633\u0648\u0642 \u0627\u0644\u0633\u0644\u0639 \u0627\u0644\u0645\u0633\u062a\u0639\u0645\u0644\u0629 \u0628\u0623\u0646 \u064a\u0643\u0648\u0646 \u064a\u0648\u0645\u0627\u064b \u0631\u0627\u0626\u0639\u0627\u064b \u0645\u0639 \u0627\u0644\u0635\u0641\u0642\u0627\u062a \u0648\u0627\u0644\u062a\u0631\u0641\u064a\u0647 \u0627\u0644\u0639\u0627\u0626\u0644\u064a \u0648\u0627\u0644\u0623\u062c\u0648\u0627\u0621 \u0627\u0644\u0648\u062f\u064a\u0629 \u0644\u062c\u0645\u064a\u0639 \u0627\u0644\u0623\u0639\u0645\u0627\u0631!<\/p>\n\n\n\n<h2 class=\"wp-block-heading\">\u0627\u0644\u0628\u0631\u0646\u0627\u0645\u062c<\/h2>\n\n\n\n<ul class=\"wp-block-list\">\n<li style=\"font-style:normal;font-weight:400\">\u062a\u0642\u062f\u064a\u0645 \u0627\u0644\u0637\u0639\u0627\u0645 \u0641\u064a \u0627\u0644\u0645\u0648\u0642\u0639 <\/li>\n\n\n\n<li style=\"font-style:normal;font-weight:400\">\u0631\u0643\u0648\u0628 \u0627\u0644\u0645\u0647\u0631 <\/li>\n\n\n\n<li style=\"font-style:normal;font-weight:400\">\u0623\u0644\u0639\u0627\u0628 \u0648\u062a\u0631\u0641\u064a\u0647 \u0644\u062c\u0645\u064a\u0639 \u0623\u0641\u0631\u0627\u062f \u0627\u0644\u0639\u0627\u0626\u0644\u0629 <\/li>\n\n\n\n<li style=\"font-style:normal;font-weight:400\">\u062f\u0648\u0631\u0629 \u062a\u0633\u0644\u0642 \u0627\u0644\u0623\u0634\u062c\u0627\u0631 \u0648\u0644\u0639\u0628\u0629 \u0627\u0644\u0627\u0633\u062a\u0643\u0634\u0627\u0641 <\/li>\n<\/ul>\n\n\n\n<p><strong>\u062f\u062e\u0648\u0644 \u0645\u062c\u0627\u0646\u064a \u0648\u0648\u0642\u0648\u0641 \u0627\u0644\u0633\u064a\u0627\u0631\u0627\u062a \u0645\u062c\u0627\u0646\u0627\u064b<\/strong><\/p>\n\n\n\n<p>\ud83d\udeab <strong>\u0627\u0644\u062f\u062e\u0648\u0644 \u0645\u0645\u0646\u0648\u0639 \u0639\u0644\u0649 \u0623\u0635\u062f\u0642\u0627\u0626\u0646\u0627 \u0645\u0646 \u0627\u0644\u062d\u064a\u0648\u0627\u0646\u0627\u062a.<\/strong><\/p>\n\n\n\n<h2 class=\"wp-block-heading\">\u0627\u0644\u062a\u0633\u062c\u064a\u0644 (\u0625\u0644\u0632\u0627\u0645\u064a)<\/h2>\n\n\n\n<p>\u064a\u062a\u0645 \u0627\u0644\u062a\u0633\u062c\u064a\u0644 <strong>\u0641\u064a \u0627\u0644\u0645\u0648\u0642\u0639<\/strong> \u0645\u0646 <strong>20 \u0623\u0628\u0631\u064a\u0644 2026<\/strong>, <strong>\u0645\u0646 2 \u0638\u0647\u0631\u0627\u064b \u0625\u0644\u0649 5 \u0645\u0633\u0627\u0621\u064b<\/strong>, <strong>\u0628\u0627\u0633\u062a\u062b\u0646\u0627\u0621 \u0639\u0637\u0644\u0627\u062a \u0646\u0647\u0627\u064a\u0629 \u0627\u0644\u0623\u0633\u0628\u0648\u0639 \u0648\u0627\u0644\u0639\u0637\u0644\u0627\u062a \u0627\u0644\u0631\u0633\u0645\u064a\u0629<\/strong>.<br>\u26a0\ufe0f <strong>\u0644\u0646 \u064a\u062a\u0645 \u0642\u0628\u0648\u0644 \u0623\u064a \u062a\u0633\u062c\u064a\u0644\u0627\u062a \u0641\u064a \u0627\u0644\u064a\u0648\u0645.<\/strong><\/p>\n\n\n\n<p><strong>\u0627\u0644\u0645\u0639\u062f\u0644\u0627\u062a (<strong>4 \u0623\u0645\u062a\u0627\u0631 \u0637\u0648\u0644\u064a\u0629 \u0643\u062d\u062f \u0623\u062f\u0646\u0649<\/strong>)<\/strong><\/p>\n\n\n\n<ul class=\"wp-block-list\">\n<li style=\"font-style:normal;font-weight:400\"><strong>SIBL (\u0645\u0639 \u0625\u062b\u0628\u0627\u062a)<\/strong> 5 \u0623\u0645\u062a\u0627\u0631\/\u0645\u062a\u0631<\/li>\n\n\n\n<li style=\"font-style:normal;font-weight:400\"><strong>\u0627\u0644\u0639\u0627\u0631\u0636\u0648\u0646 \u0627\u0644\u062e\u0627\u0631\u062c\u064a\u0648\u0646<\/strong> 6\/\u0645\u062a\u0631 <em>(\u0628\u0645\u0627 \u0641\u064a \u0630\u0644\u0643 1 \u064a\u0648\u0631\u0648 \u062a\u0645 \u0627\u0644\u062a\u0628\u0631\u0639 \u0628\u0647\u0627 \u0625\u0644\u0649 \u0645\u0646\u0638\u0645\u0629 Secours Populaire)<\/em><\/li>\n<\/ul>\n\n\n\n<h2 class=\"wp-block-heading\"><strong>\u0627\u0644\u0645\u0639\u0644\u0648\u0645\u0627\u062a \u0648\u0627\u0644\u0627\u062a\u0635\u0627\u0644 <\/strong><\/h2>\n\n\n\n<p><a href=\"https:\/\/mairie-montataire.fr\/ar\/%d8%a7%d9%84%d8%af%d9%84%d8%a7%d8%a6%d9%84\/%d8%a7%d9%84%d8%a8%d9%86%d9%89-%d8%a7%d9%84%d8%aa%d8%ad%d8%aa%d9%8a%d8%a9-%d8%a7%d9%84%d8%a3%d8%ae%d8%b1%d9%89\/%d9%85%d8%b1%d9%83%d8%b2-%d8%b3%d8%a7%d9%86%d8%aa-%d9%84%d9%8a%d9%88-%d8%af%d9%8a%d8%b3%d8%b1%d9%8a%d9%86%d8%aa-%d8%a7%d9%84%d8%aa%d8%b1%d9%81%d9%8a%d9%87%d9%8a-%d8%a7%d9%84%d9%85%d8%b4%d8%aa%d8%b1\/\"><strong>\u0642\u0627\u0639\u062f\u0629 \u0633\u0627\u0646 \u0644\u064a\u0648<\/strong><\/a><\/p>\n\n\n\n<p><a href=\"tel:0344567788\">03 44 56 77 88<\/a><br><a href=\"tel:0787224254\">07 87 22 42 54<\/a><br><a class=\"\">brocantebasestleu@gmail.com<\/a><br><a class=\"\" href=\"http:\/\/www.basestleu.com\">basestleu.com<\/a><\/p>\n\n\n\n<p><\/p>","protected":false},"featured_media":7831,"parent":0,"template":"","meta":{"_acf_changed":true,"_uag_custom_page_level_css":""},"event-theme":[73],"class_list":["post-5991","event","type-event","status-publish","has-post-thumbnail","hentry","event-theme-vie-associative"],"acf":[],"uagb_featured_image_src":{"full":["https:\/\/mairie-montataire.fr\/app\/uploads\/2025\/04\/Agenda_BrocanteStLeu.jpg",450,335,false],"thumbnail":["https:\/\/mairie-montataire.fr\/app\/uploads\/2025\/04\/Agenda_BrocanteStLeu-150x150.jpg",150,150,true],"medium":["https:\/\/mairie-montataire.fr\/app\/uploads\/2025\/04\/Agenda_BrocanteStLeu-300x223.jpg",300,223,true],"medium_large":["https:\/\/mairie-montataire.fr\/app\/uploads\/2025\/04\/Agenda_BrocanteStLeu.jpg",450,335,false],"large":["https:\/\/mairie-montataire.fr\/app\/uploads\/2025\/04\/Agenda_BrocanteStLeu.jpg",450,335,false],"1536x1536":["https:\/\/mairie-montataire.fr\/app\/uploads\/2025\/04\/Agenda_BrocanteStLeu.jpg",450,335,false],"2048x2048":["https:\/\/mairie-montataire.fr\/app\/uploads\/2025\/04\/Agenda_BrocanteStLeu.jpg",450,335,false],"trp-custom-language-flag":["https:\/\/mairie-montataire.fr\/app\/uploads\/2025\/04\/Agenda_BrocanteStLeu-16x12.jpg",16,12,true],"gform-image-choice-sm":["https:\/\/mairie-montataire.fr\/app\/uploads\/2025\/04\/Agenda_BrocanteStLeu.jpg",300,223,false],"gform-image-choice-md":["https:\/\/mairie-montataire.fr\/app\/uploads\/2025\/04\/Agenda_BrocanteStLeu.jpg",400,298,false],"gform-image-choice-lg":["https:\/\/mairie-montataire.fr\/app\/uploads\/2025\/04\/Agenda_BrocanteStLeu.jpg",450,335,false]},"uagb_author_info":{"display_name":"Laure Pubert","author_link":"https:\/\/mairie-montataire.fr\/ar\/actualites\/author\/"},"uagb_comment_info":0,"uagb_excerpt":"Ne manquez pas l&rsquo;\u00e9v\u00e9nement incontournable du printemps \u00e0 Saint-Leu-d\u2019Esserent : la 10e \u00e9dition de la brocante de la base, qui aura lieu le dimanche 10 mai 2026 au 19, rue de la Garenne &#8211; 60340 Saint-Leu-d\u2019Esserent. Comme chaque ann\u00e9e, la brocante promet une journ\u00e9e conviviale, rythm\u00e9e par les bonnes affaires, les animations familiales et une&hellip;","_links":{"self":[{"href":"https:\/\/mairie-montataire.fr\/ar\/wp-json\/wp\/v2\/event\/5991","targetHints":{"allow":["GET"]}}],"collection":[{"href":"https:\/\/mairie-montataire.fr\/ar\/wp-json\/wp\/v2\/event"}],"about":[{"href":"https:\/\/mairie-montataire.fr\/ar\/wp-json\/wp\/v2\/types\/event"}],"wp:featuredmedia":[{"embeddable":true,"href":"https:\/\/mairie-montataire.fr\/ar\/wp-json\/wp\/v2\/media\/7831"}],"wp:attachment":[{"href":"https:\/\/mairie-montataire.fr\/ar\/wp-json\/wp\/v2\/media?parent=5991"}],"wp:term":[{"taxonomy":"event-theme","embeddable":true,"href":"https:\/\/mairie-montataire.fr\/ar\/wp-json\/wp\/v2\/event-theme?post=5991"}],"curies":[{"name":"\u062f\u0628\u0644\u064a\u0648 \u0628\u064a","href":"https:\/\/api.w.org\/{rel}","templated":true}]}}