{"id":5748,"date":"2025-02-25T14:20:09","date_gmt":"2025-02-25T14:20:09","guid":{"rendered":"https:\/\/mairie-montataire.fr\/?post_type=event&#038;p=5748"},"modified":"2025-02-25T14:20:09","modified_gmt":"2025-02-25T14:20:09","slug":"%d8%a7%d8%ac%d8%aa%d9%85%d8%a7%d8%b9-%d8%b9%d8%a7%d9%85-%d9%85%d8%b9-%d8%b3%d9%83%d8%a7%d9%86-%d8%b4%d8%a7%d8%b1%d8%b9-%d9%81%d9%8a%d9%83%d8%aa%d9%88%d8%b1-%d9%87%d9%88%d8%ba%d9%88","status":"publish","type":"event","link":"https:\/\/mairie-montataire.fr\/ar\/agenda\/rencontres\/reunion-publique-riverains-de-la-rue-victor-hugo\/","title":{"rendered":"\u0627\u062c\u062a\u0645\u0627\u0639 \u0639\u0627\u0645 - \u0633\u0643\u0627\u0646 \u0634\u0627\u0631\u0639 \u0641\u064a\u0643\u062a\u0648\u0631 \u0647\u0648\u063a\u0648"},"content":{"rendered":"<p><strong>\u064a\u062f\u0639\u0648 \u0645\u062c\u0644\u0633 \u0645\u062f\u064a\u0646\u0629 \u0645\u0648\u0646\u062a\u0627\u062a\u064a\u0631 \u0633\u0643\u0627\u0646 \u0634\u0627\u0631\u0639 \u0641\u064a\u0643\u062a\u0648\u0631 \u0647\u0648\u063a\u0648 \u0625\u0644\u0649 \u0627\u062c\u062a\u0645\u0627\u0639 \u0639\u0627\u0645 \u0644\u0645\u0646\u0627\u0642\u0634\u0629 \u0645\u0634\u0627\u0643\u0644 \u0648\u0642\u0648\u0641 \u0627\u0644\u0633\u064a\u0627\u0631\u0627\u062a \u0641\u064a \u0627\u0644\u0645\u0646\u0637\u0642\u0629. \u0633\u064a\u0648\u0641\u0631 \u0627\u0644\u0627\u062c\u062a\u0645\u0627\u0639 \u0641\u0631\u0635\u0629 \u0644\u0645\u0646\u0627\u0642\u0634\u0629 \u0627\u0644\u062d\u0644\u0648\u0644 \u0627\u0644\u0645\u0645\u0643\u0646\u0629 \u0644\u062a\u062d\u0633\u064a\u0646 \u0627\u0644\u0648\u0636\u0639.<\/strong><\/p>\n\n\n\n<p>\u062d\u0636\u0648\u0631\u0643\u0645 \u0648\u0645\u0634\u0627\u0631\u0643\u062a\u0643\u0645 \u0636\u0631\u0648\u0631\u064a\u0627\u0646 \u0625\u0630\u0627 \u0623\u0631\u062f\u0646\u0627 \u0627\u0644\u0639\u0645\u0644 \u0645\u0639\u0627\u064b \u0644\u0625\u064a\u062c\u0627\u062f \u062d\u0644\u0648\u0644 \u062a\u0644\u0628\u064a \u0627\u062d\u062a\u064a\u0627\u062c\u0627\u062a \u0627\u0644\u062c\u0645\u064a\u0639. \u0648\u0646\u062d\u0646 \u0646\u062a\u0637\u0644\u0639 \u0625\u0644\u0649 \u0631\u0624\u064a\u062a\u0643\u0645 \u0647\u0646\u0627\u0643!<\/p>\n\n\n\n<p><\/p>","protected":false},"featured_media":5747,"parent":0,"template":"","meta":{"_acf_changed":true,"_uag_custom_page_level_css":""},"event-theme":[78],"class_list":["post-5748","event","type-event","status-publish","has-post-thumbnail","hentry","event-theme-rencontres"],"acf":[],"uagb_featured_image_src":{"full":["https:\/\/mairie-montataire.fr\/app\/uploads\/2025\/02\/Agenda_ReuPubliqueVictorHugo.jpg",450,335,false],"thumbnail":["https:\/\/mairie-montataire.fr\/app\/uploads\/2025\/02\/Agenda_ReuPubliqueVictorHugo-150x150.jpg",150,150,true],"medium":["https:\/\/mairie-montataire.fr\/app\/uploads\/2025\/02\/Agenda_ReuPubliqueVictorHugo-300x223.jpg",300,223,true],"medium_large":["https:\/\/mairie-montataire.fr\/app\/uploads\/2025\/02\/Agenda_ReuPubliqueVictorHugo.jpg",450,335,false],"large":["https:\/\/mairie-montataire.fr\/app\/uploads\/2025\/02\/Agenda_ReuPubliqueVictorHugo.jpg",450,335,false],"1536x1536":["https:\/\/mairie-montataire.fr\/app\/uploads\/2025\/02\/Agenda_ReuPubliqueVictorHugo.jpg",450,335,false],"2048x2048":["https:\/\/mairie-montataire.fr\/app\/uploads\/2025\/02\/Agenda_ReuPubliqueVictorHugo.jpg",450,335,false],"trp-custom-language-flag":["https:\/\/mairie-montataire.fr\/app\/uploads\/2025\/02\/Agenda_ReuPubliqueVictorHugo-16x12.jpg",16,12,true],"gform-image-choice-sm":["https:\/\/mairie-montataire.fr\/app\/uploads\/2025\/02\/Agenda_ReuPubliqueVictorHugo.jpg",300,223,false],"gform-image-choice-md":["https:\/\/mairie-montataire.fr\/app\/uploads\/2025\/02\/Agenda_ReuPubliqueVictorHugo.jpg",400,298,false],"gform-image-choice-lg":["https:\/\/mairie-montataire.fr\/app\/uploads\/2025\/02\/Agenda_ReuPubliqueVictorHugo.jpg",450,335,false]},"uagb_author_info":{"display_name":"Laure Pubert","author_link":"https:\/\/mairie-montataire.fr\/ar\/actualites\/author\/"},"uagb_comment_info":0,"uagb_excerpt":"La municipalit\u00e9 de Montataire invite les riverains de la rue Victor Hugo \u00e0 une r\u00e9union publique afin d\u2019\u00e9changer sur les questions de stationnement dans la zone. Ce moment d\u2019\u00e9change permettra de voir des solutions envisageables pour am\u00e9liorer la situation. Votre pr\u00e9sence et votre participation sont essentielles pour trouver ensemble des r\u00e9ponses adapt\u00e9es aux besoins de&hellip;","_links":{"self":[{"href":"https:\/\/mairie-montataire.fr\/ar\/wp-json\/wp\/v2\/event\/5748","targetHints":{"allow":["GET"]}}],"collection":[{"href":"https:\/\/mairie-montataire.fr\/ar\/wp-json\/wp\/v2\/event"}],"about":[{"href":"https:\/\/mairie-montataire.fr\/ar\/wp-json\/wp\/v2\/types\/event"}],"wp:featuredmedia":[{"embeddable":true,"href":"https:\/\/mairie-montataire.fr\/ar\/wp-json\/wp\/v2\/media\/5747"}],"wp:attachment":[{"href":"https:\/\/mairie-montataire.fr\/ar\/wp-json\/wp\/v2\/media?parent=5748"}],"wp:term":[{"taxonomy":"event-theme","embeddable":true,"href":"https:\/\/mairie-montataire.fr\/ar\/wp-json\/wp\/v2\/event-theme?post=5748"}],"curies":[{"name":"\u062f\u0628\u0644\u064a\u0648 \u0628\u064a","href":"https:\/\/api.w.org\/{rel}","templated":true}]}}