{"id":5636,"date":"2026-01-07T14:15:51","date_gmt":"2026-01-07T14:15:51","guid":{"rendered":"https:\/\/mairie-montataire.fr\/?post_type=event&#038;p=5636"},"modified":"2026-01-07T14:15:51","modified_gmt":"2026-01-07T14:15:51","slug":"%d9%85%d9%86%d8%a7%d9%82%d8%b4%d8%a9-%d8%a7%d9%84%d9%85%d8%a8%d8%a7%d8%af%d8%a6-%d8%a7%d9%84%d8%aa%d9%88%d8%ac%d9%8a%d9%87%d9%8a%d8%a9-%d9%84%d9%84%d9%85%d9%8a%d8%b2%d8%a7%d9%86%d9%8a%d8%a9","status":"publish","type":"event","link":"https:\/\/mairie-montataire.fr\/ar\/agenda\/rencontres\/debat-dorientations-budgetaires\/","title":{"rendered":"\u0645\u0646\u0627\u0642\u0634\u0629 \u0627\u0644\u0645\u0628\u0627\u062f\u0626 \u0627\u0644\u062a\u0648\u062c\u064a\u0647\u064a\u0629 \u0644\u0644\u0645\u064a\u0632\u0627\u0646\u064a\u0629"},"content":{"rendered":"<p>\u0628\u0644\u062f\u0629 <strong>\u0645\u0648\u0646\u062a\u0627\u062a\u064a\u0631<\/strong> \u064a\u0646\u0638\u0645 <strong>\u0645\u0646\u0627\u0642\u0634\u0629 \u0627\u0644\u0645\u0628\u0627\u062f\u0626 \u0627\u0644\u062a\u0648\u062c\u064a\u0647\u064a\u0629 \u0644\u0644\u0645\u064a\u0632\u0627\u0646\u064a\u0629 (DOB)<\/strong>\u0647\u0630\u0647 \u0645\u0631\u062d\u0644\u0629 \u0623\u0633\u0627\u0633\u064a\u0629 \u0641\u064a \u0625\u0639\u062f\u0627\u062f \u0645\u064a\u0632\u0627\u0646\u064a\u0629 \u0627\u0644\u0628\u0644\u062f\u064a\u0629. \u062a\u0648\u0641\u0631 \u0647\u0630\u0647 \u0627\u0644\u0644\u062d\u0638\u0629 \u0627\u0644\u0631\u0626\u064a\u0633\u064a\u0629 \u0641\u0631\u0635\u0629 \u0644\u062f\u0631\u0627\u0633\u0629 \u0627\u0644\u0623\u0648\u0644\u0648\u064a\u0627\u062a \u0627\u0644\u0631\u0626\u064a\u0633\u064a\u0629 \u0644\u0644\u0639\u0627\u0645 \u0627\u0644\u0645\u0642\u0628\u0644 \u0648\u0645\u0646\u0627\u0642\u0634\u0629 \u0627\u0644\u062e\u064a\u0627\u0631\u0627\u062a \u0627\u0644\u0645\u0627\u0644\u064a\u0629 \u0627\u0644\u062a\u064a \u0633\u062a\u0634\u0643\u0644 \u0645\u0633\u062a\u0642\u0628\u0644 \u0627\u0644\u0628\u0644\u062f\u064a\u0629.<\/p>\n\n\n\n<p>\u062e\u0644\u0627\u0644 \u0647\u0630\u0647 \u0627\u0644\u0645\u0646\u0627\u0642\u0634\u0629\u060c \u064a\u0639\u0631\u0636 \u0627\u0644\u0645\u0645\u062b\u0644\u0648\u0646 \u0627\u0644\u0645\u0646\u062a\u062e\u0628\u0648\u0646 \u0627\u0644\u062a\u0648\u0642\u0639\u0627\u062a \u0627\u0644\u0627\u0642\u062a\u0635\u0627\u062f\u064a\u0629 \u0648\u0627\u0644\u0627\u0633\u062a\u062b\u0645\u0627\u0631\u0627\u062a \u0627\u0644\u0645\u062e\u0637\u0637 \u0644\u0647\u0627 \u0648\u0627\u0644\u062a\u0648\u062c\u0647\u0627\u062a \u0627\u0644\u0627\u0633\u062a\u0631\u0627\u062a\u064a\u062c\u064a\u0629 \u0641\u064a\u0645\u0627 \u064a\u062a\u0639\u0644\u0642 \u0628\u0627\u0644\u062e\u062f\u0645\u0627\u062a \u0627\u0644\u0639\u0627\u0645\u0629 \u0648\u0627\u0644\u062a\u062e\u0637\u064a\u0637 \u0627\u0644\u062d\u0636\u0631\u064a \u0648\u0627\u0644\u062a\u0646\u0645\u064a\u0629 \u0627\u0644\u0645\u062d\u0644\u064a\u0629. \u0643\u0645\u0627 \u0623\u0646\u0647\u0627 \u0641\u0631\u0635\u0629 \u0644\u0644\u0633\u0643\u0627\u0646 \u0644\u0627\u0643\u062a\u0633\u0627\u0628 \u0641\u0647\u0645 \u0623\u0641\u0636\u0644 \u0644\u0642\u0636\u0627\u064a\u0627 \u0627\u0644\u0645\u064a\u0632\u0627\u0646\u064a\u0629 \u0648\u0627\u0644\u0645\u0634\u0627\u0631\u064a\u0639 \u0627\u0644\u062a\u064a \u0633\u062a\u0634\u0643\u0644 \u0645\u0648\u0646\u062a\u0627\u062a\u064a\u0631 \u0641\u064a \u0627\u0644\u0633\u0646\u0648\u0627\u062a \u0627\u0644\u0645\u0642\u0628\u0644\u0629.<\/p>\n\n\n\n<p><\/p>","protected":false},"featured_media":6902,"parent":0,"template":"","meta":{"_acf_changed":true,"_uag_custom_page_level_css":""},"event-theme":[78],"class_list":["post-5636","event","type-event","status-publish","has-post-thumbnail","hentry","event-theme-rencontres"],"acf":[],"uagb_featured_image_src":{"full":["https:\/\/mairie-montataire.fr\/app\/uploads\/2024\/09\/Reu_quartier_2025-2026-HD381-x-284-Agenda-site-scaled.jpg",2560,1909,false],"thumbnail":["https:\/\/mairie-montataire.fr\/app\/uploads\/2024\/09\/Reu_quartier_2025-2026-HD381-x-284-Agenda-site-150x150.jpg",150,150,true],"medium":["https:\/\/mairie-montataire.fr\/app\/uploads\/2024\/09\/Reu_quartier_2025-2026-HD381-x-284-Agenda-site-300x224.jpg",300,224,true],"medium_large":["https:\/\/mairie-montataire.fr\/app\/uploads\/2024\/09\/Reu_quartier_2025-2026-HD381-x-284-Agenda-site-768x573.jpg",768,573,true],"large":["https:\/\/mairie-montataire.fr\/app\/uploads\/2024\/09\/Reu_quartier_2025-2026-HD381-x-284-Agenda-site-1024x764.jpg",1024,764,true],"1536x1536":["https:\/\/mairie-montataire.fr\/app\/uploads\/2024\/09\/Reu_quartier_2025-2026-HD381-x-284-Agenda-site-1536x1145.jpg",1536,1145,true],"2048x2048":["https:\/\/mairie-montataire.fr\/app\/uploads\/2024\/09\/Reu_quartier_2025-2026-HD381-x-284-Agenda-site-2048x1527.jpg",2048,1527,true],"trp-custom-language-flag":["https:\/\/mairie-montataire.fr\/app\/uploads\/2024\/09\/Reu_quartier_2025-2026-HD381-x-284-Agenda-site-16x12.jpg",16,12,true],"gform-image-choice-sm":["https:\/\/mairie-montataire.fr\/app\/uploads\/2024\/09\/Reu_quartier_2025-2026-HD381-x-284-Agenda-site-scaled.jpg",300,224,false],"gform-image-choice-md":["https:\/\/mairie-montataire.fr\/app\/uploads\/2024\/09\/Reu_quartier_2025-2026-HD381-x-284-Agenda-site-scaled.jpg",400,298,false],"gform-image-choice-lg":["https:\/\/mairie-montataire.fr\/app\/uploads\/2024\/09\/Reu_quartier_2025-2026-HD381-x-284-Agenda-site-scaled.jpg",600,447,false]},"uagb_author_info":{"display_name":"Laure Pubert","author_link":"https:\/\/mairie-montataire.fr\/ar\/actualites\/author\/"},"uagb_comment_info":0,"uagb_excerpt":"La ville de Montataire organise son D\u00e9bat d\u2019Orientations Budg\u00e9taires (DOB), une \u00e9tape essentielle dans l\u2019\u00e9laboration du budget municipal. Ce moment cl\u00e9 permet d\u2019examiner les grandes priorit\u00e9s pour l\u2019ann\u00e9e \u00e0 venir et d\u2019\u00e9changer sur les choix financiers qui fa\u00e7onneront l\u2019avenir de la commune. Lors de ce d\u00e9bat, les \u00e9lus pr\u00e9sentent les perspectives \u00e9conomiques, les investissements pr\u00e9vus&hellip;","_links":{"self":[{"href":"https:\/\/mairie-montataire.fr\/ar\/wp-json\/wp\/v2\/event\/5636","targetHints":{"allow":["GET"]}}],"collection":[{"href":"https:\/\/mairie-montataire.fr\/ar\/wp-json\/wp\/v2\/event"}],"about":[{"href":"https:\/\/mairie-montataire.fr\/ar\/wp-json\/wp\/v2\/types\/event"}],"wp:featuredmedia":[{"embeddable":true,"href":"https:\/\/mairie-montataire.fr\/ar\/wp-json\/wp\/v2\/media\/6902"}],"wp:attachment":[{"href":"https:\/\/mairie-montataire.fr\/ar\/wp-json\/wp\/v2\/media?parent=5636"}],"wp:term":[{"taxonomy":"event-theme","embeddable":true,"href":"https:\/\/mairie-montataire.fr\/ar\/wp-json\/wp\/v2\/event-theme?post=5636"}],"curies":[{"name":"\u062f\u0628\u0644\u064a\u0648 \u0628\u064a","href":"https:\/\/api.w.org\/{rel}","templated":true}]}}