{"id":5635,"date":"2025-02-01T13:10:00","date_gmt":"2025-02-01T13:10:00","guid":{"rendered":"https:\/\/mairie-montataire.fr\/?post_type=event&#038;p=5635"},"modified":"2025-01-29T13:28:38","modified_gmt":"2025-01-29T13:28:38","slug":"%d8%a3%d9%8a%d8%a7%d9%85-%d8%a7%d9%84%d9%85%d8%af%d8%b1%d8%b3%d8%a9-%d8%a7%d9%84%d9%85%d9%81%d8%aa%d9%88%d8%ad%d8%a9","status":"publish","type":"event","link":"https:\/\/mairie-montataire.fr\/ar\/agenda\/scolaire\/portes-ouvertes-du-lycee\/","title":{"rendered":"\u0627\u0644\u0628\u064a\u062a \u0627\u0644\u0645\u0641\u062a\u0648\u062d \u0641\u064a \u0627\u0644\u0645\u062f\u0631\u0633\u0629 \u0627\u0644\u062b\u0627\u0646\u0648\u064a\u0629"},"content":{"rendered":"<p>\u0644\u0648 <a href=\"https:\/\/mairie-montataire.fr\/ar\/%d8%a7%d9%84%d8%af%d9%84%d8%a7%d8%a6%d9%84\/%d8%a7%d9%84%d8%aa%d8%b9%d9%84%d9%8a%d9%85\/%d9%83%d9%84%d9%8a%d8%a7%d8%aa-%d8%a7%d9%84%d9%84%d9%8a%d8%b3%d9%8a%d9%87\/%d9%84%d9%8a%d8%b3%d9%8a%d9%87-%d8%a3%d9%86%d8%af%d8%b1%d9%8a%d9%87-%d9%85%d8%a7%d9%84%d8%b1%d9%88\/\" target=\"_blank\" rel=\"noreferrer noopener\"><strong>\u0644\u064a\u0633\u064a\u0647 \u0645\u0627\u0644\u0631\u0648 \u062f\u064a \u0645\u0648\u0646\u062a\u0627\u062a\u064a\u0631<\/strong><\/a> \u062a\u0641\u062a\u062d \u0623\u0628\u0648\u0627\u0628\u0647\u0627 \u0644\u0643 \u0644\u0627\u0643\u062a\u0634\u0627\u0641 \u062f\u0648\u0631\u0627\u062a\u0647\u0627 \u0648\u0628\u064a\u0626\u062a\u0647\u0627 \u0648\u0637\u0627\u0642\u0645\u0647\u0627 \u0627\u0644\u062a\u062f\u0631\u064a\u0633\u064a. \u0633\u0648\u0627\u0621 \u0643\u0646\u062a \u0637\u0627\u0644\u0628\u0627\u064b \u064a\u0628\u062d\u062b \u0639\u0646 \u0627\u0644\u062a\u0648\u062c\u064a\u0647 \u0623\u0648 \u0648\u0644\u064a \u0623\u0645\u0631 \u0623\u0648 \u0645\u062c\u0631\u062f \u0641\u0636\u0648\u0644\u064a\u060c \u0641\u0625\u0646 \u0647\u0630\u0647 \u0627\u0644\u0623\u064a\u0627\u0645 \u0647\u064a \u0627\u0644\u0641\u0631\u0635\u0629 \u0627\u0644\u0645\u062b\u0627\u0644\u064a\u0629 \u0644\u0627\u0633\u062a\u0643\u0634\u0627\u0641 \u0627\u0644\u0645\u062f\u0631\u0633\u0629 \u0648\u0637\u0631\u062d \u062c\u0645\u064a\u0639 \u0623\u0633\u0626\u0644\u062a\u0643.<\/p>\n\n\n\n<h2 class=\"wp-block-heading\"><strong>\u0641\u064a \u0627\u0644\u0628\u0631\u0646\u0627\u0645\u062c:<\/strong><\/h2>\n\n\n\n<ul style=\"font-style:normal;font-weight:400\" class=\"wp-block-list\">\n<li style=\"font-style:normal;font-weight:400\"><strong>\u0632\u064a\u0627\u0631\u0629 \u0627\u0644\u0645\u062f\u0631\u0633\u0629<\/strong> \u0627\u0643\u062a\u0634\u0641 \u0627\u0644\u0641\u0635\u0648\u0644 \u0627\u0644\u062f\u0631\u0627\u0633\u064a\u0629 \u0648\u0627\u0644\u0645\u0639\u062f\u0627\u062a \u0648\u0627\u0644\u0645\u0646\u0627\u0637\u0642 \u0627\u0644\u0645\u062e\u0635\u0635\u0629 \u0644\u0644\u0637\u0644\u0627\u0628.<\/li>\n\n\n\n<li style=\"font-style:normal;font-weight:400\"><strong>\u0644\u0642\u0627\u0621 \u0645\u0639 \u0627\u0644\u0645\u0639\u0644\u0645\u064a\u0646 \u0648\u0627\u0644\u0637\u0644\u0627\u0628<\/strong> \u0642\u0627\u0628\u0644 \u0648\u062a\u062d\u062f\u062b \u0625\u0644\u0649 \u0627\u0644\u0623\u0634\u062e\u0627\u0635 \u0627\u0644\u0630\u064a\u0646 \u064a\u0628\u062b\u0648\u0646 \u0627\u0644\u062d\u064a\u0627\u0629 \u0641\u064a \u0627\u0644\u0645\u0624\u0633\u0633\u0629 \u064a\u0648\u0645\u064a\u0627\u064b.<\/li>\n\n\n\n<li style=\"font-style:normal;font-weight:400\"><strong>\u062a\u0642\u062f\u064a\u0645 \u0627\u0644\u062f\u0648\u0631\u0627\u062a \u0627\u0644\u062a\u062f\u0631\u064a\u0628\u064a\u0629<\/strong> \u0627\u062d\u0635\u0644 \u0639\u0644\u0649 \u062c\u0645\u064a\u0639 \u0627\u0644\u0645\u0639\u0644\u0648\u0645\u0627\u062a \u0627\u0644\u062a\u064a \u062a\u062d\u062a\u0627\u062c\u0647\u0627 \u0639\u0646 \u0627\u0644\u062f\u0648\u0631\u0627\u062a \u0648\u0627\u0644\u062a\u062e\u0635\u0635\u0627\u062a \u0648\u0627\u0644\u0645\u0634\u0627\u0631\u064a\u0639 \u0627\u0644\u062a\u0639\u0644\u064a\u0645\u064a\u0629.<\/li>\n<\/ul>\n\n\n\n<div style=\"height:17px\" aria-hidden=\"true\" class=\"wp-block-spacer\"><\/div>\n\n\n\n<p>\u062a\u064f\u0639\u062f \u0647\u0630\u0647 \u0627\u0644\u0623\u064a\u0627\u0645 \u0641\u0631\u0635\u0629 \u0641\u0631\u064a\u062f\u0629 \u0645\u0646 \u0646\u0648\u0639\u0647\u0627 \u0644\u0627\u0643\u062a\u0633\u0627\u0628 \u0641\u0647\u0645 \u0623\u0641\u0636\u0644 \u0644\u0640 <strong>\u0644\u064a\u0633\u064a\u0647 \u0645\u0627\u0644\u0631\u0648<\/strong> \u0648\u0627\u062a\u062e\u0630 \u0627\u0644\u062e\u064a\u0627\u0631 \u0627\u0644\u0635\u062d\u064a\u062d \u0644\u0645\u0633\u062a\u0642\u0628\u0644\u0643 \u0627\u0644\u062a\u0639\u0644\u064a\u0645\u064a.<\/p>\n\n\n\n<p><strong>\u0644\u0645\u0632\u064a\u062f \u0645\u0646 \u0627\u0644\u0645\u0639\u0644\u0648\u0645\u0627\u062a\u060c \u064a\u0631\u062c\u0649 \u0632\u064a\u0627\u0631\u0629 \u0645\u0648\u0642\u0639\u0647\u0627 \u0627\u0644\u0625\u0644\u0643\u062a\u0631\u0648\u0646\u064a \u0639\u0644\u0649 <\/strong>: <a href=\"https:\/\/lgt-andre-malraux-montataire.60.ac-amiens.fr\/\" target=\"_blank\" rel=\"noreferrer noopener\">lgt-andre-malraux-malraux-montataire.60.ac-amiens.fr<\/a><\/p>\n\n\n\n<p><\/p>","protected":false},"featured_media":5634,"parent":0,"template":"","meta":{"_acf_changed":true,"_uag_custom_page_level_css":""},"event-theme":[85],"class_list":["post-5635","event","type-event","status-publish","has-post-thumbnail","hentry","event-theme-scolaire"],"acf":[],"uagb_featured_image_src":{"full":["https:\/\/mairie-montataire.fr\/app\/uploads\/2025\/01\/Agenda_PortesOuvertesLyceeMalraux.jpg",300,224,false],"thumbnail":["https:\/\/mairie-montataire.fr\/app\/uploads\/2025\/01\/Agenda_PortesOuvertesLyceeMalraux-150x150.jpg",150,150,true],"medium":["https:\/\/mairie-montataire.fr\/app\/uploads\/2025\/01\/Agenda_PortesOuvertesLyceeMalraux.jpg",300,224,false],"medium_large":["https:\/\/mairie-montataire.fr\/app\/uploads\/2025\/01\/Agenda_PortesOuvertesLyceeMalraux.jpg",300,224,false],"large":["https:\/\/mairie-montataire.fr\/app\/uploads\/2025\/01\/Agenda_PortesOuvertesLyceeMalraux.jpg",300,224,false],"1536x1536":["https:\/\/mairie-montataire.fr\/app\/uploads\/2025\/01\/Agenda_PortesOuvertesLyceeMalraux.jpg",300,224,false],"2048x2048":["https:\/\/mairie-montataire.fr\/app\/uploads\/2025\/01\/Agenda_PortesOuvertesLyceeMalraux.jpg",300,224,false],"trp-custom-language-flag":["https:\/\/mairie-montataire.fr\/app\/uploads\/2025\/01\/Agenda_PortesOuvertesLyceeMalraux-16x12.jpg",16,12,true],"gform-image-choice-sm":["https:\/\/mairie-montataire.fr\/app\/uploads\/2025\/01\/Agenda_PortesOuvertesLyceeMalraux.jpg",300,224,false],"gform-image-choice-md":["https:\/\/mairie-montataire.fr\/app\/uploads\/2025\/01\/Agenda_PortesOuvertesLyceeMalraux.jpg",300,224,false],"gform-image-choice-lg":["https:\/\/mairie-montataire.fr\/app\/uploads\/2025\/01\/Agenda_PortesOuvertesLyceeMalraux.jpg",300,224,false]},"uagb_author_info":{"display_name":"Laure Pubert","author_link":"https:\/\/mairie-montataire.fr\/ar\/actualites\/author\/"},"uagb_comment_info":0,"uagb_excerpt":"Le Lyc\u00e9e Malraux de Montataire ouvre ses portes pour vous faire d\u00e9couvrir ses formations, son environnement et son \u00e9quipe p\u00e9dagogique. Que vous soyez coll\u00e9gien en qu\u00eate d\u2019orientation, parent ou simplement curieux, ces journ\u00e9es sont l\u2019occasion id\u00e9ale pour explorer l\u2019\u00e9tablissement et poser toutes vos questions. Au programme : Ces journ\u00e9es sont une opportunit\u00e9 unique pour mieux&hellip;","_links":{"self":[{"href":"https:\/\/mairie-montataire.fr\/ar\/wp-json\/wp\/v2\/event\/5635","targetHints":{"allow":["GET"]}}],"collection":[{"href":"https:\/\/mairie-montataire.fr\/ar\/wp-json\/wp\/v2\/event"}],"about":[{"href":"https:\/\/mairie-montataire.fr\/ar\/wp-json\/wp\/v2\/types\/event"}],"wp:featuredmedia":[{"embeddable":true,"href":"https:\/\/mairie-montataire.fr\/ar\/wp-json\/wp\/v2\/media\/5634"}],"wp:attachment":[{"href":"https:\/\/mairie-montataire.fr\/ar\/wp-json\/wp\/v2\/media?parent=5635"}],"wp:term":[{"taxonomy":"event-theme","embeddable":true,"href":"https:\/\/mairie-montataire.fr\/ar\/wp-json\/wp\/v2\/event-theme?post=5635"}],"curies":[{"name":"\u062f\u0628\u0644\u064a\u0648 \u0628\u064a","href":"https:\/\/api.w.org\/{rel}","templated":true}]}}